{"id":814,"date":"2025-10-29T09:15:58","date_gmt":"2025-10-29T07:15:58","guid":{"rendered":"https:\/\/teknologiateollisuus.fi\/emobility\/?post_type=em_event&#038;p=814"},"modified":"2025-11-04T15:03:41","modified_gmt":"2025-11-04T13:03:41","slug":"seminaari-sahkoisen-liikenteen-kasvupolku-kohti-sahkotaloutta-raportin-julkistus","status":"publish","type":"em_event","link":"https:\/\/teknologiateollisuus.fi\/emobility\/events\/seminaari-sahkoisen-liikenteen-kasvupolku-kohti-sahkotaloutta-raportin-julkistus\/","title":{"rendered":"S\u00e4hk\u00f6isen liikenteen kasvupolku kohti s\u00e4hk\u00f6taloutta -seminaari"},"content":{"rendered":"\n<p>Aika: 18.11.2025 klo 12.30\u201314.30<\/p>\n\n\n\n<p>Paikka: Teknologiateollisuus ry, Etel\u00e4ranta 10, PL 10, 00131 Helsinki <br>(osallistua voi my\u00f6s Teamsin kautta)<\/p>\n\n\n\n<p><strong>Ohjelma<\/strong><br><br>Tilaisuuden juontaa <strong>Nina Rahkola<\/strong>.<\/p>\n\n\n\n<ul class=\"wp-block-list\">\n<li><strong>Seminaarin avaussanat<br><\/strong>S\u00e4hk\u00f6inen liikenne ry \/ eMobility Finland<\/li>\n\n\n\n<li><strong>Liikenteen s\u00e4hk\u00f6istyminen osana kest\u00e4v\u00e4\u00e4 energia- ja ilmastopolitiikkaa \u2013 N\u00e4k\u00f6kulmia s\u00e4hk\u00f6talouteen ja kansantalouteen<br><\/strong>Mika Nyk\u00e4nen, valtiosihteeri, ty\u00f6- ja elinkeinoministeri\u00f6<\/li>\n\n\n\n<li><strong>The Current State and Future Outlook of Electric Mobility in Europe<br><\/strong>Chris Heron, Secretary General, E-Mobility Europe<\/li>\n\n\n\n<li><strong><strong>Driving transition to sustainable energy\u200b\u00a0and electric transportation<\/strong><br><\/strong>Bhasker Kaushal, CEO, Kempower Oyj<\/li>\n\n\n\n<li><strong>S\u00e4hk\u00f6isen liikenteen kasvupolku kohti s\u00e4hk\u00f6taloutta \u2013 raportin esittely<br><\/strong>Leo Bergman ja Vesa Vuolle, Sweco Finland Oy<\/li>\n<\/ul>\n\n\n\n<p>Tervetuloa!<\/p>\n\n\n\n<div class=\"wp-block-buttons  mt-md is-layout-flex wp-block-buttons-is-layout-flex\">\n<div class=\"wp-block-button  icon-right size-lg\"><a class=\"wp-block-button__link wp-element-button\" href=\"https:\/\/www.lyyti.in\/Sahkoinen_liikenne_ryn_seminaari_18112025_4494\" target=\"_blank\" rel=\"noreferrer noopener\">Ilmoittaudu tapahtumaan<\/a><\/div>\n<\/div>\n","protected":false},"excerpt":{"rendered":"<p>Aika: 18.11.2025 klo 12.30\u201314.30 Paikka: Teknologiateollisuus ry, Etel\u00e4ranta 10, PL 10, 00131 Helsinki (osallistua voi my\u00f6s Teamsin kautta) Ohjelma Tilaisuuden juontaa Nina Rahkola. Tervetuloa!<\/p>\n","protected":false},"featured_media":382,"template":"","meta":{"_acf_changed":false,"_relevanssi_hide_post":"","_relevanssi_hide_content":"","_relevanssi_pin_for_all":"","_relevanssi_pin_keywords":"","_relevanssi_unpin_keywords":"","_relevanssi_related_keywords":"","_relevanssi_related_include_ids":"","_relevanssi_related_exclude_ids":"","_relevanssi_related_no_append":"","_relevanssi_related_not_related":"","_relevanssi_related_posts":"594,551,363,406,409,399","_relevanssi_noindex_reason":"","inline_featured_image":false,"footnotes":""},"tags":[48,50,52],"em_event_type":[42],"em_region":[],"em_target_group":[],"class_list":["post-814","em_event","type-em_event","status-publish","has-post-thumbnail","hentry","tag-ilmasto","tag-kansantalous","tag-sahkoautoilu","em_event_type-avoin-tapahtuma"],"acf":{"event_start_date":"20251118","event_end_date":null,"event_start_time":"12:30:00","event_end_time":"14:30:00","location":"Etel\u00e4ranta ja Teams","address":"Etel\u00e4ranta 10, Helsinki","registration":"https:\/\/www.lyyti.in\/Sahkoinen_liikenne_ryn_seminaari_18112025_4494","files":null,"links":null},"yoast_head":"<!-- This site is optimized with the Yoast SEO Premium plugin v27.1 (Yoast SEO v27.5) - https:\/\/yoast.com\/product\/yoast-seo-premium-wordpress\/ -->\n<title>S\u00e4hk\u00f6isen liikenteen kasvupolku kohti s\u00e4hk\u00f6taloutta -seminaari - S\u00e4hk\u00f6inen liikenne<\/title>\n<meta name=\"description\" content=\"Seminaarissa kuullaan asiantuntijapuheenvuoroja mm. liikenteen s\u00e4hk\u00f6istymisest\u00e4 osana kest\u00e4v\u00e4\u00e4 energia- ja ilmastopolitiikkaa.\" \/>\n<meta name=\"robots\" content=\"index, follow, max-snippet:-1, max-image-preview:large, max-video-preview:-1\" \/>\n<link rel=\"canonical\" href=\"https:\/\/teknologiateollisuus.fi\/emobility\/events\/seminaari-sahkoisen-liikenteen-kasvupolku-kohti-sahkotaloutta-raportin-julkistus\/\" \/>\n<meta property=\"og:locale\" content=\"fi_FI\" \/>\n<meta property=\"og:type\" content=\"article\" \/>\n<meta property=\"og:title\" content=\"S\u00e4hk\u00f6isen liikenteen kasvupolku kohti s\u00e4hk\u00f6taloutta -seminaari\" \/>\n<meta property=\"og:description\" content=\"Seminaarissa kuullaan asiantuntijapuheenvuoroja mm. liikenteen s\u00e4hk\u00f6istymisest\u00e4 osana kest\u00e4v\u00e4\u00e4 energia- ja ilmastopolitiikkaa.\" \/>\n<meta property=\"og:url\" content=\"https:\/\/teknologiateollisuus.fi\/emobility\/events\/seminaari-sahkoisen-liikenteen-kasvupolku-kohti-sahkotaloutta-raportin-julkistus\/\" \/>\n<meta property=\"og:site_name\" content=\"S\u00e4hk\u00f6inen liikenne\" \/>\n<meta property=\"article:modified_time\" content=\"2025-11-04T13:03:41+00:00\" \/>\n<meta property=\"og:image\" content=\"https:\/\/teknologiateollisuus.fi\/emobility\/wp-content\/uploads\/sites\/9\/2024\/09\/car-g8462d10ce_1920.jpg\" \/>\n\t<meta property=\"og:image:width\" content=\"1920\" \/>\n\t<meta property=\"og:image:height\" content=\"1200\" \/>\n\t<meta property=\"og:image:type\" content=\"image\/jpeg\" \/>\n<meta name=\"twitter:card\" content=\"summary_large_image\" \/>\n<meta name=\"twitter:label1\" content=\"Arvioitu lukuaika\" \/>\n\t<meta name=\"twitter:data1\" content=\"1 minuutti\" \/>\n<script type=\"application\/ld+json\" class=\"yoast-schema-graph\">{\"@context\":\"https:\\\/\\\/schema.org\",\"@graph\":[{\"@type\":\"WebPage\",\"@id\":\"https:\\\/\\\/teknologiateollisuus.fi\\\/emobility\\\/events\\\/seminaari-sahkoisen-liikenteen-kasvupolku-kohti-sahkotaloutta-raportin-julkistus\\\/\",\"url\":\"https:\\\/\\\/teknologiateollisuus.fi\\\/emobility\\\/events\\\/seminaari-sahkoisen-liikenteen-kasvupolku-kohti-sahkotaloutta-raportin-julkistus\\\/\",\"name\":\"S\u00e4hk\u00f6isen liikenteen kasvupolku kohti s\u00e4hk\u00f6taloutta -seminaari - S\u00e4hk\u00f6inen liikenne\",\"isPartOf\":{\"@id\":\"https:\\\/\\\/teknologiateollisuus.fi\\\/emobility\\\/#website\"},\"primaryImageOfPage\":{\"@id\":\"https:\\\/\\\/teknologiateollisuus.fi\\\/emobility\\\/events\\\/seminaari-sahkoisen-liikenteen-kasvupolku-kohti-sahkotaloutta-raportin-julkistus\\\/#primaryimage\"},\"image\":{\"@id\":\"https:\\\/\\\/teknologiateollisuus.fi\\\/emobility\\\/events\\\/seminaari-sahkoisen-liikenteen-kasvupolku-kohti-sahkotaloutta-raportin-julkistus\\\/#primaryimage\"},\"thumbnailUrl\":\"https:\\\/\\\/teknologiateollisuus.fi\\\/emobility\\\/wp-content\\\/uploads\\\/sites\\\/9\\\/2024\\\/09\\\/car-g8462d10ce_1920.jpg\",\"datePublished\":\"2025-10-29T07:15:58+00:00\",\"dateModified\":\"2025-11-04T13:03:41+00:00\",\"description\":\"Seminaarissa kuullaan asiantuntijapuheenvuoroja mm. liikenteen s\u00e4hk\u00f6istymisest\u00e4 osana kest\u00e4v\u00e4\u00e4 energia- ja ilmastopolitiikkaa.\",\"breadcrumb\":{\"@id\":\"https:\\\/\\\/teknologiateollisuus.fi\\\/emobility\\\/events\\\/seminaari-sahkoisen-liikenteen-kasvupolku-kohti-sahkotaloutta-raportin-julkistus\\\/#breadcrumb\"},\"inLanguage\":\"fi\",\"potentialAction\":[{\"@type\":\"ReadAction\",\"target\":[\"https:\\\/\\\/teknologiateollisuus.fi\\\/emobility\\\/events\\\/seminaari-sahkoisen-liikenteen-kasvupolku-kohti-sahkotaloutta-raportin-julkistus\\\/\"]}]},{\"@type\":\"ImageObject\",\"inLanguage\":\"fi\",\"@id\":\"https:\\\/\\\/teknologiateollisuus.fi\\\/emobility\\\/events\\\/seminaari-sahkoisen-liikenteen-kasvupolku-kohti-sahkotaloutta-raportin-julkistus\\\/#primaryimage\",\"url\":\"https:\\\/\\\/teknologiateollisuus.fi\\\/emobility\\\/wp-content\\\/uploads\\\/sites\\\/9\\\/2024\\\/09\\\/car-g8462d10ce_1920.jpg\",\"contentUrl\":\"https:\\\/\\\/teknologiateollisuus.fi\\\/emobility\\\/wp-content\\\/uploads\\\/sites\\\/9\\\/2024\\\/09\\\/car-g8462d10ce_1920.jpg\",\"width\":1920,\"height\":1200,\"caption\":\"ecar\"},{\"@type\":\"BreadcrumbList\",\"@id\":\"https:\\\/\\\/teknologiateollisuus.fi\\\/emobility\\\/events\\\/seminaari-sahkoisen-liikenteen-kasvupolku-kohti-sahkotaloutta-raportin-julkistus\\\/#breadcrumb\",\"itemListElement\":[{\"@type\":\"ListItem\",\"position\":1,\"name\":\"Etusivu\",\"item\":\"https:\\\/\\\/teknologiateollisuus.fi\\\/emobility\\\/\"},{\"@type\":\"ListItem\",\"position\":2,\"name\":\"Ajankohtaista\",\"item\":\"https:\\\/\\\/teknologiateollisuus.fi\\\/emobility\\\/ajankohtaista\\\/\"},{\"@type\":\"ListItem\",\"position\":3,\"name\":\"S\u00e4hk\u00f6isen liikenteen kasvupolku kohti s\u00e4hk\u00f6taloutta -seminaari\"}]},{\"@type\":\"WebSite\",\"@id\":\"https:\\\/\\\/teknologiateollisuus.fi\\\/emobility\\\/#website\",\"url\":\"https:\\\/\\\/teknologiateollisuus.fi\\\/emobility\\\/\",\"name\":\"S\u00e4hk\u00f6inen liikenne\",\"description\":\"\",\"potentialAction\":[{\"@type\":\"SearchAction\",\"target\":{\"@type\":\"EntryPoint\",\"urlTemplate\":\"https:\\\/\\\/teknologiateollisuus.fi\\\/emobility\\\/?s={search_term_string}\"},\"query-input\":{\"@type\":\"PropertyValueSpecification\",\"valueRequired\":true,\"valueName\":\"search_term_string\"}}],\"inLanguage\":\"fi\"}]}<\/script>\n<!-- \/ Yoast SEO Premium plugin. -->","yoast_head_json":{"title":"S\u00e4hk\u00f6isen liikenteen kasvupolku kohti s\u00e4hk\u00f6taloutta -seminaari - S\u00e4hk\u00f6inen liikenne","description":"Seminaarissa kuullaan asiantuntijapuheenvuoroja mm. liikenteen s\u00e4hk\u00f6istymisest\u00e4 osana kest\u00e4v\u00e4\u00e4 energia- ja ilmastopolitiikkaa.","robots":{"index":"index","follow":"follow","max-snippet":"max-snippet:-1","max-image-preview":"max-image-preview:large","max-video-preview":"max-video-preview:-1"},"canonical":"https:\/\/teknologiateollisuus.fi\/emobility\/events\/seminaari-sahkoisen-liikenteen-kasvupolku-kohti-sahkotaloutta-raportin-julkistus\/","og_locale":"fi_FI","og_type":"article","og_title":"S\u00e4hk\u00f6isen liikenteen kasvupolku kohti s\u00e4hk\u00f6taloutta -seminaari","og_description":"Seminaarissa kuullaan asiantuntijapuheenvuoroja mm. liikenteen s\u00e4hk\u00f6istymisest\u00e4 osana kest\u00e4v\u00e4\u00e4 energia- ja ilmastopolitiikkaa.","og_url":"https:\/\/teknologiateollisuus.fi\/emobility\/events\/seminaari-sahkoisen-liikenteen-kasvupolku-kohti-sahkotaloutta-raportin-julkistus\/","og_site_name":"S\u00e4hk\u00f6inen liikenne","article_modified_time":"2025-11-04T13:03:41+00:00","og_image":[{"width":1920,"height":1200,"url":"https:\/\/teknologiateollisuus.fi\/emobility\/wp-content\/uploads\/sites\/9\/2024\/09\/car-g8462d10ce_1920.jpg","type":"image\/jpeg"}],"twitter_card":"summary_large_image","twitter_misc":{"Arvioitu lukuaika":"1 minuutti"},"schema":{"@context":"https:\/\/schema.org","@graph":[{"@type":"WebPage","@id":"https:\/\/teknologiateollisuus.fi\/emobility\/events\/seminaari-sahkoisen-liikenteen-kasvupolku-kohti-sahkotaloutta-raportin-julkistus\/","url":"https:\/\/teknologiateollisuus.fi\/emobility\/events\/seminaari-sahkoisen-liikenteen-kasvupolku-kohti-sahkotaloutta-raportin-julkistus\/","name":"S\u00e4hk\u00f6isen liikenteen kasvupolku kohti s\u00e4hk\u00f6taloutta -seminaari - S\u00e4hk\u00f6inen liikenne","isPartOf":{"@id":"https:\/\/teknologiateollisuus.fi\/emobility\/#website"},"primaryImageOfPage":{"@id":"https:\/\/teknologiateollisuus.fi\/emobility\/events\/seminaari-sahkoisen-liikenteen-kasvupolku-kohti-sahkotaloutta-raportin-julkistus\/#primaryimage"},"image":{"@id":"https:\/\/teknologiateollisuus.fi\/emobility\/events\/seminaari-sahkoisen-liikenteen-kasvupolku-kohti-sahkotaloutta-raportin-julkistus\/#primaryimage"},"thumbnailUrl":"https:\/\/teknologiateollisuus.fi\/emobility\/wp-content\/uploads\/sites\/9\/2024\/09\/car-g8462d10ce_1920.jpg","datePublished":"2025-10-29T07:15:58+00:00","dateModified":"2025-11-04T13:03:41+00:00","description":"Seminaarissa kuullaan asiantuntijapuheenvuoroja mm. liikenteen s\u00e4hk\u00f6istymisest\u00e4 osana kest\u00e4v\u00e4\u00e4 energia- ja ilmastopolitiikkaa.","breadcrumb":{"@id":"https:\/\/teknologiateollisuus.fi\/emobility\/events\/seminaari-sahkoisen-liikenteen-kasvupolku-kohti-sahkotaloutta-raportin-julkistus\/#breadcrumb"},"inLanguage":"fi","potentialAction":[{"@type":"ReadAction","target":["https:\/\/teknologiateollisuus.fi\/emobility\/events\/seminaari-sahkoisen-liikenteen-kasvupolku-kohti-sahkotaloutta-raportin-julkistus\/"]}]},{"@type":"ImageObject","inLanguage":"fi","@id":"https:\/\/teknologiateollisuus.fi\/emobility\/events\/seminaari-sahkoisen-liikenteen-kasvupolku-kohti-sahkotaloutta-raportin-julkistus\/#primaryimage","url":"https:\/\/teknologiateollisuus.fi\/emobility\/wp-content\/uploads\/sites\/9\/2024\/09\/car-g8462d10ce_1920.jpg","contentUrl":"https:\/\/teknologiateollisuus.fi\/emobility\/wp-content\/uploads\/sites\/9\/2024\/09\/car-g8462d10ce_1920.jpg","width":1920,"height":1200,"caption":"ecar"},{"@type":"BreadcrumbList","@id":"https:\/\/teknologiateollisuus.fi\/emobility\/events\/seminaari-sahkoisen-liikenteen-kasvupolku-kohti-sahkotaloutta-raportin-julkistus\/#breadcrumb","itemListElement":[{"@type":"ListItem","position":1,"name":"Etusivu","item":"https:\/\/teknologiateollisuus.fi\/emobility\/"},{"@type":"ListItem","position":2,"name":"Ajankohtaista","item":"https:\/\/teknologiateollisuus.fi\/emobility\/ajankohtaista\/"},{"@type":"ListItem","position":3,"name":"S\u00e4hk\u00f6isen liikenteen kasvupolku kohti s\u00e4hk\u00f6taloutta -seminaari"}]},{"@type":"WebSite","@id":"https:\/\/teknologiateollisuus.fi\/emobility\/#website","url":"https:\/\/teknologiateollisuus.fi\/emobility\/","name":"S\u00e4hk\u00f6inen liikenne","description":"","potentialAction":[{"@type":"SearchAction","target":{"@type":"EntryPoint","urlTemplate":"https:\/\/teknologiateollisuus.fi\/emobility\/?s={search_term_string}"},"query-input":{"@type":"PropertyValueSpecification","valueRequired":true,"valueName":"search_term_string"}}],"inLanguage":"fi"}]}},"_links":{"self":[{"href":"https:\/\/teknologiateollisuus.fi\/emobility\/wp-json\/wp\/v2\/events\/814","targetHints":{"allow":["GET"]}}],"collection":[{"href":"https:\/\/teknologiateollisuus.fi\/emobility\/wp-json\/wp\/v2\/events"}],"about":[{"href":"https:\/\/teknologiateollisuus.fi\/emobility\/wp-json\/wp\/v2\/types\/em_event"}],"version-history":[{"count":19,"href":"https:\/\/teknologiateollisuus.fi\/emobility\/wp-json\/wp\/v2\/events\/814\/revisions"}],"predecessor-version":[{"id":844,"href":"https:\/\/teknologiateollisuus.fi\/emobility\/wp-json\/wp\/v2\/events\/814\/revisions\/844"}],"wp:featuredmedia":[{"embeddable":true,"href":"https:\/\/teknologiateollisuus.fi\/emobility\/wp-json\/wp\/v2\/media\/382"}],"wp:attachment":[{"href":"https:\/\/teknologiateollisuus.fi\/emobility\/wp-json\/wp\/v2\/media?parent=814"}],"wp:term":[{"taxonomy":"post_tag","embeddable":true,"href":"https:\/\/teknologiateollisuus.fi\/emobility\/wp-json\/wp\/v2\/tags?post=814"},{"taxonomy":"em_event_type","embeddable":true,"href":"https:\/\/teknologiateollisuus.fi\/emobility\/wp-json\/wp\/v2\/em_event_type?post=814"},{"taxonomy":"em_region","embeddable":true,"href":"https:\/\/teknologiateollisuus.fi\/emobility\/wp-json\/wp\/v2\/em_region?post=814"},{"taxonomy":"em_target_group","embeddable":true,"href":"https:\/\/teknologiateollisuus.fi\/emobility\/wp-json\/wp\/v2\/em_target_group?post=814"}],"curies":[{"name":"wp","href":"https:\/\/api.w.org\/{rel}","templated":true}]}}