{"id":4524,"date":"2025-06-24T14:35:45","date_gmt":"2025-06-24T11:35:45","guid":{"rendered":"https:\/\/teknologiateollisuus.fi\/healthtech\/?post_type=em_event&#038;p=4524"},"modified":"2025-06-24T15:56:40","modified_gmt":"2025-06-24T12:56:40","slug":"28-1-2025-md-tyoryhman-tapaaminen","status":"publish","type":"em_event","link":"https:\/\/teknologiateollisuus.fi\/healthtech\/events\/28-1-2025-md-tyoryhman-tapaaminen\/","title":{"rendered":"28.1.2025 | MD-ty\u00f6ryhm\u00e4n tapaaminen"},"content":{"rendered":"\n<h4 class=\"wp-block-heading\" id=\"h-tervetuloa-28-1-2025-md-tyoryhman-tapaamiseen\" id=\"tervetuloa-28-1-2025-md-tyoryhman-tapaamiseen\">Tervetuloa 28.1.2025 MD-ty\u00f6ryhm\u00e4n tapaamiseen<\/h4>\n\n\n\n<p>S\u00e4\u00e4d\u00f6sty\u00f6ryhm\u00e4t ovat avoimia kaikille <strong><a href=\"https:\/\/teknologiateollisuus.fi\/healthtech\/jasenet\/\" target=\"_blank\" rel=\"noreferrer noopener\">j\u00e4senyrityksiss\u00e4mme <\/a><\/strong>ty\u00f6skenteleville. Ty\u00f6ryhm\u00e4t j\u00e4rjestet\u00e4\u00e4n hybridin\u00e4, osallistua voi et\u00e4n\u00e4 Teamsin kautta tai paikalla Etel\u00e4ranta 10, Helsingiss\u00e4.<\/p>\n\n\n\n<p><a href=\"https:\/\/teknologiateollisuus.fi\/healthtech\/satu-paivalainen-innokkaalta-aloittaa-md-tyoryhman-puheenjohtajana\/\" target=\"_blank\" rel=\"noreferrer noopener\">Satu P\u00e4iv\u00e4l\u00e4inen<\/a> aloittaa MD-ty\u00f6ryhm\u00e4n puheenjohtajana 28.01.2025, ty\u00f6ryhm\u00e4n alussa kuulemme Sadun esitt\u00e4ytymisen. <\/p>\n\n\n\n<h4 class=\"wp-block-heading\" id=\"h-tammikuun-tyoryhmassa-ajankohtaisia-md-saantelysta\" id=\"tammikuun-tyoryhmassa-ajankohtaisia-md-saantelysta\">Tammikuun ty\u00f6ryhm\u00e4ss\u00e4 ajankohtaisia MD-s\u00e4\u00e4ntelyst\u00e4<\/h4>\n\n\n\n<p><strong>Tason 1<\/strong> aiheet ovat hyv\u00e4\u00e4 pohjatietoa alan uusille tekij\u00f6ille, tai muistin virkist\u00e4mist\u00e4 kokeneemmillekin alan osaajille. Tammikuun l\u00e4\u00e4kinn\u00e4llisten laitteiden ty\u00f6ryhm\u00e4ss\u00e4 tason 1 aiheena on MDR toimeenpanon ajankohtaiset. <\/p>\n\n\n\n<p><strong>Tason 2 <\/strong>aiheena Jari Knuuttila Fimeasta, tulee kertomaan Fimean ajankohtaiset asiat vuoden vaihteen j\u00e4lkeen. <\/p>\n\n\n\n<h4 class=\"wp-block-heading\" id=\"h-jaseniemme-kaipaamat-oulun-alueen-satelliittikokoukset-alkavat-innokkaalla\" id=\"jaseniemme-kaipaamat-oulun-alueen-satelliittikokoukset-alkavat-innokkaalla\">J\u00e4seniemme kaipaamat Oulun alueen satelliittikokoukset alkavat Innokkaalla<\/h4>\n\n\n\n<p>S\u00e4\u00e4d\u00f6sty\u00f6ryhm\u00e4t ovat avoimia kaikille <strong><a href=\"https:\/\/teknologiateollisuus.fi\/healthtech\/jasenet\/\" target=\"_blank\" rel=\"noreferrer noopener\">j\u00e4senyrityksiss\u00e4mme <\/a><\/strong>ty\u00f6skenteleville. Ty\u00f6ryhm\u00e4t j\u00e4rjestet\u00e4\u00e4n hybridin\u00e4. Ty\u00f6ryhm\u00e4kokouksiin voi osallistua et\u00e4n\u00e4 Teamsin kautta tai paikalle Etel\u00e4ranta 10, Helsingiss\u00e4. <\/p>\n\n\n\n<p><a href=\"https:\/\/www.innokasmedical.fi\/\" target=\"_blank\" rel=\"noreferrer noopener\">Innokas Medical<\/a> j\u00e4rjest\u00e4\u00e4 satelliittikokouksen Oulun alueen j\u00e4senyrityksille. My\u00f6s satelliittikokouksiin ovat tervetulleita kaikki j\u00e4senyrityksiss\u00e4 ty\u00f6skentelev\u00e4t, kokouksissa p\u00e4\u00e4see verkostoitumaan oman alueen osaajien kanssa.  Alueiden satelliittikokouksissa p\u00e4tee samat hybridikokousten s\u00e4\u00e4nn\u00f6t ja kilpailulains\u00e4\u00e4d\u00e4nt\u00f6, kuin Terveysteknologia ry:n j\u00e4rjest\u00e4miss\u00e4 kokouksissa. <a href=\"https:\/\/www.linkedin.com\/posts\/activity-7285638183550095361-7XBk?utm_source=share&amp;utm_medium=member_desktop\" target=\"_blank\" rel=\"noreferrer noopener\">Ilmoittaudu Innokkaan Mari Huuskolle<\/a><\/p>\n\n\n\n<p>S\u00e4\u00e4d\u00f6sty\u00f6ryhm\u00e4t ovat avoimia kaikille <strong><a href=\"https:\/\/teknologiateollisuus.fi\/healthtech\/jasenet\/\" target=\"_blank\" rel=\"noreferrer noopener\">j\u00e4senyrityksiss\u00e4mme <\/a><\/strong>ty\u00f6skenteleville. Ty\u00f6ryhm\u00e4t j\u00e4rjestet\u00e4\u00e4n hybridin\u00e4.<\/p>\n\n\n\n<p><a href=\"https:\/\/www.linkedin.com\/posts\/activity-7285638183550095361-7XBk?utm_source=share&amp;utm_medium=member_desktop\">https:\/\/www.linkedin.com\/posts\/activity-7285638183550095361-7XBk?utm_source=share&amp;utm_medium=member_desktop<\/a><\/p>\n\n\n\n<p>13:00 paikalla oleville kahvit, Etel\u00e4ranta 10, Helsinki ja satelliittikokoukset<br>13:30 Avataan kokous<br>13:30 \u2013 13:40 Puheenjohtaja <strong>Satu P\u00e4iv\u00e4l\u00e4inen<\/strong> esitt\u00e4ytyy<br>13:40 \u2013 14:25&nbsp;<strong>Taso 1:<\/strong>&nbsp;&nbsp;Miten vuosi 2025 alkaa MDR toimeenpanossa? \/ <strong>Satu P\u00e4iv\u00e4l\u00e4inen,<\/strong> Innokas Medical<br>14:25 \u2013 14:45 Tauko<br>14:45 \u2013 15:30<strong>&nbsp;Taso 2:&nbsp;<\/strong>Ajankohtaiset s\u00e4\u00e4ntelyst\u00e4 \/ <strong>Jari Knuuttila, <\/strong>Fimea&nbsp;<br>15:30 \u2013 16:00 Kysymykset ja keskustelua, kokouksen p\u00e4\u00e4t\u00f6s<\/p>\n\n\n\n<p>Jos ette ole saaneet osallistumislinkki\u00e4, laittakaa viesti\u00e4 paivi.ahlgren (at) teknologiateollisuus.fi. Ilmoitattehan P\u00e4iville my\u00f6s siin\u00e4 tapauksessa, jos tulette paikalle Etel\u00e4ranta 10, Helsinkiin, jotta osaan ilmoittaa Neuvottelukeskukselle oikean m\u00e4\u00e4r\u00e4n osallistujia.<\/p>\n\n\n\n<div class=\"wp-block-group has-light-gray-background-color has-background is-layout-constrained wp-block-group-is-layout-constrained\">\n<h4 class=\"wp-block-heading\" id=\"h-kilpailulainsaadanto\" id=\"kilpailulainsaadanto\">Kilpailulains\u00e4\u00e4d\u00e4nt\u00f6<\/h4>\n\n\n\n<p>Huomioimme kokouksissamme <strong>kilpailulains\u00e4\u00e4d\u00e4nn\u00f6n<\/strong>, sill\u00e4 kokouksissa on l\u00e4sn\u00e4 kesken\u00e4\u00e4n kilpailevia tai samassa jakeluketjussa toimivia yrityksi\u00e4.<\/p>\n\n\n\n<p>Kiellettyj\u00e4 ovat menettelyt, joilla yhteensovitetaan liiketoimintaa tai poistetaan ep\u00e4varmuutta kilpailijoiden markkinak\u00e4ytt\u00e4ytymisest\u00e4 sek\u00e4 luottamuksellisen tiedon vaihtaminen. Yritysten on teht\u00e4v\u00e4 liiketoiminnalliset ratkaisunsa t\u00e4ysin itsen\u00e4isesti. Alle 12 kk vanhaa tietoa, joka ei ole saatavissa julkisista l\u00e4hteist\u00e4 ja jolla voi olla vaikutusta yritysten&nbsp; k\u00e4ytt\u00e4ytymiseen markkinoilla, kuten hinnoittelussa, tarjouksissa tai niiden ehdoissa, ei saa vaihtaa tai k\u00e4sitell\u00e4 kokouksissa tai muuten kilpailijoiden v\u00e4lill\u00e4.<\/p>\n<\/div>\n\n\n\n<div class=\"wp-block-scb-columns scb-columns  has-mobile-behavior--stacked has-auto-fit em-pattern-event-contacts\">\n<div class=\"wp-block-scb-column scb-column is-scale-cover\">\n<h2 class=\"wp-block-heading\" id=\"h-lisatietoja\" id=\"lisatietoja\">Lis\u00e4tietoja<\/h2>\n\n\n\n<article class=\"em-block-contact-card is-style-list\">\n\n\t<div class=\"em-block-contact-card__image\">\n\t\t\t\t\t<img loading=\"lazy\" decoding=\"async\" width=\"300\" height=\"400\" src=\"https:\/\/teknologiateollisuus.fi\/healthtech\/wp-content\/uploads\/sites\/8\/2024\/06\/Paivi-Ahlgren-2-300x400.jpg\" class=\"attachment-portrait size-portrait\" alt=\"P\u00e4ivi Ahlgren\" \/>\t\t\t<\/div>\n\t<div class=\"em-block-contact-card__content-wrapper\">\n\t\t<div class=\"em-block-contact-card__content\">\n\t\t\t\t\t\t<h3 class=\"em-block-contact-card__title\"><a target=\"_self\" href=\"https:\/\/teknologiateollisuus.fi\/healthtech\/contacts\/paivi-ahlgren\/\">P\u00e4ivi Ahlgren<\/a><\/h3>\n\t\t\t\t\t\t\t<span class=\"em-block-contact-card__job_title\">S\u00e4\u00e4d\u00f6sasiantuntija, Regulatory Affairs Specialist <\/span>\n\t\t\t\t\t\t<span class=\"em-block-contact-card__organisation\">Terveysteknologia ry<\/span>\n\t\t<\/div>\n\t\t<div class=\"em-block-contact-card__content\">\n\t\t\t\t\t\t<address class=\"em-block-contact-card__contact-details\">\n\t\t\t\t<span class=\"em-block-contact-card__phone\">\n\t\t\t\t\t<a href=\"tel:+358 40 1937953\">+358 40 1937953<\/a>\n\t\t\t\t<\/span>\n\t\t\t\t<span class=\"em-block-contact-card__email\">\n\t\t\t\t\t<a href=\"mailto:paivi.ahlgren(at)teknologiateollisuus.fi \">paivi.ahlgren(at)teknologiateollisuus.fi <\/a>\n\t\t\t\t<\/span>\n\t\t\t<\/address>\n\t\t\t<div class='em-block-contact-card__socials'><div class=\"social-media-links\"><ul class=\"social-media-links__list\"><li><a href=\"https:\/\/www.linkedin.com\/in\/p%C3%A4ivi-ahlgren-79619515a?lipi=urn%3Ali%3Apage%3Ad_flagship3_profile_view_base_contact_details%3BYXYhmMhsR6u%2Fp9TVwECGIg%3D%3D\" target=\"_blank\" aria-label=\"Find me on linkedin\" data-service=\"linkedin\"><\/a><\/li><\/ul><\/div><\/div>\t\t<\/div>\n\t<\/div>\n\n<\/article>\n<\/div>\n<\/div>\n\n\n\n<p><\/p>\n","protected":false},"excerpt":{"rendered":"<p>Tervetuloa 28.1.2025 MD-ty\u00f6ryhm\u00e4n tapaamiseen S\u00e4\u00e4d\u00f6sty\u00f6ryhm\u00e4t ovat avoimia kaikille j\u00e4senyrityksiss\u00e4mme ty\u00f6skenteleville. Ty\u00f6ryhm\u00e4t j\u00e4rjestet\u00e4\u00e4n hybridin\u00e4, osallistua voi et\u00e4n\u00e4 Teamsin kautta tai paikalla Etel\u00e4ranta 10, Helsingiss\u00e4. Satu P\u00e4iv\u00e4l\u00e4inen aloittaa MD-ty\u00f6ryhm\u00e4n puheenjohtajana 28.01.2025, ty\u00f6ryhm\u00e4n alussa kuulemme Sadun esitt\u00e4ytymisen. Tammikuun ty\u00f6ryhm\u00e4ss\u00e4 ajankohtaisia MD-s\u00e4\u00e4ntelyst\u00e4 Tason 1 aiheet ovat hyv\u00e4\u00e4 pohjatietoa alan uusille tekij\u00f6ille, tai muistin virkist\u00e4mist\u00e4 kokeneemmillekin alan osaajille. Tammikuun l\u00e4\u00e4kinn\u00e4llisten [&hellip;]<\/p>\n","protected":false},"featured_media":4006,"template":"","meta":{"_acf_changed":false,"_relevanssi_hide_post":"","_relevanssi_hide_content":"","_relevanssi_pin_for_all":"","_relevanssi_pin_keywords":"","_relevanssi_unpin_keywords":"","_relevanssi_related_keywords":"","_relevanssi_related_include_ids":"","_relevanssi_related_exclude_ids":"","_relevanssi_related_no_append":"","_relevanssi_related_not_related":"","_relevanssi_related_posts":"4451,729,3413,1514,925,2097","_relevanssi_noindex_reason":"","inline_featured_image":false,"footnotes":""},"tags":[160,96,154],"em_event_type":[145,144],"em_region":[],"em_target_group":[],"class_list":["post-4524","em_event","type-em_event","status-publish","has-post-thumbnail","hentry","tag-hybridi","tag-lainsaadanto","tag-mdr","em_event_type-jasenille","em_event_type-tyoryhma"],"acf":{"event_start_date":"20250128","event_end_date":"20250128","event_start_time":"13:30:00","event_end_time":"16:00:00","location":"Etel\u00e4ranta 10, Helsinki ja Teams","address":"Etel\u00e4ranta 10, Helsinki","registration":"","files":null,"links":null},"yoast_head":"<!-- This site is optimized with the Yoast SEO Premium plugin v27.1 (Yoast SEO v27.5) - https:\/\/yoast.com\/product\/yoast-seo-premium-wordpress\/ -->\n<title>28.1.2025 | MD -ty\u00f6ryhm\u00e4n tapaaminen<\/title>\n<meta name=\"description\" content=\"S\u00e4\u00e4d\u00f6sty\u00f6ryhm\u00e4t ovat avoimia kaikille j\u00e4senyrityksiss\u00e4mme ty\u00f6skenteleville. Ty\u00f6ryhm\u00e4t j\u00e4rjestet\u00e4\u00e4n hybridin\u00e4.\" \/>\n<meta name=\"robots\" content=\"index, follow, max-snippet:-1, max-image-preview:large, max-video-preview:-1\" \/>\n<link rel=\"canonical\" href=\"https:\/\/teknologiateollisuus.fi\/healthtech\/events\/28-1-2025-md-tyoryhman-tapaaminen\/\" \/>\n<meta property=\"og:locale\" content=\"fi_FI\" \/>\n<meta property=\"og:type\" content=\"article\" \/>\n<meta property=\"og:title\" content=\"28.1.2025 | MD-ty\u00f6ryhm\u00e4n tapaaminen\" \/>\n<meta property=\"og:description\" content=\"S\u00e4\u00e4d\u00f6sty\u00f6ryhm\u00e4t ovat avoimia kaikille j\u00e4senyrityksiss\u00e4mme ty\u00f6skenteleville. Ty\u00f6ryhm\u00e4t j\u00e4rjestet\u00e4\u00e4n hybridin\u00e4.\" \/>\n<meta property=\"og:url\" content=\"https:\/\/teknologiateollisuus.fi\/healthtech\/events\/28-1-2025-md-tyoryhman-tapaaminen\/\" \/>\n<meta property=\"og:site_name\" content=\"Terveysteknologia\" \/>\n<meta property=\"article:modified_time\" content=\"2025-06-24T12:56:40+00:00\" \/>\n<meta property=\"og:image\" content=\"https:\/\/teknologiateollisuus.fi\/healthtech\/wp-content\/uploads\/sites\/8\/2025\/01\/MD-tammikuu25.png\" \/>\n\t<meta property=\"og:image:width\" content=\"1200\" \/>\n\t<meta property=\"og:image:height\" content=\"628\" \/>\n\t<meta property=\"og:image:type\" content=\"image\/png\" \/>\n<meta name=\"twitter:card\" content=\"summary_large_image\" \/>\n<meta name=\"twitter:label1\" content=\"Arvioitu lukuaika\" \/>\n\t<meta name=\"twitter:data1\" content=\"3 minuuttia\" \/>\n<script type=\"application\/ld+json\" class=\"yoast-schema-graph\">{\"@context\":\"https:\\\/\\\/schema.org\",\"@graph\":[{\"@type\":\"WebPage\",\"@id\":\"https:\\\/\\\/teknologiateollisuus.fi\\\/healthtech\\\/events\\\/28-1-2025-md-tyoryhman-tapaaminen\\\/\",\"url\":\"https:\\\/\\\/teknologiateollisuus.fi\\\/healthtech\\\/events\\\/28-1-2025-md-tyoryhman-tapaaminen\\\/\",\"name\":\"28.1.2025 | MD -ty\u00f6ryhm\u00e4n tapaaminen\",\"isPartOf\":{\"@id\":\"https:\\\/\\\/teknologiateollisuus.fi\\\/healthtech\\\/#website\"},\"primaryImageOfPage\":{\"@id\":\"https:\\\/\\\/teknologiateollisuus.fi\\\/healthtech\\\/events\\\/28-1-2025-md-tyoryhman-tapaaminen\\\/#primaryimage\"},\"image\":{\"@id\":\"https:\\\/\\\/teknologiateollisuus.fi\\\/healthtech\\\/events\\\/28-1-2025-md-tyoryhman-tapaaminen\\\/#primaryimage\"},\"thumbnailUrl\":\"https:\\\/\\\/teknologiateollisuus.fi\\\/healthtech\\\/wp-content\\\/uploads\\\/sites\\\/8\\\/2025\\\/01\\\/MD-tammikuu25.png\",\"datePublished\":\"2025-06-24T11:35:45+00:00\",\"dateModified\":\"2025-06-24T12:56:40+00:00\",\"description\":\"S\u00e4\u00e4d\u00f6sty\u00f6ryhm\u00e4t ovat avoimia kaikille j\u00e4senyrityksiss\u00e4mme ty\u00f6skenteleville. Ty\u00f6ryhm\u00e4t j\u00e4rjestet\u00e4\u00e4n hybridin\u00e4.\",\"breadcrumb\":{\"@id\":\"https:\\\/\\\/teknologiateollisuus.fi\\\/healthtech\\\/events\\\/28-1-2025-md-tyoryhman-tapaaminen\\\/#breadcrumb\"},\"inLanguage\":\"fi\",\"potentialAction\":[{\"@type\":\"ReadAction\",\"target\":[\"https:\\\/\\\/teknologiateollisuus.fi\\\/healthtech\\\/events\\\/28-1-2025-md-tyoryhman-tapaaminen\\\/\"]}]},{\"@type\":\"ImageObject\",\"inLanguage\":\"fi\",\"@id\":\"https:\\\/\\\/teknologiateollisuus.fi\\\/healthtech\\\/events\\\/28-1-2025-md-tyoryhman-tapaaminen\\\/#primaryimage\",\"url\":\"https:\\\/\\\/teknologiateollisuus.fi\\\/healthtech\\\/wp-content\\\/uploads\\\/sites\\\/8\\\/2025\\\/01\\\/MD-tammikuu25.png\",\"contentUrl\":\"https:\\\/\\\/teknologiateollisuus.fi\\\/healthtech\\\/wp-content\\\/uploads\\\/sites\\\/8\\\/2025\\\/01\\\/MD-tammikuu25.png\",\"width\":1200,\"height\":628,\"caption\":\"MD tammikuu25\"},{\"@type\":\"BreadcrumbList\",\"@id\":\"https:\\\/\\\/teknologiateollisuus.fi\\\/healthtech\\\/events\\\/28-1-2025-md-tyoryhman-tapaaminen\\\/#breadcrumb\",\"itemListElement\":[{\"@type\":\"ListItem\",\"position\":1,\"name\":\"Etusivu\",\"item\":\"https:\\\/\\\/teknologiateollisuus.fi\\\/healthtech\\\/\"},{\"@type\":\"ListItem\",\"position\":2,\"name\":\"Ajankohtaista\",\"item\":\"https:\\\/\\\/teknologiateollisuus.fi\\\/healthtech\\\/ajankohtaista\\\/\"},{\"@type\":\"ListItem\",\"position\":3,\"name\":\"28.1.2025 | MD-ty\u00f6ryhm\u00e4n tapaaminen\"}]},{\"@type\":\"WebSite\",\"@id\":\"https:\\\/\\\/teknologiateollisuus.fi\\\/healthtech\\\/#website\",\"url\":\"https:\\\/\\\/teknologiateollisuus.fi\\\/healthtech\\\/\",\"name\":\"Terveysteknologia\",\"description\":\"\",\"potentialAction\":[{\"@type\":\"SearchAction\",\"target\":{\"@type\":\"EntryPoint\",\"urlTemplate\":\"https:\\\/\\\/teknologiateollisuus.fi\\\/healthtech\\\/?s={search_term_string}\"},\"query-input\":{\"@type\":\"PropertyValueSpecification\",\"valueRequired\":true,\"valueName\":\"search_term_string\"}}],\"inLanguage\":\"fi\"}]}<\/script>\n<!-- \/ Yoast SEO Premium plugin. -->","yoast_head_json":{"title":"28.1.2025 | MD -ty\u00f6ryhm\u00e4n tapaaminen","description":"S\u00e4\u00e4d\u00f6sty\u00f6ryhm\u00e4t ovat avoimia kaikille j\u00e4senyrityksiss\u00e4mme ty\u00f6skenteleville. Ty\u00f6ryhm\u00e4t j\u00e4rjestet\u00e4\u00e4n hybridin\u00e4.","robots":{"index":"index","follow":"follow","max-snippet":"max-snippet:-1","max-image-preview":"max-image-preview:large","max-video-preview":"max-video-preview:-1"},"canonical":"https:\/\/teknologiateollisuus.fi\/healthtech\/events\/28-1-2025-md-tyoryhman-tapaaminen\/","og_locale":"fi_FI","og_type":"article","og_title":"28.1.2025 | MD-ty\u00f6ryhm\u00e4n tapaaminen","og_description":"S\u00e4\u00e4d\u00f6sty\u00f6ryhm\u00e4t ovat avoimia kaikille j\u00e4senyrityksiss\u00e4mme ty\u00f6skenteleville. Ty\u00f6ryhm\u00e4t j\u00e4rjestet\u00e4\u00e4n hybridin\u00e4.","og_url":"https:\/\/teknologiateollisuus.fi\/healthtech\/events\/28-1-2025-md-tyoryhman-tapaaminen\/","og_site_name":"Terveysteknologia","article_modified_time":"2025-06-24T12:56:40+00:00","og_image":[{"width":1200,"height":628,"url":"https:\/\/teknologiateollisuus.fi\/healthtech\/wp-content\/uploads\/sites\/8\/2025\/01\/MD-tammikuu25.png","type":"image\/png"}],"twitter_card":"summary_large_image","twitter_misc":{"Arvioitu lukuaika":"3 minuuttia"},"schema":{"@context":"https:\/\/schema.org","@graph":[{"@type":"WebPage","@id":"https:\/\/teknologiateollisuus.fi\/healthtech\/events\/28-1-2025-md-tyoryhman-tapaaminen\/","url":"https:\/\/teknologiateollisuus.fi\/healthtech\/events\/28-1-2025-md-tyoryhman-tapaaminen\/","name":"28.1.2025 | MD -ty\u00f6ryhm\u00e4n tapaaminen","isPartOf":{"@id":"https:\/\/teknologiateollisuus.fi\/healthtech\/#website"},"primaryImageOfPage":{"@id":"https:\/\/teknologiateollisuus.fi\/healthtech\/events\/28-1-2025-md-tyoryhman-tapaaminen\/#primaryimage"},"image":{"@id":"https:\/\/teknologiateollisuus.fi\/healthtech\/events\/28-1-2025-md-tyoryhman-tapaaminen\/#primaryimage"},"thumbnailUrl":"https:\/\/teknologiateollisuus.fi\/healthtech\/wp-content\/uploads\/sites\/8\/2025\/01\/MD-tammikuu25.png","datePublished":"2025-06-24T11:35:45+00:00","dateModified":"2025-06-24T12:56:40+00:00","description":"S\u00e4\u00e4d\u00f6sty\u00f6ryhm\u00e4t ovat avoimia kaikille j\u00e4senyrityksiss\u00e4mme ty\u00f6skenteleville. Ty\u00f6ryhm\u00e4t j\u00e4rjestet\u00e4\u00e4n hybridin\u00e4.","breadcrumb":{"@id":"https:\/\/teknologiateollisuus.fi\/healthtech\/events\/28-1-2025-md-tyoryhman-tapaaminen\/#breadcrumb"},"inLanguage":"fi","potentialAction":[{"@type":"ReadAction","target":["https:\/\/teknologiateollisuus.fi\/healthtech\/events\/28-1-2025-md-tyoryhman-tapaaminen\/"]}]},{"@type":"ImageObject","inLanguage":"fi","@id":"https:\/\/teknologiateollisuus.fi\/healthtech\/events\/28-1-2025-md-tyoryhman-tapaaminen\/#primaryimage","url":"https:\/\/teknologiateollisuus.fi\/healthtech\/wp-content\/uploads\/sites\/8\/2025\/01\/MD-tammikuu25.png","contentUrl":"https:\/\/teknologiateollisuus.fi\/healthtech\/wp-content\/uploads\/sites\/8\/2025\/01\/MD-tammikuu25.png","width":1200,"height":628,"caption":"MD tammikuu25"},{"@type":"BreadcrumbList","@id":"https:\/\/teknologiateollisuus.fi\/healthtech\/events\/28-1-2025-md-tyoryhman-tapaaminen\/#breadcrumb","itemListElement":[{"@type":"ListItem","position":1,"name":"Etusivu","item":"https:\/\/teknologiateollisuus.fi\/healthtech\/"},{"@type":"ListItem","position":2,"name":"Ajankohtaista","item":"https:\/\/teknologiateollisuus.fi\/healthtech\/ajankohtaista\/"},{"@type":"ListItem","position":3,"name":"28.1.2025 | MD-ty\u00f6ryhm\u00e4n tapaaminen"}]},{"@type":"WebSite","@id":"https:\/\/teknologiateollisuus.fi\/healthtech\/#website","url":"https:\/\/teknologiateollisuus.fi\/healthtech\/","name":"Terveysteknologia","description":"","potentialAction":[{"@type":"SearchAction","target":{"@type":"EntryPoint","urlTemplate":"https:\/\/teknologiateollisuus.fi\/healthtech\/?s={search_term_string}"},"query-input":{"@type":"PropertyValueSpecification","valueRequired":true,"valueName":"search_term_string"}}],"inLanguage":"fi"}]}},"_links":{"self":[{"href":"https:\/\/teknologiateollisuus.fi\/healthtech\/wp-json\/wp\/v2\/events\/4524","targetHints":{"allow":["GET"]}}],"collection":[{"href":"https:\/\/teknologiateollisuus.fi\/healthtech\/wp-json\/wp\/v2\/events"}],"about":[{"href":"https:\/\/teknologiateollisuus.fi\/healthtech\/wp-json\/wp\/v2\/types\/em_event"}],"version-history":[{"count":1,"href":"https:\/\/teknologiateollisuus.fi\/healthtech\/wp-json\/wp\/v2\/events\/4524\/revisions"}],"predecessor-version":[{"id":4525,"href":"https:\/\/teknologiateollisuus.fi\/healthtech\/wp-json\/wp\/v2\/events\/4524\/revisions\/4525"}],"wp:featuredmedia":[{"embeddable":true,"href":"https:\/\/teknologiateollisuus.fi\/healthtech\/wp-json\/wp\/v2\/media\/4006"}],"wp:attachment":[{"href":"https:\/\/teknologiateollisuus.fi\/healthtech\/wp-json\/wp\/v2\/media?parent=4524"}],"wp:term":[{"taxonomy":"post_tag","embeddable":true,"href":"https:\/\/teknologiateollisuus.fi\/healthtech\/wp-json\/wp\/v2\/tags?post=4524"},{"taxonomy":"em_event_type","embeddable":true,"href":"https:\/\/teknologiateollisuus.fi\/healthtech\/wp-json\/wp\/v2\/em_event_type?post=4524"},{"taxonomy":"em_region","embeddable":true,"href":"https:\/\/teknologiateollisuus.fi\/healthtech\/wp-json\/wp\/v2\/em_region?post=4524"},{"taxonomy":"em_target_group","embeddable":true,"href":"https:\/\/teknologiateollisuus.fi\/healthtech\/wp-json\/wp\/v2\/em_target_group?post=4524"}],"curies":[{"name":"wp","href":"https:\/\/api.w.org\/{rel}","templated":true}]}}