{"id":4654,"date":"2025-07-02T11:19:48","date_gmt":"2025-07-02T08:19:48","guid":{"rendered":"https:\/\/teknologiateollisuus.fi\/healthtech\/?post_type=em_event&#038;p=4654"},"modified":"2025-09-22T14:55:55","modified_gmt":"2025-09-22T11:55:55","slug":"terveysteknologia-ry-ohjelmistot-ja-data-tyoryhma-syyskuu","status":"publish","type":"em_event","link":"https:\/\/teknologiateollisuus.fi\/healthtech\/events\/terveysteknologia-ry-ohjelmistot-ja-data-tyoryhma-syyskuu\/","title":{"rendered":"30.09.2025 | Ohjelmistot ja data -ty\u00f6ryhm\u00e4 syyskuu"},"content":{"rendered":"\n<h4 class=\"wp-block-heading\" id=\"h-taso-1-ohjelmistotuotteen-kaupallistaminen\" id=\"taso-1-ohjelmistotuotteen-kaupallistaminen\">Taso 1: Ohjelmistotuotteen kaupallistaminen\u200b<\/h4>\n\n\n\n<p><strong>Agenda<\/strong><br>9:30 Kahvit paikalla oleville &#8211; Etel\u00e4ranta 10, Helsinki Neuvottelukeskuksessa<br>10:00 Avataan Teams<br>10:00 Kokouksen avaus \/ Puheenjohtaja <strong>Mika Siitonen<\/strong>, Aurevia<br>10:00 &#8211; 10:45 <strong>Taso 1<\/strong>: Ohjelmistotuotteen kaupallistaminen \/&nbsp;<strong>Minna Komu<\/strong>, Business Oulu&nbsp;<br>10:45 &#8211; 11:15 Tauko keskustelulle<br>11:15 &#8211; 11:45 <strong>Taso 2<\/strong>: Digi-HTA &#8211; mit\u00e4 hy\u00f6ty\u00e4 siit\u00e4 on? \/&nbsp;<strong>Pekka M\u00e4nnist\u00f6<\/strong>, FinCCHTA<br>11:45 &#8211; 11:50 <strong>Taso 2<\/strong>: <a href=\"https:\/\/fcai.fi\/\">FCAI <\/a>&#8211; teko\u00e4lyn tutkimusta ja hy\u00f6dynt\u00e4mist\u00e4 edist\u00e4v\u00e4 osaamiskeskittym\u00e4 \/ <strong>Pekka Pellinen<\/strong>, Helsingin Yliopisto<br>11:45 &#8211; 12:30 <strong>ENG<\/strong> <strong>Taso 2<\/strong>: AI literacy \/ <strong>Esko Reinikainen<\/strong> &#8211; Presentation will be <strong>in English<\/strong><br>12:30 Kokouksen p\u00e4\u00e4t\u00f6s<\/p>\n\n\n\n<p class=\"has-text-align-left\">Paikalla on my\u00f6s Terveysteknologia ry:n uusi johtava asiantuntija <strong><a href=\"https:\/\/teknologiateollisuus.fi\/healthtech\/nelli-karhu-vahvistaa-terveysteknologia-ryn-saadososaamista\/\" target=\"_blank\" rel=\"noreferrer noopener\">Nelli Karhu<\/a><\/strong>.<\/p>\n\n\n\n<p>Ilmoitathan paikalla osallistumisestasi (paivi.ahlgren (at) teknologiateollisuus.fi), jotta osaamme ilmoittaa oikean m\u00e4\u00e4r\u00e4n osallistujia Neuvottelukeskukselle. <\/p>\n\n\n\n<p>Ty\u00f6ryhm\u00e4n osallistujat voivat ehdottaa aiheita tai puhujia suoraa Terveysteknologia ry:n yhteyshenkil\u00f6ille tai ty\u00f6ryhm\u00e4n puheenjohtajalle. <\/p>\n\n\n\n<div class=\"wp-block-group is-layout-constrained wp-block-group-is-layout-constrained\">\n<div class=\"wp-block-scb-columns scb-columns  has-mobile-behavior--stacked has-columns-3\">\n<div class=\"wp-block-scb-column scb-column is-scale-cover\">\n<h2 class=\"wp-block-heading\" id=\"h-esko-reinikainen\" id=\"esko-reinikainen\">Esko Reinikainen<\/h2>\n\n\n\n<p>Esko is a Helsinki-based systems change consultant who specialises in translating complex emerging technologies into practical implementation strategies for traditional industries, particularly in healthcare and public service.<\/p>\n<\/div>\n\n\n\n<div class=\"wp-block-scb-column scb-column is-scale-cover\">\n<p>His work focuses on AI integration, where he develops literacy frameworks and advises organisations on implementation, ethics, and compliance. As an external expert advisor, he has supported healthcare AI network development in Germany and consulted for government agencies in the Netherlands and the UK on regulation and systems change. Esko is a founding member of both MyData Global ry and Systems Change Finland ry.<\/p>\n<\/div>\n\n\n\n<div class=\"wp-block-scb-column scb-column is-scale-cover\">\n<figure class=\"wp-block-image size-large is-resized\"><img loading=\"lazy\" decoding=\"async\" width=\"968\" height=\"1459\" src=\"https:\/\/teknologiateollisuus.fi\/healthtech\/wp-content\/uploads\/sites\/8\/2025\/07\/Esko-Reinikainen-968x1459.jpg\" alt=\"Esko Reinikainen\" class=\"wp-image-5079\" style=\"width:162px;height:auto\" srcset=\"https:\/\/teknologiateollisuus.fi\/healthtech\/wp-content\/uploads\/sites\/8\/2025\/07\/Esko-Reinikainen-968x1459.jpg 968w, https:\/\/teknologiateollisuus.fi\/healthtech\/wp-content\/uploads\/sites\/8\/2025\/07\/Esko-Reinikainen-400x603.jpg 400w, https:\/\/teknologiateollisuus.fi\/healthtech\/wp-content\/uploads\/sites\/8\/2025\/07\/Esko-Reinikainen-768x1158.jpg 768w, https:\/\/teknologiateollisuus.fi\/healthtech\/wp-content\/uploads\/sites\/8\/2025\/07\/Esko-Reinikainen-1019x1536.jpg 1019w, https:\/\/teknologiateollisuus.fi\/healthtech\/wp-content\/uploads\/sites\/8\/2025\/07\/Esko-Reinikainen-1358x2048.jpg 1358w, https:\/\/teknologiateollisuus.fi\/healthtech\/wp-content\/uploads\/sites\/8\/2025\/07\/Esko-Reinikainen-862x1300.jpg 862w, https:\/\/teknologiateollisuus.fi\/healthtech\/wp-content\/uploads\/sites\/8\/2025\/07\/Esko-Reinikainen-955x1440.jpg 955w, https:\/\/teknologiateollisuus.fi\/healthtech\/wp-content\/uploads\/sites\/8\/2025\/07\/Esko-Reinikainen.jpg 1698w\" sizes=\"auto, (max-width: 968px) 100vw, 968px\" \/><\/figure>\n<\/div>\n<\/div>\n<\/div>\n\n\n\n<div class=\"wp-block-group is-style-color-bar has-tangerine-color has-light-gray-background-color has-text-color has-background has-link-color wp-elements-7993c42109dd2e494dac1458b79b25e4 is-layout-constrained wp-block-group-is-layout-constrained\">\n<p>S\u00e4\u00e4d\u00f6sty\u00f6ryhm\u00e4t ovat avoimia ja maksuttomia j\u00e4senyritysten kaikille ty\u00f6ntekij\u00f6ille. Ryhmiin osallistuminen ei edellyt\u00e4 etuk\u00e4teisvalmistautumista eik\u00e4 niiss\u00e4 anneta kotiteht\u00e4vi\u00e4. Keskustelu on vapaamuotoista ja ajatuksia voidaan vaihtaa matalalla kynnyksell\u00e4.<\/p>\n\n\n\n<p>Ty\u00f6ryhm\u00e4t j\u00e4rjestet\u00e4\u00e4n aina hybridin\u00e4, osallistua voi paikalla Etel\u00e4ranta 10, Helsingiss\u00e4 tai et\u00e4n\u00e4 Teamsin kautta. J\u00e4rjest\u00e4mme toisinaan tapaamisia my\u00f6s muissa kaupungeissa, kuin Helsingiss\u00e4. N\u00e4iden tapaamisten j\u00e4rjestelyiss\u00e4 ovat j\u00e4senyrityksemme suuressa roolissa.<\/p>\n\n\n\n<p>Erilliset kalenterikutsut sek\u00e4 osallistumislinkit l\u00e4hetet\u00e4\u00e4n jokaiselle ty\u00f6ryhmien postituslistoille ilmoittautuneelle henkil\u00f6lle.&nbsp;Osallistumislinkit on tallennettu lis\u00e4ksi j\u00e4sensivustollemme. J\u00e4senyritystemme henkil\u00f6st\u00f6 saa rajoituksetta osallistua ty\u00f6ryhmiin ilmoittautumalla n\u00e4ist\u00e4 joko yhteen tai useampaan.&nbsp;<\/p>\n\n\n\n<div class=\"wp-block-buttons is-layout-flex wp-block-buttons-is-layout-flex\">\n<div class=\"wp-block-button  icon-right\"><a class=\"wp-block-button__link wp-element-button\" href=\"https:\/\/teknologiateollisuus.fi\/healthtech\/terveysteknologia-ry-kilpailuoikeus\/\" target=\"_blank\" rel=\"noreferrer noopener\">Kilpailuoikeus Terveysteknologia ry:n tapahtumissa<\/a><\/div>\n<\/div>\n\n\n\n<div class=\"wp-block-buttons is-layout-flex wp-block-buttons-is-layout-flex\">\n<div class=\"wp-block-button  icon-right\"><a class=\"wp-block-button__link wp-element-button\" href=\"https:\/\/teknologiateollisuus.fi\/healthtech\/terveysteknologia-ry-on-kohtaamispaikka\/terveysteknologia-ry-jasenpalvelut-ja-tyoryhmat\/ohjelmistot-ja-data-tyoryhma\/\" target=\"_blank\" rel=\"noreferrer noopener\">Lue lis\u00e4\u00e4 Ohjelmistot ja data -ty\u00f6ryhm\u00e4st\u00e4<\/a><\/div>\n<\/div>\n<\/div>\n\n\n\n<figure class=\"wp-block-image size-large\"><img loading=\"lazy\" decoding=\"async\" width=\"968\" height=\"232\" src=\"https:\/\/teknologiateollisuus.fi\/healthtech\/wp-content\/uploads\/sites\/8\/2025\/04\/HealthtechFi-1-968x232.png\" alt=\"HealthtechFi logo\" class=\"wp-image-4315\" srcset=\"https:\/\/teknologiateollisuus.fi\/healthtech\/wp-content\/uploads\/sites\/8\/2025\/04\/HealthtechFi-1-968x232.png 968w, https:\/\/teknologiateollisuus.fi\/healthtech\/wp-content\/uploads\/sites\/8\/2025\/04\/HealthtechFi-1-400x96.png 400w, https:\/\/teknologiateollisuus.fi\/healthtech\/wp-content\/uploads\/sites\/8\/2025\/04\/HealthtechFi-1-768x184.png 768w, https:\/\/teknologiateollisuus.fi\/healthtech\/wp-content\/uploads\/sites\/8\/2025\/04\/HealthtechFi-1.png 1193w\" sizes=\"auto, (max-width: 968px) 100vw, 968px\" \/><\/figure>\n\n\n\n<div class=\"wp-block-scb-columns scb-columns  has-mobile-behavior--stacked has-auto-fit em-pattern-event-contacts\">\n<div class=\"wp-block-scb-column scb-column is-scale-cover\">\n<h2 class=\"wp-block-heading\" id=\"h-lisatietoja\" id=\"lisatietoja\">Lis\u00e4tietoja<\/h2>\n\n\n\n<article class=\"em-block-contact-card is-style-list\">\n\n\t<div class=\"em-block-contact-card__image\">\n\t\t\t\t\t<img loading=\"lazy\" decoding=\"async\" width=\"300\" height=\"400\" src=\"https:\/\/teknologiateollisuus.fi\/healthtech\/wp-content\/uploads\/sites\/8\/2024\/06\/Paivi-Ahlgren-2-300x400.jpg\" class=\"attachment-portrait size-portrait\" alt=\"P\u00e4ivi Ahlgren\" \/>\t\t\t<\/div>\n\t<div class=\"em-block-contact-card__content-wrapper\">\n\t\t<div class=\"em-block-contact-card__content\">\n\t\t\t\t\t\t<h3 class=\"em-block-contact-card__title\"><a target=\"_self\" href=\"https:\/\/teknologiateollisuus.fi\/healthtech\/contacts\/paivi-ahlgren\/\">P\u00e4ivi Ahlgren<\/a><\/h3>\n\t\t\t\t\t\t\t<span class=\"em-block-contact-card__job_title\">S\u00e4\u00e4d\u00f6sasiantuntija, Regulatory Affairs Specialist <\/span>\n\t\t\t\t\t\t<span class=\"em-block-contact-card__organisation\">Terveysteknologia ry<\/span>\n\t\t<\/div>\n\t\t<div class=\"em-block-contact-card__content\">\n\t\t\t\t\t\t<address class=\"em-block-contact-card__contact-details\">\n\t\t\t\t<span class=\"em-block-contact-card__phone\">\n\t\t\t\t\t<a href=\"tel:+358 40 1937953\">+358 40 1937953<\/a>\n\t\t\t\t<\/span>\n\t\t\t\t<span class=\"em-block-contact-card__email\">\n\t\t\t\t\t<a href=\"mailto:paivi.ahlgren(at)teknologiateollisuus.fi \">paivi.ahlgren(at)teknologiateollisuus.fi <\/a>\n\t\t\t\t<\/span>\n\t\t\t<\/address>\n\t\t\t<div class='em-block-contact-card__socials'><div class=\"social-media-links\"><ul class=\"social-media-links__list\"><li><a href=\"https:\/\/www.linkedin.com\/in\/p%C3%A4ivi-ahlgren-79619515a?lipi=urn%3Ali%3Apage%3Ad_flagship3_profile_view_base_contact_details%3BYXYhmMhsR6u%2Fp9TVwECGIg%3D%3D\" target=\"_blank\" aria-label=\"Find me on linkedin\" data-service=\"linkedin\"><\/a><\/li><\/ul><\/div><\/div>\t\t<\/div>\n\t<\/div>\n\n<\/article>\n<\/div>\n<\/div>\n","protected":false},"excerpt":{"rendered":"<p>Taso 1: Ohjelmistotuotteen kaupallistaminen\u200b Agenda9:30 Kahvit paikalla oleville &#8211; Etel\u00e4ranta 10, Helsinki Neuvottelukeskuksessa10:00 Avataan Teams10:00 Kokouksen avaus \/ Puheenjohtaja Mika Siitonen, Aurevia10:00 &#8211; 10:45 Taso 1: Ohjelmistotuotteen kaupallistaminen \/&nbsp;Minna Komu, Business Oulu&nbsp;10:45 &#8211; 11:15 Tauko keskustelulle11:15 &#8211; 11:45 Taso 2: Digi-HTA &#8211; mit\u00e4 hy\u00f6ty\u00e4 siit\u00e4 on? \/&nbsp;Pekka M\u00e4nnist\u00f6, FinCCHTA11:45 &#8211; 11:50 Taso 2: FCAI &#8211; [&hellip;]<\/p>\n","protected":false},"featured_media":4662,"template":"","meta":{"_acf_changed":false,"_relevanssi_hide_post":"","_relevanssi_hide_content":"","_relevanssi_pin_for_all":"","_relevanssi_pin_keywords":"","_relevanssi_unpin_keywords":"","_relevanssi_related_keywords":"","_relevanssi_related_include_ids":"","_relevanssi_related_exclude_ids":"","_relevanssi_related_no_append":"","_relevanssi_related_not_related":"","_relevanssi_related_posts":"1098,2390,2113,1469,3451,3847","_relevanssi_noindex_reason":"","inline_featured_image":false,"footnotes":""},"tags":[156,96],"em_event_type":[145,144],"em_region":[],"em_target_group":[],"class_list":["post-4654","em_event","type-em_event","status-publish","has-post-thumbnail","hentry","tag-digitalisaatio","tag-lainsaadanto","em_event_type-jasenille","em_event_type-tyoryhma"],"acf":{"event_start_date":"20250930","event_end_date":"20250930","event_start_time":"10:00:00","event_end_time":"12:30:00","location":"Etel\u00e4ranta 10, Helsinki ja Teams","address":"Etel\u00e4ranta 10, Helsinki","registration":"","files":null,"links":null},"yoast_head":"<!-- This site is optimized with the Yoast SEO Premium plugin v27.1 (Yoast SEO v27.5) - https:\/\/yoast.com\/product\/yoast-seo-premium-wordpress\/ -->\n<title>Terveysteknologia ry Ohjelmistot ja data -ty\u00f6ryhm\u00e4 syyskuu<\/title>\n<meta name=\"description\" content=\"S\u00e4\u00e4d\u00f6sty\u00f6ryhm\u00e4t ovat tarkoitettu j\u00e4senyritysten kaikille ty\u00f6ntekij\u00f6ille. Osallistuminen ei edellyt\u00e4 etuk\u00e4teisvalmistautumista.\" \/>\n<meta name=\"robots\" content=\"index, follow, max-snippet:-1, max-image-preview:large, max-video-preview:-1\" \/>\n<link rel=\"canonical\" href=\"https:\/\/teknologiateollisuus.fi\/healthtech\/events\/terveysteknologia-ry-ohjelmistot-ja-data-tyoryhma-syyskuu\/\" \/>\n<meta property=\"og:locale\" content=\"fi_FI\" \/>\n<meta property=\"og:type\" content=\"article\" \/>\n<meta property=\"og:title\" content=\"30.09.2025 | Ohjelmistot ja data -ty\u00f6ryhm\u00e4 syyskuu\" \/>\n<meta property=\"og:description\" content=\"S\u00e4\u00e4d\u00f6sty\u00f6ryhm\u00e4t ovat tarkoitettu j\u00e4senyritysten kaikille ty\u00f6ntekij\u00f6ille. Osallistuminen ei edellyt\u00e4 etuk\u00e4teisvalmistautumista.\" \/>\n<meta property=\"og:url\" content=\"https:\/\/teknologiateollisuus.fi\/healthtech\/events\/terveysteknologia-ry-ohjelmistot-ja-data-tyoryhma-syyskuu\/\" \/>\n<meta property=\"og:site_name\" content=\"Terveysteknologia\" \/>\n<meta property=\"article:modified_time\" content=\"2025-09-22T11:55:55+00:00\" \/>\n<meta property=\"og:image\" content=\"https:\/\/teknologiateollisuus.fi\/healthtech\/wp-content\/uploads\/sites\/8\/2025\/07\/SWD-syyskuu.png\" \/>\n\t<meta property=\"og:image:width\" content=\"1200\" \/>\n\t<meta property=\"og:image:height\" content=\"628\" \/>\n\t<meta property=\"og:image:type\" content=\"image\/png\" \/>\n<meta name=\"twitter:card\" content=\"summary_large_image\" \/>\n<meta name=\"twitter:label1\" content=\"Arvioitu lukuaika\" \/>\n\t<meta name=\"twitter:data1\" content=\"3 minuuttia\" \/>\n<script type=\"application\/ld+json\" class=\"yoast-schema-graph\">{\"@context\":\"https:\\\/\\\/schema.org\",\"@graph\":[{\"@type\":\"WebPage\",\"@id\":\"https:\\\/\\\/teknologiateollisuus.fi\\\/healthtech\\\/events\\\/terveysteknologia-ry-ohjelmistot-ja-data-tyoryhma-syyskuu\\\/\",\"url\":\"https:\\\/\\\/teknologiateollisuus.fi\\\/healthtech\\\/events\\\/terveysteknologia-ry-ohjelmistot-ja-data-tyoryhma-syyskuu\\\/\",\"name\":\"Terveysteknologia ry Ohjelmistot ja data -ty\u00f6ryhm\u00e4 syyskuu\",\"isPartOf\":{\"@id\":\"https:\\\/\\\/teknologiateollisuus.fi\\\/healthtech\\\/#website\"},\"primaryImageOfPage\":{\"@id\":\"https:\\\/\\\/teknologiateollisuus.fi\\\/healthtech\\\/events\\\/terveysteknologia-ry-ohjelmistot-ja-data-tyoryhma-syyskuu\\\/#primaryimage\"},\"image\":{\"@id\":\"https:\\\/\\\/teknologiateollisuus.fi\\\/healthtech\\\/events\\\/terveysteknologia-ry-ohjelmistot-ja-data-tyoryhma-syyskuu\\\/#primaryimage\"},\"thumbnailUrl\":\"https:\\\/\\\/teknologiateollisuus.fi\\\/healthtech\\\/wp-content\\\/uploads\\\/sites\\\/8\\\/2025\\\/07\\\/SWD-syyskuu.png\",\"datePublished\":\"2025-07-02T08:19:48+00:00\",\"dateModified\":\"2025-09-22T11:55:55+00:00\",\"description\":\"S\u00e4\u00e4d\u00f6sty\u00f6ryhm\u00e4t ovat tarkoitettu j\u00e4senyritysten kaikille ty\u00f6ntekij\u00f6ille. Osallistuminen ei edellyt\u00e4 etuk\u00e4teisvalmistautumista.\",\"breadcrumb\":{\"@id\":\"https:\\\/\\\/teknologiateollisuus.fi\\\/healthtech\\\/events\\\/terveysteknologia-ry-ohjelmistot-ja-data-tyoryhma-syyskuu\\\/#breadcrumb\"},\"inLanguage\":\"fi\",\"potentialAction\":[{\"@type\":\"ReadAction\",\"target\":[\"https:\\\/\\\/teknologiateollisuus.fi\\\/healthtech\\\/events\\\/terveysteknologia-ry-ohjelmistot-ja-data-tyoryhma-syyskuu\\\/\"]}]},{\"@type\":\"ImageObject\",\"inLanguage\":\"fi\",\"@id\":\"https:\\\/\\\/teknologiateollisuus.fi\\\/healthtech\\\/events\\\/terveysteknologia-ry-ohjelmistot-ja-data-tyoryhma-syyskuu\\\/#primaryimage\",\"url\":\"https:\\\/\\\/teknologiateollisuus.fi\\\/healthtech\\\/wp-content\\\/uploads\\\/sites\\\/8\\\/2025\\\/07\\\/SWD-syyskuu.png\",\"contentUrl\":\"https:\\\/\\\/teknologiateollisuus.fi\\\/healthtech\\\/wp-content\\\/uploads\\\/sites\\\/8\\\/2025\\\/07\\\/SWD-syyskuu.png\",\"width\":1200,\"height\":628,\"caption\":\"Ohjelmistot ja data -ty\u00f6ryhm\u00e4 syyskuu\"},{\"@type\":\"BreadcrumbList\",\"@id\":\"https:\\\/\\\/teknologiateollisuus.fi\\\/healthtech\\\/events\\\/terveysteknologia-ry-ohjelmistot-ja-data-tyoryhma-syyskuu\\\/#breadcrumb\",\"itemListElement\":[{\"@type\":\"ListItem\",\"position\":1,\"name\":\"Etusivu\",\"item\":\"https:\\\/\\\/teknologiateollisuus.fi\\\/healthtech\\\/\"},{\"@type\":\"ListItem\",\"position\":2,\"name\":\"Ajankohtaista\",\"item\":\"https:\\\/\\\/teknologiateollisuus.fi\\\/healthtech\\\/ajankohtaista\\\/\"},{\"@type\":\"ListItem\",\"position\":3,\"name\":\"30.09.2025 | Ohjelmistot ja data -ty\u00f6ryhm\u00e4 syyskuu\"}]},{\"@type\":\"WebSite\",\"@id\":\"https:\\\/\\\/teknologiateollisuus.fi\\\/healthtech\\\/#website\",\"url\":\"https:\\\/\\\/teknologiateollisuus.fi\\\/healthtech\\\/\",\"name\":\"Terveysteknologia\",\"description\":\"\",\"potentialAction\":[{\"@type\":\"SearchAction\",\"target\":{\"@type\":\"EntryPoint\",\"urlTemplate\":\"https:\\\/\\\/teknologiateollisuus.fi\\\/healthtech\\\/?s={search_term_string}\"},\"query-input\":{\"@type\":\"PropertyValueSpecification\",\"valueRequired\":true,\"valueName\":\"search_term_string\"}}],\"inLanguage\":\"fi\"}]}<\/script>\n<!-- \/ Yoast SEO Premium plugin. -->","yoast_head_json":{"title":"Terveysteknologia ry Ohjelmistot ja data -ty\u00f6ryhm\u00e4 syyskuu","description":"S\u00e4\u00e4d\u00f6sty\u00f6ryhm\u00e4t ovat tarkoitettu j\u00e4senyritysten kaikille ty\u00f6ntekij\u00f6ille. Osallistuminen ei edellyt\u00e4 etuk\u00e4teisvalmistautumista.","robots":{"index":"index","follow":"follow","max-snippet":"max-snippet:-1","max-image-preview":"max-image-preview:large","max-video-preview":"max-video-preview:-1"},"canonical":"https:\/\/teknologiateollisuus.fi\/healthtech\/events\/terveysteknologia-ry-ohjelmistot-ja-data-tyoryhma-syyskuu\/","og_locale":"fi_FI","og_type":"article","og_title":"30.09.2025 | Ohjelmistot ja data -ty\u00f6ryhm\u00e4 syyskuu","og_description":"S\u00e4\u00e4d\u00f6sty\u00f6ryhm\u00e4t ovat tarkoitettu j\u00e4senyritysten kaikille ty\u00f6ntekij\u00f6ille. Osallistuminen ei edellyt\u00e4 etuk\u00e4teisvalmistautumista.","og_url":"https:\/\/teknologiateollisuus.fi\/healthtech\/events\/terveysteknologia-ry-ohjelmistot-ja-data-tyoryhma-syyskuu\/","og_site_name":"Terveysteknologia","article_modified_time":"2025-09-22T11:55:55+00:00","og_image":[{"width":1200,"height":628,"url":"https:\/\/teknologiateollisuus.fi\/healthtech\/wp-content\/uploads\/sites\/8\/2025\/07\/SWD-syyskuu.png","type":"image\/png"}],"twitter_card":"summary_large_image","twitter_misc":{"Arvioitu lukuaika":"3 minuuttia"},"schema":{"@context":"https:\/\/schema.org","@graph":[{"@type":"WebPage","@id":"https:\/\/teknologiateollisuus.fi\/healthtech\/events\/terveysteknologia-ry-ohjelmistot-ja-data-tyoryhma-syyskuu\/","url":"https:\/\/teknologiateollisuus.fi\/healthtech\/events\/terveysteknologia-ry-ohjelmistot-ja-data-tyoryhma-syyskuu\/","name":"Terveysteknologia ry Ohjelmistot ja data -ty\u00f6ryhm\u00e4 syyskuu","isPartOf":{"@id":"https:\/\/teknologiateollisuus.fi\/healthtech\/#website"},"primaryImageOfPage":{"@id":"https:\/\/teknologiateollisuus.fi\/healthtech\/events\/terveysteknologia-ry-ohjelmistot-ja-data-tyoryhma-syyskuu\/#primaryimage"},"image":{"@id":"https:\/\/teknologiateollisuus.fi\/healthtech\/events\/terveysteknologia-ry-ohjelmistot-ja-data-tyoryhma-syyskuu\/#primaryimage"},"thumbnailUrl":"https:\/\/teknologiateollisuus.fi\/healthtech\/wp-content\/uploads\/sites\/8\/2025\/07\/SWD-syyskuu.png","datePublished":"2025-07-02T08:19:48+00:00","dateModified":"2025-09-22T11:55:55+00:00","description":"S\u00e4\u00e4d\u00f6sty\u00f6ryhm\u00e4t ovat tarkoitettu j\u00e4senyritysten kaikille ty\u00f6ntekij\u00f6ille. Osallistuminen ei edellyt\u00e4 etuk\u00e4teisvalmistautumista.","breadcrumb":{"@id":"https:\/\/teknologiateollisuus.fi\/healthtech\/events\/terveysteknologia-ry-ohjelmistot-ja-data-tyoryhma-syyskuu\/#breadcrumb"},"inLanguage":"fi","potentialAction":[{"@type":"ReadAction","target":["https:\/\/teknologiateollisuus.fi\/healthtech\/events\/terveysteknologia-ry-ohjelmistot-ja-data-tyoryhma-syyskuu\/"]}]},{"@type":"ImageObject","inLanguage":"fi","@id":"https:\/\/teknologiateollisuus.fi\/healthtech\/events\/terveysteknologia-ry-ohjelmistot-ja-data-tyoryhma-syyskuu\/#primaryimage","url":"https:\/\/teknologiateollisuus.fi\/healthtech\/wp-content\/uploads\/sites\/8\/2025\/07\/SWD-syyskuu.png","contentUrl":"https:\/\/teknologiateollisuus.fi\/healthtech\/wp-content\/uploads\/sites\/8\/2025\/07\/SWD-syyskuu.png","width":1200,"height":628,"caption":"Ohjelmistot ja data -ty\u00f6ryhm\u00e4 syyskuu"},{"@type":"BreadcrumbList","@id":"https:\/\/teknologiateollisuus.fi\/healthtech\/events\/terveysteknologia-ry-ohjelmistot-ja-data-tyoryhma-syyskuu\/#breadcrumb","itemListElement":[{"@type":"ListItem","position":1,"name":"Etusivu","item":"https:\/\/teknologiateollisuus.fi\/healthtech\/"},{"@type":"ListItem","position":2,"name":"Ajankohtaista","item":"https:\/\/teknologiateollisuus.fi\/healthtech\/ajankohtaista\/"},{"@type":"ListItem","position":3,"name":"30.09.2025 | Ohjelmistot ja data -ty\u00f6ryhm\u00e4 syyskuu"}]},{"@type":"WebSite","@id":"https:\/\/teknologiateollisuus.fi\/healthtech\/#website","url":"https:\/\/teknologiateollisuus.fi\/healthtech\/","name":"Terveysteknologia","description":"","potentialAction":[{"@type":"SearchAction","target":{"@type":"EntryPoint","urlTemplate":"https:\/\/teknologiateollisuus.fi\/healthtech\/?s={search_term_string}"},"query-input":{"@type":"PropertyValueSpecification","valueRequired":true,"valueName":"search_term_string"}}],"inLanguage":"fi"}]}},"_links":{"self":[{"href":"https:\/\/teknologiateollisuus.fi\/healthtech\/wp-json\/wp\/v2\/events\/4654","targetHints":{"allow":["GET"]}}],"collection":[{"href":"https:\/\/teknologiateollisuus.fi\/healthtech\/wp-json\/wp\/v2\/events"}],"about":[{"href":"https:\/\/teknologiateollisuus.fi\/healthtech\/wp-json\/wp\/v2\/types\/em_event"}],"version-history":[{"count":15,"href":"https:\/\/teknologiateollisuus.fi\/healthtech\/wp-json\/wp\/v2\/events\/4654\/revisions"}],"predecessor-version":[{"id":5082,"href":"https:\/\/teknologiateollisuus.fi\/healthtech\/wp-json\/wp\/v2\/events\/4654\/revisions\/5082"}],"wp:featuredmedia":[{"embeddable":true,"href":"https:\/\/teknologiateollisuus.fi\/healthtech\/wp-json\/wp\/v2\/media\/4662"}],"wp:attachment":[{"href":"https:\/\/teknologiateollisuus.fi\/healthtech\/wp-json\/wp\/v2\/media?parent=4654"}],"wp:term":[{"taxonomy":"post_tag","embeddable":true,"href":"https:\/\/teknologiateollisuus.fi\/healthtech\/wp-json\/wp\/v2\/tags?post=4654"},{"taxonomy":"em_event_type","embeddable":true,"href":"https:\/\/teknologiateollisuus.fi\/healthtech\/wp-json\/wp\/v2\/em_event_type?post=4654"},{"taxonomy":"em_region","embeddable":true,"href":"https:\/\/teknologiateollisuus.fi\/healthtech\/wp-json\/wp\/v2\/em_region?post=4654"},{"taxonomy":"em_target_group","embeddable":true,"href":"https:\/\/teknologiateollisuus.fi\/healthtech\/wp-json\/wp\/v2\/em_target_group?post=4654"}],"curies":[{"name":"wp","href":"https:\/\/api.w.org\/{rel}","templated":true}]}}