{"id":5101,"date":"2025-10-01T11:01:31","date_gmt":"2025-10-01T08:01:31","guid":{"rendered":"https:\/\/teknologiateollisuus.fi\/healthtech\/?post_type=em_event&#038;p=5101"},"modified":"2025-10-01T11:01:32","modified_gmt":"2025-10-01T08:01:32","slug":"apuvaline-tapahtuma-6-8-11-2025","status":"publish","type":"em_event","link":"https:\/\/teknologiateollisuus.fi\/healthtech\/events\/apuvaline-tapahtuma-6-8-11-2025\/","title":{"rendered":"6.-8.11.2025 | Apuv\u00e4line-tapahtuma"},"content":{"rendered":"\n<h4 class=\"wp-block-heading\" id=\"h-apuvaline-2025-valokeilassa-apuvalineet-kuntoutus-ja-esteettomyys\" id=\"apuvaline-2025-valokeilassa-apuvalineet-kuntoutus-ja-esteettomyys\">Apuv\u00e4line 2025: valokeilassa apuv\u00e4lineet, kuntoutus ja esteett\u00f6myys<\/h4>\n\n\n\n<p>Apuv\u00e4line-tapahtuma kokoaa apuv\u00e4linealan, kuntoutuksen, terveys- ja sosiaalialan ammattilaiset sek\u00e4 apuv\u00e4lineiden k\u00e4ytt\u00e4j\u00e4t joka toinen syksy Tampereelle. <\/p>\n\n\n\n<p>Tapahtuma tarjoa ainutlaatuisen tilaisuuden tutustua, kokeilla, vertailla ja oppia laajasti eri apuv\u00e4lineist\u00e4, kuntoutuksen ja esteett\u00f6myyden ratkaisuista. Ajankohtaista tietoa, kiinnostavia keskusteluja, n\u00e4k\u00f6kulmia ja hyvi\u00e4 k\u00e4yt\u00e4nteit\u00e4 tarjoilee tapahtuman ohjelma sek\u00e4 ohessa j\u00e4rjestett\u00e4v\u00e4t seminaarit. <\/p>\n\n\n\n<div class=\"wp-block-buttons is-layout-flex wp-block-buttons-is-layout-flex\">\n<div class=\"wp-block-button  icon-right\"><a class=\"wp-block-button__link wp-element-button\" href=\"https:\/\/apuvaline.expomark.fi\/\" target=\"_blank\" rel=\"noreferrer noopener\">Apuv\u00e4line-tapahtuman verkkosivuille<\/a><\/div>\n<\/div>\n\n\n\n<h2 class=\"wp-block-heading\" id=\"h-miksi-ja-kenen-kannattaa-tulla-apuvaline-tapahtumaan\" id=\"miksi-ja-kenen-kannattaa-tulla-apuvaline-tapahtumaan\">Miksi ja kenen kannattaa tulla Apuv\u00e4line-tapahtumaan?<\/h2>\n\n\n\n<p>T\u00e4ss\u00e4 lyhyesti, mit\u00e4 tapahtuma tarjoaa eri tahoille.<\/p>\n\n\n\n<ul class=\"wp-block-list\">\n<li>Yleisesti ottaen kyseess\u00e4 on Suomen ainutlaatuisin tapahtuma esteett\u00f6myydest\u00e4 ja yhdenvertaisuudesta sek\u00e4 siit\u00e4, mit\u00e4 kaikkea ne tarkoittavat ihmisten arjessa.<\/li>\n\n\n\n<li>Apuv\u00e4line voi olla tuote, palvelu tai ratkaisu. Se on arjen sujuvuuden mahdollistaja tai helpottaja. Apuv\u00e4lineet auttavat liikkumaan, tekem\u00e4\u00e4n arjen askareita, harrastamaan ja kommunikoimaan, ne auttavat t\u00f6iss\u00e4, kotona ja matkalla.<\/li>\n\n\n\n<li>Kuntoutus ja esteett\u00f6myys ovat olennainen osa tapahtumaa ja mukana onkin kattavasti tietoa ja k\u00e4yt\u00e4nn\u00f6n ratkaisuja my\u00f6s n\u00e4ist\u00e4 teemoista.<\/li>\n<\/ul>\n\n\n\n<div class=\"wp-block-buttons  mt-md is-layout-flex wp-block-buttons-is-layout-flex\">\n<div class=\"wp-block-button  icon-right size-lg\"><a class=\"wp-block-button__link wp-element-button\" href=\"\" target=\"_blank\" rel=\"noreferrer noopener\">Ilmoittaudu tapahtumaan<\/a><\/div>\n<\/div>\n\n\n\n<p>Terveysteknologia ry &#8211; Healthtech Finland on Apuv\u00e4line-tapahtuman yhteisty\u00f6ss\u00e4 mukana.<\/p>\n\n\n\n<p>Lue Saara Hassisen kirjoittama blogi verkkosivuiltamme:<\/p>\n\n\n\n<div class=\"wp-block-buttons is-layout-flex wp-block-buttons-is-layout-flex\">\n<div class=\"wp-block-button  icon-right\"><a class=\"wp-block-button__link wp-element-button\" href=\"https:\/\/teknologiateollisuus.fi\/healthtech\/teknologia-ikaantyvien-arjen-apuna\/\" target=\"_blank\" rel=\"noreferrer noopener\">Siirry t\u00e4st\u00e4 blogiin<\/a><\/div>\n<\/div>\n","protected":false},"excerpt":{"rendered":"<p>Apuv\u00e4line 2025: valokeilassa apuv\u00e4lineet, kuntoutus ja esteett\u00f6myys Apuv\u00e4line-tapahtuma kokoaa apuv\u00e4linealan, kuntoutuksen, terveys- ja sosiaalialan ammattilaiset sek\u00e4 apuv\u00e4lineiden k\u00e4ytt\u00e4j\u00e4t joka toinen syksy Tampereelle. Tapahtuma tarjoa ainutlaatuisen tilaisuuden tutustua, kokeilla, vertailla ja oppia laajasti eri apuv\u00e4lineist\u00e4, kuntoutuksen ja esteett\u00f6myyden ratkaisuista. Ajankohtaista tietoa, kiinnostavia keskusteluja, n\u00e4k\u00f6kulmia ja hyvi\u00e4 k\u00e4yt\u00e4nteit\u00e4 tarjoilee tapahtuman ohjelma sek\u00e4 ohessa j\u00e4rjestett\u00e4v\u00e4t seminaarit. Miksi ja [&hellip;]<\/p>\n","protected":false},"featured_media":5105,"template":"","meta":{"_acf_changed":false,"_relevanssi_hide_post":"","_relevanssi_hide_content":"","_relevanssi_pin_for_all":"","_relevanssi_pin_keywords":"","_relevanssi_unpin_keywords":"","_relevanssi_related_keywords":"","_relevanssi_related_include_ids":"","_relevanssi_related_exclude_ids":"","_relevanssi_related_no_append":"","_relevanssi_related_not_related":"","_relevanssi_related_posts":"1365,892,1200,1102,5067,4159","_relevanssi_noindex_reason":"","inline_featured_image":false,"footnotes":""},"tags":[],"em_event_type":[146,150],"em_region":[],"em_target_group":[],"class_list":["post-5101","em_event","type-em_event","status-publish","has-post-thumbnail","hentry","em_event_type-avoin-tapahtuma","em_event_type-kumppanitapahtuma"],"acf":{"event_start_date":"20251106","event_end_date":"20251108","event_start_time":"","event_end_time":"","location":"Tampereen Messu- ja Urheilukeskus","address":"","registration":"https:\/\/apuvaline.expomark.fi\/info\/aukiolo-ja-sisaanpaasy\/","files":null,"links":null},"yoast_head":"<!-- This site is optimized with the Yoast SEO Premium plugin v27.1 (Yoast SEO v27.5) - https:\/\/yoast.com\/product\/yoast-seo-premium-wordpress\/ -->\n<title>Apuv\u00e4line-tapahtuma 6.-8.11.2025<\/title>\n<meta name=\"description\" content=\"Apuv\u00e4line-tapahtuma kokoaa apuv\u00e4linealan, kuntoutuksen, terveys- ja sosiaalialan ammattilaiset sek\u00e4 apuv\u00e4lineiden k\u00e4ytt\u00e4j\u00e4t Tampereelle.\" \/>\n<meta name=\"robots\" content=\"index, follow, max-snippet:-1, max-image-preview:large, max-video-preview:-1\" \/>\n<link rel=\"canonical\" href=\"https:\/\/teknologiateollisuus.fi\/healthtech\/events\/apuvaline-tapahtuma-6-8-11-2025\/\" \/>\n<meta property=\"og:locale\" content=\"fi_FI\" \/>\n<meta property=\"og:type\" content=\"article\" \/>\n<meta property=\"og:title\" content=\"6.-8.11.2025 | Apuv\u00e4line-tapahtuma\" \/>\n<meta property=\"og:description\" content=\"Apuv\u00e4line-tapahtuma kokoaa apuv\u00e4linealan, kuntoutuksen, terveys- ja sosiaalialan ammattilaiset sek\u00e4 apuv\u00e4lineiden k\u00e4ytt\u00e4j\u00e4t Tampereelle.\" \/>\n<meta property=\"og:url\" content=\"https:\/\/teknologiateollisuus.fi\/healthtech\/events\/apuvaline-tapahtuma-6-8-11-2025\/\" \/>\n<meta property=\"og:site_name\" content=\"Terveysteknologia\" \/>\n<meta property=\"article:modified_time\" content=\"2025-10-01T08:01:32+00:00\" \/>\n<meta property=\"og:image\" content=\"https:\/\/teknologiateollisuus.fi\/healthtech\/wp-content\/uploads\/sites\/8\/2025\/10\/Apuvaline-logo-pvm.jpg\" \/>\n\t<meta property=\"og:image:width\" content=\"640\" \/>\n\t<meta property=\"og:image:height\" content=\"329\" \/>\n\t<meta property=\"og:image:type\" content=\"image\/jpeg\" \/>\n<meta name=\"twitter:card\" content=\"summary_large_image\" \/>\n<meta name=\"twitter:label1\" content=\"Arvioitu lukuaika\" \/>\n\t<meta name=\"twitter:data1\" content=\"2 minuuttia\" \/>\n<script type=\"application\/ld+json\" class=\"yoast-schema-graph\">{\"@context\":\"https:\\\/\\\/schema.org\",\"@graph\":[{\"@type\":\"WebPage\",\"@id\":\"https:\\\/\\\/teknologiateollisuus.fi\\\/healthtech\\\/events\\\/apuvaline-tapahtuma-6-8-11-2025\\\/\",\"url\":\"https:\\\/\\\/teknologiateollisuus.fi\\\/healthtech\\\/events\\\/apuvaline-tapahtuma-6-8-11-2025\\\/\",\"name\":\"Apuv\u00e4line-tapahtuma 6.-8.11.2025\",\"isPartOf\":{\"@id\":\"https:\\\/\\\/teknologiateollisuus.fi\\\/healthtech\\\/#website\"},\"primaryImageOfPage\":{\"@id\":\"https:\\\/\\\/teknologiateollisuus.fi\\\/healthtech\\\/events\\\/apuvaline-tapahtuma-6-8-11-2025\\\/#primaryimage\"},\"image\":{\"@id\":\"https:\\\/\\\/teknologiateollisuus.fi\\\/healthtech\\\/events\\\/apuvaline-tapahtuma-6-8-11-2025\\\/#primaryimage\"},\"thumbnailUrl\":\"https:\\\/\\\/teknologiateollisuus.fi\\\/healthtech\\\/wp-content\\\/uploads\\\/sites\\\/8\\\/2025\\\/10\\\/Apuvaline-logo-pvm.jpg\",\"datePublished\":\"2025-10-01T08:01:31+00:00\",\"dateModified\":\"2025-10-01T08:01:32+00:00\",\"description\":\"Apuv\u00e4line-tapahtuma kokoaa apuv\u00e4linealan, kuntoutuksen, terveys- ja sosiaalialan ammattilaiset sek\u00e4 apuv\u00e4lineiden k\u00e4ytt\u00e4j\u00e4t Tampereelle.\",\"breadcrumb\":{\"@id\":\"https:\\\/\\\/teknologiateollisuus.fi\\\/healthtech\\\/events\\\/apuvaline-tapahtuma-6-8-11-2025\\\/#breadcrumb\"},\"inLanguage\":\"fi\",\"potentialAction\":[{\"@type\":\"ReadAction\",\"target\":[\"https:\\\/\\\/teknologiateollisuus.fi\\\/healthtech\\\/events\\\/apuvaline-tapahtuma-6-8-11-2025\\\/\"]}]},{\"@type\":\"ImageObject\",\"inLanguage\":\"fi\",\"@id\":\"https:\\\/\\\/teknologiateollisuus.fi\\\/healthtech\\\/events\\\/apuvaline-tapahtuma-6-8-11-2025\\\/#primaryimage\",\"url\":\"https:\\\/\\\/teknologiateollisuus.fi\\\/healthtech\\\/wp-content\\\/uploads\\\/sites\\\/8\\\/2025\\\/10\\\/Apuvaline-logo-pvm.jpg\",\"contentUrl\":\"https:\\\/\\\/teknologiateollisuus.fi\\\/healthtech\\\/wp-content\\\/uploads\\\/sites\\\/8\\\/2025\\\/10\\\/Apuvaline-logo-pvm.jpg\",\"width\":640,\"height\":329,\"caption\":\"Apuv\u00e4line logo\"},{\"@type\":\"BreadcrumbList\",\"@id\":\"https:\\\/\\\/teknologiateollisuus.fi\\\/healthtech\\\/events\\\/apuvaline-tapahtuma-6-8-11-2025\\\/#breadcrumb\",\"itemListElement\":[{\"@type\":\"ListItem\",\"position\":1,\"name\":\"Etusivu\",\"item\":\"https:\\\/\\\/teknologiateollisuus.fi\\\/healthtech\\\/\"},{\"@type\":\"ListItem\",\"position\":2,\"name\":\"Ajankohtaista\",\"item\":\"https:\\\/\\\/teknologiateollisuus.fi\\\/healthtech\\\/ajankohtaista\\\/\"},{\"@type\":\"ListItem\",\"position\":3,\"name\":\"6.-8.11.2025 | Apuv\u00e4line-tapahtuma\"}]},{\"@type\":\"WebSite\",\"@id\":\"https:\\\/\\\/teknologiateollisuus.fi\\\/healthtech\\\/#website\",\"url\":\"https:\\\/\\\/teknologiateollisuus.fi\\\/healthtech\\\/\",\"name\":\"Terveysteknologia\",\"description\":\"\",\"potentialAction\":[{\"@type\":\"SearchAction\",\"target\":{\"@type\":\"EntryPoint\",\"urlTemplate\":\"https:\\\/\\\/teknologiateollisuus.fi\\\/healthtech\\\/?s={search_term_string}\"},\"query-input\":{\"@type\":\"PropertyValueSpecification\",\"valueRequired\":true,\"valueName\":\"search_term_string\"}}],\"inLanguage\":\"fi\"}]}<\/script>\n<!-- \/ Yoast SEO Premium plugin. -->","yoast_head_json":{"title":"Apuv\u00e4line-tapahtuma 6.-8.11.2025","description":"Apuv\u00e4line-tapahtuma kokoaa apuv\u00e4linealan, kuntoutuksen, terveys- ja sosiaalialan ammattilaiset sek\u00e4 apuv\u00e4lineiden k\u00e4ytt\u00e4j\u00e4t Tampereelle.","robots":{"index":"index","follow":"follow","max-snippet":"max-snippet:-1","max-image-preview":"max-image-preview:large","max-video-preview":"max-video-preview:-1"},"canonical":"https:\/\/teknologiateollisuus.fi\/healthtech\/events\/apuvaline-tapahtuma-6-8-11-2025\/","og_locale":"fi_FI","og_type":"article","og_title":"6.-8.11.2025 | Apuv\u00e4line-tapahtuma","og_description":"Apuv\u00e4line-tapahtuma kokoaa apuv\u00e4linealan, kuntoutuksen, terveys- ja sosiaalialan ammattilaiset sek\u00e4 apuv\u00e4lineiden k\u00e4ytt\u00e4j\u00e4t Tampereelle.","og_url":"https:\/\/teknologiateollisuus.fi\/healthtech\/events\/apuvaline-tapahtuma-6-8-11-2025\/","og_site_name":"Terveysteknologia","article_modified_time":"2025-10-01T08:01:32+00:00","og_image":[{"width":640,"height":329,"url":"https:\/\/teknologiateollisuus.fi\/healthtech\/wp-content\/uploads\/sites\/8\/2025\/10\/Apuvaline-logo-pvm.jpg","type":"image\/jpeg"}],"twitter_card":"summary_large_image","twitter_misc":{"Arvioitu lukuaika":"2 minuuttia"},"schema":{"@context":"https:\/\/schema.org","@graph":[{"@type":"WebPage","@id":"https:\/\/teknologiateollisuus.fi\/healthtech\/events\/apuvaline-tapahtuma-6-8-11-2025\/","url":"https:\/\/teknologiateollisuus.fi\/healthtech\/events\/apuvaline-tapahtuma-6-8-11-2025\/","name":"Apuv\u00e4line-tapahtuma 6.-8.11.2025","isPartOf":{"@id":"https:\/\/teknologiateollisuus.fi\/healthtech\/#website"},"primaryImageOfPage":{"@id":"https:\/\/teknologiateollisuus.fi\/healthtech\/events\/apuvaline-tapahtuma-6-8-11-2025\/#primaryimage"},"image":{"@id":"https:\/\/teknologiateollisuus.fi\/healthtech\/events\/apuvaline-tapahtuma-6-8-11-2025\/#primaryimage"},"thumbnailUrl":"https:\/\/teknologiateollisuus.fi\/healthtech\/wp-content\/uploads\/sites\/8\/2025\/10\/Apuvaline-logo-pvm.jpg","datePublished":"2025-10-01T08:01:31+00:00","dateModified":"2025-10-01T08:01:32+00:00","description":"Apuv\u00e4line-tapahtuma kokoaa apuv\u00e4linealan, kuntoutuksen, terveys- ja sosiaalialan ammattilaiset sek\u00e4 apuv\u00e4lineiden k\u00e4ytt\u00e4j\u00e4t Tampereelle.","breadcrumb":{"@id":"https:\/\/teknologiateollisuus.fi\/healthtech\/events\/apuvaline-tapahtuma-6-8-11-2025\/#breadcrumb"},"inLanguage":"fi","potentialAction":[{"@type":"ReadAction","target":["https:\/\/teknologiateollisuus.fi\/healthtech\/events\/apuvaline-tapahtuma-6-8-11-2025\/"]}]},{"@type":"ImageObject","inLanguage":"fi","@id":"https:\/\/teknologiateollisuus.fi\/healthtech\/events\/apuvaline-tapahtuma-6-8-11-2025\/#primaryimage","url":"https:\/\/teknologiateollisuus.fi\/healthtech\/wp-content\/uploads\/sites\/8\/2025\/10\/Apuvaline-logo-pvm.jpg","contentUrl":"https:\/\/teknologiateollisuus.fi\/healthtech\/wp-content\/uploads\/sites\/8\/2025\/10\/Apuvaline-logo-pvm.jpg","width":640,"height":329,"caption":"Apuv\u00e4line logo"},{"@type":"BreadcrumbList","@id":"https:\/\/teknologiateollisuus.fi\/healthtech\/events\/apuvaline-tapahtuma-6-8-11-2025\/#breadcrumb","itemListElement":[{"@type":"ListItem","position":1,"name":"Etusivu","item":"https:\/\/teknologiateollisuus.fi\/healthtech\/"},{"@type":"ListItem","position":2,"name":"Ajankohtaista","item":"https:\/\/teknologiateollisuus.fi\/healthtech\/ajankohtaista\/"},{"@type":"ListItem","position":3,"name":"6.-8.11.2025 | Apuv\u00e4line-tapahtuma"}]},{"@type":"WebSite","@id":"https:\/\/teknologiateollisuus.fi\/healthtech\/#website","url":"https:\/\/teknologiateollisuus.fi\/healthtech\/","name":"Terveysteknologia","description":"","potentialAction":[{"@type":"SearchAction","target":{"@type":"EntryPoint","urlTemplate":"https:\/\/teknologiateollisuus.fi\/healthtech\/?s={search_term_string}"},"query-input":{"@type":"PropertyValueSpecification","valueRequired":true,"valueName":"search_term_string"}}],"inLanguage":"fi"}]}},"_links":{"self":[{"href":"https:\/\/teknologiateollisuus.fi\/healthtech\/wp-json\/wp\/v2\/events\/5101","targetHints":{"allow":["GET"]}}],"collection":[{"href":"https:\/\/teknologiateollisuus.fi\/healthtech\/wp-json\/wp\/v2\/events"}],"about":[{"href":"https:\/\/teknologiateollisuus.fi\/healthtech\/wp-json\/wp\/v2\/types\/em_event"}],"version-history":[{"count":3,"href":"https:\/\/teknologiateollisuus.fi\/healthtech\/wp-json\/wp\/v2\/events\/5101\/revisions"}],"predecessor-version":[{"id":5106,"href":"https:\/\/teknologiateollisuus.fi\/healthtech\/wp-json\/wp\/v2\/events\/5101\/revisions\/5106"}],"wp:featuredmedia":[{"embeddable":true,"href":"https:\/\/teknologiateollisuus.fi\/healthtech\/wp-json\/wp\/v2\/media\/5105"}],"wp:attachment":[{"href":"https:\/\/teknologiateollisuus.fi\/healthtech\/wp-json\/wp\/v2\/media?parent=5101"}],"wp:term":[{"taxonomy":"post_tag","embeddable":true,"href":"https:\/\/teknologiateollisuus.fi\/healthtech\/wp-json\/wp\/v2\/tags?post=5101"},{"taxonomy":"em_event_type","embeddable":true,"href":"https:\/\/teknologiateollisuus.fi\/healthtech\/wp-json\/wp\/v2\/em_event_type?post=5101"},{"taxonomy":"em_region","embeddable":true,"href":"https:\/\/teknologiateollisuus.fi\/healthtech\/wp-json\/wp\/v2\/em_region?post=5101"},{"taxonomy":"em_target_group","embeddable":true,"href":"https:\/\/teknologiateollisuus.fi\/healthtech\/wp-json\/wp\/v2\/em_target_group?post=5101"}],"curies":[{"name":"wp","href":"https:\/\/api.w.org\/{rel}","templated":true}]}}