{"id":5260,"date":"2025-11-11T10:57:43","date_gmt":"2025-11-11T08:57:43","guid":{"rendered":"https:\/\/teknologiateollisuus.fi\/healthtech\/?post_type=em_event&#038;p=5260"},"modified":"2025-11-11T10:57:44","modified_gmt":"2025-11-11T08:57:44","slug":"digifinlandin-jarjestamat-ai-aamu-webinaarit","status":"publish","type":"em_event","link":"https:\/\/teknologiateollisuus.fi\/healthtech\/events\/digifinlandin-jarjestamat-ai-aamu-webinaarit\/","title":{"rendered":"12.11.2025 | DigiFinlandin j\u00e4rjest\u00e4m\u00e4t AI-aamu-webinaarit"},"content":{"rendered":"\n<h4 class=\"wp-block-heading\" id=\"h-jasenyrityksemme-digifinland-jarjestaa-ai-aamuja-joka-toinen-keskiviikko-klo-8-30-9-30\" id=\"jasenyrityksemme-digifinland-jarjestaa-ai-aamuja-joka-toinen-keskiviikko-klo-8-30-9-30\">J\u00e4senyrityksemme DigiFinland j\u00e4rjest\u00e4\u00e4 AI-aamuja joka toinen keskiviikko klo 8.30\u20139.30<\/h4>\n\n\n\n<p>SOTE-teko\u00e4lyn ekosysteemin maksuttomat AI-aamu-et\u00e4tilaisuudet tuovat yhteen sosiaali- ja terveysalan teko\u00e4lykehityksen edell\u00e4k\u00e4vij\u00e4t. Kuulet parhaista k\u00e4ytt\u00f6tapauksista, verkostoidut ja saat viimeisimm\u00e4t kuulumiset.<\/p>\n\n\n\n<p>12.11.2025 klo 8.30-9.30 aiheena on: Kansainv\u00e4listyminen ja vientimahdollisuudet<\/p>\n\n\n\n<div class=\"wp-block-buttons is-layout-flex wp-block-buttons-is-layout-flex\">\n<div class=\"wp-block-button  icon-right\"><a class=\"wp-block-button__link wp-element-button\" href=\"https:\/\/eur01.safelinks.protection.outlook.com\/?url=https:\/\/public-eur.mkt.dynamics.com\/api\/orgs\/db2d081d-f169-45dd-94fd-795eb692015c\/r\/xVmC4IkMOEeehCBT5nEBAAgAAAA?msdynmkt_target%3D%257B%2522TargetUrl%2522%253A%2522https%25253A%25252F%25252Fdigifinland.fi%25252Fsote-tekoalyn-ekosysteemi%25252Ftilaisuudet%25252Fai-aamut%25252F%2522%252C%2522RedirectOptions%2522%253A%257B%25225%2522%253Anull%252C%25221%2522%253Anull%257D%257D%26msdynmkt_digest%3DncSSuhTC5Wt0qHkuNJOyFfPtQbrSuuQbE4c9cFafhVw%253D%26msdynmkt_secretVersion%3D7bb221762d0c46939816d3a5592b1359&amp;data=05%7c02%7cpaivi.ahlgren%40teknologiateollisuus.fi%7c18021edcaca641c9f24608de177d8090%7cf76946dcd9fc4b0882aadb1d2a9b8ed0%7c0%7c0%7c638974024989390930%7cUnknown%7cTWFpbGZsb3d8eyJFbXB0eU1hcGkiOnRydWUsIlYiOiIwLjAuMDAwMCIsIlAiOiJXaW4zMiIsIkFOIjoiTWFpbCIsIldUIjoyfQ%3D%3D%7c0%7c%7c%7c&amp;sdata=tqE7VnkyOQYpGoSXjTSgoiI%2B1OTDQYbAsubFovMoqxw%3D&amp;reserved=0\" target=\"_blank\" rel=\"noreferrer noopener\">Lue lis\u00e4\u00e4 AI-aamuista<\/a><\/div>\n<\/div>\n\n\n\n<p><\/p>\n","protected":false},"excerpt":{"rendered":"<p>J\u00e4senyrityksemme DigiFinland j\u00e4rjest\u00e4\u00e4 AI-aamuja joka toinen keskiviikko klo 8.30\u20139.30 SOTE-teko\u00e4lyn ekosysteemin maksuttomat AI-aamu-et\u00e4tilaisuudet tuovat yhteen sosiaali- ja terveysalan teko\u00e4lykehityksen edell\u00e4k\u00e4vij\u00e4t. Kuulet parhaista k\u00e4ytt\u00f6tapauksista, verkostoidut ja saat viimeisimm\u00e4t kuulumiset. 12.11.2025 klo 8.30-9.30 aiheena on: Kansainv\u00e4listyminen ja vientimahdollisuudet<\/p>\n","protected":false},"featured_media":4274,"template":"","meta":{"_acf_changed":false,"_relevanssi_hide_post":"","_relevanssi_hide_content":"","_relevanssi_pin_for_all":"","_relevanssi_pin_keywords":"","_relevanssi_unpin_keywords":"","_relevanssi_related_keywords":"","_relevanssi_related_include_ids":"","_relevanssi_related_exclude_ids":"","_relevanssi_related_no_append":"","_relevanssi_related_not_related":"","_relevanssi_related_posts":"","_relevanssi_noindex_reason":"","inline_featured_image":false,"footnotes":""},"tags":[156],"em_event_type":[146],"em_region":[],"em_target_group":[],"class_list":["post-5260","em_event","type-em_event","status-publish","has-post-thumbnail","hentry","tag-digitalisaatio","em_event_type-avoin-tapahtuma"],"acf":{"event_start_date":"20251112","event_end_date":"20251112","event_start_time":"","event_end_time":"","location":"","address":"","registration":"","files":null,"links":null},"yoast_head":"<!-- This site is optimized with the Yoast SEO Premium plugin v27.1 (Yoast SEO v27.5) - https:\/\/yoast.com\/product\/yoast-seo-premium-wordpress\/ -->\n<title>DigiFinlandin j\u00e4rjest\u00e4m\u00e4t AI-aamu-webinaarit<\/title>\n<meta name=\"description\" content=\"J\u00e4senyrityksemme DigiFinland j\u00e4rjest\u00e4\u00e4 AI-aamuja joka toinen keskiviikko. 12.11.2025 aiheena: Kansainv\u00e4listyminen ja vientimahdollisuudet.\" \/>\n<meta name=\"robots\" content=\"index, follow, max-snippet:-1, max-image-preview:large, max-video-preview:-1\" \/>\n<link rel=\"canonical\" href=\"https:\/\/teknologiateollisuus.fi\/healthtech\/events\/digifinlandin-jarjestamat-ai-aamu-webinaarit\/\" \/>\n<meta property=\"og:locale\" content=\"fi_FI\" \/>\n<meta property=\"og:type\" content=\"article\" \/>\n<meta property=\"og:title\" content=\"12.11.2025 | DigiFinlandin j\u00e4rjest\u00e4m\u00e4t AI-aamu-webinaarit\" \/>\n<meta property=\"og:description\" content=\"J\u00e4senyrityksemme DigiFinland j\u00e4rjest\u00e4\u00e4 AI-aamuja joka toinen keskiviikko. 12.11.2025 aiheena: Kansainv\u00e4listyminen ja vientimahdollisuudet.\" \/>\n<meta property=\"og:url\" content=\"https:\/\/teknologiateollisuus.fi\/healthtech\/events\/digifinlandin-jarjestamat-ai-aamu-webinaarit\/\" \/>\n<meta property=\"og:site_name\" content=\"Terveysteknologia\" \/>\n<meta property=\"article:modified_time\" content=\"2025-11-11T08:57:44+00:00\" \/>\n<meta property=\"og:image\" content=\"https:\/\/teknologiateollisuus.fi\/healthtech\/wp-content\/uploads\/sites\/8\/2025\/04\/HealthtechFi-AI-AdobeStock_pieni.jpg\" \/>\n\t<meta property=\"og:image:width\" content=\"2000\" \/>\n\t<meta property=\"og:image:height\" content=\"854\" \/>\n\t<meta property=\"og:image:type\" content=\"image\/jpeg\" \/>\n<meta name=\"twitter:card\" content=\"summary_large_image\" \/>\n<meta name=\"twitter:label1\" content=\"Arvioitu lukuaika\" \/>\n\t<meta name=\"twitter:data1\" content=\"1 minuutti\" \/>\n<script type=\"application\/ld+json\" class=\"yoast-schema-graph\">{\"@context\":\"https:\\\/\\\/schema.org\",\"@graph\":[{\"@type\":\"WebPage\",\"@id\":\"https:\\\/\\\/teknologiateollisuus.fi\\\/healthtech\\\/events\\\/digifinlandin-jarjestamat-ai-aamu-webinaarit\\\/\",\"url\":\"https:\\\/\\\/teknologiateollisuus.fi\\\/healthtech\\\/events\\\/digifinlandin-jarjestamat-ai-aamu-webinaarit\\\/\",\"name\":\"DigiFinlandin j\u00e4rjest\u00e4m\u00e4t AI-aamu-webinaarit\",\"isPartOf\":{\"@id\":\"https:\\\/\\\/teknologiateollisuus.fi\\\/healthtech\\\/#website\"},\"primaryImageOfPage\":{\"@id\":\"https:\\\/\\\/teknologiateollisuus.fi\\\/healthtech\\\/events\\\/digifinlandin-jarjestamat-ai-aamu-webinaarit\\\/#primaryimage\"},\"image\":{\"@id\":\"https:\\\/\\\/teknologiateollisuus.fi\\\/healthtech\\\/events\\\/digifinlandin-jarjestamat-ai-aamu-webinaarit\\\/#primaryimage\"},\"thumbnailUrl\":\"https:\\\/\\\/teknologiateollisuus.fi\\\/healthtech\\\/wp-content\\\/uploads\\\/sites\\\/8\\\/2025\\\/04\\\/HealthtechFi-AI-AdobeStock_pieni.jpg\",\"datePublished\":\"2025-11-11T08:57:43+00:00\",\"dateModified\":\"2025-11-11T08:57:44+00:00\",\"description\":\"J\u00e4senyrityksemme DigiFinland j\u00e4rjest\u00e4\u00e4 AI-aamuja joka toinen keskiviikko. 12.11.2025 aiheena: Kansainv\u00e4listyminen ja vientimahdollisuudet.\",\"breadcrumb\":{\"@id\":\"https:\\\/\\\/teknologiateollisuus.fi\\\/healthtech\\\/events\\\/digifinlandin-jarjestamat-ai-aamu-webinaarit\\\/#breadcrumb\"},\"inLanguage\":\"fi\",\"potentialAction\":[{\"@type\":\"ReadAction\",\"target\":[\"https:\\\/\\\/teknologiateollisuus.fi\\\/healthtech\\\/events\\\/digifinlandin-jarjestamat-ai-aamu-webinaarit\\\/\"]}]},{\"@type\":\"ImageObject\",\"inLanguage\":\"fi\",\"@id\":\"https:\\\/\\\/teknologiateollisuus.fi\\\/healthtech\\\/events\\\/digifinlandin-jarjestamat-ai-aamu-webinaarit\\\/#primaryimage\",\"url\":\"https:\\\/\\\/teknologiateollisuus.fi\\\/healthtech\\\/wp-content\\\/uploads\\\/sites\\\/8\\\/2025\\\/04\\\/HealthtechFi-AI-AdobeStock_pieni.jpg\",\"contentUrl\":\"https:\\\/\\\/teknologiateollisuus.fi\\\/healthtech\\\/wp-content\\\/uploads\\\/sites\\\/8\\\/2025\\\/04\\\/HealthtechFi-AI-AdobeStock_pieni.jpg\",\"width\":2000,\"height\":854,\"caption\":\"HealthtechFi AI\"},{\"@type\":\"BreadcrumbList\",\"@id\":\"https:\\\/\\\/teknologiateollisuus.fi\\\/healthtech\\\/events\\\/digifinlandin-jarjestamat-ai-aamu-webinaarit\\\/#breadcrumb\",\"itemListElement\":[{\"@type\":\"ListItem\",\"position\":1,\"name\":\"Etusivu\",\"item\":\"https:\\\/\\\/teknologiateollisuus.fi\\\/healthtech\\\/\"},{\"@type\":\"ListItem\",\"position\":2,\"name\":\"Ajankohtaista\",\"item\":\"https:\\\/\\\/teknologiateollisuus.fi\\\/healthtech\\\/ajankohtaista\\\/\"},{\"@type\":\"ListItem\",\"position\":3,\"name\":\"12.11.2025 | DigiFinlandin j\u00e4rjest\u00e4m\u00e4t AI-aamu-webinaarit\"}]},{\"@type\":\"WebSite\",\"@id\":\"https:\\\/\\\/teknologiateollisuus.fi\\\/healthtech\\\/#website\",\"url\":\"https:\\\/\\\/teknologiateollisuus.fi\\\/healthtech\\\/\",\"name\":\"Terveysteknologia\",\"description\":\"\",\"potentialAction\":[{\"@type\":\"SearchAction\",\"target\":{\"@type\":\"EntryPoint\",\"urlTemplate\":\"https:\\\/\\\/teknologiateollisuus.fi\\\/healthtech\\\/?s={search_term_string}\"},\"query-input\":{\"@type\":\"PropertyValueSpecification\",\"valueRequired\":true,\"valueName\":\"search_term_string\"}}],\"inLanguage\":\"fi\"}]}<\/script>\n<!-- \/ Yoast SEO Premium plugin. -->","yoast_head_json":{"title":"DigiFinlandin j\u00e4rjest\u00e4m\u00e4t AI-aamu-webinaarit","description":"J\u00e4senyrityksemme DigiFinland j\u00e4rjest\u00e4\u00e4 AI-aamuja joka toinen keskiviikko. 12.11.2025 aiheena: Kansainv\u00e4listyminen ja vientimahdollisuudet.","robots":{"index":"index","follow":"follow","max-snippet":"max-snippet:-1","max-image-preview":"max-image-preview:large","max-video-preview":"max-video-preview:-1"},"canonical":"https:\/\/teknologiateollisuus.fi\/healthtech\/events\/digifinlandin-jarjestamat-ai-aamu-webinaarit\/","og_locale":"fi_FI","og_type":"article","og_title":"12.11.2025 | DigiFinlandin j\u00e4rjest\u00e4m\u00e4t AI-aamu-webinaarit","og_description":"J\u00e4senyrityksemme DigiFinland j\u00e4rjest\u00e4\u00e4 AI-aamuja joka toinen keskiviikko. 12.11.2025 aiheena: Kansainv\u00e4listyminen ja vientimahdollisuudet.","og_url":"https:\/\/teknologiateollisuus.fi\/healthtech\/events\/digifinlandin-jarjestamat-ai-aamu-webinaarit\/","og_site_name":"Terveysteknologia","article_modified_time":"2025-11-11T08:57:44+00:00","og_image":[{"width":2000,"height":854,"url":"https:\/\/teknologiateollisuus.fi\/healthtech\/wp-content\/uploads\/sites\/8\/2025\/04\/HealthtechFi-AI-AdobeStock_pieni.jpg","type":"image\/jpeg"}],"twitter_card":"summary_large_image","twitter_misc":{"Arvioitu lukuaika":"1 minuutti"},"schema":{"@context":"https:\/\/schema.org","@graph":[{"@type":"WebPage","@id":"https:\/\/teknologiateollisuus.fi\/healthtech\/events\/digifinlandin-jarjestamat-ai-aamu-webinaarit\/","url":"https:\/\/teknologiateollisuus.fi\/healthtech\/events\/digifinlandin-jarjestamat-ai-aamu-webinaarit\/","name":"DigiFinlandin j\u00e4rjest\u00e4m\u00e4t AI-aamu-webinaarit","isPartOf":{"@id":"https:\/\/teknologiateollisuus.fi\/healthtech\/#website"},"primaryImageOfPage":{"@id":"https:\/\/teknologiateollisuus.fi\/healthtech\/events\/digifinlandin-jarjestamat-ai-aamu-webinaarit\/#primaryimage"},"image":{"@id":"https:\/\/teknologiateollisuus.fi\/healthtech\/events\/digifinlandin-jarjestamat-ai-aamu-webinaarit\/#primaryimage"},"thumbnailUrl":"https:\/\/teknologiateollisuus.fi\/healthtech\/wp-content\/uploads\/sites\/8\/2025\/04\/HealthtechFi-AI-AdobeStock_pieni.jpg","datePublished":"2025-11-11T08:57:43+00:00","dateModified":"2025-11-11T08:57:44+00:00","description":"J\u00e4senyrityksemme DigiFinland j\u00e4rjest\u00e4\u00e4 AI-aamuja joka toinen keskiviikko. 12.11.2025 aiheena: Kansainv\u00e4listyminen ja vientimahdollisuudet.","breadcrumb":{"@id":"https:\/\/teknologiateollisuus.fi\/healthtech\/events\/digifinlandin-jarjestamat-ai-aamu-webinaarit\/#breadcrumb"},"inLanguage":"fi","potentialAction":[{"@type":"ReadAction","target":["https:\/\/teknologiateollisuus.fi\/healthtech\/events\/digifinlandin-jarjestamat-ai-aamu-webinaarit\/"]}]},{"@type":"ImageObject","inLanguage":"fi","@id":"https:\/\/teknologiateollisuus.fi\/healthtech\/events\/digifinlandin-jarjestamat-ai-aamu-webinaarit\/#primaryimage","url":"https:\/\/teknologiateollisuus.fi\/healthtech\/wp-content\/uploads\/sites\/8\/2025\/04\/HealthtechFi-AI-AdobeStock_pieni.jpg","contentUrl":"https:\/\/teknologiateollisuus.fi\/healthtech\/wp-content\/uploads\/sites\/8\/2025\/04\/HealthtechFi-AI-AdobeStock_pieni.jpg","width":2000,"height":854,"caption":"HealthtechFi AI"},{"@type":"BreadcrumbList","@id":"https:\/\/teknologiateollisuus.fi\/healthtech\/events\/digifinlandin-jarjestamat-ai-aamu-webinaarit\/#breadcrumb","itemListElement":[{"@type":"ListItem","position":1,"name":"Etusivu","item":"https:\/\/teknologiateollisuus.fi\/healthtech\/"},{"@type":"ListItem","position":2,"name":"Ajankohtaista","item":"https:\/\/teknologiateollisuus.fi\/healthtech\/ajankohtaista\/"},{"@type":"ListItem","position":3,"name":"12.11.2025 | DigiFinlandin j\u00e4rjest\u00e4m\u00e4t AI-aamu-webinaarit"}]},{"@type":"WebSite","@id":"https:\/\/teknologiateollisuus.fi\/healthtech\/#website","url":"https:\/\/teknologiateollisuus.fi\/healthtech\/","name":"Terveysteknologia","description":"","potentialAction":[{"@type":"SearchAction","target":{"@type":"EntryPoint","urlTemplate":"https:\/\/teknologiateollisuus.fi\/healthtech\/?s={search_term_string}"},"query-input":{"@type":"PropertyValueSpecification","valueRequired":true,"valueName":"search_term_string"}}],"inLanguage":"fi"}]}},"_links":{"self":[{"href":"https:\/\/teknologiateollisuus.fi\/healthtech\/wp-json\/wp\/v2\/events\/5260","targetHints":{"allow":["GET"]}}],"collection":[{"href":"https:\/\/teknologiateollisuus.fi\/healthtech\/wp-json\/wp\/v2\/events"}],"about":[{"href":"https:\/\/teknologiateollisuus.fi\/healthtech\/wp-json\/wp\/v2\/types\/em_event"}],"version-history":[{"count":1,"href":"https:\/\/teknologiateollisuus.fi\/healthtech\/wp-json\/wp\/v2\/events\/5260\/revisions"}],"predecessor-version":[{"id":5261,"href":"https:\/\/teknologiateollisuus.fi\/healthtech\/wp-json\/wp\/v2\/events\/5260\/revisions\/5261"}],"wp:featuredmedia":[{"embeddable":true,"href":"https:\/\/teknologiateollisuus.fi\/healthtech\/wp-json\/wp\/v2\/media\/4274"}],"wp:attachment":[{"href":"https:\/\/teknologiateollisuus.fi\/healthtech\/wp-json\/wp\/v2\/media?parent=5260"}],"wp:term":[{"taxonomy":"post_tag","embeddable":true,"href":"https:\/\/teknologiateollisuus.fi\/healthtech\/wp-json\/wp\/v2\/tags?post=5260"},{"taxonomy":"em_event_type","embeddable":true,"href":"https:\/\/teknologiateollisuus.fi\/healthtech\/wp-json\/wp\/v2\/em_event_type?post=5260"},{"taxonomy":"em_region","embeddable":true,"href":"https:\/\/teknologiateollisuus.fi\/healthtech\/wp-json\/wp\/v2\/em_region?post=5260"},{"taxonomy":"em_target_group","embeddable":true,"href":"https:\/\/teknologiateollisuus.fi\/healthtech\/wp-json\/wp\/v2\/em_target_group?post=5260"}],"curies":[{"name":"wp","href":"https:\/\/api.w.org\/{rel}","templated":true}]}}