{"id":14879,"date":"2024-09-13T10:26:01","date_gmt":"2024-09-13T07:26:01","guid":{"rendered":"https:\/\/teknologiateollisuus.fi\/jasenille\/?post_type=em_event&#038;p=14879"},"modified":"2024-09-13T10:26:48","modified_gmt":"2024-09-13T07:26:48","slug":"paikallisen-sopimisen-lainsaadanto-uudistuu-vaikutukset-teknologiateollisuuden-toimialoilla","status":"publish","type":"em_event","link":"https:\/\/teknologiateollisuus.fi\/jasenille\/tapahtumat\/paikallisen-sopimisen-lainsaadanto-uudistuu-vaikutukset-teknologiateollisuuden-toimialoilla\/","title":{"rendered":"Paikallisen sopimisen lains\u00e4\u00e4d\u00e4nt\u00f6 uudistuu \u2013vaikutukset Teknologiateollisuuden toimialoilla"},"content":{"rendered":"\n<h3 class=\"wp-block-heading mt-xs mb-xs\" id=\"webinaarissa-kaymme-lapi-muun-muassa-seuraavat-teemat\">Webinaarissa k\u00e4ymme l\u00e4pi muun muassa seuraavat teemat <\/h3>\n\n\n\n<ul class=\"mt-xs mb-xs wp-block-list\">\n<li>paikallisen sopimisen nykytila ja uuden ty\u00f6lains\u00e4\u00e4d\u00e4nn\u00f6n sis\u00e4lt\u00f6 <\/li>\n\n\n\n<li>yleissitovuuden perusteella TES:i\u00e4 soveltavien yritysten mahdollisuudet paikalliseen sopimiseen uuden lains\u00e4\u00e4d\u00e4nn\u00f6n mukaan <\/li>\n\n\n\n<li>yrityskohtaisen ty\u00f6ehtosopimuksen mahdollisuudet uudistuksen j\u00e4lkeen \u00a0 <\/li>\n<\/ul>\n\n\n\n<h3 class=\"wp-block-heading mt-xs mb-xs\" id=\"kohderyhma\">Kohderyhm\u00e4<\/h3>\n\n\n\n<p class=\"mt-xs mb-xs\">Webinaari on tarkoitettu Teknologiateollisuus ry:n j\u00e4senyritysten edustajille.<\/p>\n\n\n\n<h3 class=\"wp-block-heading mt-xs mb-xs\" id=\"kouluttajat\"><strong>Kouluttajat<\/strong><\/h3>\n\n\n\n<p class=\"mt-xs mb-xs\">Kouluttajina toimivat Teknologiateollisuus ry:n ty\u00f6markkina-asiantuntijat Metta Puumalainen ja Heikki Sivula.<br><br><strong>Webinaari on maksuton.<\/strong><br><br>Ilmoittaudu mukaan 1.10.2024 klo 16.00 menness\u00e4 <\/p>\n\n\n\n<div class=\"wp-block-buttons mt-xs mb-xs is-layout-flex wp-block-buttons-is-layout-flex\">\n<div class=\"wp-block-button icon-right size-lg\"><a class=\"wp-block-button__link wp-element-button\" href=\"https:\/\/www.lyyti.fi\/reg\/paikallisen_sopimisen_uudistukset\" target=\"_blank\" rel=\"noreferrer noopener\">Ilmoittaudu tapahtumaan<\/a><\/div>\n<\/div>\n\n\n\n<p class=\"mt-xs\">Ilmoittautumiseen ja tilaisuuden j\u00e4rjestelyihin liittyv\u00e4t kysymykset:<br>Noora Paarto, noora.paarto@teknologiateollisuus.fi<\/p>\n\n\n\n<div class=\"wp-block-scb-columns scb-columns  has-mobile-behavior--stacked em-pattern-event-contacts\">\n<div class=\"wp-block-scb-column scb-column\">\n<h2 class=\"wp-block-heading\" id=\"lisatietoja\">Lis\u00e4tietoja<\/h2>\n\n\n\n<article class=\"em-block-contact-card is-style-list\">\n\n\t<div class=\"em-block-contact-card__image\">\n\t\t\t\t\t<img loading=\"lazy\" decoding=\"async\" width=\"300\" height=\"400\" src=\"https:\/\/teknologiateollisuus.fi\/jasenille\/wp-content\/uploads\/2024\/05\/phpnzuffo.jpg\" class=\"attachment-portrait size-portrait\" alt=\"\" \/>\t\t\t<\/div>\n\t<div class=\"em-block-contact-card__content-wrapper\">\n\t\t<div class=\"em-block-contact-card__content\">\n\t\t\t\t\t\t\t<div class=\"em-block-contact-card__business-units\">\n\t\t\t\t\t\t\t\t\t\t\t<span class=\"em-block-contact-card__business-unit\">Labour Markets and Labour Market Regulation<\/span>\n\t\t\t\t\t\t\t\t\t<\/div>\n\t\t\t\t\t\t<h3 class=\"em-block-contact-card__title\"><a target=\"_self\" href=\"https:\/\/teknologiateollisuus.fi\/en\/?p=7911\">Puumalainen Metta<\/a><\/h3>\n\t\t\t\t\t\t\t<span class=\"em-block-contact-card__job_title\">Legal Advisor &#8211;  Local Bargaining, Company-level Terms, and Legislative Advocacy<\/span>\n\t\t\t\t\t\t\t\t\t\t<span class=\"em-block-contact-card__organisation\">Technology Industries of Finland<\/span>\n\t\t\t\t\t<\/div>\n\t\t<div class=\"em-block-contact-card__content\">\n\t\t\t\t\t\t<address class=\"em-block-contact-card__contact-details\">\n\t\t\t\t\t\t\t\t\t<span class=\"em-block-contact-card__phone\">\n\t\t\t\t\t\t<a href=\"tel:+358 40 514 1389\">+358 40 514 1389<\/a><\/a>\n\t\t\t\t\t<\/span>\n\t\t\t\t\t\t\t\t\t\t\t\t\t<span class=\"em-block-contact-card__email\">\n\t\t\t\t\t\t<a href=\"mailto:metta.puumalainen@teknologiateollisuus.fi\">metta.puumalainen@teknologiateollisuus.fi<\/a><\/a>\n\t\t\t\t\t<\/span>\n\t\t\t\t\t\t\t<\/address>\n\t\t\t\t\t<\/div>\n\t<\/div>\n\n<\/article>\n<\/div>\n<\/div>\n\n\n\n<article class=\"em-block-contact-card is-style-list\">\n\n\t<div class=\"em-block-contact-card__image\">\n\t\t\t\t\t<img loading=\"lazy\" decoding=\"async\" width=\"300\" height=\"400\" src=\"https:\/\/teknologiateollisuus.fi\/jasenille\/wp-content\/uploads\/2024\/05\/MicrosoftTeams-image-3.png\" class=\"attachment-portrait size-portrait\" alt=\"\" \/>\t\t\t<\/div>\n\t<div class=\"em-block-contact-card__content-wrapper\">\n\t\t<div class=\"em-block-contact-card__content\">\n\t\t\t\t\t\t\t<div class=\"em-block-contact-card__business-units\">\n\t\t\t\t\t\t\t\t\t\t\t<span class=\"em-block-contact-card__business-unit\">Labour Markets and Labour Market Regulation<\/span>\n\t\t\t\t\t\t\t\t\t<\/div>\n\t\t\t\t\t\t<h3 class=\"em-block-contact-card__title\"><a target=\"_self\" href=\"https:\/\/teknologiateollisuus.fi\/en\/?p=7966\">Sivula Heikki<\/a><\/h3>\n\t\t\t\t\t\t\t<span class=\"em-block-contact-card__job_title\">Legal Advisor &#8211;  Local Bargaining, Company-level Terms, and Legislative Advocacy<\/span>\n\t\t\t\t\t\t\t\t\t\t<span class=\"em-block-contact-card__organisation\">Technology Industries of Finland<\/span>\n\t\t\t\t\t<\/div>\n\t\t<div class=\"em-block-contact-card__content\">\n\t\t\t\t\t\t<address class=\"em-block-contact-card__contact-details\">\n\t\t\t\t\t\t\t\t\t<span class=\"em-block-contact-card__phone\">\n\t\t\t\t\t\t<a href=\"tel:+358403582376\">+358403582376<\/a><\/a>\n\t\t\t\t\t<\/span>\n\t\t\t\t\t\t\t\t\t\t\t\t\t<span class=\"em-block-contact-card__email\">\n\t\t\t\t\t\t<a href=\"mailto:heikki.sivula@teknologiateollisuus.fi\">heikki.sivula@teknologiateollisuus.fi<\/a><\/a>\n\t\t\t\t\t<\/span>\n\t\t\t\t\t\t\t<\/address>\n\t\t\t\t\t<\/div>\n\t<\/div>\n\n<\/article>\n","protected":false},"excerpt":{"rendered":"<p>Hallituksen ty\u00f6lains\u00e4\u00e4d\u00e4nt\u00f6muutokset etenev\u00e4t ja seuraavaksi vuorossa on paikallisen sopimisen lains\u00e4\u00e4d\u00e4nn\u00f6n uudistaminen. Hallituksen esitys annettiin 5.9.2024 ja muutosten on m\u00e4\u00e4r\u00e4 astua voimaan 1.1.2025. Muutoksen tavoitteena on lis\u00e4t\u00e4 ja yhdenvertaistaa paikallisen sopimisen mahdollisuuksia yrityksiss\u00e4 niiden j\u00e4rjest\u00e4ytymisest\u00e4 tai henkil\u00f6st\u00f6n edustusj\u00e4rjestelm\u00e4st\u00e4 riippumatta. Uudistus vaikuttaa erityisesti yleissitovuuden perusteella ty\u00f6ehtosopimuksia noudattaviin sek\u00e4 yrityskohtaista ty\u00f6ehtosopimusta harkitseviin j\u00e4seniin. \u00a0 <\/p>\n","protected":false},"featured_media":2006,"template":"","meta":{"_acf_changed":false,"_relevanssi_hide_post":"","_relevanssi_hide_content":"","_relevanssi_pin_for_all":"","_relevanssi_pin_keywords":"","_relevanssi_unpin_keywords":"","_relevanssi_related_keywords":"","_relevanssi_related_include_ids":"","_relevanssi_related_exclude_ids":"","_relevanssi_related_no_append":"","_relevanssi_related_not_related":"","_relevanssi_related_posts":"7581,7044,5248,5767,6453,5826","_relevanssi_noindex_reason":"","inline_featured_image":false,"growthstack-ab-test":[],"growthstack-ab-test-views":[],"footnotes":""},"post_tag":[75,23],"em_region":[],"em_target_group":[],"em_event_type":[31,95],"class_list":["post-14879","em_event","type-em_event","status-publish","has-post-thumbnail","hentry","tag-tyoelama","tag-tyomarkkinat","em_event_type-koulutukset","em_event_type-webinaarit"],"acf":{"event_start_date":"20241002","event_end_date":"20241002","event_start_time":"13:00:00","event_end_time":"14:30:00","location":"Teams","address":"","registration":"https:\/\/www.lyyti.fi\/reg\/paikallisen_sopimisen_uudistukset","files":null,"links":null,"locked":false},"yoast_head":"<!-- This site is optimized with the Yoast SEO Premium plugin v27.1 (Yoast SEO v27.5) - https:\/\/yoast.com\/product\/yoast-seo-premium-wordpress\/ -->\n<title>Paikallisen sopimisen lains\u00e4\u00e4d\u00e4nt\u00f6 uudistuu \u2013vaikutukset Teknologiateollisuuden toimialoilla - Teknologiateollisuus - J\u00e4senille<\/title>\n<meta name=\"description\" content=\"Webinaarissa k\u00e4yd\u00e4\u00e4n l\u00e4pi esimerkiksi paikallisen sopimisen nykytila ja uuden ty\u00f6lains\u00e4\u00e4d\u00e4nn\u00f6n sis\u00e4lt\u00f6. Lue lis\u00e4\u00e4!\" \/>\n<meta name=\"robots\" content=\"index, follow, max-snippet:-1, max-image-preview:large, max-video-preview:-1\" \/>\n<link rel=\"canonical\" href=\"https:\/\/teknologiateollisuus.fi\/jasenille\/tapahtumat\/paikallisen-sopimisen-lainsaadanto-uudistuu-vaikutukset-teknologiateollisuuden-toimialoilla\/\" \/>\n<meta property=\"og:locale\" content=\"fi_FI\" \/>\n<meta property=\"og:type\" content=\"article\" \/>\n<meta property=\"og:title\" content=\"Paikallisen sopimisen lains\u00e4\u00e4d\u00e4nt\u00f6 uudistuu \u2013vaikutukset Teknologiateollisuuden toimialoilla\" \/>\n<meta property=\"og:description\" content=\"Webinaarissa k\u00e4yd\u00e4\u00e4n l\u00e4pi esimerkiksi paikallisen sopimisen nykytila ja uuden ty\u00f6lains\u00e4\u00e4d\u00e4nn\u00f6n sis\u00e4lt\u00f6. Lue lis\u00e4\u00e4!\" \/>\n<meta property=\"og:url\" content=\"https:\/\/teknologiateollisuus.fi\/jasenille\/tapahtumat\/paikallisen-sopimisen-lainsaadanto-uudistuu-vaikutukset-teknologiateollisuuden-toimialoilla\/\" \/>\n<meta property=\"og:site_name\" content=\"Teknologiateollisuus - J\u00e4senille\" \/>\n<meta property=\"article:modified_time\" content=\"2024-09-13T07:26:48+00:00\" \/>\n<meta property=\"og:image\" content=\"https:\/\/teknologiateollisuus.fi\/jasenille\/wp-content\/uploads\/sites\/1\/2023\/12\/Kehityskeskustelu.jpg\" \/>\n\t<meta property=\"og:image:width\" content=\"1920\" \/>\n\t<meta property=\"og:image:height\" content=\"1188\" \/>\n\t<meta property=\"og:image:type\" content=\"image\/jpeg\" \/>\n<meta name=\"twitter:card\" content=\"summary_large_image\" \/>\n<meta name=\"twitter:label1\" content=\"Arvioitu lukuaika\" \/>\n\t<meta name=\"twitter:data1\" content=\"1 minuutti\" \/>\n<script type=\"application\/ld+json\" class=\"yoast-schema-graph\">{\"@context\":\"https:\\\/\\\/schema.org\",\"@graph\":[{\"@type\":\"WebPage\",\"@id\":\"https:\\\/\\\/teknologiateollisuus.fi\\\/jasenille\\\/tapahtumat\\\/paikallisen-sopimisen-lainsaadanto-uudistuu-vaikutukset-teknologiateollisuuden-toimialoilla\\\/\",\"url\":\"https:\\\/\\\/teknologiateollisuus.fi\\\/jasenille\\\/tapahtumat\\\/paikallisen-sopimisen-lainsaadanto-uudistuu-vaikutukset-teknologiateollisuuden-toimialoilla\\\/\",\"name\":\"Paikallisen sopimisen lains\u00e4\u00e4d\u00e4nt\u00f6 uudistuu \u2013vaikutukset Teknologiateollisuuden toimialoilla - Teknologiateollisuus - J\u00e4senille\",\"isPartOf\":{\"@id\":\"https:\\\/\\\/teknologiateollisuus.fi\\\/jasenille\\\/#website\"},\"primaryImageOfPage\":{\"@id\":\"https:\\\/\\\/teknologiateollisuus.fi\\\/jasenille\\\/tapahtumat\\\/paikallisen-sopimisen-lainsaadanto-uudistuu-vaikutukset-teknologiateollisuuden-toimialoilla\\\/#primaryimage\"},\"image\":{\"@id\":\"https:\\\/\\\/teknologiateollisuus.fi\\\/jasenille\\\/tapahtumat\\\/paikallisen-sopimisen-lainsaadanto-uudistuu-vaikutukset-teknologiateollisuuden-toimialoilla\\\/#primaryimage\"},\"thumbnailUrl\":\"https:\\\/\\\/teknologiateollisuus.fi\\\/jasenille\\\/wp-content\\\/uploads\\\/sites\\\/1\\\/2023\\\/12\\\/Kehityskeskustelu.jpg\",\"datePublished\":\"2024-09-13T07:26:01+00:00\",\"dateModified\":\"2024-09-13T07:26:48+00:00\",\"description\":\"Webinaarissa k\u00e4yd\u00e4\u00e4n l\u00e4pi esimerkiksi paikallisen sopimisen nykytila ja uuden ty\u00f6lains\u00e4\u00e4d\u00e4nn\u00f6n sis\u00e4lt\u00f6. Lue lis\u00e4\u00e4!\",\"breadcrumb\":{\"@id\":\"https:\\\/\\\/teknologiateollisuus.fi\\\/jasenille\\\/tapahtumat\\\/paikallisen-sopimisen-lainsaadanto-uudistuu-vaikutukset-teknologiateollisuuden-toimialoilla\\\/#breadcrumb\"},\"inLanguage\":\"fi\",\"potentialAction\":[{\"@type\":\"ReadAction\",\"target\":[\"https:\\\/\\\/teknologiateollisuus.fi\\\/jasenille\\\/tapahtumat\\\/paikallisen-sopimisen-lainsaadanto-uudistuu-vaikutukset-teknologiateollisuuden-toimialoilla\\\/\"]}]},{\"@type\":\"ImageObject\",\"inLanguage\":\"fi\",\"@id\":\"https:\\\/\\\/teknologiateollisuus.fi\\\/jasenille\\\/tapahtumat\\\/paikallisen-sopimisen-lainsaadanto-uudistuu-vaikutukset-teknologiateollisuuden-toimialoilla\\\/#primaryimage\",\"url\":\"https:\\\/\\\/teknologiateollisuus.fi\\\/jasenille\\\/wp-content\\\/uploads\\\/sites\\\/1\\\/2023\\\/12\\\/Kehityskeskustelu.jpg\",\"contentUrl\":\"https:\\\/\\\/teknologiateollisuus.fi\\\/jasenille\\\/wp-content\\\/uploads\\\/sites\\\/1\\\/2023\\\/12\\\/Kehityskeskustelu.jpg\",\"width\":1920,\"height\":1188,\"caption\":\"Kaksi henkil\u00f6\u00e4 istuvat vastakkain p\u00f6yd\u00e4n \u00e4\u00e4ress\u00e4, kuvituskuva.\"},{\"@type\":\"BreadcrumbList\",\"@id\":\"https:\\\/\\\/teknologiateollisuus.fi\\\/jasenille\\\/tapahtumat\\\/paikallisen-sopimisen-lainsaadanto-uudistuu-vaikutukset-teknologiateollisuuden-toimialoilla\\\/#breadcrumb\",\"itemListElement\":[{\"@type\":\"ListItem\",\"position\":1,\"name\":\"Home\",\"item\":\"https:\\\/\\\/teknologiateollisuus.fi\\\/jasenille\\\/\"},{\"@type\":\"ListItem\",\"position\":2,\"name\":\"Ajankohtaista\",\"item\":\"https:\\\/\\\/teknologiateollisuus.fi\\\/jasenille\\\/ajankohtaista\\\/\"},{\"@type\":\"ListItem\",\"position\":3,\"name\":\"Tapahtumat ja koulutukset\",\"item\":\"https:\\\/\\\/teknologiateollisuus.fi\\\/jasenille\\\/palvelut\\\/tapahtumat-ja-koulutukset\\\/\"},{\"@type\":\"ListItem\",\"position\":4,\"name\":\"Paikallisen sopimisen lains\u00e4\u00e4d\u00e4nt\u00f6 uudistuu \u2013vaikutukset Teknologiateollisuuden toimialoilla\"}]},{\"@type\":\"WebSite\",\"@id\":\"https:\\\/\\\/teknologiateollisuus.fi\\\/jasenille\\\/#website\",\"url\":\"https:\\\/\\\/teknologiateollisuus.fi\\\/jasenille\\\/\",\"name\":\"Teknologiateollisuus - J\u00e4senille\",\"description\":\"\",\"publisher\":{\"@id\":\"https:\\\/\\\/teknologiateollisuus.fi\\\/jasenille\\\/#organization\"},\"potentialAction\":[{\"@type\":\"SearchAction\",\"target\":{\"@type\":\"EntryPoint\",\"urlTemplate\":\"https:\\\/\\\/teknologiateollisuus.fi\\\/jasenille\\\/?s={search_term_string}\"},\"query-input\":{\"@type\":\"PropertyValueSpecification\",\"valueRequired\":true,\"valueName\":\"search_term_string\"}}],\"inLanguage\":\"fi\"},{\"@type\":\"Organization\",\"@id\":\"https:\\\/\\\/teknologiateollisuus.fi\\\/jasenille\\\/#organization\",\"name\":\"Teknologiateollisuus - J\u00e4senille\",\"url\":\"https:\\\/\\\/teknologiateollisuus.fi\\\/jasenille\\\/\",\"logo\":{\"@type\":\"ImageObject\",\"inLanguage\":\"fi\",\"@id\":\"https:\\\/\\\/teknologiateollisuus.fi\\\/jasenille\\\/#\\\/schema\\\/logo\\\/image\\\/\",\"url\":\"https:\\\/\\\/teknologiateollisuus.fi\\\/jasenille\\\/wp-content\\\/uploads\\\/sites\\\/1\\\/2023\\\/10\\\/placeholder.png\",\"contentUrl\":\"https:\\\/\\\/teknologiateollisuus.fi\\\/jasenille\\\/wp-content\\\/uploads\\\/sites\\\/1\\\/2023\\\/10\\\/placeholder.png\",\"width\":2560,\"height\":1920,\"caption\":\"Teknologiateollisuus - J\u00e4senille\"},\"image\":{\"@id\":\"https:\\\/\\\/teknologiateollisuus.fi\\\/jasenille\\\/#\\\/schema\\\/logo\\\/image\\\/\"}}]}<\/script>\n<!-- \/ Yoast SEO Premium plugin. -->","yoast_head_json":{"title":"Paikallisen sopimisen lains\u00e4\u00e4d\u00e4nt\u00f6 uudistuu \u2013vaikutukset Teknologiateollisuuden toimialoilla - Teknologiateollisuus - J\u00e4senille","description":"Webinaarissa k\u00e4yd\u00e4\u00e4n l\u00e4pi esimerkiksi paikallisen sopimisen nykytila ja uuden ty\u00f6lains\u00e4\u00e4d\u00e4nn\u00f6n sis\u00e4lt\u00f6. Lue lis\u00e4\u00e4!","robots":{"index":"index","follow":"follow","max-snippet":"max-snippet:-1","max-image-preview":"max-image-preview:large","max-video-preview":"max-video-preview:-1"},"canonical":"https:\/\/teknologiateollisuus.fi\/jasenille\/tapahtumat\/paikallisen-sopimisen-lainsaadanto-uudistuu-vaikutukset-teknologiateollisuuden-toimialoilla\/","og_locale":"fi_FI","og_type":"article","og_title":"Paikallisen sopimisen lains\u00e4\u00e4d\u00e4nt\u00f6 uudistuu \u2013vaikutukset Teknologiateollisuuden toimialoilla","og_description":"Webinaarissa k\u00e4yd\u00e4\u00e4n l\u00e4pi esimerkiksi paikallisen sopimisen nykytila ja uuden ty\u00f6lains\u00e4\u00e4d\u00e4nn\u00f6n sis\u00e4lt\u00f6. Lue lis\u00e4\u00e4!","og_url":"https:\/\/teknologiateollisuus.fi\/jasenille\/tapahtumat\/paikallisen-sopimisen-lainsaadanto-uudistuu-vaikutukset-teknologiateollisuuden-toimialoilla\/","og_site_name":"Teknologiateollisuus - J\u00e4senille","article_modified_time":"2024-09-13T07:26:48+00:00","og_image":[{"width":1920,"height":1188,"url":"https:\/\/teknologiateollisuus.fi\/jasenille\/wp-content\/uploads\/sites\/1\/2023\/12\/Kehityskeskustelu.jpg","type":"image\/jpeg"}],"twitter_card":"summary_large_image","twitter_misc":{"Arvioitu lukuaika":"1 minuutti"},"schema":{"@context":"https:\/\/schema.org","@graph":[{"@type":"WebPage","@id":"https:\/\/teknologiateollisuus.fi\/jasenille\/tapahtumat\/paikallisen-sopimisen-lainsaadanto-uudistuu-vaikutukset-teknologiateollisuuden-toimialoilla\/","url":"https:\/\/teknologiateollisuus.fi\/jasenille\/tapahtumat\/paikallisen-sopimisen-lainsaadanto-uudistuu-vaikutukset-teknologiateollisuuden-toimialoilla\/","name":"Paikallisen sopimisen lains\u00e4\u00e4d\u00e4nt\u00f6 uudistuu \u2013vaikutukset Teknologiateollisuuden toimialoilla - Teknologiateollisuus - J\u00e4senille","isPartOf":{"@id":"https:\/\/teknologiateollisuus.fi\/jasenille\/#website"},"primaryImageOfPage":{"@id":"https:\/\/teknologiateollisuus.fi\/jasenille\/tapahtumat\/paikallisen-sopimisen-lainsaadanto-uudistuu-vaikutukset-teknologiateollisuuden-toimialoilla\/#primaryimage"},"image":{"@id":"https:\/\/teknologiateollisuus.fi\/jasenille\/tapahtumat\/paikallisen-sopimisen-lainsaadanto-uudistuu-vaikutukset-teknologiateollisuuden-toimialoilla\/#primaryimage"},"thumbnailUrl":"https:\/\/teknologiateollisuus.fi\/jasenille\/wp-content\/uploads\/sites\/1\/2023\/12\/Kehityskeskustelu.jpg","datePublished":"2024-09-13T07:26:01+00:00","dateModified":"2024-09-13T07:26:48+00:00","description":"Webinaarissa k\u00e4yd\u00e4\u00e4n l\u00e4pi esimerkiksi paikallisen sopimisen nykytila ja uuden ty\u00f6lains\u00e4\u00e4d\u00e4nn\u00f6n sis\u00e4lt\u00f6. Lue lis\u00e4\u00e4!","breadcrumb":{"@id":"https:\/\/teknologiateollisuus.fi\/jasenille\/tapahtumat\/paikallisen-sopimisen-lainsaadanto-uudistuu-vaikutukset-teknologiateollisuuden-toimialoilla\/#breadcrumb"},"inLanguage":"fi","potentialAction":[{"@type":"ReadAction","target":["https:\/\/teknologiateollisuus.fi\/jasenille\/tapahtumat\/paikallisen-sopimisen-lainsaadanto-uudistuu-vaikutukset-teknologiateollisuuden-toimialoilla\/"]}]},{"@type":"ImageObject","inLanguage":"fi","@id":"https:\/\/teknologiateollisuus.fi\/jasenille\/tapahtumat\/paikallisen-sopimisen-lainsaadanto-uudistuu-vaikutukset-teknologiateollisuuden-toimialoilla\/#primaryimage","url":"https:\/\/teknologiateollisuus.fi\/jasenille\/wp-content\/uploads\/sites\/1\/2023\/12\/Kehityskeskustelu.jpg","contentUrl":"https:\/\/teknologiateollisuus.fi\/jasenille\/wp-content\/uploads\/sites\/1\/2023\/12\/Kehityskeskustelu.jpg","width":1920,"height":1188,"caption":"Kaksi henkil\u00f6\u00e4 istuvat vastakkain p\u00f6yd\u00e4n \u00e4\u00e4ress\u00e4, kuvituskuva."},{"@type":"BreadcrumbList","@id":"https:\/\/teknologiateollisuus.fi\/jasenille\/tapahtumat\/paikallisen-sopimisen-lainsaadanto-uudistuu-vaikutukset-teknologiateollisuuden-toimialoilla\/#breadcrumb","itemListElement":[{"@type":"ListItem","position":1,"name":"Home","item":"https:\/\/teknologiateollisuus.fi\/jasenille\/"},{"@type":"ListItem","position":2,"name":"Ajankohtaista","item":"https:\/\/teknologiateollisuus.fi\/jasenille\/ajankohtaista\/"},{"@type":"ListItem","position":3,"name":"Tapahtumat ja koulutukset","item":"https:\/\/teknologiateollisuus.fi\/jasenille\/palvelut\/tapahtumat-ja-koulutukset\/"},{"@type":"ListItem","position":4,"name":"Paikallisen sopimisen lains\u00e4\u00e4d\u00e4nt\u00f6 uudistuu \u2013vaikutukset Teknologiateollisuuden toimialoilla"}]},{"@type":"WebSite","@id":"https:\/\/teknologiateollisuus.fi\/jasenille\/#website","url":"https:\/\/teknologiateollisuus.fi\/jasenille\/","name":"Teknologiateollisuus - J\u00e4senille","description":"","publisher":{"@id":"https:\/\/teknologiateollisuus.fi\/jasenille\/#organization"},"potentialAction":[{"@type":"SearchAction","target":{"@type":"EntryPoint","urlTemplate":"https:\/\/teknologiateollisuus.fi\/jasenille\/?s={search_term_string}"},"query-input":{"@type":"PropertyValueSpecification","valueRequired":true,"valueName":"search_term_string"}}],"inLanguage":"fi"},{"@type":"Organization","@id":"https:\/\/teknologiateollisuus.fi\/jasenille\/#organization","name":"Teknologiateollisuus - J\u00e4senille","url":"https:\/\/teknologiateollisuus.fi\/jasenille\/","logo":{"@type":"ImageObject","inLanguage":"fi","@id":"https:\/\/teknologiateollisuus.fi\/jasenille\/#\/schema\/logo\/image\/","url":"https:\/\/teknologiateollisuus.fi\/jasenille\/wp-content\/uploads\/sites\/1\/2023\/10\/placeholder.png","contentUrl":"https:\/\/teknologiateollisuus.fi\/jasenille\/wp-content\/uploads\/sites\/1\/2023\/10\/placeholder.png","width":2560,"height":1920,"caption":"Teknologiateollisuus - J\u00e4senille"},"image":{"@id":"https:\/\/teknologiateollisuus.fi\/jasenille\/#\/schema\/logo\/image\/"}}]}},"lang":"fi","translations":{"fi":14879},"pll_sync_post":{},"_links":{"self":[{"href":"https:\/\/teknologiateollisuus.fi\/jasenille\/wp-json\/wp\/v2\/events\/14879","targetHints":{"allow":["GET"]}}],"collection":[{"href":"https:\/\/teknologiateollisuus.fi\/jasenille\/wp-json\/wp\/v2\/events"}],"about":[{"href":"https:\/\/teknologiateollisuus.fi\/jasenille\/wp-json\/wp\/v2\/types\/em_event"}],"version-history":[{"count":4,"href":"https:\/\/teknologiateollisuus.fi\/jasenille\/wp-json\/wp\/v2\/events\/14879\/revisions"}],"predecessor-version":[{"id":14883,"href":"https:\/\/teknologiateollisuus.fi\/jasenille\/wp-json\/wp\/v2\/events\/14879\/revisions\/14883"}],"wp:featuredmedia":[{"embeddable":true,"href":"https:\/\/teknologiateollisuus.fi\/jasenille\/wp-json\/wp\/v2\/media\/2006"}],"wp:attachment":[{"href":"https:\/\/teknologiateollisuus.fi\/jasenille\/wp-json\/wp\/v2\/media?parent=14879"}],"wp:term":[{"taxonomy":"post_tag","embeddable":true,"href":"https:\/\/teknologiateollisuus.fi\/jasenille\/wp-json\/wp\/v2\/post_tag?post=14879"},{"taxonomy":"em_region","embeddable":true,"href":"https:\/\/teknologiateollisuus.fi\/jasenille\/wp-json\/wp\/v2\/em_region?post=14879"},{"taxonomy":"em_target_group","embeddable":true,"href":"https:\/\/teknologiateollisuus.fi\/jasenille\/wp-json\/wp\/v2\/em_target_group?post=14879"},{"taxonomy":"em_event_type","embeddable":true,"href":"https:\/\/teknologiateollisuus.fi\/jasenille\/wp-json\/wp\/v2\/em_event_type?post=14879"}],"curies":[{"name":"wp","href":"https:\/\/api.w.org\/{rel}","templated":true}]}}