{"id":15654,"date":"2024-12-02T08:41:10","date_gmt":"2024-12-02T06:41:10","guid":{"rendered":"https:\/\/teknologiateollisuus.fi\/jasenille\/?post_type=em_event&#038;p=15654"},"modified":"2024-12-30T07:45:13","modified_gmt":"2024-12-30T05:45:13","slug":"tyovaline-ja-muoviteollisuuden-neuvottelupaivat","status":"publish","type":"em_event","link":"https:\/\/teknologiateollisuus.fi\/jasenille\/tapahtumat\/tyovaline-ja-muoviteollisuuden-neuvottelupaivat\/","title":{"rendered":"Ty\u00f6v\u00e4line- ja Muoviteollisuuden neuvottelup\u00e4iv\u00e4t"},"content":{"rendered":"\n<p>T\u00e4m\u00e4 vuonna neuvottelup\u00e4iv\u00e4t pidet\u00e4\u00e4n H\u00e4meenlinnassa Scandic Hotel Aulangolla. P\u00e4iviss\u00e4 on viime vuoden tapaan uutta twisti\u00e4 kun pureudutaan miettim\u00e4\u00e4n, mik\u00e4 on alan tulevaisuus ja kuinka voimme k\u00e4ytt\u00e4\u00e4 uutta teknologiaa, robotiikkaa ja automaatiota apuna asiakastarpeiden t\u00e4ytt\u00e4misess\u00e4 ja tuotannon tehostamisessa.<\/p>\n\n\n\n<p>P\u00e4iv\u00e4t alkavat 30.1. mielenkiintoisilla yritysvierailuilla H\u00e4meenlinnassa ja Riihim\u00e4ell\u00e4.<br>Itse seminaarissa k\u00e4yt\u00e4mme ensimm\u00e4isen iltap\u00e4iv\u00e4n p\u00e4ivien teeman mukaisesti alan tulevaisuuteen paneelikeskustelun ja ty\u00f6pajan avulla. Paneeliin kuuluu alan ammattilaisia sek\u00e4 teknologiateollisuuden ett\u00e4 muoviteollisuuden yrityksist\u00e4. My\u00f6s yleis\u00f6ll\u00e4 on loistava tilaisuus esitt\u00e4\u00e4 panelisteille kysymyksi\u00e4 ja kertoa oma n\u00e4kemyksens\u00e4. Ty\u00f6pajoissa keskustellaan alan tulevaisuuden kuvista eri aihealueisiin liittyen ja ilmoittautuessasi voit kertoa mitk\u00e4 aiheista eniten kiinnostavat itse\u00e4si.<\/p>\n\n\n\n<p>Illan cocktail-tilaisuudessa palkitsemme sek\u00e4 Vuoden Ty\u00f6v\u00e4linevalmistajan 2025, ett\u00e4 Vuoden Ruiskuvalajan 2025. Cocktail-tilaisuuden j\u00e4lkeen jatkamme iltaa illallisen merkeiss\u00e4.<br>Perjantaina 31.1. kuulemme alan suhdannen\u00e4kymi\u00e4 sek\u00e4 monta ajankohtaista ja mielenkiintoista esityst\u00e4 liittyen mm. robotiikkaan ja automatisaation.<br>P\u00e4\u00e4set katsomaan p\u00e4ivien ohjelmaa tarkemmin <a href=\"https:\/\/teknologiateollisuus.fi\/jasenille\/wp-content\/uploads\/sites\/1\/2024\/12\/Tyovalinepaivat-2025.pdf\">t\u00e4st\u00e4 linkist\u00e4<\/a>.<br>Lis\u00e4ksi j\u00e4rjest\u00e4mme tapahtuman ohessa pienoisn\u00e4yttelyn, johon osallistujilla on mahdollisuus varata oma maksuton n\u00e4yttelyp\u00f6yt\u00e4 (1\/yritys) Tietenkin verkostoituminen on luonnollisesti olennainen osa p\u00e4ivi\u00e4 t\u00e4ll\u00e4kin kertaa.<\/p>\n\n\n\n<p><strong>Osallistumismaksu<\/strong><br>Toimialaryhm\u00e4n, Muoviteollisuus ry:n ja Firpa ry:n j\u00e4senilt\u00e4 470 \u20ac + alv 25,5%, muilta 550 \u20ac + alv 25,5%. Hinta sis\u00e4lt\u00e4\u00e4 my\u00f6s ohjelmassa merkityt kuljetukset ja tarjoilut. Osallistumismaksu laskutetaan tilaisuuden j\u00e4lkeen Teknologiainfo Teknova Oy:n toimesta.<\/p>\n\n\n\n<p><\/p>\n\n\n\n<div class=\"wp-block-buttons  mt-md is-layout-flex wp-block-buttons-is-layout-flex\">\n<div class=\"wp-block-button  icon-right size-lg\"><a class=\"wp-block-button__link wp-element-button\" href=\"https:\/\/www.lyyti.in\/tvp2025\" target=\"_blank\" rel=\"noreferrer noopener\">Ilmoittaudu tapahtumaan<\/a><\/div>\n<\/div>\n\n\n\n<div class=\"wp-block-scb-columns scb-columns  has-mobile-behavior--stacked em-pattern-event-contacts\">\n<div class=\"wp-block-scb-column scb-column\">\n<h2 class=\"wp-block-heading\" id=\"lisatietoja\">Lis\u00e4tietoja<\/h2>\n\n\n\n<article class=\"em-block-contact-card is-style-list\">\n\n\t<div class=\"em-block-contact-card__image\">\n\t\t\t\t\t<img loading=\"lazy\" decoding=\"async\" width=\"300\" height=\"400\" src=\"https:\/\/teknologiateollisuus.fi\/jasenille\/wp-content\/uploads\/2024\/05\/phpktdqqo.jpg\" class=\"attachment-portrait size-portrait\" alt=\"\" \/>\t\t\t<\/div>\n\t<div class=\"em-block-contact-card__content-wrapper\">\n\t\t<div class=\"em-block-contact-card__content\">\n\t\t\t\t\t\t\t<div class=\"em-block-contact-card__business-units\">\n\t\t\t\t\t\t\t\t\t\t\t<span class=\"em-block-contact-card__business-unit\">Branches and Business Continuity<\/span>\n\t\t\t\t\t\t\t\t\t<\/div>\n\t\t\t\t\t\t<h3 class=\"em-block-contact-card__title\"><a target=\"_self\" href=\"https:\/\/teknologiateollisuus.fi\/en\/?p=7801\">Luomanp\u00e4\u00e4 Reeta<\/a><\/h3>\n\t\t\t\t\t\t\t<span class=\"em-block-contact-card__job_title\">Advisor &#8211; Branch Groups<\/span>\n\t\t\t\t\t\t\t\t\t\t<span class=\"em-block-contact-card__organisation\">Technology Industries of Finland<\/span>\n\t\t\t\t\t<\/div>\n\t\t<div class=\"em-block-contact-card__content\">\n\t\t\t\t\t\t<address class=\"em-block-contact-card__contact-details\">\n\t\t\t\t\t\t\t\t\t<span class=\"em-block-contact-card__phone\">\n\t\t\t\t\t\t<a href=\"tel:+358 406452019\">+358 406452019<\/a><\/a>\n\t\t\t\t\t<\/span>\n\t\t\t\t\t\t\t\t\t\t\t\t\t<span class=\"em-block-contact-card__email\">\n\t\t\t\t\t\t<a href=\"mailto:reeta.luomanpaa@teknologiateollisuus.fi\">reeta.luomanpaa@teknologiateollisuus.fi<\/a><\/a>\n\t\t\t\t\t<\/span>\n\t\t\t\t\t\t\t<\/address>\n\t\t\t\t\t<\/div>\n\t<\/div>\n\n<\/article>\n<\/div>\n<\/div>\n\n\n\n<article class=\"em-block-contact-card is-style-list\">\n\n\t<div class=\"em-block-contact-card__image\">\n\t\t\t\t\t<img loading=\"lazy\" decoding=\"async\" width=\"300\" height=\"400\" src=\"https:\/\/teknologiateollisuus.fi\/jasenille\/wp-content\/uploads\/2024\/05\/phptd3ieq.jpg\" class=\"attachment-portrait size-portrait\" alt=\"\" \/>\t\t\t<\/div>\n\t<div class=\"em-block-contact-card__content-wrapper\">\n\t\t<div class=\"em-block-contact-card__content\">\n\t\t\t\t\t\t\t<div class=\"em-block-contact-card__business-units\">\n\t\t\t\t\t\t\t\t\t\t\t<span class=\"em-block-contact-card__business-unit\">Communications, Public Affairs and Member Services<\/span>\n\t\t\t\t\t\t\t\t\t<\/div>\n\t\t\t\t\t\t<h3 class=\"em-block-contact-card__title\"><a target=\"_self\" href=\"https:\/\/teknologiateollisuus.fi\/en\/?p=7621\">Laakso Satu<\/a><\/h3>\n\t\t\t\t\t\t\t<span class=\"em-block-contact-card__job_title\">Event Producer, Teknova &#8211; Member Services<\/span>\n\t\t\t\t\t\t\t\t\t\t<span class=\"em-block-contact-card__organisation\">Technology Industries of Finland<\/span>\n\t\t\t\t\t<\/div>\n\t\t<div class=\"em-block-contact-card__content\">\n\t\t\t\t\t\t<address class=\"em-block-contact-card__contact-details\">\n\t\t\t\t\t\t\t\t\t<span class=\"em-block-contact-card__phone\">\n\t\t\t\t\t\t<a href=\"tel:+358 405532266\">+358 405532266<\/a><\/a>\n\t\t\t\t\t<\/span>\n\t\t\t\t\t\t\t\t\t\t\t\t\t<span class=\"em-block-contact-card__email\">\n\t\t\t\t\t\t<a href=\"mailto:satu.laakso@teknologiateollisuus.fi\">satu.laakso@teknologiateollisuus.fi<\/a><\/a>\n\t\t\t\t\t<\/span>\n\t\t\t\t\t\t\t<\/address>\n\t\t\t\t\t<\/div>\n\t<\/div>\n\n<\/article>\n","protected":false},"excerpt":{"rendered":"<p>T\u00e4m\u00e4 vuonna neuvottelup\u00e4iv\u00e4t pidet\u00e4\u00e4n H\u00e4meenlinnassa Scandic Hotel Aulangolla. P\u00e4iviss\u00e4 on viime vuoden tapaan uutta twisti\u00e4 kun pureudutaan miettim\u00e4\u00e4n, mik\u00e4 on alan tulevaisuus ja kuinka voimme k\u00e4ytt\u00e4\u00e4 uutta teknologiaa, robotiikkaa ja automaatiota apuna asiakastarpeiden t\u00e4ytt\u00e4misess\u00e4 ja tuotannon tehostamisessa. P\u00e4iv\u00e4t alkavat 30.1. mielenkiintoisilla yritysvierailuilla H\u00e4meenlinnassa ja Riihim\u00e4ell\u00e4.Itse seminaarissa k\u00e4yt\u00e4mme ensimm\u00e4isen iltap\u00e4iv\u00e4n p\u00e4ivien teeman mukaisesti alan tulevaisuuteen paneelikeskustelun [&hellip;]<\/p>\n","protected":false},"featured_media":15655,"template":"","meta":{"_acf_changed":false,"_relevanssi_hide_post":"","_relevanssi_hide_content":"","_relevanssi_pin_for_all":"","_relevanssi_pin_keywords":"","_relevanssi_unpin_keywords":"","_relevanssi_related_keywords":"","_relevanssi_related_include_ids":"","_relevanssi_related_exclude_ids":"","_relevanssi_related_no_append":"","_relevanssi_related_not_related":"","_relevanssi_related_posts":"7187,6520,5242,5826,8269,15161","_relevanssi_noindex_reason":"","inline_featured_image":false,"growthstack-ab-test":[],"growthstack-ab-test-views":[],"footnotes":""},"post_tag":[620],"em_region":[],"em_target_group":[],"em_event_type":[],"class_list":["post-15654","em_event","type-em_event","status-publish","has-post-thumbnail","hentry","tag-toimialat"],"acf":{"event_start_date":"20250130","event_end_date":"20250131","event_start_time":"08:30:00","event_end_time":"14:00:00","location":"Scandic Aulanko","address":"Aulangontie 93, 13220 H\u00e4meenlinna","registration":"","files":null,"links":null,"locked":false},"yoast_head":"<!-- This site is optimized with the Yoast SEO Premium plugin v27.1 (Yoast SEO v27.5) - https:\/\/yoast.com\/product\/yoast-seo-premium-wordpress\/ -->\n<title>Ty\u00f6v\u00e4line- ja Muoviteollisuuden neuvottelup\u00e4iv\u00e4t - Teknologiateollisuus - J\u00e4senille<\/title>\n<meta name=\"robots\" content=\"index, follow, max-snippet:-1, max-image-preview:large, max-video-preview:-1\" \/>\n<link rel=\"canonical\" href=\"https:\/\/teknologiateollisuus.fi\/jasenille\/tapahtumat\/tyovaline-ja-muoviteollisuuden-neuvottelupaivat\/\" \/>\n<meta property=\"og:locale\" content=\"fi_FI\" \/>\n<meta property=\"og:type\" content=\"article\" \/>\n<meta property=\"og:title\" content=\"Ty\u00f6v\u00e4line- ja Muoviteollisuuden neuvottelup\u00e4iv\u00e4t\" \/>\n<meta property=\"og:description\" content=\"T\u00e4m\u00e4 vuonna neuvottelup\u00e4iv\u00e4t pidet\u00e4\u00e4n H\u00e4meenlinnassa Scandic Hotel Aulangolla. P\u00e4iviss\u00e4 on viime vuoden tapaan uutta twisti\u00e4 kun pureudutaan miettim\u00e4\u00e4n, mik\u00e4 on alan tulevaisuus ja kuinka voimme k\u00e4ytt\u00e4\u00e4 uutta teknologiaa, robotiikkaa ja automaatiota apuna asiakastarpeiden t\u00e4ytt\u00e4misess\u00e4 ja tuotannon tehostamisessa. P\u00e4iv\u00e4t alkavat 30.1. mielenkiintoisilla yritysvierailuilla H\u00e4meenlinnassa ja Riihim\u00e4ell\u00e4.Itse seminaarissa k\u00e4yt\u00e4mme ensimm\u00e4isen iltap\u00e4iv\u00e4n p\u00e4ivien teeman mukaisesti alan tulevaisuuteen paneelikeskustelun [&hellip;]\" \/>\n<meta property=\"og:url\" content=\"https:\/\/teknologiateollisuus.fi\/jasenille\/tapahtumat\/tyovaline-ja-muoviteollisuuden-neuvottelupaivat\/\" \/>\n<meta property=\"og:site_name\" content=\"Teknologiateollisuus - J\u00e4senille\" \/>\n<meta property=\"article:modified_time\" content=\"2024-12-30T05:45:13+00:00\" \/>\n<meta property=\"og:image\" content=\"https:\/\/teknologiateollisuus.fi\/jasenille\/wp-content\/uploads\/sites\/1\/2024\/10\/meeting-2284501_1920.jpg\" \/>\n\t<meta property=\"og:image:width\" content=\"360\" \/>\n\t<meta property=\"og:image:height\" content=\"215\" \/>\n\t<meta property=\"og:image:type\" content=\"image\/jpeg\" \/>\n<meta name=\"twitter:card\" content=\"summary_large_image\" \/>\n<meta name=\"twitter:label1\" content=\"Arvioitu lukuaika\" \/>\n\t<meta name=\"twitter:data1\" content=\"2 minuuttia\" \/>\n<script type=\"application\/ld+json\" class=\"yoast-schema-graph\">{\"@context\":\"https:\\\/\\\/schema.org\",\"@graph\":[{\"@type\":\"WebPage\",\"@id\":\"https:\\\/\\\/teknologiateollisuus.fi\\\/jasenille\\\/tapahtumat\\\/tyovaline-ja-muoviteollisuuden-neuvottelupaivat\\\/\",\"url\":\"https:\\\/\\\/teknologiateollisuus.fi\\\/jasenille\\\/tapahtumat\\\/tyovaline-ja-muoviteollisuuden-neuvottelupaivat\\\/\",\"name\":\"Ty\u00f6v\u00e4line- ja Muoviteollisuuden neuvottelup\u00e4iv\u00e4t - Teknologiateollisuus - J\u00e4senille\",\"isPartOf\":{\"@id\":\"https:\\\/\\\/teknologiateollisuus.fi\\\/jasenille\\\/#website\"},\"primaryImageOfPage\":{\"@id\":\"https:\\\/\\\/teknologiateollisuus.fi\\\/jasenille\\\/tapahtumat\\\/tyovaline-ja-muoviteollisuuden-neuvottelupaivat\\\/#primaryimage\"},\"image\":{\"@id\":\"https:\\\/\\\/teknologiateollisuus.fi\\\/jasenille\\\/tapahtumat\\\/tyovaline-ja-muoviteollisuuden-neuvottelupaivat\\\/#primaryimage\"},\"thumbnailUrl\":\"https:\\\/\\\/teknologiateollisuus.fi\\\/jasenille\\\/wp-content\\\/uploads\\\/sites\\\/1\\\/2024\\\/10\\\/meeting-2284501_1920.jpg\",\"datePublished\":\"2024-12-02T06:41:10+00:00\",\"dateModified\":\"2024-12-30T05:45:13+00:00\",\"breadcrumb\":{\"@id\":\"https:\\\/\\\/teknologiateollisuus.fi\\\/jasenille\\\/tapahtumat\\\/tyovaline-ja-muoviteollisuuden-neuvottelupaivat\\\/#breadcrumb\"},\"inLanguage\":\"fi\",\"potentialAction\":[{\"@type\":\"ReadAction\",\"target\":[\"https:\\\/\\\/teknologiateollisuus.fi\\\/jasenille\\\/tapahtumat\\\/tyovaline-ja-muoviteollisuuden-neuvottelupaivat\\\/\"]}]},{\"@type\":\"ImageObject\",\"inLanguage\":\"fi\",\"@id\":\"https:\\\/\\\/teknologiateollisuus.fi\\\/jasenille\\\/tapahtumat\\\/tyovaline-ja-muoviteollisuuden-neuvottelupaivat\\\/#primaryimage\",\"url\":\"https:\\\/\\\/teknologiateollisuus.fi\\\/jasenille\\\/wp-content\\\/uploads\\\/sites\\\/1\\\/2024\\\/10\\\/meeting-2284501_1920.jpg\",\"contentUrl\":\"https:\\\/\\\/teknologiateollisuus.fi\\\/jasenille\\\/wp-content\\\/uploads\\\/sites\\\/1\\\/2024\\\/10\\\/meeting-2284501_1920.jpg\",\"width\":360,\"height\":215},{\"@type\":\"BreadcrumbList\",\"@id\":\"https:\\\/\\\/teknologiateollisuus.fi\\\/jasenille\\\/tapahtumat\\\/tyovaline-ja-muoviteollisuuden-neuvottelupaivat\\\/#breadcrumb\",\"itemListElement\":[{\"@type\":\"ListItem\",\"position\":1,\"name\":\"Home\",\"item\":\"https:\\\/\\\/teknologiateollisuus.fi\\\/jasenille\\\/\"},{\"@type\":\"ListItem\",\"position\":2,\"name\":\"Ajankohtaista\",\"item\":\"https:\\\/\\\/teknologiateollisuus.fi\\\/jasenille\\\/ajankohtaista\\\/\"},{\"@type\":\"ListItem\",\"position\":3,\"name\":\"Tapahtumat ja koulutukset\",\"item\":\"https:\\\/\\\/teknologiateollisuus.fi\\\/jasenille\\\/palvelut\\\/tapahtumat-ja-koulutukset\\\/\"},{\"@type\":\"ListItem\",\"position\":4,\"name\":\"Ty\u00f6v\u00e4line- ja Muoviteollisuuden neuvottelup\u00e4iv\u00e4t\"}]},{\"@type\":\"WebSite\",\"@id\":\"https:\\\/\\\/teknologiateollisuus.fi\\\/jasenille\\\/#website\",\"url\":\"https:\\\/\\\/teknologiateollisuus.fi\\\/jasenille\\\/\",\"name\":\"Teknologiateollisuus - J\u00e4senille\",\"description\":\"\",\"publisher\":{\"@id\":\"https:\\\/\\\/teknologiateollisuus.fi\\\/jasenille\\\/#organization\"},\"potentialAction\":[{\"@type\":\"SearchAction\",\"target\":{\"@type\":\"EntryPoint\",\"urlTemplate\":\"https:\\\/\\\/teknologiateollisuus.fi\\\/jasenille\\\/?s={search_term_string}\"},\"query-input\":{\"@type\":\"PropertyValueSpecification\",\"valueRequired\":true,\"valueName\":\"search_term_string\"}}],\"inLanguage\":\"fi\"},{\"@type\":\"Organization\",\"@id\":\"https:\\\/\\\/teknologiateollisuus.fi\\\/jasenille\\\/#organization\",\"name\":\"Teknologiateollisuus - J\u00e4senille\",\"url\":\"https:\\\/\\\/teknologiateollisuus.fi\\\/jasenille\\\/\",\"logo\":{\"@type\":\"ImageObject\",\"inLanguage\":\"fi\",\"@id\":\"https:\\\/\\\/teknologiateollisuus.fi\\\/jasenille\\\/#\\\/schema\\\/logo\\\/image\\\/\",\"url\":\"https:\\\/\\\/teknologiateollisuus.fi\\\/jasenille\\\/wp-content\\\/uploads\\\/sites\\\/1\\\/2023\\\/10\\\/placeholder.png\",\"contentUrl\":\"https:\\\/\\\/teknologiateollisuus.fi\\\/jasenille\\\/wp-content\\\/uploads\\\/sites\\\/1\\\/2023\\\/10\\\/placeholder.png\",\"width\":2560,\"height\":1920,\"caption\":\"Teknologiateollisuus - J\u00e4senille\"},\"image\":{\"@id\":\"https:\\\/\\\/teknologiateollisuus.fi\\\/jasenille\\\/#\\\/schema\\\/logo\\\/image\\\/\"}}]}<\/script>\n<!-- \/ Yoast SEO Premium plugin. -->","yoast_head_json":{"title":"Ty\u00f6v\u00e4line- ja Muoviteollisuuden neuvottelup\u00e4iv\u00e4t - Teknologiateollisuus - J\u00e4senille","robots":{"index":"index","follow":"follow","max-snippet":"max-snippet:-1","max-image-preview":"max-image-preview:large","max-video-preview":"max-video-preview:-1"},"canonical":"https:\/\/teknologiateollisuus.fi\/jasenille\/tapahtumat\/tyovaline-ja-muoviteollisuuden-neuvottelupaivat\/","og_locale":"fi_FI","og_type":"article","og_title":"Ty\u00f6v\u00e4line- ja Muoviteollisuuden neuvottelup\u00e4iv\u00e4t","og_description":"T\u00e4m\u00e4 vuonna neuvottelup\u00e4iv\u00e4t pidet\u00e4\u00e4n H\u00e4meenlinnassa Scandic Hotel Aulangolla. P\u00e4iviss\u00e4 on viime vuoden tapaan uutta twisti\u00e4 kun pureudutaan miettim\u00e4\u00e4n, mik\u00e4 on alan tulevaisuus ja kuinka voimme k\u00e4ytt\u00e4\u00e4 uutta teknologiaa, robotiikkaa ja automaatiota apuna asiakastarpeiden t\u00e4ytt\u00e4misess\u00e4 ja tuotannon tehostamisessa. P\u00e4iv\u00e4t alkavat 30.1. mielenkiintoisilla yritysvierailuilla H\u00e4meenlinnassa ja Riihim\u00e4ell\u00e4.Itse seminaarissa k\u00e4yt\u00e4mme ensimm\u00e4isen iltap\u00e4iv\u00e4n p\u00e4ivien teeman mukaisesti alan tulevaisuuteen paneelikeskustelun [&hellip;]","og_url":"https:\/\/teknologiateollisuus.fi\/jasenille\/tapahtumat\/tyovaline-ja-muoviteollisuuden-neuvottelupaivat\/","og_site_name":"Teknologiateollisuus - J\u00e4senille","article_modified_time":"2024-12-30T05:45:13+00:00","og_image":[{"width":360,"height":215,"url":"https:\/\/teknologiateollisuus.fi\/jasenille\/wp-content\/uploads\/sites\/1\/2024\/10\/meeting-2284501_1920.jpg","type":"image\/jpeg"}],"twitter_card":"summary_large_image","twitter_misc":{"Arvioitu lukuaika":"2 minuuttia"},"schema":{"@context":"https:\/\/schema.org","@graph":[{"@type":"WebPage","@id":"https:\/\/teknologiateollisuus.fi\/jasenille\/tapahtumat\/tyovaline-ja-muoviteollisuuden-neuvottelupaivat\/","url":"https:\/\/teknologiateollisuus.fi\/jasenille\/tapahtumat\/tyovaline-ja-muoviteollisuuden-neuvottelupaivat\/","name":"Ty\u00f6v\u00e4line- ja Muoviteollisuuden neuvottelup\u00e4iv\u00e4t - Teknologiateollisuus - J\u00e4senille","isPartOf":{"@id":"https:\/\/teknologiateollisuus.fi\/jasenille\/#website"},"primaryImageOfPage":{"@id":"https:\/\/teknologiateollisuus.fi\/jasenille\/tapahtumat\/tyovaline-ja-muoviteollisuuden-neuvottelupaivat\/#primaryimage"},"image":{"@id":"https:\/\/teknologiateollisuus.fi\/jasenille\/tapahtumat\/tyovaline-ja-muoviteollisuuden-neuvottelupaivat\/#primaryimage"},"thumbnailUrl":"https:\/\/teknologiateollisuus.fi\/jasenille\/wp-content\/uploads\/sites\/1\/2024\/10\/meeting-2284501_1920.jpg","datePublished":"2024-12-02T06:41:10+00:00","dateModified":"2024-12-30T05:45:13+00:00","breadcrumb":{"@id":"https:\/\/teknologiateollisuus.fi\/jasenille\/tapahtumat\/tyovaline-ja-muoviteollisuuden-neuvottelupaivat\/#breadcrumb"},"inLanguage":"fi","potentialAction":[{"@type":"ReadAction","target":["https:\/\/teknologiateollisuus.fi\/jasenille\/tapahtumat\/tyovaline-ja-muoviteollisuuden-neuvottelupaivat\/"]}]},{"@type":"ImageObject","inLanguage":"fi","@id":"https:\/\/teknologiateollisuus.fi\/jasenille\/tapahtumat\/tyovaline-ja-muoviteollisuuden-neuvottelupaivat\/#primaryimage","url":"https:\/\/teknologiateollisuus.fi\/jasenille\/wp-content\/uploads\/sites\/1\/2024\/10\/meeting-2284501_1920.jpg","contentUrl":"https:\/\/teknologiateollisuus.fi\/jasenille\/wp-content\/uploads\/sites\/1\/2024\/10\/meeting-2284501_1920.jpg","width":360,"height":215},{"@type":"BreadcrumbList","@id":"https:\/\/teknologiateollisuus.fi\/jasenille\/tapahtumat\/tyovaline-ja-muoviteollisuuden-neuvottelupaivat\/#breadcrumb","itemListElement":[{"@type":"ListItem","position":1,"name":"Home","item":"https:\/\/teknologiateollisuus.fi\/jasenille\/"},{"@type":"ListItem","position":2,"name":"Ajankohtaista","item":"https:\/\/teknologiateollisuus.fi\/jasenille\/ajankohtaista\/"},{"@type":"ListItem","position":3,"name":"Tapahtumat ja koulutukset","item":"https:\/\/teknologiateollisuus.fi\/jasenille\/palvelut\/tapahtumat-ja-koulutukset\/"},{"@type":"ListItem","position":4,"name":"Ty\u00f6v\u00e4line- ja Muoviteollisuuden neuvottelup\u00e4iv\u00e4t"}]},{"@type":"WebSite","@id":"https:\/\/teknologiateollisuus.fi\/jasenille\/#website","url":"https:\/\/teknologiateollisuus.fi\/jasenille\/","name":"Teknologiateollisuus - J\u00e4senille","description":"","publisher":{"@id":"https:\/\/teknologiateollisuus.fi\/jasenille\/#organization"},"potentialAction":[{"@type":"SearchAction","target":{"@type":"EntryPoint","urlTemplate":"https:\/\/teknologiateollisuus.fi\/jasenille\/?s={search_term_string}"},"query-input":{"@type":"PropertyValueSpecification","valueRequired":true,"valueName":"search_term_string"}}],"inLanguage":"fi"},{"@type":"Organization","@id":"https:\/\/teknologiateollisuus.fi\/jasenille\/#organization","name":"Teknologiateollisuus - J\u00e4senille","url":"https:\/\/teknologiateollisuus.fi\/jasenille\/","logo":{"@type":"ImageObject","inLanguage":"fi","@id":"https:\/\/teknologiateollisuus.fi\/jasenille\/#\/schema\/logo\/image\/","url":"https:\/\/teknologiateollisuus.fi\/jasenille\/wp-content\/uploads\/sites\/1\/2023\/10\/placeholder.png","contentUrl":"https:\/\/teknologiateollisuus.fi\/jasenille\/wp-content\/uploads\/sites\/1\/2023\/10\/placeholder.png","width":2560,"height":1920,"caption":"Teknologiateollisuus - J\u00e4senille"},"image":{"@id":"https:\/\/teknologiateollisuus.fi\/jasenille\/#\/schema\/logo\/image\/"}}]}},"lang":"fi","translations":{"fi":15654},"pll_sync_post":{},"_links":{"self":[{"href":"https:\/\/teknologiateollisuus.fi\/jasenille\/wp-json\/wp\/v2\/events\/15654","targetHints":{"allow":["GET"]}}],"collection":[{"href":"https:\/\/teknologiateollisuus.fi\/jasenille\/wp-json\/wp\/v2\/events"}],"about":[{"href":"https:\/\/teknologiateollisuus.fi\/jasenille\/wp-json\/wp\/v2\/types\/em_event"}],"version-history":[{"count":7,"href":"https:\/\/teknologiateollisuus.fi\/jasenille\/wp-json\/wp\/v2\/events\/15654\/revisions"}],"predecessor-version":[{"id":17106,"href":"https:\/\/teknologiateollisuus.fi\/jasenille\/wp-json\/wp\/v2\/events\/15654\/revisions\/17106"}],"wp:featuredmedia":[{"embeddable":true,"href":"https:\/\/teknologiateollisuus.fi\/jasenille\/wp-json\/wp\/v2\/media\/15655"}],"wp:attachment":[{"href":"https:\/\/teknologiateollisuus.fi\/jasenille\/wp-json\/wp\/v2\/media?parent=15654"}],"wp:term":[{"taxonomy":"post_tag","embeddable":true,"href":"https:\/\/teknologiateollisuus.fi\/jasenille\/wp-json\/wp\/v2\/post_tag?post=15654"},{"taxonomy":"em_region","embeddable":true,"href":"https:\/\/teknologiateollisuus.fi\/jasenille\/wp-json\/wp\/v2\/em_region?post=15654"},{"taxonomy":"em_target_group","embeddable":true,"href":"https:\/\/teknologiateollisuus.fi\/jasenille\/wp-json\/wp\/v2\/em_target_group?post=15654"},{"taxonomy":"em_event_type","embeddable":true,"href":"https:\/\/teknologiateollisuus.fi\/jasenille\/wp-json\/wp\/v2\/em_event_type?post=15654"}],"curies":[{"name":"wp","href":"https:\/\/api.w.org\/{rel}","templated":true}]}}