{"id":16604,"date":"2024-11-26T10:58:26","date_gmt":"2024-11-26T08:58:26","guid":{"rendered":"https:\/\/teknologiateollisuus.fi\/jasenille\/?post_type=em_event&#038;p=16604"},"modified":"2024-11-26T12:24:44","modified_gmt":"2024-11-26T10:24:44","slug":"tyosuhdeasiat-kurssi-turku","status":"publish","type":"em_event","link":"https:\/\/teknologiateollisuus.fi\/jasenille\/tapahtumat\/tyosuhdeasiat-kurssi-turku\/","title":{"rendered":"Ty\u00f6suhdeasiat-kurssi, Turku"},"content":{"rendered":"\n<p class=\" mt-xs\">Yritysten erilaiset tilanteet edellytt\u00e4v\u00e4t osaamista yhteistoimintaan ja paikalliseen sopimiseen liittyen. Keskeisi\u00e4 teemoja ovat esimerkiksi kannustava palkkaus, joustavat ty\u00f6ajat ja poissaolojen hallinta.<\/p>\n\n\n\n<p>J\u00e4rjest\u00e4mme Teknologiateollisuuden ty\u00f6nantajat ry:n j\u00e4senyritysten edustajille suunnatun 2-p\u00e4iv\u00e4isen Ty\u00f6suhdeasiat-kurssin <strong>22.1. ja 28.1.2025<\/strong> Scandic Hamburger B\u00f6rsiss\u00e4 Turussa.<\/p>\n\n\n\n<p><strong>Kurssin tavoitteena<\/strong> on antaa perustietoa sek\u00e4 valmiuksia ty\u00f6lains\u00e4\u00e4d\u00e4nn\u00f6n ja alan <strong>ty\u00f6ntekij\u00f6it\u00e4 koskevan ty\u00f6ehtosopimuksen<\/strong> (Ty\u00f6ehtosopimus, teknologiateollisuuden ty\u00f6ntekij\u00e4t) keskeisten m\u00e4\u00e4r\u00e4ysten sis\u00e4ll\u00f6st\u00e4, merkityksest\u00e4 ja oikeasta soveltamisesta yrityskohtaiset tarpeet huomioiden.<\/p>\n\n\n\n<p>Kohderyhm\u00e4n\u00e4 ovat Teknologiateollisuuden Varsinais-Suomen ja Satakunnan j\u00e4senyritysten ty\u00f6suhdeasioita k\u00e4sittelev\u00e4t ty\u00f6nantajan edustajat, kuten tuotantop\u00e4\u00e4llik\u00f6t, ty\u00f6njohtajat ja HR-asioita hoitavat henkil\u00f6t <strong>Teknologiateollisuuden ty\u00f6nantajat ry:n j\u00e4senyrityksiss\u00e4<\/strong>.<\/p>\n\n\n\n<p class=\" mt-xs mb-xs\"><strong>Kurssin p\u00e4\u00e4aiheita<\/strong> ovat:<\/p>\n\n\n\n<ul class=\"wp-block-list  mt-xs mb-xs\">\n<li>ty\u00f6sopimuksen solmiminen ja p\u00e4\u00e4tt\u00e4minen, lomauttaminen<\/li>\n\n\n\n<li>yhteistoiminta ja paikallinen sopiminen<\/li>\n\n\n\n<li>ty\u00f6aika ja sen erilaiset j\u00e4rjestelymahdollisuudet, vuosiloma<\/li>\n\n\n\n<li>palkkaus sek\u00e4 erilliskysymykset kuten sairausajan palkka ja ty\u00f6komennukset.<\/li>\n<\/ul>\n\n\n\n<p class=\" mt-xs mb-xs\">Kurssin hinta on 740 \u20ac\/hl\u00f6 + alv 25,5 % sis\u00e4lt\u00e4en kurssimateriaalit sek\u00e4 kahvi- ja lounastarjoilut kurssip\u00e4ivien aikana. Kurssin laskuttaa Teknologiainfo Teknova Oy.<\/p>\n\n\n\n<p>Ilmoittautuminen<strong>&nbsp;keskiviikkoon 8.1.2025 menness\u00e4!<\/strong><br>Kurssipaikkoja on 25 ja ne t\u00e4ytet\u00e4\u00e4n ilmoittautumisj\u00e4rjestyksess\u00e4.&nbsp;<\/p>\n\n\n\n<p class=\" mb-xs mt-xs\"><strong>Lis\u00e4tietoja:<\/strong><br>Kurssiasiat ja sis\u00e4lt\u00f6kysymykset:<br>aluep\u00e4\u00e4llikk\u00f6 Anu L\u00e4\u00e4veri, puh. 050 564 9352 ja&nbsp;aluep\u00e4\u00e4llikk\u00f6 Leena Wartiainen, puh. 050 380 4024.<br>Ilmoittautuminen:&nbsp;yhteyskoordinaattori Leena Eiranto, puh. 040 559 1881.<br>etunimi.sukunimi(a)teknologiateollisuus.fi<\/p>\n\n\n\n<div class=\"wp-block-buttons  mb-xs mt-xs is-layout-flex wp-block-buttons-is-layout-flex\">\n<div class=\"wp-block-button  icon-right size-lg\"><a class=\"wp-block-button__link wp-element-button\" href=\"https:\/\/www.lyyti.in\/Teknologiateollisuuden_Tyosuhdeasiatkurssi_221_ja_2812025_Turussa_3004\" target=\"_blank\" rel=\"noreferrer noopener\">Ilmoittaudu tapahtumaan<\/a><\/div>\n<\/div>\n\n\n\n<div class=\"wp-block-scb-columns scb-columns  has-mobile-behavior--stacked em-pattern-event-contacts mt-sm\">\n<div class=\"wp-block-scb-column scb-column\">\n<h2 class=\"wp-block-heading\" id=\"lisatietoja\">Lis\u00e4tietoja<\/h2>\n\n\n\n<div class=\"wp-block-group is-layout-constrained wp-block-group-is-layout-constrained\">\n<article class=\"em-block-contact-card is-style-list\">\n\n\t<div class=\"em-block-contact-card__image\">\n\t\t\t\t\t<img loading=\"lazy\" decoding=\"async\" width=\"300\" height=\"400\" src=\"https:\/\/teknologiateollisuus.fi\/jasenille\/wp-content\/uploads\/2024\/05\/php3vvybq.jpg\" class=\"attachment-portrait size-portrait\" alt=\"\" \/>\t\t\t<\/div>\n\t<div class=\"em-block-contact-card__content-wrapper\">\n\t\t<div class=\"em-block-contact-card__content\">\n\t\t\t\t\t\t\t<div class=\"em-block-contact-card__business-units\">\n\t\t\t\t\t\t\t\t\t\t\t<span class=\"em-block-contact-card__business-unit\">Yritt\u00e4jyys ja aluetoiminta<\/span>\n\t\t\t\t\t\t\t\t\t<\/div>\n\t\t\t\t\t\t<h3 class=\"em-block-contact-card__title\"><a target=\"_self\" href=\"https:\/\/teknologiateollisuus.fi\/?p=1055\">L\u00e4\u00e4veri Anu<\/a><\/h3>\n\t\t\t\t\t\t\t<span class=\"em-block-contact-card__job_title\">Johtaja, aluetoiminta, aluep\u00e4\u00e4llikk\u00f6, Varsinais-Suomi &#8211; Aluetoiminta<\/span>\n\t\t\t\t\t\t\t\t\t\t<span class=\"em-block-contact-card__organisation\">Teknologiateollisuus ry<\/span>\n\t\t\t\t\t<\/div>\n\t\t<div class=\"em-block-contact-card__content\">\n\t\t\t\t\t\t<address class=\"em-block-contact-card__contact-details\">\n\t\t\t\t\t\t\t\t\t<span class=\"em-block-contact-card__phone\">\n\t\t\t\t\t\t<a href=\"tel:+358 505649352\">+358 505649352<\/a><\/a>\n\t\t\t\t\t<\/span>\n\t\t\t\t\t\t\t\t\t\t\t\t\t<span class=\"em-block-contact-card__email\">\n\t\t\t\t\t\t<a href=\"mailto:anu.laaveri@teknologiateollisuus.fi\">anu.laaveri@teknologiateollisuus.fi<\/a><\/a>\n\t\t\t\t\t<\/span>\n\t\t\t\t\t\t\t<\/address>\n\t\t\t\t\t<\/div>\n\t<\/div>\n\n<\/article>\n<\/div>\n<\/div>\n<\/div>\n\n\n\n<article class=\"em-block-contact-card is-style-list\">\n\n\t<div class=\"em-block-contact-card__image\">\n\t\t\t\t\t<img loading=\"lazy\" decoding=\"async\" width=\"300\" height=\"400\" src=\"https:\/\/teknologiateollisuus.fi\/jasenille\/wp-content\/uploads\/2024\/05\/phpejetwo.png\" class=\"attachment-portrait size-portrait\" alt=\"\" \/>\t\t\t<\/div>\n\t<div class=\"em-block-contact-card__content-wrapper\">\n\t\t<div class=\"em-block-contact-card__content\">\n\t\t\t\t\t\t\t<div class=\"em-block-contact-card__business-units\">\n\t\t\t\t\t\t\t\t\t\t\t<span class=\"em-block-contact-card__business-unit\">Yritt\u00e4jyys ja aluetoiminta<\/span>\n\t\t\t\t\t\t\t\t\t<\/div>\n\t\t\t\t\t\t<h3 class=\"em-block-contact-card__title\"><a target=\"_self\" href=\"https:\/\/teknologiateollisuus.fi\/?p=1253\">Wartiainen Leena<\/a><\/h3>\n\t\t\t\t\t\t\t<span class=\"em-block-contact-card__job_title\">Aluep\u00e4\u00e4llikk\u00f6, Kanta-H\u00e4me ja Satakunta &#8211; Aluetoiminta<\/span>\n\t\t\t\t\t\t\t\t\t\t<span class=\"em-block-contact-card__organisation\">Teknologiateollisuus ry<\/span>\n\t\t\t\t\t<\/div>\n\t\t<div class=\"em-block-contact-card__content\">\n\t\t\t\t\t\t<address class=\"em-block-contact-card__contact-details\">\n\t\t\t\t\t\t\t\t\t<span class=\"em-block-contact-card__phone\">\n\t\t\t\t\t\t<a href=\"tel:+358 503804024\">+358 503804024<\/a><\/a>\n\t\t\t\t\t<\/span>\n\t\t\t\t\t\t\t\t\t\t\t\t\t<span class=\"em-block-contact-card__email\">\n\t\t\t\t\t\t<a href=\"mailto:leena.wartiainen@teknologiateollisuus.fi\">leena.wartiainen@teknologiateollisuus.fi<\/a><\/a>\n\t\t\t\t\t<\/span>\n\t\t\t\t\t\t\t<\/address>\n\t\t\t\t\t<\/div>\n\t<\/div>\n\n<\/article>\n","protected":false},"excerpt":{"rendered":"<p>Yritysten erilaiset tilanteet edellytt\u00e4v\u00e4t osaamista yhteistoimintaan ja paikalliseen sopimiseen liittyen. Keskeisi\u00e4 teemoja ovat esimerkiksi kannustava palkkaus, joustavat ty\u00f6ajat ja poissaolojen hallinta. J\u00e4rjest\u00e4mme Teknologiateollisuuden ty\u00f6nantajat ry:n j\u00e4senyritysten edustajille suunnatun 2-p\u00e4iv\u00e4isen Ty\u00f6suhdeasiat-kurssin 22.1. ja 28.1.2025 Scandic Hamburger B\u00f6rsiss\u00e4 Turussa. Kurssin tavoitteena on antaa perustietoa sek\u00e4 valmiuksia ty\u00f6lains\u00e4\u00e4d\u00e4nn\u00f6n ja alan ty\u00f6ntekij\u00f6it\u00e4 koskevan ty\u00f6ehtosopimuksen (Ty\u00f6ehtosopimus, teknologiateollisuuden ty\u00f6ntekij\u00e4t) keskeisten m\u00e4\u00e4r\u00e4ysten [&hellip;]<\/p>\n","protected":false},"featured_media":3528,"template":"","meta":{"_acf_changed":false,"_relevanssi_hide_post":"","_relevanssi_hide_content":"","_relevanssi_pin_for_all":"","_relevanssi_pin_keywords":"","_relevanssi_unpin_keywords":"","_relevanssi_related_keywords":"","_relevanssi_related_include_ids":"","_relevanssi_related_exclude_ids":"","_relevanssi_related_no_append":"","_relevanssi_related_not_related":"","_relevanssi_related_posts":"6099,5774,7187,16418,5780,6692","_relevanssi_noindex_reason":"","inline_featured_image":false,"growthstack-ab-test":[],"growthstack-ab-test-views":[],"footnotes":""},"post_tag":[],"em_region":[48,49],"em_target_group":[],"em_event_type":[31],"class_list":["post-16604","em_event","type-em_event","status-publish","has-post-thumbnail","hentry","em_region-satakunta","em_region-varsinais-suomi","em_event_type-koulutukset"],"acf":{"event_start_date":"20250122","event_end_date":"20250128","event_start_time":"08:45:00","event_end_time":"16:00:00","location":"Scandic Hamburger B\u00f6rs","address":"Kauppiaskatu 6, 20100 Turku","registration":"https:\/\/www.lyyti.in\/muutosneuvottelut_koulutuswebinaari","files":null,"links":null,"locked":false},"yoast_head":"<!-- This site is optimized with the Yoast SEO Premium plugin v27.1 (Yoast SEO v27.5) - https:\/\/yoast.com\/product\/yoast-seo-premium-wordpress\/ -->\n<title>Ty\u00f6suhdeasiat-kurssi, Turku - Teknologiateollisuus - J\u00e4senille<\/title>\n<meta name=\"description\" content=\"Teknologiateollisuuden ty\u00f6nantajat ry:n j\u00e4senyrityksille suunnattu 2-p\u00e4iv\u00e4inen Ty\u00f6suhdeasiat-kurssi j\u00e4rjestet\u00e4\u00e4n 22.1. ja 28.1. Turussa.\" \/>\n<meta name=\"robots\" content=\"index, follow, max-snippet:-1, max-image-preview:large, max-video-preview:-1\" \/>\n<link rel=\"canonical\" href=\"https:\/\/teknologiateollisuus.fi\/jasenille\/tapahtumat\/tyosuhdeasiat-kurssi-turku\/\" \/>\n<meta property=\"og:locale\" content=\"fi_FI\" \/>\n<meta property=\"og:type\" content=\"article\" \/>\n<meta property=\"og:title\" content=\"Ty\u00f6suhdeasiat-kurssi, Turku\" \/>\n<meta property=\"og:description\" content=\"Teknologiateollisuuden ty\u00f6nantajat ry:n j\u00e4senyrityksille suunnattu 2-p\u00e4iv\u00e4inen Ty\u00f6suhdeasiat-kurssi j\u00e4rjestet\u00e4\u00e4n 22.1. ja 28.1. Turussa.\" \/>\n<meta property=\"og:url\" content=\"https:\/\/teknologiateollisuus.fi\/jasenille\/tapahtumat\/tyosuhdeasiat-kurssi-turku\/\" \/>\n<meta property=\"og:site_name\" content=\"Teknologiateollisuus - J\u00e4senille\" \/>\n<meta property=\"article:modified_time\" content=\"2024-11-26T10:24:44+00:00\" \/>\n<meta property=\"og:image\" content=\"https:\/\/teknologiateollisuus.fi\/jasenille\/wp-content\/uploads\/sites\/1\/2024\/01\/Esitys.jpg\" \/>\n\t<meta property=\"og:image:width\" content=\"1733\" \/>\n\t<meta property=\"og:image:height\" content=\"1155\" \/>\n\t<meta property=\"og:image:type\" content=\"image\/jpeg\" \/>\n<meta name=\"twitter:card\" content=\"summary_large_image\" \/>\n<meta name=\"twitter:label1\" content=\"Arvioitu lukuaika\" \/>\n\t<meta name=\"twitter:data1\" content=\"2 minuuttia\" \/>\n<script type=\"application\/ld+json\" class=\"yoast-schema-graph\">{\"@context\":\"https:\\\/\\\/schema.org\",\"@graph\":[{\"@type\":\"WebPage\",\"@id\":\"https:\\\/\\\/teknologiateollisuus.fi\\\/jasenille\\\/tapahtumat\\\/tyosuhdeasiat-kurssi-turku\\\/\",\"url\":\"https:\\\/\\\/teknologiateollisuus.fi\\\/jasenille\\\/tapahtumat\\\/tyosuhdeasiat-kurssi-turku\\\/\",\"name\":\"Ty\u00f6suhdeasiat-kurssi, Turku - Teknologiateollisuus - J\u00e4senille\",\"isPartOf\":{\"@id\":\"https:\\\/\\\/teknologiateollisuus.fi\\\/jasenille\\\/#website\"},\"primaryImageOfPage\":{\"@id\":\"https:\\\/\\\/teknologiateollisuus.fi\\\/jasenille\\\/tapahtumat\\\/tyosuhdeasiat-kurssi-turku\\\/#primaryimage\"},\"image\":{\"@id\":\"https:\\\/\\\/teknologiateollisuus.fi\\\/jasenille\\\/tapahtumat\\\/tyosuhdeasiat-kurssi-turku\\\/#primaryimage\"},\"thumbnailUrl\":\"https:\\\/\\\/teknologiateollisuus.fi\\\/jasenille\\\/wp-content\\\/uploads\\\/sites\\\/1\\\/2024\\\/01\\\/Esitys.jpg\",\"datePublished\":\"2024-11-26T08:58:26+00:00\",\"dateModified\":\"2024-11-26T10:24:44+00:00\",\"description\":\"Teknologiateollisuuden ty\u00f6nantajat ry:n j\u00e4senyrityksille suunnattu 2-p\u00e4iv\u00e4inen Ty\u00f6suhdeasiat-kurssi j\u00e4rjestet\u00e4\u00e4n 22.1. ja 28.1. Turussa.\",\"breadcrumb\":{\"@id\":\"https:\\\/\\\/teknologiateollisuus.fi\\\/jasenille\\\/tapahtumat\\\/tyosuhdeasiat-kurssi-turku\\\/#breadcrumb\"},\"inLanguage\":\"fi\",\"potentialAction\":[{\"@type\":\"ReadAction\",\"target\":[\"https:\\\/\\\/teknologiateollisuus.fi\\\/jasenille\\\/tapahtumat\\\/tyosuhdeasiat-kurssi-turku\\\/\"]}]},{\"@type\":\"ImageObject\",\"inLanguage\":\"fi\",\"@id\":\"https:\\\/\\\/teknologiateollisuus.fi\\\/jasenille\\\/tapahtumat\\\/tyosuhdeasiat-kurssi-turku\\\/#primaryimage\",\"url\":\"https:\\\/\\\/teknologiateollisuus.fi\\\/jasenille\\\/wp-content\\\/uploads\\\/sites\\\/1\\\/2024\\\/01\\\/Esitys.jpg\",\"contentUrl\":\"https:\\\/\\\/teknologiateollisuus.fi\\\/jasenille\\\/wp-content\\\/uploads\\\/sites\\\/1\\\/2024\\\/01\\\/Esitys.jpg\",\"width\":1733,\"height\":1155,\"caption\":\"Ihmiset kuuntelevat esityst\u00e4 kokoustilassa, kuvituskuva.\"},{\"@type\":\"BreadcrumbList\",\"@id\":\"https:\\\/\\\/teknologiateollisuus.fi\\\/jasenille\\\/tapahtumat\\\/tyosuhdeasiat-kurssi-turku\\\/#breadcrumb\",\"itemListElement\":[{\"@type\":\"ListItem\",\"position\":1,\"name\":\"Home\",\"item\":\"https:\\\/\\\/teknologiateollisuus.fi\\\/jasenille\\\/\"},{\"@type\":\"ListItem\",\"position\":2,\"name\":\"Ajankohtaista\",\"item\":\"https:\\\/\\\/teknologiateollisuus.fi\\\/jasenille\\\/ajankohtaista\\\/\"},{\"@type\":\"ListItem\",\"position\":3,\"name\":\"Tapahtumat ja koulutukset\",\"item\":\"https:\\\/\\\/teknologiateollisuus.fi\\\/jasenille\\\/palvelut\\\/tapahtumat-ja-koulutukset\\\/\"},{\"@type\":\"ListItem\",\"position\":4,\"name\":\"Ty\u00f6suhdeasiat-kurssi, Turku\"}]},{\"@type\":\"WebSite\",\"@id\":\"https:\\\/\\\/teknologiateollisuus.fi\\\/jasenille\\\/#website\",\"url\":\"https:\\\/\\\/teknologiateollisuus.fi\\\/jasenille\\\/\",\"name\":\"Teknologiateollisuus - J\u00e4senille\",\"description\":\"\",\"publisher\":{\"@id\":\"https:\\\/\\\/teknologiateollisuus.fi\\\/jasenille\\\/#organization\"},\"potentialAction\":[{\"@type\":\"SearchAction\",\"target\":{\"@type\":\"EntryPoint\",\"urlTemplate\":\"https:\\\/\\\/teknologiateollisuus.fi\\\/jasenille\\\/?s={search_term_string}\"},\"query-input\":{\"@type\":\"PropertyValueSpecification\",\"valueRequired\":true,\"valueName\":\"search_term_string\"}}],\"inLanguage\":\"fi\"},{\"@type\":\"Organization\",\"@id\":\"https:\\\/\\\/teknologiateollisuus.fi\\\/jasenille\\\/#organization\",\"name\":\"Teknologiateollisuus - J\u00e4senille\",\"url\":\"https:\\\/\\\/teknologiateollisuus.fi\\\/jasenille\\\/\",\"logo\":{\"@type\":\"ImageObject\",\"inLanguage\":\"fi\",\"@id\":\"https:\\\/\\\/teknologiateollisuus.fi\\\/jasenille\\\/#\\\/schema\\\/logo\\\/image\\\/\",\"url\":\"https:\\\/\\\/teknologiateollisuus.fi\\\/jasenille\\\/wp-content\\\/uploads\\\/sites\\\/1\\\/2023\\\/10\\\/placeholder.png\",\"contentUrl\":\"https:\\\/\\\/teknologiateollisuus.fi\\\/jasenille\\\/wp-content\\\/uploads\\\/sites\\\/1\\\/2023\\\/10\\\/placeholder.png\",\"width\":2560,\"height\":1920,\"caption\":\"Teknologiateollisuus - J\u00e4senille\"},\"image\":{\"@id\":\"https:\\\/\\\/teknologiateollisuus.fi\\\/jasenille\\\/#\\\/schema\\\/logo\\\/image\\\/\"}}]}<\/script>\n<!-- \/ Yoast SEO Premium plugin. -->","yoast_head_json":{"title":"Ty\u00f6suhdeasiat-kurssi, Turku - Teknologiateollisuus - J\u00e4senille","description":"Teknologiateollisuuden ty\u00f6nantajat ry:n j\u00e4senyrityksille suunnattu 2-p\u00e4iv\u00e4inen Ty\u00f6suhdeasiat-kurssi j\u00e4rjestet\u00e4\u00e4n 22.1. ja 28.1. Turussa.","robots":{"index":"index","follow":"follow","max-snippet":"max-snippet:-1","max-image-preview":"max-image-preview:large","max-video-preview":"max-video-preview:-1"},"canonical":"https:\/\/teknologiateollisuus.fi\/jasenille\/tapahtumat\/tyosuhdeasiat-kurssi-turku\/","og_locale":"fi_FI","og_type":"article","og_title":"Ty\u00f6suhdeasiat-kurssi, Turku","og_description":"Teknologiateollisuuden ty\u00f6nantajat ry:n j\u00e4senyrityksille suunnattu 2-p\u00e4iv\u00e4inen Ty\u00f6suhdeasiat-kurssi j\u00e4rjestet\u00e4\u00e4n 22.1. ja 28.1. Turussa.","og_url":"https:\/\/teknologiateollisuus.fi\/jasenille\/tapahtumat\/tyosuhdeasiat-kurssi-turku\/","og_site_name":"Teknologiateollisuus - J\u00e4senille","article_modified_time":"2024-11-26T10:24:44+00:00","og_image":[{"width":1733,"height":1155,"url":"https:\/\/teknologiateollisuus.fi\/jasenille\/wp-content\/uploads\/sites\/1\/2024\/01\/Esitys.jpg","type":"image\/jpeg"}],"twitter_card":"summary_large_image","twitter_misc":{"Arvioitu lukuaika":"2 minuuttia"},"schema":{"@context":"https:\/\/schema.org","@graph":[{"@type":"WebPage","@id":"https:\/\/teknologiateollisuus.fi\/jasenille\/tapahtumat\/tyosuhdeasiat-kurssi-turku\/","url":"https:\/\/teknologiateollisuus.fi\/jasenille\/tapahtumat\/tyosuhdeasiat-kurssi-turku\/","name":"Ty\u00f6suhdeasiat-kurssi, Turku - Teknologiateollisuus - J\u00e4senille","isPartOf":{"@id":"https:\/\/teknologiateollisuus.fi\/jasenille\/#website"},"primaryImageOfPage":{"@id":"https:\/\/teknologiateollisuus.fi\/jasenille\/tapahtumat\/tyosuhdeasiat-kurssi-turku\/#primaryimage"},"image":{"@id":"https:\/\/teknologiateollisuus.fi\/jasenille\/tapahtumat\/tyosuhdeasiat-kurssi-turku\/#primaryimage"},"thumbnailUrl":"https:\/\/teknologiateollisuus.fi\/jasenille\/wp-content\/uploads\/sites\/1\/2024\/01\/Esitys.jpg","datePublished":"2024-11-26T08:58:26+00:00","dateModified":"2024-11-26T10:24:44+00:00","description":"Teknologiateollisuuden ty\u00f6nantajat ry:n j\u00e4senyrityksille suunnattu 2-p\u00e4iv\u00e4inen Ty\u00f6suhdeasiat-kurssi j\u00e4rjestet\u00e4\u00e4n 22.1. ja 28.1. Turussa.","breadcrumb":{"@id":"https:\/\/teknologiateollisuus.fi\/jasenille\/tapahtumat\/tyosuhdeasiat-kurssi-turku\/#breadcrumb"},"inLanguage":"fi","potentialAction":[{"@type":"ReadAction","target":["https:\/\/teknologiateollisuus.fi\/jasenille\/tapahtumat\/tyosuhdeasiat-kurssi-turku\/"]}]},{"@type":"ImageObject","inLanguage":"fi","@id":"https:\/\/teknologiateollisuus.fi\/jasenille\/tapahtumat\/tyosuhdeasiat-kurssi-turku\/#primaryimage","url":"https:\/\/teknologiateollisuus.fi\/jasenille\/wp-content\/uploads\/sites\/1\/2024\/01\/Esitys.jpg","contentUrl":"https:\/\/teknologiateollisuus.fi\/jasenille\/wp-content\/uploads\/sites\/1\/2024\/01\/Esitys.jpg","width":1733,"height":1155,"caption":"Ihmiset kuuntelevat esityst\u00e4 kokoustilassa, kuvituskuva."},{"@type":"BreadcrumbList","@id":"https:\/\/teknologiateollisuus.fi\/jasenille\/tapahtumat\/tyosuhdeasiat-kurssi-turku\/#breadcrumb","itemListElement":[{"@type":"ListItem","position":1,"name":"Home","item":"https:\/\/teknologiateollisuus.fi\/jasenille\/"},{"@type":"ListItem","position":2,"name":"Ajankohtaista","item":"https:\/\/teknologiateollisuus.fi\/jasenille\/ajankohtaista\/"},{"@type":"ListItem","position":3,"name":"Tapahtumat ja koulutukset","item":"https:\/\/teknologiateollisuus.fi\/jasenille\/palvelut\/tapahtumat-ja-koulutukset\/"},{"@type":"ListItem","position":4,"name":"Ty\u00f6suhdeasiat-kurssi, Turku"}]},{"@type":"WebSite","@id":"https:\/\/teknologiateollisuus.fi\/jasenille\/#website","url":"https:\/\/teknologiateollisuus.fi\/jasenille\/","name":"Teknologiateollisuus - J\u00e4senille","description":"","publisher":{"@id":"https:\/\/teknologiateollisuus.fi\/jasenille\/#organization"},"potentialAction":[{"@type":"SearchAction","target":{"@type":"EntryPoint","urlTemplate":"https:\/\/teknologiateollisuus.fi\/jasenille\/?s={search_term_string}"},"query-input":{"@type":"PropertyValueSpecification","valueRequired":true,"valueName":"search_term_string"}}],"inLanguage":"fi"},{"@type":"Organization","@id":"https:\/\/teknologiateollisuus.fi\/jasenille\/#organization","name":"Teknologiateollisuus - J\u00e4senille","url":"https:\/\/teknologiateollisuus.fi\/jasenille\/","logo":{"@type":"ImageObject","inLanguage":"fi","@id":"https:\/\/teknologiateollisuus.fi\/jasenille\/#\/schema\/logo\/image\/","url":"https:\/\/teknologiateollisuus.fi\/jasenille\/wp-content\/uploads\/sites\/1\/2023\/10\/placeholder.png","contentUrl":"https:\/\/teknologiateollisuus.fi\/jasenille\/wp-content\/uploads\/sites\/1\/2023\/10\/placeholder.png","width":2560,"height":1920,"caption":"Teknologiateollisuus - J\u00e4senille"},"image":{"@id":"https:\/\/teknologiateollisuus.fi\/jasenille\/#\/schema\/logo\/image\/"}}]}},"lang":"fi","translations":{"fi":16604},"pll_sync_post":{},"_links":{"self":[{"href":"https:\/\/teknologiateollisuus.fi\/jasenille\/wp-json\/wp\/v2\/events\/16604","targetHints":{"allow":["GET"]}}],"collection":[{"href":"https:\/\/teknologiateollisuus.fi\/jasenille\/wp-json\/wp\/v2\/events"}],"about":[{"href":"https:\/\/teknologiateollisuus.fi\/jasenille\/wp-json\/wp\/v2\/types\/em_event"}],"version-history":[{"count":7,"href":"https:\/\/teknologiateollisuus.fi\/jasenille\/wp-json\/wp\/v2\/events\/16604\/revisions"}],"predecessor-version":[{"id":16633,"href":"https:\/\/teknologiateollisuus.fi\/jasenille\/wp-json\/wp\/v2\/events\/16604\/revisions\/16633"}],"wp:featuredmedia":[{"embeddable":true,"href":"https:\/\/teknologiateollisuus.fi\/jasenille\/wp-json\/wp\/v2\/media\/3528"}],"wp:attachment":[{"href":"https:\/\/teknologiateollisuus.fi\/jasenille\/wp-json\/wp\/v2\/media?parent=16604"}],"wp:term":[{"taxonomy":"post_tag","embeddable":true,"href":"https:\/\/teknologiateollisuus.fi\/jasenille\/wp-json\/wp\/v2\/post_tag?post=16604"},{"taxonomy":"em_region","embeddable":true,"href":"https:\/\/teknologiateollisuus.fi\/jasenille\/wp-json\/wp\/v2\/em_region?post=16604"},{"taxonomy":"em_target_group","embeddable":true,"href":"https:\/\/teknologiateollisuus.fi\/jasenille\/wp-json\/wp\/v2\/em_target_group?post=16604"},{"taxonomy":"em_event_type","embeddable":true,"href":"https:\/\/teknologiateollisuus.fi\/jasenille\/wp-json\/wp\/v2\/em_event_type?post=16604"}],"curies":[{"name":"wp","href":"https:\/\/api.w.org\/{rel}","templated":true}]}}