{"id":23705,"date":"2025-02-04T14:00:00","date_gmt":"2025-02-04T12:00:00","guid":{"rendered":"https:\/\/teknologiateollisuus.fi\/jasenille\/?post_type=em_event&#038;p=23705"},"modified":"2025-02-04T13:01:17","modified_gmt":"2025-02-04T11:01:17","slug":"koulutuswebinaari-lomautus-ja-irtisanominen-kollektiiviperusteella","status":"publish","type":"em_event","link":"https:\/\/teknologiateollisuus.fi\/jasenille\/tapahtumat\/koulutuswebinaari-lomautus-ja-irtisanominen-kollektiiviperusteella\/","title":{"rendered":"Koulutuswebinaari: Lomautus ja irtisanominen kollektiiviperusteella"},"content":{"rendered":"\n<h3 class=\"wp-block-heading  mt-xs mb-xs\" id=\"kohderyhma\"><strong>Kohderyhm\u00e4<\/strong><\/h3>\n\n\n\n<p class=\" mt-xs mb-xs\">Koulutus&nbsp;on tarkoitettu Teknologiateollisuus ry:n j\u00e4senyritysten HR-asiantuntijoille ja esihenkil\u00f6ille, jotka tarvitsevat ty\u00f6ss\u00e4\u00e4n tietoa ty\u00f6ntekij\u00f6iden lomauttamisten ja irtisanomisten toteuttamisesta kollektiiviperusteella.<\/p>\n\n\n\n<p><strong>Koulutuksessa k\u00e4yd\u00e4\u00e4n l\u00e4pi aihealueeseen liittyv\u00e4t ty\u00f6ehtosopimusm\u00e4\u00e4r\u00e4ykset teollisuuden ty\u00f6ehtosopimuksista (teknologiateollisuuden ty\u00f6ntekij\u00e4t, toimihenkil\u00f6t ja ylemm\u00e4t toimihenkil\u00f6t).<\/strong> Koulutukseen ovat kuitenkin tervetulleita kaikkien Teknologiateollisuuden toimialojen edustajat.&nbsp;<\/p>\n\n\n\n<p class=\" mt-xs\">Koulutukseen voivat osallistua&nbsp;<strong>Teknologiateollisuuden ty\u00f6nantajat ry<\/strong>:n j\u00e4senyritysten edustajat&nbsp;<em>(ty\u00f6ehtosopimusta sovelletaan normaalisitovuuden perusteella)<\/em>&nbsp;sek\u00e4 pelk\u00e4st\u00e4\u00e4n&nbsp;<strong>Teknologiateollisuus ry<\/strong>:hyn kuuluvien j\u00e4senyritysten edustajat&nbsp;<em>(ty\u00f6ehtosopimusta sovelletaan yleissitovuuden perusteella)<\/em>.<\/p>\n\n\n\n<h3 class=\"wp-block-heading  mt-xs mb-xs\" id=\"kouluttajat\"><strong>Kouluttajat<\/strong><\/h3>\n\n\n\n<p class=\" mt-xs mb-xs\">Kouluttajina toimivat Teknologiateollisuus ry:n ty\u00f6markkina-asiantuntijat <strong>Joanna Ahokanto-Niemi<\/strong> ja <strong>Metta Puumalainen&nbsp;<\/strong><\/p>\n\n\n\n<h3 class=\"wp-block-heading  mt-xs mb-xs\" id=\"koulutuksen-hinta\"><strong>Koulutuksen hinta<\/strong><\/h3>\n\n\n\n<p class=\" mt-xs mb-xs\">Teknologiateollisuus ry:n j\u00e4senyrityksille 100 \u20ac + alv<\/p>\n\n\n\n<p class=\" mb-xs mt-xs\">Maksu sis\u00e4lt\u00e4\u00e4 koulutuksen ja&nbsp;koulutusaineiston. Koulutus&nbsp;laskutetaan j\u00e4lkik\u00e4teen. Laskuttaja on Teknologiateollisuus ry:n omistama Teknologiainfo Teknova Oy (0111607-2). Osallistumismaksun voi maksaa my\u00f6s etuk\u00e4teen verkossa Paytrail-palvelun kautta.<\/p>\n\n\n\n<p class=\" mb-xs\"><br><strong>Ilmoittaudu mukaan 25.04.2025 menness\u00e4<\/strong><\/p>\n\n\n\n<div class=\"wp-block-buttons  mt-md is-layout-flex wp-block-buttons-is-layout-flex\">\n<div class=\"wp-block-button  icon-right size-lg\"><a class=\"wp-block-button__link wp-element-button\" href=\"https:\/\/www.lyyti.in\/lomautus_ja_irtisanominen_290425\" target=\"_blank\" rel=\"noreferrer noopener\">Ilmoittaudu tapahtumaan<\/a><\/div>\n<\/div>\n\n\n\n<div class=\"wp-block-scb-columns scb-columns  has-mobile-behavior--stacked em-pattern-event-contacts\">\n<div class=\"wp-block-scb-column scb-column\">\n<h2 class=\"wp-block-heading\" id=\"lisatietoja\">Lis\u00e4tietoja<\/h2>\n\n\n\n<article class=\"em-block-contact-card is-style-list\">\n\n\t<div class=\"em-block-contact-card__image\">\n\t\t\t\t\t<img loading=\"lazy\" decoding=\"async\" width=\"300\" height=\"400\" src=\"https:\/\/teknologiateollisuus.fi\/jasenille\/wp-content\/uploads\/2024\/05\/phpwagovo.png\" class=\"attachment-portrait size-portrait\" alt=\"\" \/>\t\t\t<\/div>\n\t<div class=\"em-block-contact-card__content-wrapper\">\n\t\t<div class=\"em-block-contact-card__content\">\n\t\t\t\t\t\t\t<div class=\"em-block-contact-card__business-units\">\n\t\t\t\t\t\t\t\t\t\t\t<span class=\"em-block-contact-card__business-unit\">Ty\u00f6markkinat ja ty\u00f6el\u00e4m\u00e4n s\u00e4\u00e4ntely<\/span>\n\t\t\t\t\t\t\t\t\t<\/div>\n\t\t\t\t\t\t<h3 class=\"em-block-contact-card__title\"><a target=\"_self\" href=\"https:\/\/teknologiateollisuus.fi\/?p=1202\">Ahokanto-Niemi Joanna<\/a><\/h3>\n\t\t\t\t\t\t\t<span class=\"em-block-contact-card__job_title\">Ty\u00f6markkina-asiantuntija &#8211; Neuvontapalvelut, ty\u00f6el\u00e4m\u00e4n kehitt\u00e4minen ja lains\u00e4\u00e4d\u00e4nt\u00f6vaikuttaminen<\/span>\n\t\t\t\t\t\t\t\t\t\t<span class=\"em-block-contact-card__organisation\">Teknologiateollisuus ry<\/span>\n\t\t\t\t\t<\/div>\n\t\t<div class=\"em-block-contact-card__content\">\n\t\t\t\t\t\t<address class=\"em-block-contact-card__contact-details\">\n\t\t\t\t\t\t\t\t\t<span class=\"em-block-contact-card__phone\">\n\t\t\t\t\t\t<a href=\"tel:+358 405001117\">+358 405001117<\/a><\/a>\n\t\t\t\t\t<\/span>\n\t\t\t\t\t\t\t\t\t\t\t\t\t<span class=\"em-block-contact-card__email\">\n\t\t\t\t\t\t<a href=\"mailto:joanna.ahokanto-niemi@teknologiateollisuus.fi\">joanna.ahokanto-niemi@teknologiateollisuus.fi<\/a><\/a>\n\t\t\t\t\t<\/span>\n\t\t\t\t\t\t\t<\/address>\n\t\t\t\t\t<\/div>\n\t<\/div>\n\n<\/article>\n\n\n\n<article class=\"em-block-contact-card is-style-list\">\n\n\t<div class=\"em-block-contact-card__image\">\n\t\t\t\t\t<img loading=\"lazy\" decoding=\"async\" width=\"300\" height=\"400\" src=\"https:\/\/teknologiateollisuus.fi\/jasenille\/wp-content\/uploads\/2024\/05\/phpnzuffo.jpg\" class=\"attachment-portrait size-portrait\" alt=\"\" \/>\t\t\t<\/div>\n\t<div class=\"em-block-contact-card__content-wrapper\">\n\t\t<div class=\"em-block-contact-card__content\">\n\t\t\t\t\t\t\t<div class=\"em-block-contact-card__business-units\">\n\t\t\t\t\t\t\t\t\t\t\t<span class=\"em-block-contact-card__business-unit\">Ty\u00f6markkinat ja ty\u00f6el\u00e4m\u00e4n s\u00e4\u00e4ntely<\/span>\n\t\t\t\t\t\t\t\t\t<\/div>\n\t\t\t\t\t\t<h3 class=\"em-block-contact-card__title\"><a target=\"_self\" href=\"https:\/\/teknologiateollisuus.fi\/?p=1199\">Puumalainen Metta<\/a><\/h3>\n\t\t\t\t\t\t\t<span class=\"em-block-contact-card__job_title\">Ty\u00f6markkina-asiantuntija &#8211; Paikallinen sopiminen, yrityskohtaiset ty\u00f6ehdot ja lains\u00e4\u00e4d\u00e4nt\u00f6vaikuttaminen<\/span>\n\t\t\t\t\t\t\t\t\t\t<span class=\"em-block-contact-card__organisation\">Teknologiateollisuus ry<\/span>\n\t\t\t\t\t<\/div>\n\t\t<div class=\"em-block-contact-card__content\">\n\t\t\t\t\t\t<address class=\"em-block-contact-card__contact-details\">\n\t\t\t\t\t\t\t\t\t<span class=\"em-block-contact-card__phone\">\n\t\t\t\t\t\t<a href=\"tel:+358 40 514 1389\">+358 40 514 1389<\/a><\/a>\n\t\t\t\t\t<\/span>\n\t\t\t\t\t\t\t\t\t\t\t\t\t<span class=\"em-block-contact-card__email\">\n\t\t\t\t\t\t<a href=\"mailto:metta.puumalainen@teknologiateollisuus.fi\">metta.puumalainen@teknologiateollisuus.fi<\/a><\/a>\n\t\t\t\t\t<\/span>\n\t\t\t\t\t\t\t<\/address>\n\t\t\t\t\t<\/div>\n\t<\/div>\n\n<\/article>\n<\/div>\n<\/div>\n\n\n\n<p><\/p>\n","protected":false},"excerpt":{"rendered":"<p>Ty\u00f6nantajan edellytykset tarjota ty\u00f6t\u00e4 voivat heiket\u00e4 \u00e4killisesti, jolloin joudutaan pohtimaan ty\u00f6ntekij\u00f6iden lomauttamista m\u00e4\u00e4r\u00e4aikaisesti tai toistaiseksi sek\u00e4 ty\u00f6ntekij\u00f6iden irtisanomista. Webinaarissa keskityt\u00e4\u00e4n k\u00e4ym\u00e4\u00e4n l\u00e4pi ty\u00f6ntekij\u00f6iden lomauttamisen ja irtisanomisen perusteita, menettelytapoja ja k\u00e4yt\u00e4nn\u00f6n asioita lomauttamiseen ja irtisanomiseen liittyen.<\/p>\n","protected":false},"featured_media":2006,"template":"","meta":{"_acf_changed":false,"_relevanssi_hide_post":"","_relevanssi_hide_content":"","_relevanssi_pin_for_all":"","_relevanssi_pin_keywords":"","_relevanssi_unpin_keywords":"","_relevanssi_related_keywords":"","_relevanssi_related_include_ids":"","_relevanssi_related_exclude_ids":"","_relevanssi_related_no_append":"","_relevanssi_related_not_related":"","_relevanssi_related_posts":"7264,6453,6445,15161,6221,7236","_relevanssi_noindex_reason":"","inline_featured_image":false,"growthstack-ab-test":[],"growthstack-ab-test-views":[],"footnotes":""},"post_tag":[],"em_region":[52,40,41,42,43,44,45,46,50,51,47,48,39,49],"em_target_group":[],"em_event_type":[],"class_list":["post-23705","em_event","type-em_event","status-publish","has-post-thumbnail","hentry","em_region-ahvenanmaa","em_region-ita-suomi","em_region-kaakkois-suomi","em_region-kanta-hame","em_region-keski-suomi","em_region-lansi-suomi","em_region-pirkanmaa","em_region-pohjois-suomi","em_region-pohjois-suomi-lappi","em_region-pohjois-suomi-oulu","em_region-paijat-hame","em_region-satakunta","em_region-uusimaa","em_region-varsinais-suomi"],"acf":{"event_start_date":"20250429","event_end_date":"20250429","event_start_time":"09:00:00","event_end_time":"12:00:00","location":"Teams","address":"","registration":"https:\/\/www.lyyti.in\/lomautus_ja_irtisanominen_290425","files":null,"links":null,"locked":false},"yoast_head":"<!-- This site is optimized with the Yoast SEO Premium plugin v27.1 (Yoast SEO v27.5) - https:\/\/yoast.com\/product\/yoast-seo-premium-wordpress\/ -->\n<title>Koulutuswebinaari: Lomautus ja irtisanominen kollektiiviperusteella - Teknologiateollisuus - J\u00e4senille<\/title>\n<meta name=\"description\" content=\"Webinaarissa k\u00e4yd\u00e4\u00e4n l\u00e4pi ty\u00f6ntekij\u00f6iden lomauttamisen ja irtisanomisen perusteita, menettelytapoja ja k\u00e4yt\u00e4nn\u00f6n asioita lomauttamiseen ja irtisanomiseen liittyen.\" \/>\n<meta name=\"robots\" content=\"index, follow, max-snippet:-1, max-image-preview:large, max-video-preview:-1\" \/>\n<link rel=\"canonical\" href=\"https:\/\/teknologiateollisuus.fi\/jasenille\/tapahtumat\/koulutuswebinaari-lomautus-ja-irtisanominen-kollektiiviperusteella\/\" \/>\n<meta property=\"og:locale\" content=\"fi_FI\" \/>\n<meta property=\"og:type\" content=\"article\" \/>\n<meta property=\"og:title\" content=\"Koulutuswebinaari: Lomautus ja irtisanominen kollektiiviperusteella\" \/>\n<meta property=\"og:description\" content=\"Webinaarissa k\u00e4yd\u00e4\u00e4n l\u00e4pi ty\u00f6ntekij\u00f6iden lomauttamisen ja irtisanomisen perusteita, menettelytapoja ja k\u00e4yt\u00e4nn\u00f6n asioita lomauttamiseen ja irtisanomiseen liittyen.\" \/>\n<meta property=\"og:url\" content=\"https:\/\/teknologiateollisuus.fi\/jasenille\/tapahtumat\/koulutuswebinaari-lomautus-ja-irtisanominen-kollektiiviperusteella\/\" \/>\n<meta property=\"og:site_name\" content=\"Teknologiateollisuus - J\u00e4senille\" \/>\n<meta property=\"og:image\" content=\"https:\/\/teknologiateollisuus.fi\/jasenille\/wp-content\/uploads\/sites\/1\/2023\/12\/Kehityskeskustelu.jpg\" \/>\n\t<meta property=\"og:image:width\" content=\"1920\" \/>\n\t<meta property=\"og:image:height\" content=\"1188\" \/>\n\t<meta property=\"og:image:type\" content=\"image\/jpeg\" \/>\n<meta name=\"twitter:card\" content=\"summary_large_image\" \/>\n<meta name=\"twitter:label1\" content=\"Arvioitu lukuaika\" \/>\n\t<meta name=\"twitter:data1\" content=\"1 minuutti\" \/>\n<script type=\"application\/ld+json\" class=\"yoast-schema-graph\">{\"@context\":\"https:\\\/\\\/schema.org\",\"@graph\":[{\"@type\":\"WebPage\",\"@id\":\"https:\\\/\\\/teknologiateollisuus.fi\\\/jasenille\\\/tapahtumat\\\/koulutuswebinaari-lomautus-ja-irtisanominen-kollektiiviperusteella\\\/\",\"url\":\"https:\\\/\\\/teknologiateollisuus.fi\\\/jasenille\\\/tapahtumat\\\/koulutuswebinaari-lomautus-ja-irtisanominen-kollektiiviperusteella\\\/\",\"name\":\"Koulutuswebinaari: Lomautus ja irtisanominen kollektiiviperusteella - Teknologiateollisuus - J\u00e4senille\",\"isPartOf\":{\"@id\":\"https:\\\/\\\/teknologiateollisuus.fi\\\/jasenille\\\/#website\"},\"primaryImageOfPage\":{\"@id\":\"https:\\\/\\\/teknologiateollisuus.fi\\\/jasenille\\\/tapahtumat\\\/koulutuswebinaari-lomautus-ja-irtisanominen-kollektiiviperusteella\\\/#primaryimage\"},\"image\":{\"@id\":\"https:\\\/\\\/teknologiateollisuus.fi\\\/jasenille\\\/tapahtumat\\\/koulutuswebinaari-lomautus-ja-irtisanominen-kollektiiviperusteella\\\/#primaryimage\"},\"thumbnailUrl\":\"https:\\\/\\\/teknologiateollisuus.fi\\\/jasenille\\\/wp-content\\\/uploads\\\/sites\\\/1\\\/2023\\\/12\\\/Kehityskeskustelu.jpg\",\"datePublished\":\"2025-02-04T12:00:00+00:00\",\"description\":\"Webinaarissa k\u00e4yd\u00e4\u00e4n l\u00e4pi ty\u00f6ntekij\u00f6iden lomauttamisen ja irtisanomisen perusteita, menettelytapoja ja k\u00e4yt\u00e4nn\u00f6n asioita lomauttamiseen ja irtisanomiseen liittyen.\",\"breadcrumb\":{\"@id\":\"https:\\\/\\\/teknologiateollisuus.fi\\\/jasenille\\\/tapahtumat\\\/koulutuswebinaari-lomautus-ja-irtisanominen-kollektiiviperusteella\\\/#breadcrumb\"},\"inLanguage\":\"fi\",\"potentialAction\":[{\"@type\":\"ReadAction\",\"target\":[\"https:\\\/\\\/teknologiateollisuus.fi\\\/jasenille\\\/tapahtumat\\\/koulutuswebinaari-lomautus-ja-irtisanominen-kollektiiviperusteella\\\/\"]}]},{\"@type\":\"ImageObject\",\"inLanguage\":\"fi\",\"@id\":\"https:\\\/\\\/teknologiateollisuus.fi\\\/jasenille\\\/tapahtumat\\\/koulutuswebinaari-lomautus-ja-irtisanominen-kollektiiviperusteella\\\/#primaryimage\",\"url\":\"https:\\\/\\\/teknologiateollisuus.fi\\\/jasenille\\\/wp-content\\\/uploads\\\/sites\\\/1\\\/2023\\\/12\\\/Kehityskeskustelu.jpg\",\"contentUrl\":\"https:\\\/\\\/teknologiateollisuus.fi\\\/jasenille\\\/wp-content\\\/uploads\\\/sites\\\/1\\\/2023\\\/12\\\/Kehityskeskustelu.jpg\",\"width\":1920,\"height\":1188,\"caption\":\"Kaksi henkil\u00f6\u00e4 istuvat vastakkain p\u00f6yd\u00e4n \u00e4\u00e4ress\u00e4, kuvituskuva.\"},{\"@type\":\"BreadcrumbList\",\"@id\":\"https:\\\/\\\/teknologiateollisuus.fi\\\/jasenille\\\/tapahtumat\\\/koulutuswebinaari-lomautus-ja-irtisanominen-kollektiiviperusteella\\\/#breadcrumb\",\"itemListElement\":[{\"@type\":\"ListItem\",\"position\":1,\"name\":\"Home\",\"item\":\"https:\\\/\\\/teknologiateollisuus.fi\\\/jasenille\\\/\"},{\"@type\":\"ListItem\",\"position\":2,\"name\":\"Ajankohtaista\",\"item\":\"https:\\\/\\\/teknologiateollisuus.fi\\\/jasenille\\\/ajankohtaista\\\/\"},{\"@type\":\"ListItem\",\"position\":3,\"name\":\"Tapahtumat ja koulutukset\",\"item\":\"https:\\\/\\\/teknologiateollisuus.fi\\\/jasenille\\\/palvelut\\\/tapahtumat-ja-koulutukset\\\/\"},{\"@type\":\"ListItem\",\"position\":4,\"name\":\"Koulutuswebinaari: Lomautus ja irtisanominen kollektiiviperusteella\"}]},{\"@type\":\"WebSite\",\"@id\":\"https:\\\/\\\/teknologiateollisuus.fi\\\/jasenille\\\/#website\",\"url\":\"https:\\\/\\\/teknologiateollisuus.fi\\\/jasenille\\\/\",\"name\":\"Teknologiateollisuus - J\u00e4senille\",\"description\":\"\",\"publisher\":{\"@id\":\"https:\\\/\\\/teknologiateollisuus.fi\\\/jasenille\\\/#organization\"},\"potentialAction\":[{\"@type\":\"SearchAction\",\"target\":{\"@type\":\"EntryPoint\",\"urlTemplate\":\"https:\\\/\\\/teknologiateollisuus.fi\\\/jasenille\\\/?s={search_term_string}\"},\"query-input\":{\"@type\":\"PropertyValueSpecification\",\"valueRequired\":true,\"valueName\":\"search_term_string\"}}],\"inLanguage\":\"fi\"},{\"@type\":\"Organization\",\"@id\":\"https:\\\/\\\/teknologiateollisuus.fi\\\/jasenille\\\/#organization\",\"name\":\"Teknologiateollisuus - J\u00e4senille\",\"url\":\"https:\\\/\\\/teknologiateollisuus.fi\\\/jasenille\\\/\",\"logo\":{\"@type\":\"ImageObject\",\"inLanguage\":\"fi\",\"@id\":\"https:\\\/\\\/teknologiateollisuus.fi\\\/jasenille\\\/#\\\/schema\\\/logo\\\/image\\\/\",\"url\":\"https:\\\/\\\/teknologiateollisuus.fi\\\/jasenille\\\/wp-content\\\/uploads\\\/sites\\\/1\\\/2023\\\/10\\\/placeholder.png\",\"contentUrl\":\"https:\\\/\\\/teknologiateollisuus.fi\\\/jasenille\\\/wp-content\\\/uploads\\\/sites\\\/1\\\/2023\\\/10\\\/placeholder.png\",\"width\":2560,\"height\":1920,\"caption\":\"Teknologiateollisuus - J\u00e4senille\"},\"image\":{\"@id\":\"https:\\\/\\\/teknologiateollisuus.fi\\\/jasenille\\\/#\\\/schema\\\/logo\\\/image\\\/\"}}]}<\/script>\n<!-- \/ Yoast SEO Premium plugin. -->","yoast_head_json":{"title":"Koulutuswebinaari: Lomautus ja irtisanominen kollektiiviperusteella - Teknologiateollisuus - J\u00e4senille","description":"Webinaarissa k\u00e4yd\u00e4\u00e4n l\u00e4pi ty\u00f6ntekij\u00f6iden lomauttamisen ja irtisanomisen perusteita, menettelytapoja ja k\u00e4yt\u00e4nn\u00f6n asioita lomauttamiseen ja irtisanomiseen liittyen.","robots":{"index":"index","follow":"follow","max-snippet":"max-snippet:-1","max-image-preview":"max-image-preview:large","max-video-preview":"max-video-preview:-1"},"canonical":"https:\/\/teknologiateollisuus.fi\/jasenille\/tapahtumat\/koulutuswebinaari-lomautus-ja-irtisanominen-kollektiiviperusteella\/","og_locale":"fi_FI","og_type":"article","og_title":"Koulutuswebinaari: Lomautus ja irtisanominen kollektiiviperusteella","og_description":"Webinaarissa k\u00e4yd\u00e4\u00e4n l\u00e4pi ty\u00f6ntekij\u00f6iden lomauttamisen ja irtisanomisen perusteita, menettelytapoja ja k\u00e4yt\u00e4nn\u00f6n asioita lomauttamiseen ja irtisanomiseen liittyen.","og_url":"https:\/\/teknologiateollisuus.fi\/jasenille\/tapahtumat\/koulutuswebinaari-lomautus-ja-irtisanominen-kollektiiviperusteella\/","og_site_name":"Teknologiateollisuus - J\u00e4senille","og_image":[{"width":1920,"height":1188,"url":"https:\/\/teknologiateollisuus.fi\/jasenille\/wp-content\/uploads\/sites\/1\/2023\/12\/Kehityskeskustelu.jpg","type":"image\/jpeg"}],"twitter_card":"summary_large_image","twitter_misc":{"Arvioitu lukuaika":"1 minuutti"},"schema":{"@context":"https:\/\/schema.org","@graph":[{"@type":"WebPage","@id":"https:\/\/teknologiateollisuus.fi\/jasenille\/tapahtumat\/koulutuswebinaari-lomautus-ja-irtisanominen-kollektiiviperusteella\/","url":"https:\/\/teknologiateollisuus.fi\/jasenille\/tapahtumat\/koulutuswebinaari-lomautus-ja-irtisanominen-kollektiiviperusteella\/","name":"Koulutuswebinaari: Lomautus ja irtisanominen kollektiiviperusteella - Teknologiateollisuus - J\u00e4senille","isPartOf":{"@id":"https:\/\/teknologiateollisuus.fi\/jasenille\/#website"},"primaryImageOfPage":{"@id":"https:\/\/teknologiateollisuus.fi\/jasenille\/tapahtumat\/koulutuswebinaari-lomautus-ja-irtisanominen-kollektiiviperusteella\/#primaryimage"},"image":{"@id":"https:\/\/teknologiateollisuus.fi\/jasenille\/tapahtumat\/koulutuswebinaari-lomautus-ja-irtisanominen-kollektiiviperusteella\/#primaryimage"},"thumbnailUrl":"https:\/\/teknologiateollisuus.fi\/jasenille\/wp-content\/uploads\/sites\/1\/2023\/12\/Kehityskeskustelu.jpg","datePublished":"2025-02-04T12:00:00+00:00","description":"Webinaarissa k\u00e4yd\u00e4\u00e4n l\u00e4pi ty\u00f6ntekij\u00f6iden lomauttamisen ja irtisanomisen perusteita, menettelytapoja ja k\u00e4yt\u00e4nn\u00f6n asioita lomauttamiseen ja irtisanomiseen liittyen.","breadcrumb":{"@id":"https:\/\/teknologiateollisuus.fi\/jasenille\/tapahtumat\/koulutuswebinaari-lomautus-ja-irtisanominen-kollektiiviperusteella\/#breadcrumb"},"inLanguage":"fi","potentialAction":[{"@type":"ReadAction","target":["https:\/\/teknologiateollisuus.fi\/jasenille\/tapahtumat\/koulutuswebinaari-lomautus-ja-irtisanominen-kollektiiviperusteella\/"]}]},{"@type":"ImageObject","inLanguage":"fi","@id":"https:\/\/teknologiateollisuus.fi\/jasenille\/tapahtumat\/koulutuswebinaari-lomautus-ja-irtisanominen-kollektiiviperusteella\/#primaryimage","url":"https:\/\/teknologiateollisuus.fi\/jasenille\/wp-content\/uploads\/sites\/1\/2023\/12\/Kehityskeskustelu.jpg","contentUrl":"https:\/\/teknologiateollisuus.fi\/jasenille\/wp-content\/uploads\/sites\/1\/2023\/12\/Kehityskeskustelu.jpg","width":1920,"height":1188,"caption":"Kaksi henkil\u00f6\u00e4 istuvat vastakkain p\u00f6yd\u00e4n \u00e4\u00e4ress\u00e4, kuvituskuva."},{"@type":"BreadcrumbList","@id":"https:\/\/teknologiateollisuus.fi\/jasenille\/tapahtumat\/koulutuswebinaari-lomautus-ja-irtisanominen-kollektiiviperusteella\/#breadcrumb","itemListElement":[{"@type":"ListItem","position":1,"name":"Home","item":"https:\/\/teknologiateollisuus.fi\/jasenille\/"},{"@type":"ListItem","position":2,"name":"Ajankohtaista","item":"https:\/\/teknologiateollisuus.fi\/jasenille\/ajankohtaista\/"},{"@type":"ListItem","position":3,"name":"Tapahtumat ja koulutukset","item":"https:\/\/teknologiateollisuus.fi\/jasenille\/palvelut\/tapahtumat-ja-koulutukset\/"},{"@type":"ListItem","position":4,"name":"Koulutuswebinaari: Lomautus ja irtisanominen kollektiiviperusteella"}]},{"@type":"WebSite","@id":"https:\/\/teknologiateollisuus.fi\/jasenille\/#website","url":"https:\/\/teknologiateollisuus.fi\/jasenille\/","name":"Teknologiateollisuus - J\u00e4senille","description":"","publisher":{"@id":"https:\/\/teknologiateollisuus.fi\/jasenille\/#organization"},"potentialAction":[{"@type":"SearchAction","target":{"@type":"EntryPoint","urlTemplate":"https:\/\/teknologiateollisuus.fi\/jasenille\/?s={search_term_string}"},"query-input":{"@type":"PropertyValueSpecification","valueRequired":true,"valueName":"search_term_string"}}],"inLanguage":"fi"},{"@type":"Organization","@id":"https:\/\/teknologiateollisuus.fi\/jasenille\/#organization","name":"Teknologiateollisuus - J\u00e4senille","url":"https:\/\/teknologiateollisuus.fi\/jasenille\/","logo":{"@type":"ImageObject","inLanguage":"fi","@id":"https:\/\/teknologiateollisuus.fi\/jasenille\/#\/schema\/logo\/image\/","url":"https:\/\/teknologiateollisuus.fi\/jasenille\/wp-content\/uploads\/sites\/1\/2023\/10\/placeholder.png","contentUrl":"https:\/\/teknologiateollisuus.fi\/jasenille\/wp-content\/uploads\/sites\/1\/2023\/10\/placeholder.png","width":2560,"height":1920,"caption":"Teknologiateollisuus - J\u00e4senille"},"image":{"@id":"https:\/\/teknologiateollisuus.fi\/jasenille\/#\/schema\/logo\/image\/"}}]}},"lang":"fi","translations":{"fi":23705},"pll_sync_post":{},"_links":{"self":[{"href":"https:\/\/teknologiateollisuus.fi\/jasenille\/wp-json\/wp\/v2\/events\/23705","targetHints":{"allow":["GET"]}}],"collection":[{"href":"https:\/\/teknologiateollisuus.fi\/jasenille\/wp-json\/wp\/v2\/events"}],"about":[{"href":"https:\/\/teknologiateollisuus.fi\/jasenille\/wp-json\/wp\/v2\/types\/em_event"}],"version-history":[{"count":3,"href":"https:\/\/teknologiateollisuus.fi\/jasenille\/wp-json\/wp\/v2\/events\/23705\/revisions"}],"predecessor-version":[{"id":23710,"href":"https:\/\/teknologiateollisuus.fi\/jasenille\/wp-json\/wp\/v2\/events\/23705\/revisions\/23710"}],"wp:featuredmedia":[{"embeddable":true,"href":"https:\/\/teknologiateollisuus.fi\/jasenille\/wp-json\/wp\/v2\/media\/2006"}],"wp:attachment":[{"href":"https:\/\/teknologiateollisuus.fi\/jasenille\/wp-json\/wp\/v2\/media?parent=23705"}],"wp:term":[{"taxonomy":"post_tag","embeddable":true,"href":"https:\/\/teknologiateollisuus.fi\/jasenille\/wp-json\/wp\/v2\/post_tag?post=23705"},{"taxonomy":"em_region","embeddable":true,"href":"https:\/\/teknologiateollisuus.fi\/jasenille\/wp-json\/wp\/v2\/em_region?post=23705"},{"taxonomy":"em_target_group","embeddable":true,"href":"https:\/\/teknologiateollisuus.fi\/jasenille\/wp-json\/wp\/v2\/em_target_group?post=23705"},{"taxonomy":"em_event_type","embeddable":true,"href":"https:\/\/teknologiateollisuus.fi\/jasenille\/wp-json\/wp\/v2\/em_event_type?post=23705"}],"curies":[{"name":"wp","href":"https:\/\/api.w.org\/{rel}","templated":true}]}}