{"id":23755,"date":"2025-02-04T15:00:00","date_gmt":"2025-02-04T13:00:00","guid":{"rendered":"https:\/\/teknologiateollisuus.fi\/jasenille\/?post_type=em_event&#038;p=23755"},"modified":"2025-04-01T12:41:36","modified_gmt":"2025-04-01T09:41:36","slug":"koulutuswebinaari-sairauslomat-ja-tyokyvyttomyys","status":"publish","type":"em_event","link":"https:\/\/teknologiateollisuus.fi\/jasenille\/tapahtumat\/koulutuswebinaari-sairauslomat-ja-tyokyvyttomyys\/","title":{"rendered":"Koulutuswebinaari: Sairauslomat ja ty\u00f6kyvytt\u00f6myys"},"content":{"rendered":"\n<h3 class=\"wp-block-heading  mt-xs mb-xs\" id=\"h-koulutuksessa-kasitellaan-muun-muassa-seuraavia-aiheita\" id=\"koulutuksessa-kasitellaan-muun-muassa-seuraavia-aiheita\">Koulutuksessa k\u00e4sitell\u00e4\u00e4n muun muassa seuraavia aiheita:<\/h3>\n\n\n\n<ul class=\"wp-block-list  mt-xs mb-xs\">\n<li>sairausajan palkanmaksu<\/li>\n\n\n\n<li>sairausdiagnoosit ja l\u00e4\u00e4k\u00e4rinlausunnot<\/li>\n\n\n\n<li>ty\u00f6terveyshuollon rooli<\/li>\n\n\n\n<li>l\u00e4\u00e4k\u00e4rintarkastukset<\/li>\n\n\n\n<li>lapsen sairastumisesta johtuva poissaolo<\/li>\n<\/ul>\n\n\n\n<h3 class=\"wp-block-heading  mb-xs\" id=\"h-kohderyhma\" id=\"kohderyhma\"><strong>Kohderyhm\u00e4<\/strong><\/h3>\n\n\n\n<p class=\" mt-xs mb-xs\">T\u00e4m\u00e4 koulutuswebinaari on tarkoitettu Teknologiateollisuus ry:n j\u00e4senyritysten HR-asiantuntijoille ja esihenkil\u00f6ille, jotka vastaavat teht\u00e4v\u00e4ss\u00e4\u00e4n henkil\u00f6st\u00f6n ty\u00f6suhteista.<\/p>\n\n\n\n<p class=\" mt-xs mb-xs\">Koulutuksessa k\u00e4sitell\u00e4\u00e4n teollisuuden ty\u00f6ehtosopimusten m\u00e4\u00e4r\u00e4yksi\u00e4. Koulutukseen ovat kuitenkin tervetulleita kaikkien Teknologiateollisuuden toimialojen edustajat.<\/p>\n\n\n\n<h3 class=\"wp-block-heading  mb-xs\" id=\"h-kouluttajat\" id=\"kouluttajat\"><strong>Kouluttajat<\/strong><\/h3>\n\n\n\n<p class=\" mt-xs mb-xs\">Kouluttajina toimivat Teknologiateollisuus ry:n ty\u00f6markkina-asiantuntijat Juha Vuorisalo ja Joanna Ahokanto-Niemi. Lis\u00e4ksi EK:n asiantuntijal\u00e4\u00e4k\u00e4ri Auli Rytivaara kouluttaa osallistujia mm. sairausdiagnooseista.<\/p>\n\n\n\n<h3 class=\"wp-block-heading  mb-xs\" id=\"h-osallistumismaksu\" id=\"osallistumismaksu\"><strong>Osallistumismaksu<\/strong><\/h3>\n\n\n\n<p class=\" mt-xs mb-xs\">Teknologiateollisuus ry:n j\u00e4senyrityksille 100 \u20ac + alv. Hinta sis\u00e4lt\u00e4\u00e4 koulutuksen ja koulutusaineiston. Koulutusta ei tallenneta.<\/p>\n\n\n\n<p class=\" mt-xs mb-xs\">Koulutus laskutetaan j\u00e4lkik\u00e4teen. Laskuttaja on Teknologiateollisuus ry:n omistama Teknologiainfo Teknova Oy (0111607-2). Osallistumismaksun voi maksaa my\u00f6s etuk\u00e4teen verkossa Paytrail-palvelun kautta.<\/p>\n\n\n\n<p>Ilmoittaudu mukaan 9.5.2025 menness\u00e4.<\/p>\n\n\n\n<div class=\"wp-block-buttons  mt-md is-layout-flex wp-block-buttons-is-layout-flex\">\n<div class=\"wp-block-button  icon-right size-lg\"><a class=\"wp-block-button__link wp-element-button\" href=\"https:\/\/www.lyyti.in\/sairauslomat_ja_tyokyvyttomyys_13052025\" target=\"_blank\" rel=\"noreferrer noopener\">Ilmoittaudu tapahtumaan<\/a><\/div>\n<\/div>\n\n\n\n<div class=\"wp-block-scb-columns scb-columns  has-mobile-behavior--stacked em-pattern-event-contacts\">\n<div class=\"wp-block-scb-column scb-column\">\n<h2 class=\"wp-block-heading\" id=\"h-lisatietoja\" id=\"lisatietoja\">Lis\u00e4tietoja<\/h2>\n\n\n\n<article class=\"em-block-contact-card is-style-list\">\n\n\t<div class=\"em-block-contact-card__image\">\n\t\t\t\t\t<img loading=\"lazy\" decoding=\"async\" width=\"300\" height=\"400\" src=\"https:\/\/teknologiateollisuus.fi\/jasenille\/wp-content\/uploads\/2024\/06\/phpx7thv4-300x400.jpg\" class=\"attachment-portrait size-portrait\" alt=\"\" \/>\t\t\t<\/div>\n\t<div class=\"em-block-contact-card__content-wrapper\">\n\t\t<div class=\"em-block-contact-card__content\">\n\t\t\t\t\t\t\t<div class=\"em-block-contact-card__business-units\">\n\t\t\t\t\t\t\t\t\t\t\t<span class=\"em-block-contact-card__business-unit\">Ty\u00f6markkinat ja ty\u00f6el\u00e4m\u00e4n s\u00e4\u00e4ntely<\/span>\n\t\t\t\t\t\t\t\t\t<\/div>\n\t\t\t\t\t\t<h3 class=\"em-block-contact-card__title\"><a target=\"_self\" href=\"https:\/\/teknologiateollisuus.fi\/?p=1315\">Vuorisalo Juha<\/a><\/h3>\n\t\t\t\t\t\t\t<span class=\"em-block-contact-card__job_title\">Ty\u00f6markkina-asiantuntija &#8211; Neuvontapalvelut, ty\u00f6el\u00e4m\u00e4n kehitt\u00e4minen ja lains\u00e4\u00e4d\u00e4nt\u00f6vaikuttaminen<\/span>\n\t\t\t\t\t\t\t\t\t\t<span class=\"em-block-contact-card__organisation\">Teknologiateollisuus ry<\/span>\n\t\t\t\t\t<\/div>\n\t\t<div class=\"em-block-contact-card__content\">\n\t\t\t\t\t\t<address class=\"em-block-contact-card__contact-details\">\n\t\t\t\t\t\t\t\t\t<span class=\"em-block-contact-card__phone\">\n\t\t\t\t\t\t<a href=\"tel:+358 40 610 4146\">+358 40 610 4146<\/a><\/a>\n\t\t\t\t\t<\/span>\n\t\t\t\t\t\t\t\t\t\t\t\t\t<span class=\"em-block-contact-card__email\">\n\t\t\t\t\t\t<a href=\"mailto:juha.vuorisalo@teknologiateollisuus.fi\">juha.vuorisalo@teknologiateollisuus.fi<\/a><\/a>\n\t\t\t\t\t<\/span>\n\t\t\t\t\t\t\t<\/address>\n\t\t\t\t\t<\/div>\n\t<\/div>\n\n<\/article>\n\n\n\n<article class=\"em-block-contact-card is-style-list\">\n\n\t<div class=\"em-block-contact-card__image\">\n\t\t\t\t\t<img loading=\"lazy\" decoding=\"async\" width=\"300\" height=\"400\" src=\"https:\/\/teknologiateollisuus.fi\/jasenille\/wp-content\/uploads\/2024\/05\/phpwagovo.png\" class=\"attachment-portrait size-portrait\" alt=\"\" \/>\t\t\t<\/div>\n\t<div class=\"em-block-contact-card__content-wrapper\">\n\t\t<div class=\"em-block-contact-card__content\">\n\t\t\t\t\t\t\t<div class=\"em-block-contact-card__business-units\">\n\t\t\t\t\t\t\t\t\t\t\t<span class=\"em-block-contact-card__business-unit\">Ty\u00f6markkinat ja ty\u00f6el\u00e4m\u00e4n s\u00e4\u00e4ntely<\/span>\n\t\t\t\t\t\t\t\t\t<\/div>\n\t\t\t\t\t\t<h3 class=\"em-block-contact-card__title\"><a target=\"_self\" href=\"https:\/\/teknologiateollisuus.fi\/?p=1202\">Ahokanto-Niemi Joanna<\/a><\/h3>\n\t\t\t\t\t\t\t<span class=\"em-block-contact-card__job_title\">Ty\u00f6markkina-asiantuntija &#8211; Neuvontapalvelut, ty\u00f6el\u00e4m\u00e4n kehitt\u00e4minen ja lains\u00e4\u00e4d\u00e4nt\u00f6vaikuttaminen<\/span>\n\t\t\t\t\t\t\t\t\t\t<span class=\"em-block-contact-card__organisation\">Teknologiateollisuus ry<\/span>\n\t\t\t\t\t<\/div>\n\t\t<div class=\"em-block-contact-card__content\">\n\t\t\t\t\t\t<address class=\"em-block-contact-card__contact-details\">\n\t\t\t\t\t\t\t\t\t<span class=\"em-block-contact-card__phone\">\n\t\t\t\t\t\t<a href=\"tel:+358 405001117\">+358 405001117<\/a><\/a>\n\t\t\t\t\t<\/span>\n\t\t\t\t\t\t\t\t\t\t\t\t\t<span class=\"em-block-contact-card__email\">\n\t\t\t\t\t\t<a href=\"mailto:joanna.ahokanto-niemi@teknologiateollisuus.fi\">joanna.ahokanto-niemi@teknologiateollisuus.fi<\/a><\/a>\n\t\t\t\t\t<\/span>\n\t\t\t\t\t\t\t<\/address>\n\t\t\t\t\t<\/div>\n\t<\/div>\n\n<\/article>\n<\/div>\n<\/div>\n\n\n\n<p><\/p>\n","protected":false},"excerpt":{"rendered":"<p>Teknologiateollisuus j\u00e4rjest\u00e4\u00e4 j\u00e4senilleen webinaarin koskien sairauspoissaoloja. Sairauslomat ovat tyypillisi\u00e4 poissaoloja ty\u00f6paikan arjessa. Koulutuksessa opit keskeisimm\u00e4t asiat n\u00e4ihin poissaoloihin liittyvist\u00e4 menettelytavoista ja palkanmaksusta. EK:n asiantuntijal\u00e4\u00e4k\u00e4ri Auli Rytivaaran johdolla perehdymme lis\u00e4ksi mm. eri sairausdiagnooseihin, joilla voi olla vaikutusta sairauslomak\u00e4yt\u00e4nt\u00f6ihin.<\/p>\n","protected":false},"featured_media":2006,"template":"","meta":{"_acf_changed":false,"_relevanssi_hide_post":"","_relevanssi_hide_content":"","_relevanssi_pin_for_all":"","_relevanssi_pin_keywords":"","_relevanssi_unpin_keywords":"","_relevanssi_related_keywords":"","_relevanssi_related_include_ids":"","_relevanssi_related_exclude_ids":"","_relevanssi_related_no_append":"","_relevanssi_related_not_related":"","_relevanssi_related_posts":"7187,5248,5780,7136,5727,8269","_relevanssi_noindex_reason":"","inline_featured_image":false,"growthstack-ab-test":[],"growthstack-ab-test-views":[],"footnotes":""},"post_tag":[],"em_region":[52,40,41,42,43,44,45,46,50,51,47,48,39,49],"em_target_group":[],"em_event_type":[31,95],"class_list":["post-23755","em_event","type-em_event","status-publish","has-post-thumbnail","hentry","em_region-ahvenanmaa","em_region-ita-suomi","em_region-kaakkois-suomi","em_region-kanta-hame","em_region-keski-suomi","em_region-lansi-suomi","em_region-pirkanmaa","em_region-pohjois-suomi","em_region-pohjois-suomi-lappi","em_region-pohjois-suomi-oulu","em_region-paijat-hame","em_region-satakunta","em_region-uusimaa","em_region-varsinais-suomi","em_event_type-koulutukset","em_event_type-webinaarit"],"acf":{"event_start_date":"20250513","event_end_date":"20250513","event_start_time":"10:00:00","event_end_time":"13:00:00","location":"Teams","address":"","registration":"https:\/\/www.lyyti.in\/sairauslomat_ja_tyokyvyttomyys_13052025","files":null,"links":null,"locked":false},"yoast_head":"<!-- This site is optimized with the Yoast SEO Premium plugin v27.1 (Yoast SEO v27.5) - https:\/\/yoast.com\/product\/yoast-seo-premium-wordpress\/ -->\n<title>Koulutuswebinaari: Sairauslomat ja ty\u00f6kyvytt\u00f6myys - Teknologiateollisuus - J\u00e4senille<\/title>\n<meta name=\"description\" content=\"Teknologiateollisuus j\u00e4rjest\u00e4\u00e4 j\u00e4senilleen webinaarin koskien sairauspoissaoloja. Lue lis\u00e4\u00e4 ja ilmoittaudu mukaan!\" \/>\n<meta name=\"robots\" content=\"index, follow, max-snippet:-1, max-image-preview:large, max-video-preview:-1\" \/>\n<link rel=\"canonical\" href=\"https:\/\/teknologiateollisuus.fi\/jasenille\/tapahtumat\/koulutuswebinaari-sairauslomat-ja-tyokyvyttomyys\/\" \/>\n<meta property=\"og:locale\" content=\"fi_FI\" \/>\n<meta property=\"og:type\" content=\"article\" \/>\n<meta property=\"og:title\" content=\"Koulutuswebinaari: Sairauslomat ja ty\u00f6kyvytt\u00f6myys\" \/>\n<meta property=\"og:description\" content=\"Teknologiateollisuus j\u00e4rjest\u00e4\u00e4 j\u00e4senilleen webinaarin koskien sairauspoissaoloja. Lue lis\u00e4\u00e4 ja ilmoittaudu mukaan!\" \/>\n<meta property=\"og:url\" content=\"https:\/\/teknologiateollisuus.fi\/jasenille\/tapahtumat\/koulutuswebinaari-sairauslomat-ja-tyokyvyttomyys\/\" \/>\n<meta property=\"og:site_name\" content=\"Teknologiateollisuus - J\u00e4senille\" \/>\n<meta property=\"article:modified_time\" content=\"2025-04-01T09:41:36+00:00\" \/>\n<meta property=\"og:image\" content=\"https:\/\/teknologiateollisuus.fi\/jasenille\/wp-content\/uploads\/sites\/1\/2023\/12\/Kehityskeskustelu.jpg\" \/>\n\t<meta property=\"og:image:width\" content=\"1920\" \/>\n\t<meta property=\"og:image:height\" content=\"1188\" \/>\n\t<meta property=\"og:image:type\" content=\"image\/jpeg\" \/>\n<meta name=\"twitter:card\" content=\"summary_large_image\" \/>\n<meta name=\"twitter:label1\" content=\"Arvioitu lukuaika\" \/>\n\t<meta name=\"twitter:data1\" content=\"1 minuutti\" \/>\n<script type=\"application\/ld+json\" class=\"yoast-schema-graph\">{\"@context\":\"https:\\\/\\\/schema.org\",\"@graph\":[{\"@type\":\"WebPage\",\"@id\":\"https:\\\/\\\/teknologiateollisuus.fi\\\/jasenille\\\/tapahtumat\\\/koulutuswebinaari-sairauslomat-ja-tyokyvyttomyys\\\/\",\"url\":\"https:\\\/\\\/teknologiateollisuus.fi\\\/jasenille\\\/tapahtumat\\\/koulutuswebinaari-sairauslomat-ja-tyokyvyttomyys\\\/\",\"name\":\"Koulutuswebinaari: Sairauslomat ja ty\u00f6kyvytt\u00f6myys - Teknologiateollisuus - J\u00e4senille\",\"isPartOf\":{\"@id\":\"https:\\\/\\\/teknologiateollisuus.fi\\\/jasenille\\\/#website\"},\"primaryImageOfPage\":{\"@id\":\"https:\\\/\\\/teknologiateollisuus.fi\\\/jasenille\\\/tapahtumat\\\/koulutuswebinaari-sairauslomat-ja-tyokyvyttomyys\\\/#primaryimage\"},\"image\":{\"@id\":\"https:\\\/\\\/teknologiateollisuus.fi\\\/jasenille\\\/tapahtumat\\\/koulutuswebinaari-sairauslomat-ja-tyokyvyttomyys\\\/#primaryimage\"},\"thumbnailUrl\":\"https:\\\/\\\/teknologiateollisuus.fi\\\/jasenille\\\/wp-content\\\/uploads\\\/sites\\\/1\\\/2023\\\/12\\\/Kehityskeskustelu.jpg\",\"datePublished\":\"2025-02-04T13:00:00+00:00\",\"dateModified\":\"2025-04-01T09:41:36+00:00\",\"description\":\"Teknologiateollisuus j\u00e4rjest\u00e4\u00e4 j\u00e4senilleen webinaarin koskien sairauspoissaoloja. Lue lis\u00e4\u00e4 ja ilmoittaudu mukaan!\",\"breadcrumb\":{\"@id\":\"https:\\\/\\\/teknologiateollisuus.fi\\\/jasenille\\\/tapahtumat\\\/koulutuswebinaari-sairauslomat-ja-tyokyvyttomyys\\\/#breadcrumb\"},\"inLanguage\":\"fi\",\"potentialAction\":[{\"@type\":\"ReadAction\",\"target\":[\"https:\\\/\\\/teknologiateollisuus.fi\\\/jasenille\\\/tapahtumat\\\/koulutuswebinaari-sairauslomat-ja-tyokyvyttomyys\\\/\"]}]},{\"@type\":\"ImageObject\",\"inLanguage\":\"fi\",\"@id\":\"https:\\\/\\\/teknologiateollisuus.fi\\\/jasenille\\\/tapahtumat\\\/koulutuswebinaari-sairauslomat-ja-tyokyvyttomyys\\\/#primaryimage\",\"url\":\"https:\\\/\\\/teknologiateollisuus.fi\\\/jasenille\\\/wp-content\\\/uploads\\\/sites\\\/1\\\/2023\\\/12\\\/Kehityskeskustelu.jpg\",\"contentUrl\":\"https:\\\/\\\/teknologiateollisuus.fi\\\/jasenille\\\/wp-content\\\/uploads\\\/sites\\\/1\\\/2023\\\/12\\\/Kehityskeskustelu.jpg\",\"width\":1920,\"height\":1188,\"caption\":\"Kaksi henkil\u00f6\u00e4 istuvat vastakkain p\u00f6yd\u00e4n \u00e4\u00e4ress\u00e4, kuvituskuva.\"},{\"@type\":\"BreadcrumbList\",\"@id\":\"https:\\\/\\\/teknologiateollisuus.fi\\\/jasenille\\\/tapahtumat\\\/koulutuswebinaari-sairauslomat-ja-tyokyvyttomyys\\\/#breadcrumb\",\"itemListElement\":[{\"@type\":\"ListItem\",\"position\":1,\"name\":\"Home\",\"item\":\"https:\\\/\\\/teknologiateollisuus.fi\\\/jasenille\\\/\"},{\"@type\":\"ListItem\",\"position\":2,\"name\":\"Ajankohtaista\",\"item\":\"https:\\\/\\\/teknologiateollisuus.fi\\\/jasenille\\\/ajankohtaista\\\/\"},{\"@type\":\"ListItem\",\"position\":3,\"name\":\"Tapahtumat ja koulutukset\",\"item\":\"https:\\\/\\\/teknologiateollisuus.fi\\\/jasenille\\\/palvelut\\\/tapahtumat-ja-koulutukset\\\/\"},{\"@type\":\"ListItem\",\"position\":4,\"name\":\"Koulutuswebinaari: Sairauslomat ja ty\u00f6kyvytt\u00f6myys\"}]},{\"@type\":\"WebSite\",\"@id\":\"https:\\\/\\\/teknologiateollisuus.fi\\\/jasenille\\\/#website\",\"url\":\"https:\\\/\\\/teknologiateollisuus.fi\\\/jasenille\\\/\",\"name\":\"Teknologiateollisuus - J\u00e4senille\",\"description\":\"\",\"publisher\":{\"@id\":\"https:\\\/\\\/teknologiateollisuus.fi\\\/jasenille\\\/#organization\"},\"potentialAction\":[{\"@type\":\"SearchAction\",\"target\":{\"@type\":\"EntryPoint\",\"urlTemplate\":\"https:\\\/\\\/teknologiateollisuus.fi\\\/jasenille\\\/?s={search_term_string}\"},\"query-input\":{\"@type\":\"PropertyValueSpecification\",\"valueRequired\":true,\"valueName\":\"search_term_string\"}}],\"inLanguage\":\"fi\"},{\"@type\":\"Organization\",\"@id\":\"https:\\\/\\\/teknologiateollisuus.fi\\\/jasenille\\\/#organization\",\"name\":\"Teknologiateollisuus - J\u00e4senille\",\"url\":\"https:\\\/\\\/teknologiateollisuus.fi\\\/jasenille\\\/\",\"logo\":{\"@type\":\"ImageObject\",\"inLanguage\":\"fi\",\"@id\":\"https:\\\/\\\/teknologiateollisuus.fi\\\/jasenille\\\/#\\\/schema\\\/logo\\\/image\\\/\",\"url\":\"https:\\\/\\\/teknologiateollisuus.fi\\\/jasenille\\\/wp-content\\\/uploads\\\/sites\\\/1\\\/2023\\\/10\\\/placeholder.png\",\"contentUrl\":\"https:\\\/\\\/teknologiateollisuus.fi\\\/jasenille\\\/wp-content\\\/uploads\\\/sites\\\/1\\\/2023\\\/10\\\/placeholder.png\",\"width\":2560,\"height\":1920,\"caption\":\"Teknologiateollisuus - J\u00e4senille\"},\"image\":{\"@id\":\"https:\\\/\\\/teknologiateollisuus.fi\\\/jasenille\\\/#\\\/schema\\\/logo\\\/image\\\/\"}}]}<\/script>\n<!-- \/ Yoast SEO Premium plugin. -->","yoast_head_json":{"title":"Koulutuswebinaari: Sairauslomat ja ty\u00f6kyvytt\u00f6myys - Teknologiateollisuus - J\u00e4senille","description":"Teknologiateollisuus j\u00e4rjest\u00e4\u00e4 j\u00e4senilleen webinaarin koskien sairauspoissaoloja. Lue lis\u00e4\u00e4 ja ilmoittaudu mukaan!","robots":{"index":"index","follow":"follow","max-snippet":"max-snippet:-1","max-image-preview":"max-image-preview:large","max-video-preview":"max-video-preview:-1"},"canonical":"https:\/\/teknologiateollisuus.fi\/jasenille\/tapahtumat\/koulutuswebinaari-sairauslomat-ja-tyokyvyttomyys\/","og_locale":"fi_FI","og_type":"article","og_title":"Koulutuswebinaari: Sairauslomat ja ty\u00f6kyvytt\u00f6myys","og_description":"Teknologiateollisuus j\u00e4rjest\u00e4\u00e4 j\u00e4senilleen webinaarin koskien sairauspoissaoloja. Lue lis\u00e4\u00e4 ja ilmoittaudu mukaan!","og_url":"https:\/\/teknologiateollisuus.fi\/jasenille\/tapahtumat\/koulutuswebinaari-sairauslomat-ja-tyokyvyttomyys\/","og_site_name":"Teknologiateollisuus - J\u00e4senille","article_modified_time":"2025-04-01T09:41:36+00:00","og_image":[{"width":1920,"height":1188,"url":"https:\/\/teknologiateollisuus.fi\/jasenille\/wp-content\/uploads\/sites\/1\/2023\/12\/Kehityskeskustelu.jpg","type":"image\/jpeg"}],"twitter_card":"summary_large_image","twitter_misc":{"Arvioitu lukuaika":"1 minuutti"},"schema":{"@context":"https:\/\/schema.org","@graph":[{"@type":"WebPage","@id":"https:\/\/teknologiateollisuus.fi\/jasenille\/tapahtumat\/koulutuswebinaari-sairauslomat-ja-tyokyvyttomyys\/","url":"https:\/\/teknologiateollisuus.fi\/jasenille\/tapahtumat\/koulutuswebinaari-sairauslomat-ja-tyokyvyttomyys\/","name":"Koulutuswebinaari: Sairauslomat ja ty\u00f6kyvytt\u00f6myys - Teknologiateollisuus - J\u00e4senille","isPartOf":{"@id":"https:\/\/teknologiateollisuus.fi\/jasenille\/#website"},"primaryImageOfPage":{"@id":"https:\/\/teknologiateollisuus.fi\/jasenille\/tapahtumat\/koulutuswebinaari-sairauslomat-ja-tyokyvyttomyys\/#primaryimage"},"image":{"@id":"https:\/\/teknologiateollisuus.fi\/jasenille\/tapahtumat\/koulutuswebinaari-sairauslomat-ja-tyokyvyttomyys\/#primaryimage"},"thumbnailUrl":"https:\/\/teknologiateollisuus.fi\/jasenille\/wp-content\/uploads\/sites\/1\/2023\/12\/Kehityskeskustelu.jpg","datePublished":"2025-02-04T13:00:00+00:00","dateModified":"2025-04-01T09:41:36+00:00","description":"Teknologiateollisuus j\u00e4rjest\u00e4\u00e4 j\u00e4senilleen webinaarin koskien sairauspoissaoloja. Lue lis\u00e4\u00e4 ja ilmoittaudu mukaan!","breadcrumb":{"@id":"https:\/\/teknologiateollisuus.fi\/jasenille\/tapahtumat\/koulutuswebinaari-sairauslomat-ja-tyokyvyttomyys\/#breadcrumb"},"inLanguage":"fi","potentialAction":[{"@type":"ReadAction","target":["https:\/\/teknologiateollisuus.fi\/jasenille\/tapahtumat\/koulutuswebinaari-sairauslomat-ja-tyokyvyttomyys\/"]}]},{"@type":"ImageObject","inLanguage":"fi","@id":"https:\/\/teknologiateollisuus.fi\/jasenille\/tapahtumat\/koulutuswebinaari-sairauslomat-ja-tyokyvyttomyys\/#primaryimage","url":"https:\/\/teknologiateollisuus.fi\/jasenille\/wp-content\/uploads\/sites\/1\/2023\/12\/Kehityskeskustelu.jpg","contentUrl":"https:\/\/teknologiateollisuus.fi\/jasenille\/wp-content\/uploads\/sites\/1\/2023\/12\/Kehityskeskustelu.jpg","width":1920,"height":1188,"caption":"Kaksi henkil\u00f6\u00e4 istuvat vastakkain p\u00f6yd\u00e4n \u00e4\u00e4ress\u00e4, kuvituskuva."},{"@type":"BreadcrumbList","@id":"https:\/\/teknologiateollisuus.fi\/jasenille\/tapahtumat\/koulutuswebinaari-sairauslomat-ja-tyokyvyttomyys\/#breadcrumb","itemListElement":[{"@type":"ListItem","position":1,"name":"Home","item":"https:\/\/teknologiateollisuus.fi\/jasenille\/"},{"@type":"ListItem","position":2,"name":"Ajankohtaista","item":"https:\/\/teknologiateollisuus.fi\/jasenille\/ajankohtaista\/"},{"@type":"ListItem","position":3,"name":"Tapahtumat ja koulutukset","item":"https:\/\/teknologiateollisuus.fi\/jasenille\/palvelut\/tapahtumat-ja-koulutukset\/"},{"@type":"ListItem","position":4,"name":"Koulutuswebinaari: Sairauslomat ja ty\u00f6kyvytt\u00f6myys"}]},{"@type":"WebSite","@id":"https:\/\/teknologiateollisuus.fi\/jasenille\/#website","url":"https:\/\/teknologiateollisuus.fi\/jasenille\/","name":"Teknologiateollisuus - J\u00e4senille","description":"","publisher":{"@id":"https:\/\/teknologiateollisuus.fi\/jasenille\/#organization"},"potentialAction":[{"@type":"SearchAction","target":{"@type":"EntryPoint","urlTemplate":"https:\/\/teknologiateollisuus.fi\/jasenille\/?s={search_term_string}"},"query-input":{"@type":"PropertyValueSpecification","valueRequired":true,"valueName":"search_term_string"}}],"inLanguage":"fi"},{"@type":"Organization","@id":"https:\/\/teknologiateollisuus.fi\/jasenille\/#organization","name":"Teknologiateollisuus - J\u00e4senille","url":"https:\/\/teknologiateollisuus.fi\/jasenille\/","logo":{"@type":"ImageObject","inLanguage":"fi","@id":"https:\/\/teknologiateollisuus.fi\/jasenille\/#\/schema\/logo\/image\/","url":"https:\/\/teknologiateollisuus.fi\/jasenille\/wp-content\/uploads\/sites\/1\/2023\/10\/placeholder.png","contentUrl":"https:\/\/teknologiateollisuus.fi\/jasenille\/wp-content\/uploads\/sites\/1\/2023\/10\/placeholder.png","width":2560,"height":1920,"caption":"Teknologiateollisuus - J\u00e4senille"},"image":{"@id":"https:\/\/teknologiateollisuus.fi\/jasenille\/#\/schema\/logo\/image\/"}}]}},"lang":"fi","translations":{"fi":23755},"pll_sync_post":{},"_links":{"self":[{"href":"https:\/\/teknologiateollisuus.fi\/jasenille\/wp-json\/wp\/v2\/events\/23755","targetHints":{"allow":["GET"]}}],"collection":[{"href":"https:\/\/teknologiateollisuus.fi\/jasenille\/wp-json\/wp\/v2\/events"}],"about":[{"href":"https:\/\/teknologiateollisuus.fi\/jasenille\/wp-json\/wp\/v2\/types\/em_event"}],"version-history":[{"count":7,"href":"https:\/\/teknologiateollisuus.fi\/jasenille\/wp-json\/wp\/v2\/events\/23755\/revisions"}],"predecessor-version":[{"id":25159,"href":"https:\/\/teknologiateollisuus.fi\/jasenille\/wp-json\/wp\/v2\/events\/23755\/revisions\/25159"}],"wp:featuredmedia":[{"embeddable":true,"href":"https:\/\/teknologiateollisuus.fi\/jasenille\/wp-json\/wp\/v2\/media\/2006"}],"wp:attachment":[{"href":"https:\/\/teknologiateollisuus.fi\/jasenille\/wp-json\/wp\/v2\/media?parent=23755"}],"wp:term":[{"taxonomy":"post_tag","embeddable":true,"href":"https:\/\/teknologiateollisuus.fi\/jasenille\/wp-json\/wp\/v2\/post_tag?post=23755"},{"taxonomy":"em_region","embeddable":true,"href":"https:\/\/teknologiateollisuus.fi\/jasenille\/wp-json\/wp\/v2\/em_region?post=23755"},{"taxonomy":"em_target_group","embeddable":true,"href":"https:\/\/teknologiateollisuus.fi\/jasenille\/wp-json\/wp\/v2\/em_target_group?post=23755"},{"taxonomy":"em_event_type","embeddable":true,"href":"https:\/\/teknologiateollisuus.fi\/jasenille\/wp-json\/wp\/v2\/em_event_type?post=23755"}],"curies":[{"name":"wp","href":"https:\/\/api.w.org\/{rel}","templated":true}]}}