{"id":24321,"date":"2025-02-21T11:46:46","date_gmt":"2025-02-21T09:46:46","guid":{"rendered":"https:\/\/teknologiateollisuus.fi\/jasenille\/?post_type=em_event&#038;p=24321"},"modified":"2025-04-16T13:02:39","modified_gmt":"2025-04-16T10:02:39","slug":"kyselytunti-eun-tekoalyasetus","status":"publish","type":"em_event","link":"https:\/\/teknologiateollisuus.fi\/jasenille\/tapahtumat\/kyselytunti-eun-tekoalyasetus\/","title":{"rendered":"Kyselytunti: EU:n teko\u00e4lyasetus"},"content":{"rendered":"\n<p>Teknologiateollisuus ry j\u00e4rjest\u00e4\u00e4 kaikille avoimen verkkokyselytunnin, jossa vastaamme yhdess\u00e4 ty\u00f6- ja elinkeinoministeri\u00f6n asiantuntijoiden kanssa osallistujien kysymyksiin EU:n teko\u00e4lyasetuksesta ja sen soveltamisesta k\u00e4yt\u00e4nn\u00f6ss\u00e4. Lis\u00e4ksi tilaisuudessa kuullaan ministeri\u00f6n katsaus asetuksen kansallisen t\u00e4yt\u00e4nt\u00f6\u00f6npanon tilanteesta.&nbsp;<\/p>\n\n\n\n<p>Kyselytunti t\u00e4ydent\u00e4\u00e4 marraskuussa j\u00e4rjest\u00e4m\u00e4\u00e4mme yleist\u00e4 tietoiskua, jonka tallenteen l\u00f6yd\u00e4t <a href=\"https:\/\/vimeo.com\/1034181162?share=copy\" target=\"_blank\" rel=\"noreferrer noopener\">t\u00e4\u00e4lt\u00e4<\/a>.&nbsp;<\/p>\n\n\n\n<p>Tilaisuudessa kysymyksiin vastaavat:\u00a0<\/p>\n\n\n\n<ul class=\"wp-block-list  mt-xs\">\n<li>Maria Hauptmann, johtava asiantuntija, ty\u00f6- ja elinkeinoministeri\u00f6&nbsp;<\/li>\n\n\n\n<li>Joonas Mikkil\u00e4, johtava asiantuntija, Teknologiateollisuus ry&nbsp;<\/li>\n<\/ul>\n\n\n\n<h3 class=\"wp-block-heading  mb-xs\" id=\"h-mika-on-tekoalyasetus-nbsp\" id=\"mika-on-tekoalyasetus\"><strong>Mik\u00e4 on teko\u00e4lyasetus?<\/strong>&nbsp;<\/h3>\n\n\n\n<p class=\" mt-xs mb-xs\">Teko\u00e4lyasetus vaikuttaa teko\u00e4lyj\u00e4rjestelmien ja yleisk\u00e4ytt\u00f6isten teko\u00e4lymallien kehitt\u00e4miseen ja k\u00e4ytt\u00f6\u00f6n EU-alueella. Asetus astui voimaan elokuussa 2024, ja sit\u00e4 ryhdyt\u00e4\u00e4n soveltamaan vaiheittain helmikuusta 2025 alkaen.\u202f\u202f<\/p>\n\n\n\n<p class=\" mt-xs mb-xs\">S\u00e4\u00e4d\u00f6ksen tavoitteena on suojata terveytt\u00e4, turvallisuutta ja perusoikeuksia teko\u00e4lyj\u00e4rjestelmien ja yleisk\u00e4ytt\u00f6isten mallien k\u00e4yt\u00f6st\u00e4 aiheutuvilta riskeilt\u00e4 sek\u00e4 lis\u00e4t\u00e4 yleist\u00e4 luottamusta teko\u00e4lyyn.\u202f&nbsp;Lis\u00e4ksi tavoitteena on parantaa sis\u00e4markkinoiden toimintaa ja tukea innovointia.<\/p>\n\n\n\n<p class=\" mt-xs mb-xs\">Asetus jakaa teko\u00e4lyj\u00e4rjestelm\u00e4t ja yleisk\u00e4ytt\u00f6iset mallit riskiperusteisesti eri luokkiin, ja niihin liittyv\u00e4t vaatimukset vaihtelevat riskiluokan mukaan. Teknologiateollisuuden yritysten ja muiden organisaatioiden on t\u00e4rke\u00e4\u00e4 tiet\u00e4\u00e4 kehitt\u00e4miens\u00e4 ja k\u00e4ytt\u00e4miens\u00e4 j\u00e4rjestelmien ja mallien riskiluokka.\u202f&nbsp;<\/p>\n\n\n\n<h3 class=\"wp-block-heading  mb-xs\" id=\"h-tutustu-infopakettiin-ja-verkkotyokaluun-nbsp\" id=\"tutustu-infopakettiin-ja-verkkotyokaluun\"><strong>Tutustu infopakettiin ja verkkoty\u00f6kaluun<\/strong>&nbsp;<\/h3>\n\n\n\n<p class=\" mt-xs\">Tutustu ennen tilaisuutta teko\u00e4lyasetuksesta tuottamaamme <a href=\"https:\/\/teknologiateollisuus.fi\/jasenille\/tietopankki\/digitalisaatio-ja-tekoaly\/tekoalyasetus\/\" target=\"_blank\" rel=\"noreferrer noopener\">tietopakettiin<\/a>. Hy\u00f6dynn\u00e4 lis\u00e4ksi selainpohjaista\u202f<a href=\"https:\/\/www.leanentries.com\/release-of-the-ai-act-e-tool\/\" target=\"_blank\" rel=\"noreferrer noopener\">ty\u00f6kalua<\/a>, jonka avulla voit tutustua s\u00e4\u00e4d\u00f6kseen ja tuottaa personoidun koosteen yrityst\u00e4 koskettavista velvoitteista. Ty\u00f6kalu on yritysten k\u00e4yt\u00f6ss\u00e4 maksutta vuoden 2025 ajan.&nbsp;<\/p>\n\n\n\n<h3 class=\"wp-block-heading  mb-xs\" id=\"h-ilmoittaudu-ja-jata-kysymyksesi-nbsp\" id=\"ilmoittaudu-ja-jata-kysymyksesi\"><strong>Ilmoittaudu ja j\u00e4t\u00e4 kysymyksesi<\/strong>&nbsp;<\/h3>\n\n\n\n<p class=\" mb-xs mt-xs\">Osallistuminen on kaikille maksutonta, mutta edellytt\u00e4\u00e4 ennakkoilmoittautumista. Voit j\u00e4tt\u00e4\u00e4 ilmoittautumisen yhteydess\u00e4 kysymyksi\u00e4 asiantuntijoillemme.&nbsp;&nbsp;<\/p>\n\n\n\n<div class=\"wp-block-buttons  mt-md is-layout-flex wp-block-buttons-is-layout-flex\">\n<div class=\"wp-block-button  icon-right size-lg\"><a class=\"wp-block-button__link wp-element-button\" href=\"https:\/\/www.lyyti.in\/EU_tekoalyasetus_kyselytunti_240425\" target=\"_blank\" rel=\"noreferrer noopener\">Ilmoittaudu tapahtumaan<\/a><\/div>\n<\/div>\n\n\n\n<div class=\"wp-block-scb-columns scb-columns  has-mobile-behavior--stacked em-pattern-event-contacts\">\n<div class=\"wp-block-scb-column scb-column\">\n<h2 class=\"wp-block-heading\" id=\"h-lisatietoja\" id=\"lisatietoja\">Lis\u00e4tietoja<\/h2>\n\n\n\n<article class=\"em-block-contact-card is-style-list\">\n\n\t<div class=\"em-block-contact-card__image\">\n\t\t\t\t\t<img loading=\"lazy\" decoding=\"async\" width=\"300\" height=\"400\" src=\"https:\/\/teknologiateollisuus.fi\/jasenille\/wp-content\/uploads\/2024\/05\/phpoqukup.jpg\" class=\"attachment-portrait size-portrait\" alt=\"\" \/>\t\t\t<\/div>\n\t<div class=\"em-block-contact-card__content-wrapper\">\n\t\t<div class=\"em-block-contact-card__content\">\n\t\t\t\t\t\t\t<div class=\"em-block-contact-card__business-units\">\n\t\t\t\t\t\t\t\t\t\t\t<span class=\"em-block-contact-card__business-unit\">Uudet teknologiat ja osaaminen<\/span>\n\t\t\t\t\t\t\t\t\t<\/div>\n\t\t\t\t\t\t<h3 class=\"em-block-contact-card__title\"><a target=\"_self\" href=\"https:\/\/teknologiateollisuus.fi\/?p=1265\">Mikkil\u00e4 Joonas<\/a><\/h3>\n\t\t\t\t\t\t\t<span class=\"em-block-contact-card__job_title\">Johtava asiantuntija, digitalisaatio &#8211; Teknologiat, tieto ja innovaatiot <\/span>\n\t\t\t\t\t\t\t\t\t\t<span class=\"em-block-contact-card__organisation\">Teknologiateollisuus ry<\/span>\n\t\t\t\t\t<\/div>\n\t\t<div class=\"em-block-contact-card__content\">\n\t\t\t\t\t\t<address class=\"em-block-contact-card__contact-details\">\n\t\t\t\t\t\t\t\t\t<span class=\"em-block-contact-card__phone\">\n\t\t\t\t\t\t<a href=\"tel:+358 451296791\">+358 451296791<\/a><\/a>\n\t\t\t\t\t<\/span>\n\t\t\t\t\t\t\t\t\t\t\t\t\t<span class=\"em-block-contact-card__email\">\n\t\t\t\t\t\t<a href=\"mailto:joonas.mikkila@teknologiateollisuus.fi\">joonas.mikkila@teknologiateollisuus.fi<\/a><\/a>\n\t\t\t\t\t<\/span>\n\t\t\t\t\t\t\t<\/address>\n\t\t\t\t\t<\/div>\n\t<\/div>\n\n<\/article>\n<\/div>\n<\/div>\n\n\n\n<p><\/p>\n","protected":false},"excerpt":{"rendered":"<p>Teknologiateollisuus ry j\u00e4rjest\u00e4\u00e4 kaikille avoimen verkkokyselytunnin, jossa vastaamme yhdess\u00e4 ty\u00f6- ja elinkeinoministeri\u00f6n asiantuntijoiden kanssa osallistujien kysymyksiin EU:n teko\u00e4lyasetuksesta ja sen soveltamisesta k\u00e4yt\u00e4nn\u00f6ss\u00e4. Lis\u00e4ksi tilaisuudessa kuullaan ministeri\u00f6n katsaus asetuksen kansallisen t\u00e4yt\u00e4nt\u00f6\u00f6npanon tilanteesta.&nbsp; Kyselytunti t\u00e4ydent\u00e4\u00e4 marraskuussa j\u00e4rjest\u00e4m\u00e4\u00e4mme yleist\u00e4 tietoiskua, jonka tallenteen l\u00f6yd\u00e4t t\u00e4\u00e4lt\u00e4.&nbsp; Tilaisuudessa kysymyksiin vastaavat:\u00a0 Mik\u00e4 on teko\u00e4lyasetus?&nbsp; Teko\u00e4lyasetus vaikuttaa teko\u00e4lyj\u00e4rjestelmien ja yleisk\u00e4ytt\u00f6isten teko\u00e4lymallien kehitt\u00e4miseen ja [&hellip;]<\/p>\n","protected":false},"featured_media":5703,"template":"","meta":{"_acf_changed":false,"_relevanssi_hide_post":"","_relevanssi_hide_content":"","_relevanssi_pin_for_all":"","_relevanssi_pin_keywords":"","_relevanssi_unpin_keywords":"","_relevanssi_related_keywords":"","_relevanssi_related_include_ids":"","_relevanssi_related_exclude_ids":"","_relevanssi_related_no_append":"","_relevanssi_related_not_related":"","_relevanssi_related_posts":"6445,14793,5808,7264,7173,24205","_relevanssi_noindex_reason":"","inline_featured_image":false,"growthstack-ab-test":[],"growthstack-ab-test-views":[],"footnotes":""},"post_tag":[],"em_region":[52,40,41,42,43,44,45,46,50,51,47,48,39,49],"em_target_group":[],"em_event_type":[95],"class_list":["post-24321","em_event","type-em_event","status-publish","has-post-thumbnail","hentry","em_region-ahvenanmaa","em_region-ita-suomi","em_region-kaakkois-suomi","em_region-kanta-hame","em_region-keski-suomi","em_region-lansi-suomi","em_region-pirkanmaa","em_region-pohjois-suomi","em_region-pohjois-suomi-lappi","em_region-pohjois-suomi-oulu","em_region-paijat-hame","em_region-satakunta","em_region-uusimaa","em_region-varsinais-suomi","em_event_type-webinaarit"],"acf":{"event_start_date":"20250424","event_end_date":"20250424","event_start_time":"09:00:00","event_end_time":"10:00:00","location":"Teams","address":"","registration":"https:\/\/www.lyyti.in\/EU_tekoalyasetus_kyselytunti_240425","files":null,"links":null,"locked":false},"yoast_head":"<!-- This site is optimized with the Yoast SEO Premium plugin v27.1 (Yoast SEO v27.4) - https:\/\/yoast.com\/product\/yoast-seo-premium-wordpress\/ -->\n<title>Kyselytunti: EU:n teko\u00e4lyasetus - Teknologiateollisuus - J\u00e4senille<\/title>\n<meta name=\"description\" content=\"Teknologiateollisuus ry j\u00e4rjest\u00e4\u00e4 kaikille avoimen verkkokyselytunnin, jossa vastaamme yhdess\u00e4 ty\u00f6- ja elinkeinoministeri\u00f6n asiantuntijoiden kansa osallistujien kysymyksiin EU:n teko\u00e4lyasetuksesta ja sen soveltamisesta k\u00e4yt\u00e4nn\u00f6ss\u00e4. Lue lis\u00e4\u00e4!\" \/>\n<meta name=\"robots\" content=\"index, follow, max-snippet:-1, max-image-preview:large, max-video-preview:-1\" \/>\n<link rel=\"canonical\" href=\"https:\/\/teknologiateollisuus.fi\/jasenille\/tapahtumat\/kyselytunti-eun-tekoalyasetus\/\" \/>\n<meta property=\"og:locale\" content=\"fi_FI\" \/>\n<meta property=\"og:type\" content=\"article\" \/>\n<meta property=\"og:title\" content=\"Kyselytunti: EU:n teko\u00e4lyasetus\" \/>\n<meta property=\"og:description\" content=\"Teknologiateollisuus ry j\u00e4rjest\u00e4\u00e4 kaikille avoimen verkkokyselytunnin, jossa vastaamme yhdess\u00e4 ty\u00f6- ja elinkeinoministeri\u00f6n asiantuntijoiden kansa osallistujien kysymyksiin EU:n teko\u00e4lyasetuksesta ja sen soveltamisesta k\u00e4yt\u00e4nn\u00f6ss\u00e4. Lue lis\u00e4\u00e4!\" \/>\n<meta property=\"og:url\" content=\"https:\/\/teknologiateollisuus.fi\/jasenille\/tapahtumat\/kyselytunti-eun-tekoalyasetus\/\" \/>\n<meta property=\"og:site_name\" content=\"Teknologiateollisuus - J\u00e4senille\" \/>\n<meta property=\"article:modified_time\" content=\"2025-04-16T10:02:39+00:00\" \/>\n<meta property=\"og:image\" content=\"https:\/\/teknologiateollisuus.fi\/jasenille\/wp-content\/uploads\/sites\/1\/2024\/02\/Image-1.jpg\" \/>\n\t<meta property=\"og:image:width\" content=\"1024\" \/>\n\t<meta property=\"og:image:height\" content=\"585\" \/>\n\t<meta property=\"og:image:type\" content=\"image\/jpeg\" \/>\n<meta name=\"twitter:card\" content=\"summary_large_image\" \/>\n<meta name=\"twitter:label1\" content=\"Arvioitu lukuaika\" \/>\n\t<meta name=\"twitter:data1\" content=\"2 minuuttia\" \/>\n<script type=\"application\/ld+json\" class=\"yoast-schema-graph\">{\"@context\":\"https:\\\/\\\/schema.org\",\"@graph\":[{\"@type\":\"WebPage\",\"@id\":\"https:\\\/\\\/teknologiateollisuus.fi\\\/jasenille\\\/tapahtumat\\\/kyselytunti-eun-tekoalyasetus\\\/\",\"url\":\"https:\\\/\\\/teknologiateollisuus.fi\\\/jasenille\\\/tapahtumat\\\/kyselytunti-eun-tekoalyasetus\\\/\",\"name\":\"Kyselytunti: EU:n teko\u00e4lyasetus - Teknologiateollisuus - J\u00e4senille\",\"isPartOf\":{\"@id\":\"https:\\\/\\\/teknologiateollisuus.fi\\\/jasenille\\\/#website\"},\"primaryImageOfPage\":{\"@id\":\"https:\\\/\\\/teknologiateollisuus.fi\\\/jasenille\\\/tapahtumat\\\/kyselytunti-eun-tekoalyasetus\\\/#primaryimage\"},\"image\":{\"@id\":\"https:\\\/\\\/teknologiateollisuus.fi\\\/jasenille\\\/tapahtumat\\\/kyselytunti-eun-tekoalyasetus\\\/#primaryimage\"},\"thumbnailUrl\":\"https:\\\/\\\/teknologiateollisuus.fi\\\/jasenille\\\/wp-content\\\/uploads\\\/sites\\\/1\\\/2024\\\/02\\\/Image-1.jpg\",\"datePublished\":\"2025-02-21T09:46:46+00:00\",\"dateModified\":\"2025-04-16T10:02:39+00:00\",\"description\":\"Teknologiateollisuus ry j\u00e4rjest\u00e4\u00e4 kaikille avoimen verkkokyselytunnin, jossa vastaamme yhdess\u00e4 ty\u00f6- ja elinkeinoministeri\u00f6n asiantuntijoiden kansa osallistujien kysymyksiin EU:n teko\u00e4lyasetuksesta ja sen soveltamisesta k\u00e4yt\u00e4nn\u00f6ss\u00e4. Lue lis\u00e4\u00e4!\",\"breadcrumb\":{\"@id\":\"https:\\\/\\\/teknologiateollisuus.fi\\\/jasenille\\\/tapahtumat\\\/kyselytunti-eun-tekoalyasetus\\\/#breadcrumb\"},\"inLanguage\":\"fi\",\"potentialAction\":[{\"@type\":\"ReadAction\",\"target\":[\"https:\\\/\\\/teknologiateollisuus.fi\\\/jasenille\\\/tapahtumat\\\/kyselytunti-eun-tekoalyasetus\\\/\"]}]},{\"@type\":\"ImageObject\",\"inLanguage\":\"fi\",\"@id\":\"https:\\\/\\\/teknologiateollisuus.fi\\\/jasenille\\\/tapahtumat\\\/kyselytunti-eun-tekoalyasetus\\\/#primaryimage\",\"url\":\"https:\\\/\\\/teknologiateollisuus.fi\\\/jasenille\\\/wp-content\\\/uploads\\\/sites\\\/1\\\/2024\\\/02\\\/Image-1.jpg\",\"contentUrl\":\"https:\\\/\\\/teknologiateollisuus.fi\\\/jasenille\\\/wp-content\\\/uploads\\\/sites\\\/1\\\/2024\\\/02\\\/Image-1.jpg\",\"width\":1024,\"height\":585},{\"@type\":\"BreadcrumbList\",\"@id\":\"https:\\\/\\\/teknologiateollisuus.fi\\\/jasenille\\\/tapahtumat\\\/kyselytunti-eun-tekoalyasetus\\\/#breadcrumb\",\"itemListElement\":[{\"@type\":\"ListItem\",\"position\":1,\"name\":\"Home\",\"item\":\"https:\\\/\\\/teknologiateollisuus.fi\\\/jasenille\\\/\"},{\"@type\":\"ListItem\",\"position\":2,\"name\":\"Ajankohtaista\",\"item\":\"https:\\\/\\\/teknologiateollisuus.fi\\\/jasenille\\\/ajankohtaista\\\/\"},{\"@type\":\"ListItem\",\"position\":3,\"name\":\"Tapahtumat ja koulutukset\",\"item\":\"https:\\\/\\\/teknologiateollisuus.fi\\\/jasenille\\\/palvelut\\\/tapahtumat-ja-koulutukset\\\/\"},{\"@type\":\"ListItem\",\"position\":4,\"name\":\"Kyselytunti: EU:n teko\u00e4lyasetus\"}]},{\"@type\":\"WebSite\",\"@id\":\"https:\\\/\\\/teknologiateollisuus.fi\\\/jasenille\\\/#website\",\"url\":\"https:\\\/\\\/teknologiateollisuus.fi\\\/jasenille\\\/\",\"name\":\"Teknologiateollisuus - J\u00e4senille\",\"description\":\"\",\"publisher\":{\"@id\":\"https:\\\/\\\/teknologiateollisuus.fi\\\/jasenille\\\/#organization\"},\"potentialAction\":[{\"@type\":\"SearchAction\",\"target\":{\"@type\":\"EntryPoint\",\"urlTemplate\":\"https:\\\/\\\/teknologiateollisuus.fi\\\/jasenille\\\/?s={search_term_string}\"},\"query-input\":{\"@type\":\"PropertyValueSpecification\",\"valueRequired\":true,\"valueName\":\"search_term_string\"}}],\"inLanguage\":\"fi\"},{\"@type\":\"Organization\",\"@id\":\"https:\\\/\\\/teknologiateollisuus.fi\\\/jasenille\\\/#organization\",\"name\":\"Teknologiateollisuus - J\u00e4senille\",\"url\":\"https:\\\/\\\/teknologiateollisuus.fi\\\/jasenille\\\/\",\"logo\":{\"@type\":\"ImageObject\",\"inLanguage\":\"fi\",\"@id\":\"https:\\\/\\\/teknologiateollisuus.fi\\\/jasenille\\\/#\\\/schema\\\/logo\\\/image\\\/\",\"url\":\"https:\\\/\\\/teknologiateollisuus.fi\\\/jasenille\\\/wp-content\\\/uploads\\\/sites\\\/1\\\/2023\\\/10\\\/placeholder.png\",\"contentUrl\":\"https:\\\/\\\/teknologiateollisuus.fi\\\/jasenille\\\/wp-content\\\/uploads\\\/sites\\\/1\\\/2023\\\/10\\\/placeholder.png\",\"width\":2560,\"height\":1920,\"caption\":\"Teknologiateollisuus - J\u00e4senille\"},\"image\":{\"@id\":\"https:\\\/\\\/teknologiateollisuus.fi\\\/jasenille\\\/#\\\/schema\\\/logo\\\/image\\\/\"}}]}<\/script>\n<!-- \/ Yoast SEO Premium plugin. -->","yoast_head_json":{"title":"Kyselytunti: EU:n teko\u00e4lyasetus - Teknologiateollisuus - J\u00e4senille","description":"Teknologiateollisuus ry j\u00e4rjest\u00e4\u00e4 kaikille avoimen verkkokyselytunnin, jossa vastaamme yhdess\u00e4 ty\u00f6- ja elinkeinoministeri\u00f6n asiantuntijoiden kansa osallistujien kysymyksiin EU:n teko\u00e4lyasetuksesta ja sen soveltamisesta k\u00e4yt\u00e4nn\u00f6ss\u00e4. Lue lis\u00e4\u00e4!","robots":{"index":"index","follow":"follow","max-snippet":"max-snippet:-1","max-image-preview":"max-image-preview:large","max-video-preview":"max-video-preview:-1"},"canonical":"https:\/\/teknologiateollisuus.fi\/jasenille\/tapahtumat\/kyselytunti-eun-tekoalyasetus\/","og_locale":"fi_FI","og_type":"article","og_title":"Kyselytunti: EU:n teko\u00e4lyasetus","og_description":"Teknologiateollisuus ry j\u00e4rjest\u00e4\u00e4 kaikille avoimen verkkokyselytunnin, jossa vastaamme yhdess\u00e4 ty\u00f6- ja elinkeinoministeri\u00f6n asiantuntijoiden kansa osallistujien kysymyksiin EU:n teko\u00e4lyasetuksesta ja sen soveltamisesta k\u00e4yt\u00e4nn\u00f6ss\u00e4. Lue lis\u00e4\u00e4!","og_url":"https:\/\/teknologiateollisuus.fi\/jasenille\/tapahtumat\/kyselytunti-eun-tekoalyasetus\/","og_site_name":"Teknologiateollisuus - J\u00e4senille","article_modified_time":"2025-04-16T10:02:39+00:00","og_image":[{"width":1024,"height":585,"url":"https:\/\/teknologiateollisuus.fi\/jasenille\/wp-content\/uploads\/sites\/1\/2024\/02\/Image-1.jpg","type":"image\/jpeg"}],"twitter_card":"summary_large_image","twitter_misc":{"Arvioitu lukuaika":"2 minuuttia"},"schema":{"@context":"https:\/\/schema.org","@graph":[{"@type":"WebPage","@id":"https:\/\/teknologiateollisuus.fi\/jasenille\/tapahtumat\/kyselytunti-eun-tekoalyasetus\/","url":"https:\/\/teknologiateollisuus.fi\/jasenille\/tapahtumat\/kyselytunti-eun-tekoalyasetus\/","name":"Kyselytunti: EU:n teko\u00e4lyasetus - Teknologiateollisuus - J\u00e4senille","isPartOf":{"@id":"https:\/\/teknologiateollisuus.fi\/jasenille\/#website"},"primaryImageOfPage":{"@id":"https:\/\/teknologiateollisuus.fi\/jasenille\/tapahtumat\/kyselytunti-eun-tekoalyasetus\/#primaryimage"},"image":{"@id":"https:\/\/teknologiateollisuus.fi\/jasenille\/tapahtumat\/kyselytunti-eun-tekoalyasetus\/#primaryimage"},"thumbnailUrl":"https:\/\/teknologiateollisuus.fi\/jasenille\/wp-content\/uploads\/sites\/1\/2024\/02\/Image-1.jpg","datePublished":"2025-02-21T09:46:46+00:00","dateModified":"2025-04-16T10:02:39+00:00","description":"Teknologiateollisuus ry j\u00e4rjest\u00e4\u00e4 kaikille avoimen verkkokyselytunnin, jossa vastaamme yhdess\u00e4 ty\u00f6- ja elinkeinoministeri\u00f6n asiantuntijoiden kansa osallistujien kysymyksiin EU:n teko\u00e4lyasetuksesta ja sen soveltamisesta k\u00e4yt\u00e4nn\u00f6ss\u00e4. Lue lis\u00e4\u00e4!","breadcrumb":{"@id":"https:\/\/teknologiateollisuus.fi\/jasenille\/tapahtumat\/kyselytunti-eun-tekoalyasetus\/#breadcrumb"},"inLanguage":"fi","potentialAction":[{"@type":"ReadAction","target":["https:\/\/teknologiateollisuus.fi\/jasenille\/tapahtumat\/kyselytunti-eun-tekoalyasetus\/"]}]},{"@type":"ImageObject","inLanguage":"fi","@id":"https:\/\/teknologiateollisuus.fi\/jasenille\/tapahtumat\/kyselytunti-eun-tekoalyasetus\/#primaryimage","url":"https:\/\/teknologiateollisuus.fi\/jasenille\/wp-content\/uploads\/sites\/1\/2024\/02\/Image-1.jpg","contentUrl":"https:\/\/teknologiateollisuus.fi\/jasenille\/wp-content\/uploads\/sites\/1\/2024\/02\/Image-1.jpg","width":1024,"height":585},{"@type":"BreadcrumbList","@id":"https:\/\/teknologiateollisuus.fi\/jasenille\/tapahtumat\/kyselytunti-eun-tekoalyasetus\/#breadcrumb","itemListElement":[{"@type":"ListItem","position":1,"name":"Home","item":"https:\/\/teknologiateollisuus.fi\/jasenille\/"},{"@type":"ListItem","position":2,"name":"Ajankohtaista","item":"https:\/\/teknologiateollisuus.fi\/jasenille\/ajankohtaista\/"},{"@type":"ListItem","position":3,"name":"Tapahtumat ja koulutukset","item":"https:\/\/teknologiateollisuus.fi\/jasenille\/palvelut\/tapahtumat-ja-koulutukset\/"},{"@type":"ListItem","position":4,"name":"Kyselytunti: EU:n teko\u00e4lyasetus"}]},{"@type":"WebSite","@id":"https:\/\/teknologiateollisuus.fi\/jasenille\/#website","url":"https:\/\/teknologiateollisuus.fi\/jasenille\/","name":"Teknologiateollisuus - J\u00e4senille","description":"","publisher":{"@id":"https:\/\/teknologiateollisuus.fi\/jasenille\/#organization"},"potentialAction":[{"@type":"SearchAction","target":{"@type":"EntryPoint","urlTemplate":"https:\/\/teknologiateollisuus.fi\/jasenille\/?s={search_term_string}"},"query-input":{"@type":"PropertyValueSpecification","valueRequired":true,"valueName":"search_term_string"}}],"inLanguage":"fi"},{"@type":"Organization","@id":"https:\/\/teknologiateollisuus.fi\/jasenille\/#organization","name":"Teknologiateollisuus - J\u00e4senille","url":"https:\/\/teknologiateollisuus.fi\/jasenille\/","logo":{"@type":"ImageObject","inLanguage":"fi","@id":"https:\/\/teknologiateollisuus.fi\/jasenille\/#\/schema\/logo\/image\/","url":"https:\/\/teknologiateollisuus.fi\/jasenille\/wp-content\/uploads\/sites\/1\/2023\/10\/placeholder.png","contentUrl":"https:\/\/teknologiateollisuus.fi\/jasenille\/wp-content\/uploads\/sites\/1\/2023\/10\/placeholder.png","width":2560,"height":1920,"caption":"Teknologiateollisuus - J\u00e4senille"},"image":{"@id":"https:\/\/teknologiateollisuus.fi\/jasenille\/#\/schema\/logo\/image\/"}}]}},"lang":"fi","translations":{"fi":24321},"pll_sync_post":[],"_links":{"self":[{"href":"https:\/\/teknologiateollisuus.fi\/jasenille\/wp-json\/wp\/v2\/events\/24321","targetHints":{"allow":["GET"]}}],"collection":[{"href":"https:\/\/teknologiateollisuus.fi\/jasenille\/wp-json\/wp\/v2\/events"}],"about":[{"href":"https:\/\/teknologiateollisuus.fi\/jasenille\/wp-json\/wp\/v2\/types\/em_event"}],"version-history":[{"count":9,"href":"https:\/\/teknologiateollisuus.fi\/jasenille\/wp-json\/wp\/v2\/events\/24321\/revisions"}],"predecessor-version":[{"id":25450,"href":"https:\/\/teknologiateollisuus.fi\/jasenille\/wp-json\/wp\/v2\/events\/24321\/revisions\/25450"}],"wp:featuredmedia":[{"embeddable":true,"href":"https:\/\/teknologiateollisuus.fi\/jasenille\/wp-json\/wp\/v2\/media\/5703"}],"wp:attachment":[{"href":"https:\/\/teknologiateollisuus.fi\/jasenille\/wp-json\/wp\/v2\/media?parent=24321"}],"wp:term":[{"taxonomy":"post_tag","embeddable":true,"href":"https:\/\/teknologiateollisuus.fi\/jasenille\/wp-json\/wp\/v2\/post_tag?post=24321"},{"taxonomy":"em_region","embeddable":true,"href":"https:\/\/teknologiateollisuus.fi\/jasenille\/wp-json\/wp\/v2\/em_region?post=24321"},{"taxonomy":"em_target_group","embeddable":true,"href":"https:\/\/teknologiateollisuus.fi\/jasenille\/wp-json\/wp\/v2\/em_target_group?post=24321"},{"taxonomy":"em_event_type","embeddable":true,"href":"https:\/\/teknologiateollisuus.fi\/jasenille\/wp-json\/wp\/v2\/em_event_type?post=24321"}],"curies":[{"name":"wp","href":"https:\/\/api.w.org\/{rel}","templated":true}]}}