{"id":24444,"date":"2025-02-27T13:55:33","date_gmt":"2025-02-27T11:55:33","guid":{"rendered":"https:\/\/teknologiateollisuus.fi\/jasenille\/?post_type=em_event&#038;p=24444"},"modified":"2025-05-27T10:08:14","modified_gmt":"2025-05-27T07:08:14","slug":"kick-off-suomen-paviljonki-cop30-ilmastokokoukseen-brasiliaan","status":"publish","type":"em_event","link":"https:\/\/teknologiateollisuus.fi\/jasenille\/tapahtumat\/kick-off-suomen-paviljonki-cop30-ilmastokokoukseen-brasiliaan\/","title":{"rendered":"Kick off: Suomen paviljonki COP30-\u200bilmastokokoukseen Brasiliaan"},"content":{"rendered":"\n<p>Suomelle tehd\u00e4\u00e4n oma maapaviljonki COP30-ilmastokokoukseen, joka pidet\u00e4\u00e4n Bel\u00e9miss\u00e4, Brasiliassa 10.\u201321.11.2025. Paviljonki tarjoaa suomalaisille toimijoille ainutlaatuisen alustan esitell\u00e4 ratkaisujaan ja osaamistaan globaalissa ilmastoty\u00f6ss\u00e4. Climate Leadership Coalition, Elinkeinoel\u00e4m\u00e4n keskusliitto, Keskuskauppakamari ja Teknologiateollisuus sek\u00e4 Miltton toteuttavat yhteisty\u00f6ss\u00e4 Suomen paviljongin YK:n ilmastokokouksessa 2025.&nbsp;<\/p>\n\n\n\n<p>J\u00e4rjest\u00e4mme 11.3. kick-off-tilaisuuden, jossa kerromme, kuinka voit liitty\u00e4 mukaan kumppaniksi paviljonkiin. Aamun aikana kuulet COP30:n taustasta sek\u00e4 kumppanuuden tarjoamista hy\u00f6dyist\u00e4. Jaamme my\u00f6s kokemuksia aikaisemmista COP-kokemuksista sek\u00e4 esittelemme kumppanuustasot, rekister\u00f6itymisprosessin ja aikataulun.<\/p>\n\n\n\n<p>Etk\u00f6 p\u00e4\u00e4se kick-off-aamuun, mutta olet kiinnostunut tulemaan paviljongin kumppaniksi? T\u00e4yt\u00e4 <a href=\"https:\/\/forms.office.com\/pages\/responsepage.aspx?id=vvNetrxgsk2E7MOUjw_215XIY4sMrLBBnxCslJ6sO8FUQk5DSUpNTTk4S1JRVjFOMFk1RVhISU9QTS4u&amp;route=shorturl\">t\u00e4\u00e4ll\u00e4<\/a> lomake ilmaistaksesi alustava kiinnostuksesi.<\/p>\n\n\n\n<div class=\"wp-block-evermade-links em-block-links has-columns-1\">\n<a\n\tclass=\"wp-block-evermade-internal-link em-block-link is-internal   \"\n\thref=\"https:\/\/teknologiateollisuus.fi\/jasenille\/suomelle-paviljonki-cop30-ilmastokokoukseen-brasiliaan-ilmoittautuminen-nyt-auki\/\"\n\taria-label=\"Avaa samassa v\u00e4lilehdess\u00e4\"\n\ttarget=\"_self\"\n\trel=\"noopener\"\n>\n\t<div class=\"em-block-link__content\">\n\t\t<span class=\"em-block-link__title\">\n\t\t\tLue lis\u00e4\u00e4 tiedotteesta\t\t<\/span>\n\t\t\t<\/div>\n\t\t\t<div class=\"em-block-link__arrow\"><\/div>\n\t\t<div class=\"em-block-link__pressable\"><\/div>\n\t<\/a>\n<\/div>\n\n\n\n<div class=\"wp-block-buttons  mt-md is-layout-flex wp-block-buttons-is-layout-flex\">\n<div class=\"wp-block-button  icon-right size-lg\"><a class=\"wp-block-button__link wp-element-button\" href=\"https:\/\/www.lyyti.fi\/reg\/Kick_off_Finlands_Pavilion_at_COP30_3500\" target=\"_blank\" rel=\"noreferrer noopener\">Ilmoittaudu tapahtumaan<\/a><\/div>\n<\/div>\n\n\n\n<div class=\"wp-block-scb-columns scb-columns  has-mobile-behavior--stacked em-pattern-event-contacts\">\n\n<div class=\"wp-block-scb-column scb-column\">\n\n<h2 class=\"wp-block-heading\" id=\"h-lisatietoja\" id=\"lisatietoja\">Lis\u00e4tietoja<\/h2>\n\n\n<\/div>\n\n<\/div>\n\n\n\n<p><\/p>\n","protected":false},"excerpt":{"rendered":"<p>Suomelle tehd\u00e4\u00e4n oma maapaviljonki COP30-ilmastokokoukseen, joka pidet\u00e4\u00e4n Bel\u00e9miss\u00e4, Brasiliassa 10.\u201321.11.2025. Paviljonki tarjoaa suomalaisille toimijoille ainutlaatuisen alustan esitell\u00e4 ratkaisujaan ja osaamistaan globaalissa ilmastoty\u00f6ss\u00e4. Climate Leadership Coalition, Elinkeinoel\u00e4m\u00e4n keskusliitto, Keskuskauppakamari ja Teknologiateollisuus sek\u00e4 Miltton toteuttavat yhteisty\u00f6ss\u00e4 Suomen paviljongin YK:n ilmastokokouksessa 2025.&nbsp; J\u00e4rjest\u00e4mme 11.3. kick-off-tilaisuuden, jossa kerromme, kuinka voit liitty\u00e4 mukaan kumppaniksi paviljonkiin. Aamun aikana kuulet COP30:n taustasta [&hellip;]<\/p>\n","protected":false},"featured_media":7609,"template":"","meta":{"_acf_changed":false,"_relevanssi_hide_post":"","_relevanssi_hide_content":"","_relevanssi_pin_for_all":"","_relevanssi_pin_keywords":"","_relevanssi_unpin_keywords":"","_relevanssi_related_keywords":"","_relevanssi_related_include_ids":"","_relevanssi_related_exclude_ids":"","_relevanssi_related_no_append":"","_relevanssi_related_not_related":"","_relevanssi_related_posts":"6221,14793,7173,5826,24029,6021","_relevanssi_noindex_reason":"","inline_featured_image":false,"growthstack-ab-test":[],"growthstack-ab-test-views":[],"footnotes":""},"post_tag":[610,614],"em_region":[],"em_target_group":[],"em_event_type":[97],"class_list":["post-24444","em_event","type-em_event","status-publish","has-post-thumbnail","hentry","tag-ilmastojaenergia","tag-kestavakehitys","em_event_type-infotilaisuudet"],"acf":{"event_start_date":"20250311","event_end_date":"20250311","event_start_time":"08:30:00","event_end_time":"10:30:00","location":"Miltton House","address":"S\u00f6rn\u00e4isten rantatie 15, 00530 Helsinki","registration":"","files":null,"links":null,"locked":false},"yoast_head":"<!-- This site is optimized with the Yoast SEO Premium plugin v27.1 (Yoast SEO v27.5) - https:\/\/yoast.com\/product\/yoast-seo-premium-wordpress\/ -->\n<title>Kick off: Suomen paviljonki COP30-\u200bilmastokokoukseen Brasiliaan - Teknologiateollisuus - J\u00e4senille<\/title>\n<meta name=\"description\" content=\"Suomelle tehd\u00e4\u00e4n oma maapaviljonki COP30-ilmastokokoukseen. Paviljonki tarjoaa suomalaisille toimijoille ainutlaatuisen alustan esitell\u00e4 ratkaisujaan ja osaamistaan globaalissa ilmastoty\u00f6ss\u00e4.\" \/>\n<meta name=\"robots\" content=\"index, follow, max-snippet:-1, max-image-preview:large, max-video-preview:-1\" \/>\n<link rel=\"canonical\" href=\"https:\/\/teknologiateollisuus.fi\/jasenille\/tapahtumat\/kick-off-suomen-paviljonki-cop30-ilmastokokoukseen-brasiliaan\/\" \/>\n<meta property=\"og:locale\" content=\"fi_FI\" \/>\n<meta property=\"og:type\" content=\"article\" \/>\n<meta property=\"og:title\" content=\"Kick off: Suomen paviljonki COP30-\u200bilmastokokoukseen Brasiliaan\" \/>\n<meta property=\"og:description\" content=\"Suomelle tehd\u00e4\u00e4n oma maapaviljonki COP30-ilmastokokoukseen. Paviljonki tarjoaa suomalaisille toimijoille ainutlaatuisen alustan esitell\u00e4 ratkaisujaan ja osaamistaan globaalissa ilmastoty\u00f6ss\u00e4.\" \/>\n<meta property=\"og:url\" content=\"https:\/\/teknologiateollisuus.fi\/jasenille\/tapahtumat\/kick-off-suomen-paviljonki-cop30-ilmastokokoukseen-brasiliaan\/\" \/>\n<meta property=\"og:site_name\" content=\"Teknologiateollisuus - J\u00e4senille\" \/>\n<meta property=\"article:modified_time\" content=\"2025-05-27T07:08:14+00:00\" \/>\n<meta property=\"og:image\" content=\"https:\/\/teknologiateollisuus.fi\/jasenille\/wp-content\/uploads\/sites\/1\/2024\/07\/Pasila_pieni_08.jpeg\" \/>\n\t<meta property=\"og:image:width\" content=\"1044\" \/>\n\t<meta property=\"og:image:height\" content=\"696\" \/>\n\t<meta property=\"og:image:type\" content=\"image\/jpeg\" \/>\n<meta name=\"twitter:card\" content=\"summary_large_image\" \/>\n<meta name=\"twitter:label1\" content=\"Arvioitu lukuaika\" \/>\n\t<meta name=\"twitter:data1\" content=\"1 minuutti\" \/>\n<script type=\"application\/ld+json\" class=\"yoast-schema-graph\">{\"@context\":\"https:\\\/\\\/schema.org\",\"@graph\":[{\"@type\":\"WebPage\",\"@id\":\"https:\\\/\\\/teknologiateollisuus.fi\\\/jasenille\\\/tapahtumat\\\/kick-off-suomen-paviljonki-cop30-ilmastokokoukseen-brasiliaan\\\/\",\"url\":\"https:\\\/\\\/teknologiateollisuus.fi\\\/jasenille\\\/tapahtumat\\\/kick-off-suomen-paviljonki-cop30-ilmastokokoukseen-brasiliaan\\\/\",\"name\":\"Kick off: Suomen paviljonki COP30-\u200bilmastokokoukseen Brasiliaan - Teknologiateollisuus - J\u00e4senille\",\"isPartOf\":{\"@id\":\"https:\\\/\\\/teknologiateollisuus.fi\\\/jasenille\\\/#website\"},\"primaryImageOfPage\":{\"@id\":\"https:\\\/\\\/teknologiateollisuus.fi\\\/jasenille\\\/tapahtumat\\\/kick-off-suomen-paviljonki-cop30-ilmastokokoukseen-brasiliaan\\\/#primaryimage\"},\"image\":{\"@id\":\"https:\\\/\\\/teknologiateollisuus.fi\\\/jasenille\\\/tapahtumat\\\/kick-off-suomen-paviljonki-cop30-ilmastokokoukseen-brasiliaan\\\/#primaryimage\"},\"thumbnailUrl\":\"https:\\\/\\\/teknologiateollisuus.fi\\\/jasenille\\\/wp-content\\\/uploads\\\/sites\\\/1\\\/2024\\\/07\\\/Pasila_pieni_08.jpeg\",\"datePublished\":\"2025-02-27T11:55:33+00:00\",\"dateModified\":\"2025-05-27T07:08:14+00:00\",\"description\":\"Suomelle tehd\u00e4\u00e4n oma maapaviljonki COP30-ilmastokokoukseen. Paviljonki tarjoaa suomalaisille toimijoille ainutlaatuisen alustan esitell\u00e4 ratkaisujaan ja osaamistaan globaalissa ilmastoty\u00f6ss\u00e4.\",\"breadcrumb\":{\"@id\":\"https:\\\/\\\/teknologiateollisuus.fi\\\/jasenille\\\/tapahtumat\\\/kick-off-suomen-paviljonki-cop30-ilmastokokoukseen-brasiliaan\\\/#breadcrumb\"},\"inLanguage\":\"fi\",\"potentialAction\":[{\"@type\":\"ReadAction\",\"target\":[\"https:\\\/\\\/teknologiateollisuus.fi\\\/jasenille\\\/tapahtumat\\\/kick-off-suomen-paviljonki-cop30-ilmastokokoukseen-brasiliaan\\\/\"]}]},{\"@type\":\"ImageObject\",\"inLanguage\":\"fi\",\"@id\":\"https:\\\/\\\/teknologiateollisuus.fi\\\/jasenille\\\/tapahtumat\\\/kick-off-suomen-paviljonki-cop30-ilmastokokoukseen-brasiliaan\\\/#primaryimage\",\"url\":\"https:\\\/\\\/teknologiateollisuus.fi\\\/jasenille\\\/wp-content\\\/uploads\\\/sites\\\/1\\\/2024\\\/07\\\/Pasila_pieni_08.jpeg\",\"contentUrl\":\"https:\\\/\\\/teknologiateollisuus.fi\\\/jasenille\\\/wp-content\\\/uploads\\\/sites\\\/1\\\/2024\\\/07\\\/Pasila_pieni_08.jpeg\",\"width\":1044,\"height\":696},{\"@type\":\"BreadcrumbList\",\"@id\":\"https:\\\/\\\/teknologiateollisuus.fi\\\/jasenille\\\/tapahtumat\\\/kick-off-suomen-paviljonki-cop30-ilmastokokoukseen-brasiliaan\\\/#breadcrumb\",\"itemListElement\":[{\"@type\":\"ListItem\",\"position\":1,\"name\":\"Home\",\"item\":\"https:\\\/\\\/teknologiateollisuus.fi\\\/jasenille\\\/\"},{\"@type\":\"ListItem\",\"position\":2,\"name\":\"Ajankohtaista\",\"item\":\"https:\\\/\\\/teknologiateollisuus.fi\\\/jasenille\\\/ajankohtaista\\\/\"},{\"@type\":\"ListItem\",\"position\":3,\"name\":\"Tapahtumat ja koulutukset\",\"item\":\"https:\\\/\\\/teknologiateollisuus.fi\\\/jasenille\\\/palvelut\\\/tapahtumat-ja-koulutukset\\\/\"},{\"@type\":\"ListItem\",\"position\":4,\"name\":\"Kick off: Suomen paviljonki COP30-\u200bilmastokokoukseen Brasiliaan\"}]},{\"@type\":\"WebSite\",\"@id\":\"https:\\\/\\\/teknologiateollisuus.fi\\\/jasenille\\\/#website\",\"url\":\"https:\\\/\\\/teknologiateollisuus.fi\\\/jasenille\\\/\",\"name\":\"Teknologiateollisuus - J\u00e4senille\",\"description\":\"\",\"publisher\":{\"@id\":\"https:\\\/\\\/teknologiateollisuus.fi\\\/jasenille\\\/#organization\"},\"potentialAction\":[{\"@type\":\"SearchAction\",\"target\":{\"@type\":\"EntryPoint\",\"urlTemplate\":\"https:\\\/\\\/teknologiateollisuus.fi\\\/jasenille\\\/?s={search_term_string}\"},\"query-input\":{\"@type\":\"PropertyValueSpecification\",\"valueRequired\":true,\"valueName\":\"search_term_string\"}}],\"inLanguage\":\"fi\"},{\"@type\":\"Organization\",\"@id\":\"https:\\\/\\\/teknologiateollisuus.fi\\\/jasenille\\\/#organization\",\"name\":\"Teknologiateollisuus - J\u00e4senille\",\"url\":\"https:\\\/\\\/teknologiateollisuus.fi\\\/jasenille\\\/\",\"logo\":{\"@type\":\"ImageObject\",\"inLanguage\":\"fi\",\"@id\":\"https:\\\/\\\/teknologiateollisuus.fi\\\/jasenille\\\/#\\\/schema\\\/logo\\\/image\\\/\",\"url\":\"https:\\\/\\\/teknologiateollisuus.fi\\\/jasenille\\\/wp-content\\\/uploads\\\/sites\\\/1\\\/2023\\\/10\\\/placeholder.png\",\"contentUrl\":\"https:\\\/\\\/teknologiateollisuus.fi\\\/jasenille\\\/wp-content\\\/uploads\\\/sites\\\/1\\\/2023\\\/10\\\/placeholder.png\",\"width\":2560,\"height\":1920,\"caption\":\"Teknologiateollisuus - J\u00e4senille\"},\"image\":{\"@id\":\"https:\\\/\\\/teknologiateollisuus.fi\\\/jasenille\\\/#\\\/schema\\\/logo\\\/image\\\/\"}}]}<\/script>\n<!-- \/ Yoast SEO Premium plugin. -->","yoast_head_json":{"title":"Kick off: Suomen paviljonki COP30-\u200bilmastokokoukseen Brasiliaan - Teknologiateollisuus - J\u00e4senille","description":"Suomelle tehd\u00e4\u00e4n oma maapaviljonki COP30-ilmastokokoukseen. Paviljonki tarjoaa suomalaisille toimijoille ainutlaatuisen alustan esitell\u00e4 ratkaisujaan ja osaamistaan globaalissa ilmastoty\u00f6ss\u00e4.","robots":{"index":"index","follow":"follow","max-snippet":"max-snippet:-1","max-image-preview":"max-image-preview:large","max-video-preview":"max-video-preview:-1"},"canonical":"https:\/\/teknologiateollisuus.fi\/jasenille\/tapahtumat\/kick-off-suomen-paviljonki-cop30-ilmastokokoukseen-brasiliaan\/","og_locale":"fi_FI","og_type":"article","og_title":"Kick off: Suomen paviljonki COP30-\u200bilmastokokoukseen Brasiliaan","og_description":"Suomelle tehd\u00e4\u00e4n oma maapaviljonki COP30-ilmastokokoukseen. Paviljonki tarjoaa suomalaisille toimijoille ainutlaatuisen alustan esitell\u00e4 ratkaisujaan ja osaamistaan globaalissa ilmastoty\u00f6ss\u00e4.","og_url":"https:\/\/teknologiateollisuus.fi\/jasenille\/tapahtumat\/kick-off-suomen-paviljonki-cop30-ilmastokokoukseen-brasiliaan\/","og_site_name":"Teknologiateollisuus - J\u00e4senille","article_modified_time":"2025-05-27T07:08:14+00:00","og_image":[{"width":1044,"height":696,"url":"https:\/\/teknologiateollisuus.fi\/jasenille\/wp-content\/uploads\/sites\/1\/2024\/07\/Pasila_pieni_08.jpeg","type":"image\/jpeg"}],"twitter_card":"summary_large_image","twitter_misc":{"Arvioitu lukuaika":"1 minuutti"},"schema":{"@context":"https:\/\/schema.org","@graph":[{"@type":"WebPage","@id":"https:\/\/teknologiateollisuus.fi\/jasenille\/tapahtumat\/kick-off-suomen-paviljonki-cop30-ilmastokokoukseen-brasiliaan\/","url":"https:\/\/teknologiateollisuus.fi\/jasenille\/tapahtumat\/kick-off-suomen-paviljonki-cop30-ilmastokokoukseen-brasiliaan\/","name":"Kick off: Suomen paviljonki COP30-\u200bilmastokokoukseen Brasiliaan - Teknologiateollisuus - J\u00e4senille","isPartOf":{"@id":"https:\/\/teknologiateollisuus.fi\/jasenille\/#website"},"primaryImageOfPage":{"@id":"https:\/\/teknologiateollisuus.fi\/jasenille\/tapahtumat\/kick-off-suomen-paviljonki-cop30-ilmastokokoukseen-brasiliaan\/#primaryimage"},"image":{"@id":"https:\/\/teknologiateollisuus.fi\/jasenille\/tapahtumat\/kick-off-suomen-paviljonki-cop30-ilmastokokoukseen-brasiliaan\/#primaryimage"},"thumbnailUrl":"https:\/\/teknologiateollisuus.fi\/jasenille\/wp-content\/uploads\/sites\/1\/2024\/07\/Pasila_pieni_08.jpeg","datePublished":"2025-02-27T11:55:33+00:00","dateModified":"2025-05-27T07:08:14+00:00","description":"Suomelle tehd\u00e4\u00e4n oma maapaviljonki COP30-ilmastokokoukseen. Paviljonki tarjoaa suomalaisille toimijoille ainutlaatuisen alustan esitell\u00e4 ratkaisujaan ja osaamistaan globaalissa ilmastoty\u00f6ss\u00e4.","breadcrumb":{"@id":"https:\/\/teknologiateollisuus.fi\/jasenille\/tapahtumat\/kick-off-suomen-paviljonki-cop30-ilmastokokoukseen-brasiliaan\/#breadcrumb"},"inLanguage":"fi","potentialAction":[{"@type":"ReadAction","target":["https:\/\/teknologiateollisuus.fi\/jasenille\/tapahtumat\/kick-off-suomen-paviljonki-cop30-ilmastokokoukseen-brasiliaan\/"]}]},{"@type":"ImageObject","inLanguage":"fi","@id":"https:\/\/teknologiateollisuus.fi\/jasenille\/tapahtumat\/kick-off-suomen-paviljonki-cop30-ilmastokokoukseen-brasiliaan\/#primaryimage","url":"https:\/\/teknologiateollisuus.fi\/jasenille\/wp-content\/uploads\/sites\/1\/2024\/07\/Pasila_pieni_08.jpeg","contentUrl":"https:\/\/teknologiateollisuus.fi\/jasenille\/wp-content\/uploads\/sites\/1\/2024\/07\/Pasila_pieni_08.jpeg","width":1044,"height":696},{"@type":"BreadcrumbList","@id":"https:\/\/teknologiateollisuus.fi\/jasenille\/tapahtumat\/kick-off-suomen-paviljonki-cop30-ilmastokokoukseen-brasiliaan\/#breadcrumb","itemListElement":[{"@type":"ListItem","position":1,"name":"Home","item":"https:\/\/teknologiateollisuus.fi\/jasenille\/"},{"@type":"ListItem","position":2,"name":"Ajankohtaista","item":"https:\/\/teknologiateollisuus.fi\/jasenille\/ajankohtaista\/"},{"@type":"ListItem","position":3,"name":"Tapahtumat ja koulutukset","item":"https:\/\/teknologiateollisuus.fi\/jasenille\/palvelut\/tapahtumat-ja-koulutukset\/"},{"@type":"ListItem","position":4,"name":"Kick off: Suomen paviljonki COP30-\u200bilmastokokoukseen Brasiliaan"}]},{"@type":"WebSite","@id":"https:\/\/teknologiateollisuus.fi\/jasenille\/#website","url":"https:\/\/teknologiateollisuus.fi\/jasenille\/","name":"Teknologiateollisuus - J\u00e4senille","description":"","publisher":{"@id":"https:\/\/teknologiateollisuus.fi\/jasenille\/#organization"},"potentialAction":[{"@type":"SearchAction","target":{"@type":"EntryPoint","urlTemplate":"https:\/\/teknologiateollisuus.fi\/jasenille\/?s={search_term_string}"},"query-input":{"@type":"PropertyValueSpecification","valueRequired":true,"valueName":"search_term_string"}}],"inLanguage":"fi"},{"@type":"Organization","@id":"https:\/\/teknologiateollisuus.fi\/jasenille\/#organization","name":"Teknologiateollisuus - J\u00e4senille","url":"https:\/\/teknologiateollisuus.fi\/jasenille\/","logo":{"@type":"ImageObject","inLanguage":"fi","@id":"https:\/\/teknologiateollisuus.fi\/jasenille\/#\/schema\/logo\/image\/","url":"https:\/\/teknologiateollisuus.fi\/jasenille\/wp-content\/uploads\/sites\/1\/2023\/10\/placeholder.png","contentUrl":"https:\/\/teknologiateollisuus.fi\/jasenille\/wp-content\/uploads\/sites\/1\/2023\/10\/placeholder.png","width":2560,"height":1920,"caption":"Teknologiateollisuus - J\u00e4senille"},"image":{"@id":"https:\/\/teknologiateollisuus.fi\/jasenille\/#\/schema\/logo\/image\/"}}]}},"lang":"fi","translations":{"fi":24444},"pll_sync_post":{},"_links":{"self":[{"href":"https:\/\/teknologiateollisuus.fi\/jasenille\/wp-json\/wp\/v2\/events\/24444","targetHints":{"allow":["GET"]}}],"collection":[{"href":"https:\/\/teknologiateollisuus.fi\/jasenille\/wp-json\/wp\/v2\/events"}],"about":[{"href":"https:\/\/teknologiateollisuus.fi\/jasenille\/wp-json\/wp\/v2\/types\/em_event"}],"version-history":[{"count":7,"href":"https:\/\/teknologiateollisuus.fi\/jasenille\/wp-json\/wp\/v2\/events\/24444\/revisions"}],"predecessor-version":[{"id":25868,"href":"https:\/\/teknologiateollisuus.fi\/jasenille\/wp-json\/wp\/v2\/events\/24444\/revisions\/25868"}],"wp:featuredmedia":[{"embeddable":true,"href":"https:\/\/teknologiateollisuus.fi\/jasenille\/wp-json\/wp\/v2\/media\/7609"}],"wp:attachment":[{"href":"https:\/\/teknologiateollisuus.fi\/jasenille\/wp-json\/wp\/v2\/media?parent=24444"}],"wp:term":[{"taxonomy":"post_tag","embeddable":true,"href":"https:\/\/teknologiateollisuus.fi\/jasenille\/wp-json\/wp\/v2\/post_tag?post=24444"},{"taxonomy":"em_region","embeddable":true,"href":"https:\/\/teknologiateollisuus.fi\/jasenille\/wp-json\/wp\/v2\/em_region?post=24444"},{"taxonomy":"em_target_group","embeddable":true,"href":"https:\/\/teknologiateollisuus.fi\/jasenille\/wp-json\/wp\/v2\/em_target_group?post=24444"},{"taxonomy":"em_event_type","embeddable":true,"href":"https:\/\/teknologiateollisuus.fi\/jasenille\/wp-json\/wp\/v2\/em_event_type?post=24444"}],"curies":[{"name":"wp","href":"https:\/\/api.w.org\/{rel}","templated":true}]}}