{"id":25552,"date":"2025-04-28T08:29:16","date_gmt":"2025-04-28T05:29:16","guid":{"rendered":"https:\/\/teknologiateollisuus.fi\/jasenille\/?post_type=em_event&#038;p=25552"},"modified":"2025-04-28T08:37:58","modified_gmt":"2025-04-28T05:37:58","slug":"varsinais-suomen-verkostoseminaari-tulevaisuuden-taidot-ja-tekoaly-ammattiosaaminen-murroksessa","status":"publish","type":"em_event","link":"https:\/\/teknologiateollisuus.fi\/jasenille\/tapahtumat\/varsinais-suomen-verkostoseminaari-tulevaisuuden-taidot-ja-tekoaly-ammattiosaaminen-murroksessa\/","title":{"rendered":"Varsinais-Suomen verkostoseminaari: Tulevaisuuden taidot ja teko\u00e4ly &#8211; Ammattiosaaminen murroksessa?"},"content":{"rendered":"\n<p><strong>Tervetuloa Teknologiateollisuuden Varsinais-Suomen j\u00e4senyritysten verkostoseminaariin 6.5.2025 klo 9.00\u201311.00 Turun Messukeskukseen<\/strong>.<strong> Aamukahvia on tarjolla ennen tilaisuuden alkua.<\/strong><\/p>\n\n\n\n<p>Teko\u00e4ly muokkaa merkitt\u00e4v\u00e4sti tulevaisuuden ty\u00f6el\u00e4m\u00e4\u00e4. Muuttuvat osaamistarpeet vaikuttavat ammattiopetukseen, ja jo ty\u00f6el\u00e4m\u00e4ss\u00e4 olevien ammattilaisten arkea teko\u00e4ly muovaa jo nyt. Teko\u00e4ly\u00e4 hy\u00f6dynt\u00e4m\u00e4ll\u00e4 voidaan parantaa tuottavuutta monin tavoin, mm. sis\u00e4isten prosessien optimoinnilla, k\u00e4ytt\u00f6kokemuksen personoinnilla ja datan analysoinnilla. Automatisoimalla rutiiniteht\u00e4vi\u00e4 vapautuu aikaa luovempiin ja strategisempiin teht\u00e4viin, mik\u00e4 parantaa osaltaan suorituskyky\u00e4 ja tuottavuutta. Muutos vaatii uudenlaista ajattelua ja osaamista.&nbsp;<\/p>\n\n\n\n<p>Seminaari tarjoaa erinomaisen tilaisuuden kuulla asiantuntijoiden n\u00e4kemyksi\u00e4 ja osallistua keskusteluun ammattiosaamisen tulevaisuudesta sek\u00e4 teko\u00e4lyn hy\u00f6dynt\u00e4misest\u00e4 tuottavuuden parantamisessa.<\/p>\n\n\n\n<p>Ohjelmassa mm.<\/p>\n\n\n\n<ul class=\"wp-block-list\">\n<li>Asiantuntijapuheenvuorot<\/li>\n\n\n\n<li>Case-esimerkit yritystoiminnan ja tuottavuuden parantamisesta <\/li>\n\n\n\n<li>Asiantuntijapaneeli ja keskustelu<\/li>\n\n\n\n<li>Aikaa verkostoitumiselle kollegojen kanssa.<\/li>\n<\/ul>\n\n\n\n<div class=\"wp-block-buttons  mt-md is-layout-flex wp-block-buttons-is-layout-flex\">\n<div class=\"wp-block-button  icon-right size-lg\"><a class=\"wp-block-button__link wp-element-button\" href=\"https:\/\/www.lyyti.fi\/reg\/VS-verkostos_j_Tku_0605\" target=\"_blank\" rel=\"noreferrer noopener\">Ilmoittaudu tapahtumaan 30.4. menness\u00e4 <\/a><\/div>\n<\/div>\n\n\n\n<div class=\"wp-block-scb-columns scb-columns  has-mobile-behavior--stacked em-pattern-event-contacts\">\n<div class=\"wp-block-scb-column scb-column\">\n<h2 class=\"wp-block-heading\" id=\"h-lisatietoja\" id=\"lisatietoja\">Lis\u00e4tietoja<\/h2>\n\n\n\n<article class=\"em-block-contact-card is-style-list\">\n\n\t<div class=\"em-block-contact-card__image\">\n\t\t\t\t\t<img loading=\"lazy\" decoding=\"async\" width=\"300\" height=\"400\" src=\"https:\/\/teknologiateollisuus.fi\/jasenille\/wp-content\/uploads\/2024\/05\/php3vvybq.jpg\" class=\"attachment-portrait size-portrait\" alt=\"\" \/>\t\t\t<\/div>\n\t<div class=\"em-block-contact-card__content-wrapper\">\n\t\t<div class=\"em-block-contact-card__content\">\n\t\t\t\t\t\t\t<div class=\"em-block-contact-card__business-units\">\n\t\t\t\t\t\t\t\t\t\t\t<span class=\"em-block-contact-card__business-unit\">Entrepreneurship and Regional Operations<\/span>\n\t\t\t\t\t\t\t\t\t<\/div>\n\t\t\t\t\t\t<h3 class=\"em-block-contact-card__title\"><a target=\"_self\" href=\"https:\/\/teknologiateollisuus.fi\/en\/?p=7807\">L\u00e4\u00e4veri Anu<\/a><\/h3>\n\t\t\t\t\t\t\t<span class=\"em-block-contact-card__job_title\">Director, Regional Operations; Head of Regional Operations, Varsinais-Suomi &#8211; Regional Operations <\/span>\n\t\t\t\t\t\t\t\t\t\t<span class=\"em-block-contact-card__organisation\">Technology Industries of Finland<\/span>\n\t\t\t\t\t<\/div>\n\t\t<div class=\"em-block-contact-card__content\">\n\t\t\t\t\t\t<address class=\"em-block-contact-card__contact-details\">\n\t\t\t\t\t\t\t\t\t<span class=\"em-block-contact-card__phone\">\n\t\t\t\t\t\t<a href=\"tel:+358 505649352\">+358 505649352<\/a><\/a>\n\t\t\t\t\t<\/span>\n\t\t\t\t\t\t\t\t\t\t\t\t\t<span class=\"em-block-contact-card__email\">\n\t\t\t\t\t\t<a href=\"mailto:anu.laaveri@teknologiateollisuus.fi\">anu.laaveri@teknologiateollisuus.fi<\/a><\/a>\n\t\t\t\t\t<\/span>\n\t\t\t\t\t\t\t<\/address>\n\t\t\t\t\t<\/div>\n\t<\/div>\n\n<\/article>\n<\/div>\n<\/div>\n","protected":false},"excerpt":{"rendered":"<p>Tervetuloa Teknologiateollisuuden Varsinais-Suomen j\u00e4senyritysten verkostoseminaariin 6.5.2025 klo 9.00\u201311.00 Turun Messukeskukseen. Aamukahvia on tarjolla ennen tilaisuuden alkua. Teko\u00e4ly muokkaa merkitt\u00e4v\u00e4sti tulevaisuuden ty\u00f6el\u00e4m\u00e4\u00e4. Muuttuvat osaamistarpeet vaikuttavat ammattiopetukseen, ja jo ty\u00f6el\u00e4m\u00e4ss\u00e4 olevien ammattilaisten arkea teko\u00e4ly muovaa jo nyt. Teko\u00e4ly\u00e4 hy\u00f6dynt\u00e4m\u00e4ll\u00e4 voidaan parantaa tuottavuutta monin tavoin, mm. sis\u00e4isten prosessien optimoinnilla, k\u00e4ytt\u00f6kokemuksen personoinnilla ja datan analysoinnilla. Automatisoimalla rutiiniteht\u00e4vi\u00e4 vapautuu aikaa [&hellip;]<\/p>\n","protected":false},"featured_media":0,"template":"","meta":{"_acf_changed":false,"_relevanssi_hide_post":"","_relevanssi_hide_content":"","_relevanssi_pin_for_all":"","_relevanssi_pin_keywords":"","_relevanssi_unpin_keywords":"","_relevanssi_related_keywords":"","_relevanssi_related_include_ids":"","_relevanssi_related_exclude_ids":"","_relevanssi_related_no_append":"","_relevanssi_related_not_related":"","_relevanssi_related_posts":"6021,5887,6453,5748,23531,24205","_relevanssi_noindex_reason":"","inline_featured_image":false,"growthstack-ab-test":[],"growthstack-ab-test-views":[],"footnotes":""},"post_tag":[21,622],"em_region":[49],"em_target_group":[],"em_event_type":[96],"class_list":["post-25552","em_event","type-em_event","status-publish","hentry","tag-koulutusjaosaaminen","tag-tekoaly","em_region-varsinais-suomi","em_event_type-seminaarit"],"acf":{"event_start_date":"20250506","event_end_date":"20250506","event_start_time":"09:00:00","event_end_time":"11:00:00","location":"Turun Messukeskus","address":"Messukent\u00e4nkatu 9-13, 20210 Turku","registration":"","files":null,"links":null,"locked":false},"yoast_head":"<!-- This site is optimized with the Yoast SEO Premium plugin v27.1 (Yoast SEO v27.5) - https:\/\/yoast.com\/product\/yoast-seo-premium-wordpress\/ -->\n<title>Varsinais-Suomen verkostoseminaari: Tulevaisuuden taidot ja teko\u00e4ly - Ammattiosaaminen murroksessa? - Teknologiateollisuus - J\u00e4senille<\/title>\n<meta name=\"description\" content=\"Verkostoseminaarissa keskustellaan ammatillisen osaamisen n\u00e4kymist\u00e4 ja tuottavuuden parantamisen mahdollisuuksista teko\u00e4lyaikakaudella.\" \/>\n<meta name=\"robots\" content=\"index, follow, max-snippet:-1, max-image-preview:large, max-video-preview:-1\" \/>\n<link rel=\"canonical\" href=\"https:\/\/teknologiateollisuus.fi\/jasenille\/tapahtumat\/varsinais-suomen-verkostoseminaari-tulevaisuuden-taidot-ja-tekoaly-ammattiosaaminen-murroksessa\/\" \/>\n<meta property=\"og:locale\" content=\"fi_FI\" \/>\n<meta property=\"og:type\" content=\"article\" \/>\n<meta property=\"og:title\" content=\"Varsinais-Suomen verkostoseminaari: Tulevaisuuden taidot ja teko\u00e4ly - Ammattiosaaminen murroksessa?\" \/>\n<meta property=\"og:description\" content=\"Verkostoseminaarissa keskustellaan ammatillisen osaamisen n\u00e4kymist\u00e4 ja tuottavuuden parantamisen mahdollisuuksista teko\u00e4lyaikakaudella.\" \/>\n<meta property=\"og:url\" content=\"https:\/\/teknologiateollisuus.fi\/jasenille\/tapahtumat\/varsinais-suomen-verkostoseminaari-tulevaisuuden-taidot-ja-tekoaly-ammattiosaaminen-murroksessa\/\" \/>\n<meta property=\"og:site_name\" content=\"Teknologiateollisuus - J\u00e4senille\" \/>\n<meta property=\"article:modified_time\" content=\"2025-04-28T05:37:58+00:00\" \/>\n<meta name=\"twitter:card\" content=\"summary_large_image\" \/>\n<meta name=\"twitter:label1\" content=\"Arvioitu lukuaika\" \/>\n\t<meta name=\"twitter:data1\" content=\"1 minuutti\" \/>\n<script type=\"application\/ld+json\" class=\"yoast-schema-graph\">{\"@context\":\"https:\\\/\\\/schema.org\",\"@graph\":[{\"@type\":\"WebPage\",\"@id\":\"https:\\\/\\\/teknologiateollisuus.fi\\\/jasenille\\\/tapahtumat\\\/varsinais-suomen-verkostoseminaari-tulevaisuuden-taidot-ja-tekoaly-ammattiosaaminen-murroksessa\\\/\",\"url\":\"https:\\\/\\\/teknologiateollisuus.fi\\\/jasenille\\\/tapahtumat\\\/varsinais-suomen-verkostoseminaari-tulevaisuuden-taidot-ja-tekoaly-ammattiosaaminen-murroksessa\\\/\",\"name\":\"Varsinais-Suomen verkostoseminaari: Tulevaisuuden taidot ja teko\u00e4ly - Ammattiosaaminen murroksessa? - Teknologiateollisuus - J\u00e4senille\",\"isPartOf\":{\"@id\":\"https:\\\/\\\/teknologiateollisuus.fi\\\/jasenille\\\/#website\"},\"datePublished\":\"2025-04-28T05:29:16+00:00\",\"dateModified\":\"2025-04-28T05:37:58+00:00\",\"description\":\"Verkostoseminaarissa keskustellaan ammatillisen osaamisen n\u00e4kymist\u00e4 ja tuottavuuden parantamisen mahdollisuuksista teko\u00e4lyaikakaudella.\",\"breadcrumb\":{\"@id\":\"https:\\\/\\\/teknologiateollisuus.fi\\\/jasenille\\\/tapahtumat\\\/varsinais-suomen-verkostoseminaari-tulevaisuuden-taidot-ja-tekoaly-ammattiosaaminen-murroksessa\\\/#breadcrumb\"},\"inLanguage\":\"fi\",\"potentialAction\":[{\"@type\":\"ReadAction\",\"target\":[\"https:\\\/\\\/teknologiateollisuus.fi\\\/jasenille\\\/tapahtumat\\\/varsinais-suomen-verkostoseminaari-tulevaisuuden-taidot-ja-tekoaly-ammattiosaaminen-murroksessa\\\/\"]}]},{\"@type\":\"BreadcrumbList\",\"@id\":\"https:\\\/\\\/teknologiateollisuus.fi\\\/jasenille\\\/tapahtumat\\\/varsinais-suomen-verkostoseminaari-tulevaisuuden-taidot-ja-tekoaly-ammattiosaaminen-murroksessa\\\/#breadcrumb\",\"itemListElement\":[{\"@type\":\"ListItem\",\"position\":1,\"name\":\"Home\",\"item\":\"https:\\\/\\\/teknologiateollisuus.fi\\\/jasenille\\\/\"},{\"@type\":\"ListItem\",\"position\":2,\"name\":\"Ajankohtaista\",\"item\":\"https:\\\/\\\/teknologiateollisuus.fi\\\/jasenille\\\/ajankohtaista\\\/\"},{\"@type\":\"ListItem\",\"position\":3,\"name\":\"Tapahtumat ja koulutukset\",\"item\":\"https:\\\/\\\/teknologiateollisuus.fi\\\/jasenille\\\/palvelut\\\/tapahtumat-ja-koulutukset\\\/\"},{\"@type\":\"ListItem\",\"position\":4,\"name\":\"Varsinais-Suomen verkostoseminaari: Tulevaisuuden taidot ja teko\u00e4ly &#8211; Ammattiosaaminen murroksessa?\"}]},{\"@type\":\"WebSite\",\"@id\":\"https:\\\/\\\/teknologiateollisuus.fi\\\/jasenille\\\/#website\",\"url\":\"https:\\\/\\\/teknologiateollisuus.fi\\\/jasenille\\\/\",\"name\":\"Teknologiateollisuus - J\u00e4senille\",\"description\":\"\",\"publisher\":{\"@id\":\"https:\\\/\\\/teknologiateollisuus.fi\\\/jasenille\\\/#organization\"},\"potentialAction\":[{\"@type\":\"SearchAction\",\"target\":{\"@type\":\"EntryPoint\",\"urlTemplate\":\"https:\\\/\\\/teknologiateollisuus.fi\\\/jasenille\\\/?s={search_term_string}\"},\"query-input\":{\"@type\":\"PropertyValueSpecification\",\"valueRequired\":true,\"valueName\":\"search_term_string\"}}],\"inLanguage\":\"fi\"},{\"@type\":\"Organization\",\"@id\":\"https:\\\/\\\/teknologiateollisuus.fi\\\/jasenille\\\/#organization\",\"name\":\"Teknologiateollisuus - J\u00e4senille\",\"url\":\"https:\\\/\\\/teknologiateollisuus.fi\\\/jasenille\\\/\",\"logo\":{\"@type\":\"ImageObject\",\"inLanguage\":\"fi\",\"@id\":\"https:\\\/\\\/teknologiateollisuus.fi\\\/jasenille\\\/#\\\/schema\\\/logo\\\/image\\\/\",\"url\":\"https:\\\/\\\/teknologiateollisuus.fi\\\/jasenille\\\/wp-content\\\/uploads\\\/sites\\\/1\\\/2023\\\/10\\\/placeholder.png\",\"contentUrl\":\"https:\\\/\\\/teknologiateollisuus.fi\\\/jasenille\\\/wp-content\\\/uploads\\\/sites\\\/1\\\/2023\\\/10\\\/placeholder.png\",\"width\":2560,\"height\":1920,\"caption\":\"Teknologiateollisuus - J\u00e4senille\"},\"image\":{\"@id\":\"https:\\\/\\\/teknologiateollisuus.fi\\\/jasenille\\\/#\\\/schema\\\/logo\\\/image\\\/\"}}]}<\/script>\n<!-- \/ Yoast SEO Premium plugin. -->","yoast_head_json":{"title":"Varsinais-Suomen verkostoseminaari: Tulevaisuuden taidot ja teko\u00e4ly - Ammattiosaaminen murroksessa? - Teknologiateollisuus - J\u00e4senille","description":"Verkostoseminaarissa keskustellaan ammatillisen osaamisen n\u00e4kymist\u00e4 ja tuottavuuden parantamisen mahdollisuuksista teko\u00e4lyaikakaudella.","robots":{"index":"index","follow":"follow","max-snippet":"max-snippet:-1","max-image-preview":"max-image-preview:large","max-video-preview":"max-video-preview:-1"},"canonical":"https:\/\/teknologiateollisuus.fi\/jasenille\/tapahtumat\/varsinais-suomen-verkostoseminaari-tulevaisuuden-taidot-ja-tekoaly-ammattiosaaminen-murroksessa\/","og_locale":"fi_FI","og_type":"article","og_title":"Varsinais-Suomen verkostoseminaari: Tulevaisuuden taidot ja teko\u00e4ly - Ammattiosaaminen murroksessa?","og_description":"Verkostoseminaarissa keskustellaan ammatillisen osaamisen n\u00e4kymist\u00e4 ja tuottavuuden parantamisen mahdollisuuksista teko\u00e4lyaikakaudella.","og_url":"https:\/\/teknologiateollisuus.fi\/jasenille\/tapahtumat\/varsinais-suomen-verkostoseminaari-tulevaisuuden-taidot-ja-tekoaly-ammattiosaaminen-murroksessa\/","og_site_name":"Teknologiateollisuus - J\u00e4senille","article_modified_time":"2025-04-28T05:37:58+00:00","twitter_card":"summary_large_image","twitter_misc":{"Arvioitu lukuaika":"1 minuutti"},"schema":{"@context":"https:\/\/schema.org","@graph":[{"@type":"WebPage","@id":"https:\/\/teknologiateollisuus.fi\/jasenille\/tapahtumat\/varsinais-suomen-verkostoseminaari-tulevaisuuden-taidot-ja-tekoaly-ammattiosaaminen-murroksessa\/","url":"https:\/\/teknologiateollisuus.fi\/jasenille\/tapahtumat\/varsinais-suomen-verkostoseminaari-tulevaisuuden-taidot-ja-tekoaly-ammattiosaaminen-murroksessa\/","name":"Varsinais-Suomen verkostoseminaari: Tulevaisuuden taidot ja teko\u00e4ly - Ammattiosaaminen murroksessa? - Teknologiateollisuus - J\u00e4senille","isPartOf":{"@id":"https:\/\/teknologiateollisuus.fi\/jasenille\/#website"},"datePublished":"2025-04-28T05:29:16+00:00","dateModified":"2025-04-28T05:37:58+00:00","description":"Verkostoseminaarissa keskustellaan ammatillisen osaamisen n\u00e4kymist\u00e4 ja tuottavuuden parantamisen mahdollisuuksista teko\u00e4lyaikakaudella.","breadcrumb":{"@id":"https:\/\/teknologiateollisuus.fi\/jasenille\/tapahtumat\/varsinais-suomen-verkostoseminaari-tulevaisuuden-taidot-ja-tekoaly-ammattiosaaminen-murroksessa\/#breadcrumb"},"inLanguage":"fi","potentialAction":[{"@type":"ReadAction","target":["https:\/\/teknologiateollisuus.fi\/jasenille\/tapahtumat\/varsinais-suomen-verkostoseminaari-tulevaisuuden-taidot-ja-tekoaly-ammattiosaaminen-murroksessa\/"]}]},{"@type":"BreadcrumbList","@id":"https:\/\/teknologiateollisuus.fi\/jasenille\/tapahtumat\/varsinais-suomen-verkostoseminaari-tulevaisuuden-taidot-ja-tekoaly-ammattiosaaminen-murroksessa\/#breadcrumb","itemListElement":[{"@type":"ListItem","position":1,"name":"Home","item":"https:\/\/teknologiateollisuus.fi\/jasenille\/"},{"@type":"ListItem","position":2,"name":"Ajankohtaista","item":"https:\/\/teknologiateollisuus.fi\/jasenille\/ajankohtaista\/"},{"@type":"ListItem","position":3,"name":"Tapahtumat ja koulutukset","item":"https:\/\/teknologiateollisuus.fi\/jasenille\/palvelut\/tapahtumat-ja-koulutukset\/"},{"@type":"ListItem","position":4,"name":"Varsinais-Suomen verkostoseminaari: Tulevaisuuden taidot ja teko\u00e4ly &#8211; Ammattiosaaminen murroksessa?"}]},{"@type":"WebSite","@id":"https:\/\/teknologiateollisuus.fi\/jasenille\/#website","url":"https:\/\/teknologiateollisuus.fi\/jasenille\/","name":"Teknologiateollisuus - J\u00e4senille","description":"","publisher":{"@id":"https:\/\/teknologiateollisuus.fi\/jasenille\/#organization"},"potentialAction":[{"@type":"SearchAction","target":{"@type":"EntryPoint","urlTemplate":"https:\/\/teknologiateollisuus.fi\/jasenille\/?s={search_term_string}"},"query-input":{"@type":"PropertyValueSpecification","valueRequired":true,"valueName":"search_term_string"}}],"inLanguage":"fi"},{"@type":"Organization","@id":"https:\/\/teknologiateollisuus.fi\/jasenille\/#organization","name":"Teknologiateollisuus - J\u00e4senille","url":"https:\/\/teknologiateollisuus.fi\/jasenille\/","logo":{"@type":"ImageObject","inLanguage":"fi","@id":"https:\/\/teknologiateollisuus.fi\/jasenille\/#\/schema\/logo\/image\/","url":"https:\/\/teknologiateollisuus.fi\/jasenille\/wp-content\/uploads\/sites\/1\/2023\/10\/placeholder.png","contentUrl":"https:\/\/teknologiateollisuus.fi\/jasenille\/wp-content\/uploads\/sites\/1\/2023\/10\/placeholder.png","width":2560,"height":1920,"caption":"Teknologiateollisuus - J\u00e4senille"},"image":{"@id":"https:\/\/teknologiateollisuus.fi\/jasenille\/#\/schema\/logo\/image\/"}}]}},"lang":"fi","translations":{"fi":25552},"pll_sync_post":{},"_links":{"self":[{"href":"https:\/\/teknologiateollisuus.fi\/jasenille\/wp-json\/wp\/v2\/events\/25552","targetHints":{"allow":["GET"]}}],"collection":[{"href":"https:\/\/teknologiateollisuus.fi\/jasenille\/wp-json\/wp\/v2\/events"}],"about":[{"href":"https:\/\/teknologiateollisuus.fi\/jasenille\/wp-json\/wp\/v2\/types\/em_event"}],"version-history":[{"count":8,"href":"https:\/\/teknologiateollisuus.fi\/jasenille\/wp-json\/wp\/v2\/events\/25552\/revisions"}],"predecessor-version":[{"id":25569,"href":"https:\/\/teknologiateollisuus.fi\/jasenille\/wp-json\/wp\/v2\/events\/25552\/revisions\/25569"}],"wp:attachment":[{"href":"https:\/\/teknologiateollisuus.fi\/jasenille\/wp-json\/wp\/v2\/media?parent=25552"}],"wp:term":[{"taxonomy":"post_tag","embeddable":true,"href":"https:\/\/teknologiateollisuus.fi\/jasenille\/wp-json\/wp\/v2\/post_tag?post=25552"},{"taxonomy":"em_region","embeddable":true,"href":"https:\/\/teknologiateollisuus.fi\/jasenille\/wp-json\/wp\/v2\/em_region?post=25552"},{"taxonomy":"em_target_group","embeddable":true,"href":"https:\/\/teknologiateollisuus.fi\/jasenille\/wp-json\/wp\/v2\/em_target_group?post=25552"},{"taxonomy":"em_event_type","embeddable":true,"href":"https:\/\/teknologiateollisuus.fi\/jasenille\/wp-json\/wp\/v2\/em_event_type?post=25552"}],"curies":[{"name":"wp","href":"https:\/\/api.w.org\/{rel}","templated":true}]}}