{"id":25672,"date":"2025-05-05T09:46:14","date_gmt":"2025-05-05T06:46:14","guid":{"rendered":"https:\/\/teknologiateollisuus.fi\/jasenille\/?post_type=em_event&#038;p=25672"},"modified":"2025-05-05T09:48:04","modified_gmt":"2025-05-05T06:48:04","slug":"kansainvalisten-osaajien-tyollistyminen-ita-suomeen","status":"publish","type":"em_event","link":"https:\/\/teknologiateollisuus.fi\/jasenille\/tapahtumat\/kansainvalisten-osaajien-tyollistyminen-ita-suomeen\/","title":{"rendered":"Kansainv\u00e4listen osaajien ty\u00f6llistyminen It\u00e4-Suomeen"},"content":{"rendered":"\n<p><em>Kutsu It\u00e4-Suomen alueella toimiville teknologiateollisuuden j\u00e4senyritysten edustajille<\/em><\/p>\n\n\n\n<p>Kysynt\u00e4 on suhdannearvioiden mukaan elpym\u00e4ss\u00e4 hiljalleen, vaikka geopoliittinen tilanne ja tulliongelmat tuovat taloudellista turbulenssia. It\u00e4-Suomi kohtaa osaajapulan alueen ik\u00e4rakenteen vuoksi, ja haasteeseen haetaan ratkaisua kansainv\u00e4lisist\u00e4 osaajista.<\/p>\n\n\n\n<p>Teknologiateollisuuden Pohjois-Savon aluejohtokunta j\u00e4rjest\u00e4\u00e4\u00a0<strong>21.5.2025 klo 12.00 &#8211; 14.00 kaikille It\u00e4-Suomessa toimiville j\u00e4senyritysten edustajille online-kokouksen,<\/strong>\u00a0jossa k\u00e4sitell\u00e4\u00e4n kansainv\u00e4listen osaajien ty\u00f6llistymist\u00e4 alueelle sek\u00e4 siihen liittyvi\u00e4 teemoja.\u00a0<\/p>\n\n\n\n<p>Ohjelmassa mm.<\/p>\n\n\n\n<ul class=\"wp-block-list\">\n<li>Asiantuntijapuheenvuorot<\/li>\n\n\n\n<li>Case-esimerkit, kuinka integroida kansainv\u00e4liset osaajat ty\u00f6yhteis\u00f6\u00f6n<\/li>\n\n\n\n<li>Ty\u00f6kalut, joilla kielimuuria voi rikkoa ty\u00f6yhteis\u00f6ss\u00e4.<\/li>\n<\/ul>\n\n\n\n<p>Tilaisuus tarjoaa erinomaisen mahdollisuuden kuulla sellaisten yritysten edustajien kokemuksia, jotka ovat jo palkanneet kansainv\u00e4lisi\u00e4 osaajia, ja osallistua keskusteluun, miten kansainv\u00e4liset osaajat integroidaan ty\u00f6paikalle. Tervetuloa mukaan!<\/p>\n\n\n\n<div class=\"wp-block-buttons  mt-md is-layout-flex wp-block-buttons-is-layout-flex\">\n<div class=\"wp-block-button  icon-right size-lg\"><a class=\"wp-block-button__link wp-element-button\" href=\"https:\/\/www.lyyti.in\/Kansainvalisten_osaajien_tyollistyminen_ItaSuomeen_1347\" target=\"_blank\" rel=\"noreferrer noopener\">Ilmoittaudu tapahtumaan<\/a><\/div>\n<\/div>\n\n\n\n<div class=\"wp-block-scb-columns scb-columns  has-mobile-behavior--stacked em-pattern-event-contacts\">\n<div class=\"wp-block-scb-column scb-column\">\n<h2 class=\"wp-block-heading\" id=\"h-lisatietoja\" id=\"lisatietoja\">Lis\u00e4tietoja<\/h2>\n\n\n\n<article class=\"em-block-contact-card is-style-list\">\n\n\t<div class=\"em-block-contact-card__image\">\n\t\t\t\t\t<img loading=\"lazy\" decoding=\"async\" width=\"300\" height=\"400\" src=\"https:\/\/teknologiateollisuus.fi\/jasenille\/wp-content\/uploads\/2024\/05\/php1bamsr.png\" class=\"attachment-portrait size-portrait\" alt=\"\" \/>\t\t\t<\/div>\n\t<div class=\"em-block-contact-card__content-wrapper\">\n\t\t<div class=\"em-block-contact-card__content\">\n\t\t\t\t\t\t\t<div class=\"em-block-contact-card__business-units\">\n\t\t\t\t\t\t\t\t\t\t\t<span class=\"em-block-contact-card__business-unit\">Entrepreneurship and Regional Operations<\/span>\n\t\t\t\t\t\t\t\t\t<\/div>\n\t\t\t\t\t\t<h3 class=\"em-block-contact-card__title\"><a target=\"_self\" href=\"https:\/\/teknologiateollisuus.fi\/en\/?p=7860\">N\u00e4\u00e4t\u00e4nen Esa<\/a><\/h3>\n\t\t\t\t\t\t\t<span class=\"em-block-contact-card__job_title\">Head of Regional Operations, Eastern Finland &#8211; Regional Operations <\/span>\n\t\t\t\t\t\t\t\t\t\t<span class=\"em-block-contact-card__organisation\">Technology Industries of Finland<\/span>\n\t\t\t\t\t<\/div>\n\t\t<div class=\"em-block-contact-card__content\">\n\t\t\t\t\t\t<address class=\"em-block-contact-card__contact-details\">\n\t\t\t\t\t\t\t\t\t<span class=\"em-block-contact-card__phone\">\n\t\t\t\t\t\t<a href=\"tel:+358 400232889\">+358 400232889<\/a><\/a>\n\t\t\t\t\t<\/span>\n\t\t\t\t\t\t\t\t\t\t\t\t\t<span class=\"em-block-contact-card__email\">\n\t\t\t\t\t\t<a href=\"mailto:esa.naatanen@teknologiateollisuus.fi\">esa.naatanen@teknologiateollisuus.fi<\/a><\/a>\n\t\t\t\t\t<\/span>\n\t\t\t\t\t\t\t<\/address>\n\t\t\t\t\t<\/div>\n\t<\/div>\n\n<\/article>\n<\/div>\n<\/div>\n\n\n\n<p><\/p>\n","protected":false},"excerpt":{"rendered":"<p>Kutsu It\u00e4-Suomen alueella toimiville teknologiateollisuuden j\u00e4senyritysten edustajille Kysynt\u00e4 on suhdannearvioiden mukaan elpym\u00e4ss\u00e4 hiljalleen, vaikka geopoliittinen tilanne ja tulliongelmat tuovat taloudellista turbulenssia. It\u00e4-Suomi kohtaa osaajapulan alueen ik\u00e4rakenteen vuoksi, ja haasteeseen haetaan ratkaisua kansainv\u00e4lisist\u00e4 osaajista. Teknologiateollisuuden Pohjois-Savon aluejohtokunta j\u00e4rjest\u00e4\u00e4\u00a021.5.2025 klo 12.00 &#8211; 14.00 kaikille It\u00e4-Suomessa toimiville j\u00e4senyritysten edustajille online-kokouksen,\u00a0jossa k\u00e4sitell\u00e4\u00e4n kansainv\u00e4listen osaajien ty\u00f6llistymist\u00e4 alueelle sek\u00e4 siihen liittyvi\u00e4 [&hellip;]<\/p>\n","protected":false},"featured_media":0,"template":"","meta":{"_acf_changed":false,"_relevanssi_hide_post":"","_relevanssi_hide_content":"","_relevanssi_pin_for_all":"","_relevanssi_pin_keywords":"","_relevanssi_unpin_keywords":"","_relevanssi_related_keywords":"","_relevanssi_related_include_ids":"","_relevanssi_related_exclude_ids":"","_relevanssi_related_no_append":"","_relevanssi_related_not_related":"","_relevanssi_related_posts":"8269,6021,5961,24303,23531,7236","_relevanssi_noindex_reason":"","inline_featured_image":false,"growthstack-ab-test":[],"growthstack-ab-test-views":[],"footnotes":""},"post_tag":[827,75],"em_region":[40],"em_target_group":[],"em_event_type":[],"class_list":["post-25672","em_event","type-em_event","status-publish","hentry","tag-kansainvaliset-osaajat","tag-tyoelama","em_region-ita-suomi"],"acf":{"event_start_date":"20250521","event_end_date":"20250521","event_start_time":"12:00:00","event_end_time":"14:00:00","location":"Teams-kokous","address":"","registration":"","files":null,"links":null,"locked":false},"yoast_head":"<!-- This site is optimized with the Yoast SEO Premium plugin v27.1 (Yoast SEO v27.5) - https:\/\/yoast.com\/product\/yoast-seo-premium-wordpress\/ -->\n<title>Kansainv\u00e4listen osaajien ty\u00f6llistyminen It\u00e4-Suomeen - Teknologiateollisuus - J\u00e4senille<\/title>\n<meta name=\"robots\" content=\"index, follow, max-snippet:-1, max-image-preview:large, max-video-preview:-1\" \/>\n<link rel=\"canonical\" href=\"https:\/\/teknologiateollisuus.fi\/jasenille\/tapahtumat\/kansainvalisten-osaajien-tyollistyminen-ita-suomeen\/\" \/>\n<meta property=\"og:locale\" content=\"fi_FI\" \/>\n<meta property=\"og:type\" content=\"article\" \/>\n<meta property=\"og:title\" content=\"Kansainv\u00e4listen osaajien ty\u00f6llistyminen It\u00e4-Suomeen\" \/>\n<meta property=\"og:description\" content=\"Kutsu It\u00e4-Suomen alueella toimiville teknologiateollisuuden j\u00e4senyritysten edustajille Kysynt\u00e4 on suhdannearvioiden mukaan elpym\u00e4ss\u00e4 hiljalleen, vaikka geopoliittinen tilanne ja tulliongelmat tuovat taloudellista turbulenssia. It\u00e4-Suomi kohtaa osaajapulan alueen ik\u00e4rakenteen vuoksi, ja haasteeseen haetaan ratkaisua kansainv\u00e4lisist\u00e4 osaajista. Teknologiateollisuuden Pohjois-Savon aluejohtokunta j\u00e4rjest\u00e4\u00e4\u00a021.5.2025 klo 12.00 &#8211; 14.00 kaikille It\u00e4-Suomessa toimiville j\u00e4senyritysten edustajille online-kokouksen,\u00a0jossa k\u00e4sitell\u00e4\u00e4n kansainv\u00e4listen osaajien ty\u00f6llistymist\u00e4 alueelle sek\u00e4 siihen liittyvi\u00e4 [&hellip;]\" \/>\n<meta property=\"og:url\" content=\"https:\/\/teknologiateollisuus.fi\/jasenille\/tapahtumat\/kansainvalisten-osaajien-tyollistyminen-ita-suomeen\/\" \/>\n<meta property=\"og:site_name\" content=\"Teknologiateollisuus - J\u00e4senille\" \/>\n<meta property=\"article:modified_time\" content=\"2025-05-05T06:48:04+00:00\" \/>\n<meta name=\"twitter:card\" content=\"summary_large_image\" \/>\n<meta name=\"twitter:label1\" content=\"Arvioitu lukuaika\" \/>\n\t<meta name=\"twitter:data1\" content=\"1 minuutti\" \/>\n<script type=\"application\/ld+json\" class=\"yoast-schema-graph\">{\"@context\":\"https:\\\/\\\/schema.org\",\"@graph\":[{\"@type\":\"WebPage\",\"@id\":\"https:\\\/\\\/teknologiateollisuus.fi\\\/jasenille\\\/tapahtumat\\\/kansainvalisten-osaajien-tyollistyminen-ita-suomeen\\\/\",\"url\":\"https:\\\/\\\/teknologiateollisuus.fi\\\/jasenille\\\/tapahtumat\\\/kansainvalisten-osaajien-tyollistyminen-ita-suomeen\\\/\",\"name\":\"Kansainv\u00e4listen osaajien ty\u00f6llistyminen It\u00e4-Suomeen - Teknologiateollisuus - J\u00e4senille\",\"isPartOf\":{\"@id\":\"https:\\\/\\\/teknologiateollisuus.fi\\\/jasenille\\\/#website\"},\"datePublished\":\"2025-05-05T06:46:14+00:00\",\"dateModified\":\"2025-05-05T06:48:04+00:00\",\"breadcrumb\":{\"@id\":\"https:\\\/\\\/teknologiateollisuus.fi\\\/jasenille\\\/tapahtumat\\\/kansainvalisten-osaajien-tyollistyminen-ita-suomeen\\\/#breadcrumb\"},\"inLanguage\":\"fi\",\"potentialAction\":[{\"@type\":\"ReadAction\",\"target\":[\"https:\\\/\\\/teknologiateollisuus.fi\\\/jasenille\\\/tapahtumat\\\/kansainvalisten-osaajien-tyollistyminen-ita-suomeen\\\/\"]}]},{\"@type\":\"BreadcrumbList\",\"@id\":\"https:\\\/\\\/teknologiateollisuus.fi\\\/jasenille\\\/tapahtumat\\\/kansainvalisten-osaajien-tyollistyminen-ita-suomeen\\\/#breadcrumb\",\"itemListElement\":[{\"@type\":\"ListItem\",\"position\":1,\"name\":\"Home\",\"item\":\"https:\\\/\\\/teknologiateollisuus.fi\\\/jasenille\\\/\"},{\"@type\":\"ListItem\",\"position\":2,\"name\":\"Ajankohtaista\",\"item\":\"https:\\\/\\\/teknologiateollisuus.fi\\\/jasenille\\\/ajankohtaista\\\/\"},{\"@type\":\"ListItem\",\"position\":3,\"name\":\"Tapahtumat ja koulutukset\",\"item\":\"https:\\\/\\\/teknologiateollisuus.fi\\\/jasenille\\\/palvelut\\\/tapahtumat-ja-koulutukset\\\/\"},{\"@type\":\"ListItem\",\"position\":4,\"name\":\"Kansainv\u00e4listen osaajien ty\u00f6llistyminen It\u00e4-Suomeen\"}]},{\"@type\":\"WebSite\",\"@id\":\"https:\\\/\\\/teknologiateollisuus.fi\\\/jasenille\\\/#website\",\"url\":\"https:\\\/\\\/teknologiateollisuus.fi\\\/jasenille\\\/\",\"name\":\"Teknologiateollisuus - J\u00e4senille\",\"description\":\"\",\"publisher\":{\"@id\":\"https:\\\/\\\/teknologiateollisuus.fi\\\/jasenille\\\/#organization\"},\"potentialAction\":[{\"@type\":\"SearchAction\",\"target\":{\"@type\":\"EntryPoint\",\"urlTemplate\":\"https:\\\/\\\/teknologiateollisuus.fi\\\/jasenille\\\/?s={search_term_string}\"},\"query-input\":{\"@type\":\"PropertyValueSpecification\",\"valueRequired\":true,\"valueName\":\"search_term_string\"}}],\"inLanguage\":\"fi\"},{\"@type\":\"Organization\",\"@id\":\"https:\\\/\\\/teknologiateollisuus.fi\\\/jasenille\\\/#organization\",\"name\":\"Teknologiateollisuus - J\u00e4senille\",\"url\":\"https:\\\/\\\/teknologiateollisuus.fi\\\/jasenille\\\/\",\"logo\":{\"@type\":\"ImageObject\",\"inLanguage\":\"fi\",\"@id\":\"https:\\\/\\\/teknologiateollisuus.fi\\\/jasenille\\\/#\\\/schema\\\/logo\\\/image\\\/\",\"url\":\"https:\\\/\\\/teknologiateollisuus.fi\\\/jasenille\\\/wp-content\\\/uploads\\\/sites\\\/1\\\/2023\\\/10\\\/placeholder.png\",\"contentUrl\":\"https:\\\/\\\/teknologiateollisuus.fi\\\/jasenille\\\/wp-content\\\/uploads\\\/sites\\\/1\\\/2023\\\/10\\\/placeholder.png\",\"width\":2560,\"height\":1920,\"caption\":\"Teknologiateollisuus - J\u00e4senille\"},\"image\":{\"@id\":\"https:\\\/\\\/teknologiateollisuus.fi\\\/jasenille\\\/#\\\/schema\\\/logo\\\/image\\\/\"}}]}<\/script>\n<!-- \/ Yoast SEO Premium plugin. -->","yoast_head_json":{"title":"Kansainv\u00e4listen osaajien ty\u00f6llistyminen It\u00e4-Suomeen - Teknologiateollisuus - J\u00e4senille","robots":{"index":"index","follow":"follow","max-snippet":"max-snippet:-1","max-image-preview":"max-image-preview:large","max-video-preview":"max-video-preview:-1"},"canonical":"https:\/\/teknologiateollisuus.fi\/jasenille\/tapahtumat\/kansainvalisten-osaajien-tyollistyminen-ita-suomeen\/","og_locale":"fi_FI","og_type":"article","og_title":"Kansainv\u00e4listen osaajien ty\u00f6llistyminen It\u00e4-Suomeen","og_description":"Kutsu It\u00e4-Suomen alueella toimiville teknologiateollisuuden j\u00e4senyritysten edustajille Kysynt\u00e4 on suhdannearvioiden mukaan elpym\u00e4ss\u00e4 hiljalleen, vaikka geopoliittinen tilanne ja tulliongelmat tuovat taloudellista turbulenssia. It\u00e4-Suomi kohtaa osaajapulan alueen ik\u00e4rakenteen vuoksi, ja haasteeseen haetaan ratkaisua kansainv\u00e4lisist\u00e4 osaajista. Teknologiateollisuuden Pohjois-Savon aluejohtokunta j\u00e4rjest\u00e4\u00e4\u00a021.5.2025 klo 12.00 &#8211; 14.00 kaikille It\u00e4-Suomessa toimiville j\u00e4senyritysten edustajille online-kokouksen,\u00a0jossa k\u00e4sitell\u00e4\u00e4n kansainv\u00e4listen osaajien ty\u00f6llistymist\u00e4 alueelle sek\u00e4 siihen liittyvi\u00e4 [&hellip;]","og_url":"https:\/\/teknologiateollisuus.fi\/jasenille\/tapahtumat\/kansainvalisten-osaajien-tyollistyminen-ita-suomeen\/","og_site_name":"Teknologiateollisuus - J\u00e4senille","article_modified_time":"2025-05-05T06:48:04+00:00","twitter_card":"summary_large_image","twitter_misc":{"Arvioitu lukuaika":"1 minuutti"},"schema":{"@context":"https:\/\/schema.org","@graph":[{"@type":"WebPage","@id":"https:\/\/teknologiateollisuus.fi\/jasenille\/tapahtumat\/kansainvalisten-osaajien-tyollistyminen-ita-suomeen\/","url":"https:\/\/teknologiateollisuus.fi\/jasenille\/tapahtumat\/kansainvalisten-osaajien-tyollistyminen-ita-suomeen\/","name":"Kansainv\u00e4listen osaajien ty\u00f6llistyminen It\u00e4-Suomeen - Teknologiateollisuus - J\u00e4senille","isPartOf":{"@id":"https:\/\/teknologiateollisuus.fi\/jasenille\/#website"},"datePublished":"2025-05-05T06:46:14+00:00","dateModified":"2025-05-05T06:48:04+00:00","breadcrumb":{"@id":"https:\/\/teknologiateollisuus.fi\/jasenille\/tapahtumat\/kansainvalisten-osaajien-tyollistyminen-ita-suomeen\/#breadcrumb"},"inLanguage":"fi","potentialAction":[{"@type":"ReadAction","target":["https:\/\/teknologiateollisuus.fi\/jasenille\/tapahtumat\/kansainvalisten-osaajien-tyollistyminen-ita-suomeen\/"]}]},{"@type":"BreadcrumbList","@id":"https:\/\/teknologiateollisuus.fi\/jasenille\/tapahtumat\/kansainvalisten-osaajien-tyollistyminen-ita-suomeen\/#breadcrumb","itemListElement":[{"@type":"ListItem","position":1,"name":"Home","item":"https:\/\/teknologiateollisuus.fi\/jasenille\/"},{"@type":"ListItem","position":2,"name":"Ajankohtaista","item":"https:\/\/teknologiateollisuus.fi\/jasenille\/ajankohtaista\/"},{"@type":"ListItem","position":3,"name":"Tapahtumat ja koulutukset","item":"https:\/\/teknologiateollisuus.fi\/jasenille\/palvelut\/tapahtumat-ja-koulutukset\/"},{"@type":"ListItem","position":4,"name":"Kansainv\u00e4listen osaajien ty\u00f6llistyminen It\u00e4-Suomeen"}]},{"@type":"WebSite","@id":"https:\/\/teknologiateollisuus.fi\/jasenille\/#website","url":"https:\/\/teknologiateollisuus.fi\/jasenille\/","name":"Teknologiateollisuus - J\u00e4senille","description":"","publisher":{"@id":"https:\/\/teknologiateollisuus.fi\/jasenille\/#organization"},"potentialAction":[{"@type":"SearchAction","target":{"@type":"EntryPoint","urlTemplate":"https:\/\/teknologiateollisuus.fi\/jasenille\/?s={search_term_string}"},"query-input":{"@type":"PropertyValueSpecification","valueRequired":true,"valueName":"search_term_string"}}],"inLanguage":"fi"},{"@type":"Organization","@id":"https:\/\/teknologiateollisuus.fi\/jasenille\/#organization","name":"Teknologiateollisuus - J\u00e4senille","url":"https:\/\/teknologiateollisuus.fi\/jasenille\/","logo":{"@type":"ImageObject","inLanguage":"fi","@id":"https:\/\/teknologiateollisuus.fi\/jasenille\/#\/schema\/logo\/image\/","url":"https:\/\/teknologiateollisuus.fi\/jasenille\/wp-content\/uploads\/sites\/1\/2023\/10\/placeholder.png","contentUrl":"https:\/\/teknologiateollisuus.fi\/jasenille\/wp-content\/uploads\/sites\/1\/2023\/10\/placeholder.png","width":2560,"height":1920,"caption":"Teknologiateollisuus - J\u00e4senille"},"image":{"@id":"https:\/\/teknologiateollisuus.fi\/jasenille\/#\/schema\/logo\/image\/"}}]}},"lang":"fi","translations":{"fi":25672},"pll_sync_post":{},"_links":{"self":[{"href":"https:\/\/teknologiateollisuus.fi\/jasenille\/wp-json\/wp\/v2\/events\/25672","targetHints":{"allow":["GET"]}}],"collection":[{"href":"https:\/\/teknologiateollisuus.fi\/jasenille\/wp-json\/wp\/v2\/events"}],"about":[{"href":"https:\/\/teknologiateollisuus.fi\/jasenille\/wp-json\/wp\/v2\/types\/em_event"}],"version-history":[{"count":3,"href":"https:\/\/teknologiateollisuus.fi\/jasenille\/wp-json\/wp\/v2\/events\/25672\/revisions"}],"predecessor-version":[{"id":25675,"href":"https:\/\/teknologiateollisuus.fi\/jasenille\/wp-json\/wp\/v2\/events\/25672\/revisions\/25675"}],"wp:attachment":[{"href":"https:\/\/teknologiateollisuus.fi\/jasenille\/wp-json\/wp\/v2\/media?parent=25672"}],"wp:term":[{"taxonomy":"post_tag","embeddable":true,"href":"https:\/\/teknologiateollisuus.fi\/jasenille\/wp-json\/wp\/v2\/post_tag?post=25672"},{"taxonomy":"em_region","embeddable":true,"href":"https:\/\/teknologiateollisuus.fi\/jasenille\/wp-json\/wp\/v2\/em_region?post=25672"},{"taxonomy":"em_target_group","embeddable":true,"href":"https:\/\/teknologiateollisuus.fi\/jasenille\/wp-json\/wp\/v2\/em_target_group?post=25672"},{"taxonomy":"em_event_type","embeddable":true,"href":"https:\/\/teknologiateollisuus.fi\/jasenille\/wp-json\/wp\/v2\/em_event_type?post=25672"}],"curies":[{"name":"wp","href":"https:\/\/api.w.org\/{rel}","templated":true}]}}