{"id":26132,"date":"2025-06-10T16:00:00","date_gmt":"2025-06-10T13:00:00","guid":{"rendered":"https:\/\/teknologiateollisuus.fi\/jasenille\/?post_type=em_event&#038;p=26132"},"modified":"2025-08-18T15:44:03","modified_gmt":"2025-08-18T12:44:03","slug":"koulutuswebinaari-yhteistoimintalain-muutokset-1-7-2025","status":"publish","type":"em_event","link":"https:\/\/teknologiateollisuus.fi\/jasenille\/tapahtumat\/koulutuswebinaari-yhteistoimintalain-muutokset-1-7-2025\/","title":{"rendered":"Koulutuswebinaari: Yhteistoimintalain muutokset 1.7.2025"},"content":{"rendered":"\n<div class=\"wp-block-group has-light-gray-background-color has-background is-layout-constrained wp-block-group-is-layout-constrained\">\n<p>Webinaarissa k\u00e4sitell\u00e4\u00e4n seuraavia aiheita:<\/p>\n\n\n\n<ul class=\"wp-block-list is-style-styled\">\n<li>Mit\u00e4 muutoksia yhteistoimintalakiin on tullut?<\/li>\n\n\n\n<li>Mit\u00e4 muutoksia tulee muutosneuvotteluiden neuvotteluvelvoitteeseen?<\/li>\n\n\n\n<li>Kun soveltamisalaraja nousee 50 ty\u00f6ntekij\u00e4\u00e4 ty\u00f6llist\u00e4viin yrityksiin, mit\u00e4 velvoitteita j\u00e4\u00e4 20\u201349 henke\u00e4 ty\u00f6llist\u00e4ville yrityksille?<\/li>\n\n\n\n<li>Miss\u00e4 asioissa ennakkoselvitys tulee antaa?<\/li>\n<\/ul>\n<\/div>\n\n\n\n<h2 class=\"wp-block-heading\" id=\"h-kenelle\" id=\"kenelle\">Kenelle?<\/h2>\n\n\n\n<p>Koulutus on tarkoitettu Teknologiateollisuus ry:n ja Teknologiateollisuus ty\u00f6nantajat ry:n j\u00e4senyritysten edustajille, jotka edustavat ty\u00f6nantajaa muutosneuvotteluissa. Koulutukseen ovat tervetulleita kaikkien teknologiateollisuuden toimialojen edustajat.\u202f<\/p>\n\n\n\n<p>Webinaari on maksuton ja tilaisuus tallennetaan. Webinaarin materiaali ja tallenne l\u00e4hetet\u00e4\u00e4n kaikille ilmoittautuneille.<\/p>\n\n\n\n<h2 class=\"wp-block-heading\" id=\"h-kouluttajat\" id=\"kouluttajat\">Kouluttajat<\/h2>\n\n\n\n<p>Kouluttajina toimivat Teknologiateollisuus ry:n ty\u00f6markkina-asiantuntijat Joanna Ahokanto-Niemi ja Heikki Sivula.<\/p>\n\n\n\n<p><strong>Ilmoittaudu mukaan 05.09.2025 menness\u00e4.<\/strong><\/p>\n\n\n\n<div class=\"wp-block-buttons  mt-md is-layout-flex wp-block-buttons-is-layout-flex\">\n<div class=\"wp-block-button  icon-right size-lg\"><a class=\"wp-block-button__link wp-element-button\" href=\"https:\/\/www.lyyti.fi\/reg\/yhteistoimintalain_muutokset_080925\" target=\"_blank\" rel=\"noreferrer noopener\">Ilmoittaudu tapahtumaan<\/a><\/div>\n<\/div>\n\n\n\n<div class=\"wp-block-scb-columns scb-columns  has-mobile-behavior--stacked has-auto-fit em-pattern-event-contacts\">\n<div class=\"wp-block-scb-column scb-column is-scale-cover\">\n<h2 class=\"wp-block-heading\" id=\"h-lisatietoja\" id=\"lisatietoja\">Lis\u00e4tietoja<\/h2>\n\n\n\n<article class=\"em-block-contact-card is-style-list\">\n\n\t<div class=\"em-block-contact-card__image\">\n\t\t\t\t\t<img loading=\"lazy\" decoding=\"async\" width=\"300\" height=\"400\" src=\"https:\/\/teknologiateollisuus.fi\/jasenille\/wp-content\/uploads\/2024\/05\/phpwagovo.png\" class=\"attachment-portrait size-portrait\" alt=\"\" \/>\t\t\t<\/div>\n\t<div class=\"em-block-contact-card__content-wrapper\">\n\t\t<div class=\"em-block-contact-card__content\">\n\t\t\t\t\t\t\t<div class=\"em-block-contact-card__business-units\">\n\t\t\t\t\t\t\t\t\t\t\t<span class=\"em-block-contact-card__business-unit\">Ty\u00f6markkinat ja ty\u00f6el\u00e4m\u00e4n s\u00e4\u00e4ntely<\/span>\n\t\t\t\t\t\t\t\t\t<\/div>\n\t\t\t\t\t\t<h3 class=\"em-block-contact-card__title\"><a target=\"_self\" href=\"https:\/\/teknologiateollisuus.fi\/?p=1202\">Ahokanto-Niemi Joanna<\/a><\/h3>\n\t\t\t\t\t\t\t<span class=\"em-block-contact-card__job_title\">Ty\u00f6markkina-asiantuntija &#8211; Neuvontapalvelut, ty\u00f6el\u00e4m\u00e4n kehitt\u00e4minen ja lains\u00e4\u00e4d\u00e4nt\u00f6vaikuttaminen<\/span>\n\t\t\t\t\t\t\t\t\t\t<span class=\"em-block-contact-card__organisation\">Teknologiateollisuus ry<\/span>\n\t\t\t\t\t<\/div>\n\t\t<div class=\"em-block-contact-card__content\">\n\t\t\t\t\t\t<address class=\"em-block-contact-card__contact-details\">\n\t\t\t\t\t\t\t\t\t<span class=\"em-block-contact-card__phone\">\n\t\t\t\t\t\t<a href=\"tel:+358 405001117\">+358 405001117<\/a><\/a>\n\t\t\t\t\t<\/span>\n\t\t\t\t\t\t\t\t\t\t\t\t\t<span class=\"em-block-contact-card__email\">\n\t\t\t\t\t\t<a href=\"mailto:joanna.ahokanto-niemi@teknologiateollisuus.fi\">joanna.ahokanto-niemi@teknologiateollisuus.fi<\/a><\/a>\n\t\t\t\t\t<\/span>\n\t\t\t\t\t\t\t<\/address>\n\t\t\t\t\t<\/div>\n\t<\/div>\n\n<\/article>\n\n\n\n<article class=\"em-block-contact-card is-style-list\">\n\n\t<div class=\"em-block-contact-card__image\">\n\t\t\t\t\t<img loading=\"lazy\" decoding=\"async\" width=\"300\" height=\"400\" src=\"https:\/\/teknologiateollisuus.fi\/jasenille\/wp-content\/uploads\/2024\/05\/MicrosoftTeams-image-3.png\" class=\"attachment-portrait size-portrait\" alt=\"\" \/>\t\t\t<\/div>\n\t<div class=\"em-block-contact-card__content-wrapper\">\n\t\t<div class=\"em-block-contact-card__content\">\n\t\t\t\t\t\t\t<div class=\"em-block-contact-card__business-units\">\n\t\t\t\t\t\t\t\t\t\t\t<span class=\"em-block-contact-card__business-unit\">Ty\u00f6markkinat ja ty\u00f6el\u00e4m\u00e4n s\u00e4\u00e4ntely<\/span>\n\t\t\t\t\t\t\t\t\t<\/div>\n\t\t\t\t\t\t<h3 class=\"em-block-contact-card__title\"><a target=\"_self\" href=\"https:\/\/teknologiateollisuus.fi\/?p=1301\">Sivula Heikki<\/a><\/h3>\n\t\t\t\t\t\t\t<span class=\"em-block-contact-card__job_title\">Ty\u00f6markkina-asiantuntija &#8211; Paikallinen sopiminen, yrityskohtaiset ty\u00f6ehdot ja lains\u00e4\u00e4d\u00e4nt\u00f6vaikuttaminen<\/span>\n\t\t\t\t\t\t\t\t\t\t<span class=\"em-block-contact-card__organisation\">Teknologiateollisuus ry<\/span>\n\t\t\t\t\t<\/div>\n\t\t<div class=\"em-block-contact-card__content\">\n\t\t\t\t\t\t<address class=\"em-block-contact-card__contact-details\">\n\t\t\t\t\t\t\t\t\t<span class=\"em-block-contact-card__phone\">\n\t\t\t\t\t\t<a href=\"tel:+358403582376\">+358403582376<\/a><\/a>\n\t\t\t\t\t<\/span>\n\t\t\t\t\t\t\t\t\t\t\t\t\t<span class=\"em-block-contact-card__email\">\n\t\t\t\t\t\t<a href=\"mailto:heikki.sivula@teknologiateollisuus.fi\">heikki.sivula@teknologiateollisuus.fi<\/a><\/a>\n\t\t\t\t\t<\/span>\n\t\t\t\t\t\t\t<\/address>\n\t\t\t\t\t<\/div>\n\t<\/div>\n\n<\/article>\n<\/div>\n<\/div>\n","protected":false},"excerpt":{"rendered":"<p>Yhteistoimintalakiin on tulossa muutoksia 1.7.2025 alkaen. Lain soveltamisalarajaa on nostettu siten, ett\u00e4 jatkossa lakia sovelletaan ty\u00f6nantajiin, joilla on v\u00e4hint\u00e4\u00e4n 50 ty\u00f6ntekij\u00e4\u00e4. Muutoksia on tehty my\u00f6s ty\u00f6voiman k\u00e4yt\u00f6n v\u00e4hent\u00e4mist\u00e4 koskevien muutosneuvotteluiden kestoon niin, ett\u00e4 v\u00e4himm\u00e4isneuvotteluaikoja on lyhennetty. Osaa s\u00e4\u00e4nn\u00f6ksi\u00e4 sovelletaan kuitenkin my\u00f6s jatkossa 20\u201349 henke\u00e4 ty\u00f6llist\u00e4viin ty\u00f6nantajiin.<\/p>\n","protected":false},"featured_media":3363,"template":"","meta":{"_acf_changed":false,"_relevanssi_hide_post":"","_relevanssi_hide_content":"","_relevanssi_pin_for_all":"","_relevanssi_pin_keywords":"","_relevanssi_unpin_keywords":"","_relevanssi_related_keywords":"","_relevanssi_related_include_ids":"","_relevanssi_related_exclude_ids":"","_relevanssi_related_no_append":"","_relevanssi_related_not_related":"","_relevanssi_related_posts":"25539,24205,5887,7136,5727,5981","_relevanssi_noindex_reason":"","inline_featured_image":false,"growthstack-ab-test":[],"growthstack-ab-test-views":[],"footnotes":""},"post_tag":[75,23],"em_region":[],"em_target_group":[],"em_event_type":[31,95],"class_list":["post-26132","em_event","type-em_event","status-publish","has-post-thumbnail","hentry","tag-tyoelama","tag-tyomarkkinat","em_event_type-koulutukset","em_event_type-webinaarit"],"acf":{"event_start_date":"20250908","event_end_date":"20250908","event_start_time":"09:00:00","event_end_time":"10:30:00","location":"Teams","address":"","registration":"https:\/\/www.lyyti.fi\/reg\/yhteistoimintalain_muutokset_080925","files":null,"links":null,"locked":false},"yoast_head":"<!-- This site is optimized with the Yoast SEO Premium plugin v27.1 (Yoast SEO v27.5) - https:\/\/yoast.com\/product\/yoast-seo-premium-wordpress\/ -->\n<title>Koulutuswebinaari: Yhteistoimintalain muutokset 1.7.2025 - Teknologiateollisuus - J\u00e4senille<\/title>\n<meta name=\"robots\" content=\"index, follow, max-snippet:-1, max-image-preview:large, max-video-preview:-1\" \/>\n<link rel=\"canonical\" href=\"https:\/\/teknologiateollisuus.fi\/jasenille\/tapahtumat\/koulutuswebinaari-yhteistoimintalain-muutokset-1-7-2025\/\" \/>\n<meta property=\"og:locale\" content=\"fi_FI\" \/>\n<meta property=\"og:type\" content=\"article\" \/>\n<meta property=\"og:title\" content=\"Koulutuswebinaari: Yhteistoimintalain muutokset 1.7.2025\" \/>\n<meta property=\"og:description\" content=\"Yhteistoimintalakiin on tulossa muutoksia 1.7.2025 alkaen. Lain soveltamisalarajaa on nostettu siten, ett\u00e4 jatkossa lakia sovelletaan ty\u00f6nantajiin, joilla on v\u00e4hint\u00e4\u00e4n 50 ty\u00f6ntekij\u00e4\u00e4. Muutoksia on tehty my\u00f6s ty\u00f6voiman k\u00e4yt\u00f6n v\u00e4hent\u00e4mist\u00e4 koskevien muutosneuvotteluiden kestoon niin, ett\u00e4 v\u00e4himm\u00e4isneuvotteluaikoja on lyhennetty. Osaa s\u00e4\u00e4nn\u00f6ksi\u00e4 sovelletaan kuitenkin my\u00f6s jatkossa 20\u201349 henke\u00e4 ty\u00f6llist\u00e4viin ty\u00f6nantajiin.\" \/>\n<meta property=\"og:url\" content=\"https:\/\/teknologiateollisuus.fi\/jasenille\/tapahtumat\/koulutuswebinaari-yhteistoimintalain-muutokset-1-7-2025\/\" \/>\n<meta property=\"og:site_name\" content=\"Teknologiateollisuus - J\u00e4senille\" \/>\n<meta property=\"article:modified_time\" content=\"2025-08-18T12:44:03+00:00\" \/>\n<meta property=\"og:image\" content=\"https:\/\/teknologiateollisuus.fi\/jasenille\/wp-content\/uploads\/sites\/1\/2024\/01\/Kuvituskuva-palaveri-2.jpg\" \/>\n\t<meta property=\"og:image:width\" content=\"1920\" \/>\n\t<meta property=\"og:image:height\" content=\"1281\" \/>\n\t<meta property=\"og:image:type\" content=\"image\/jpeg\" \/>\n<meta name=\"twitter:card\" content=\"summary_large_image\" \/>\n<meta name=\"twitter:label1\" content=\"Arvioitu lukuaika\" \/>\n\t<meta name=\"twitter:data1\" content=\"1 minuutti\" \/>\n<script type=\"application\/ld+json\" class=\"yoast-schema-graph\">{\"@context\":\"https:\\\/\\\/schema.org\",\"@graph\":[{\"@type\":\"WebPage\",\"@id\":\"https:\\\/\\\/teknologiateollisuus.fi\\\/jasenille\\\/tapahtumat\\\/koulutuswebinaari-yhteistoimintalain-muutokset-1-7-2025\\\/\",\"url\":\"https:\\\/\\\/teknologiateollisuus.fi\\\/jasenille\\\/tapahtumat\\\/koulutuswebinaari-yhteistoimintalain-muutokset-1-7-2025\\\/\",\"name\":\"Koulutuswebinaari: Yhteistoimintalain muutokset 1.7.2025 - Teknologiateollisuus - J\u00e4senille\",\"isPartOf\":{\"@id\":\"https:\\\/\\\/teknologiateollisuus.fi\\\/jasenille\\\/#website\"},\"primaryImageOfPage\":{\"@id\":\"https:\\\/\\\/teknologiateollisuus.fi\\\/jasenille\\\/tapahtumat\\\/koulutuswebinaari-yhteistoimintalain-muutokset-1-7-2025\\\/#primaryimage\"},\"image\":{\"@id\":\"https:\\\/\\\/teknologiateollisuus.fi\\\/jasenille\\\/tapahtumat\\\/koulutuswebinaari-yhteistoimintalain-muutokset-1-7-2025\\\/#primaryimage\"},\"thumbnailUrl\":\"https:\\\/\\\/teknologiateollisuus.fi\\\/jasenille\\\/wp-content\\\/uploads\\\/sites\\\/1\\\/2024\\\/01\\\/Kuvituskuva-palaveri-2.jpg\",\"datePublished\":\"2025-06-10T13:00:00+00:00\",\"dateModified\":\"2025-08-18T12:44:03+00:00\",\"breadcrumb\":{\"@id\":\"https:\\\/\\\/teknologiateollisuus.fi\\\/jasenille\\\/tapahtumat\\\/koulutuswebinaari-yhteistoimintalain-muutokset-1-7-2025\\\/#breadcrumb\"},\"inLanguage\":\"fi\",\"potentialAction\":[{\"@type\":\"ReadAction\",\"target\":[\"https:\\\/\\\/teknologiateollisuus.fi\\\/jasenille\\\/tapahtumat\\\/koulutuswebinaari-yhteistoimintalain-muutokset-1-7-2025\\\/\"]}]},{\"@type\":\"ImageObject\",\"inLanguage\":\"fi\",\"@id\":\"https:\\\/\\\/teknologiateollisuus.fi\\\/jasenille\\\/tapahtumat\\\/koulutuswebinaari-yhteistoimintalain-muutokset-1-7-2025\\\/#primaryimage\",\"url\":\"https:\\\/\\\/teknologiateollisuus.fi\\\/jasenille\\\/wp-content\\\/uploads\\\/sites\\\/1\\\/2024\\\/01\\\/Kuvituskuva-palaveri-2.jpg\",\"contentUrl\":\"https:\\\/\\\/teknologiateollisuus.fi\\\/jasenille\\\/wp-content\\\/uploads\\\/sites\\\/1\\\/2024\\\/01\\\/Kuvituskuva-palaveri-2.jpg\",\"width\":1920,\"height\":1281,\"caption\":\"Ihmisi\u00e4 tietokoneiden \u00e4\u00e4ress\u00e4, kuvituskuva.\"},{\"@type\":\"BreadcrumbList\",\"@id\":\"https:\\\/\\\/teknologiateollisuus.fi\\\/jasenille\\\/tapahtumat\\\/koulutuswebinaari-yhteistoimintalain-muutokset-1-7-2025\\\/#breadcrumb\",\"itemListElement\":[{\"@type\":\"ListItem\",\"position\":1,\"name\":\"Home\",\"item\":\"https:\\\/\\\/teknologiateollisuus.fi\\\/jasenille\\\/\"},{\"@type\":\"ListItem\",\"position\":2,\"name\":\"Ajankohtaista\",\"item\":\"https:\\\/\\\/teknologiateollisuus.fi\\\/jasenille\\\/ajankohtaista\\\/\"},{\"@type\":\"ListItem\",\"position\":3,\"name\":\"Tapahtumat ja koulutukset\",\"item\":\"https:\\\/\\\/teknologiateollisuus.fi\\\/jasenille\\\/palvelut\\\/tapahtumat-ja-koulutukset\\\/\"},{\"@type\":\"ListItem\",\"position\":4,\"name\":\"Koulutuswebinaari: Yhteistoimintalain muutokset 1.7.2025\"}]},{\"@type\":\"WebSite\",\"@id\":\"https:\\\/\\\/teknologiateollisuus.fi\\\/jasenille\\\/#website\",\"url\":\"https:\\\/\\\/teknologiateollisuus.fi\\\/jasenille\\\/\",\"name\":\"Teknologiateollisuus - J\u00e4senille\",\"description\":\"\",\"publisher\":{\"@id\":\"https:\\\/\\\/teknologiateollisuus.fi\\\/jasenille\\\/#organization\"},\"potentialAction\":[{\"@type\":\"SearchAction\",\"target\":{\"@type\":\"EntryPoint\",\"urlTemplate\":\"https:\\\/\\\/teknologiateollisuus.fi\\\/jasenille\\\/?s={search_term_string}\"},\"query-input\":{\"@type\":\"PropertyValueSpecification\",\"valueRequired\":true,\"valueName\":\"search_term_string\"}}],\"inLanguage\":\"fi\"},{\"@type\":\"Organization\",\"@id\":\"https:\\\/\\\/teknologiateollisuus.fi\\\/jasenille\\\/#organization\",\"name\":\"Teknologiateollisuus - J\u00e4senille\",\"url\":\"https:\\\/\\\/teknologiateollisuus.fi\\\/jasenille\\\/\",\"logo\":{\"@type\":\"ImageObject\",\"inLanguage\":\"fi\",\"@id\":\"https:\\\/\\\/teknologiateollisuus.fi\\\/jasenille\\\/#\\\/schema\\\/logo\\\/image\\\/\",\"url\":\"https:\\\/\\\/teknologiateollisuus.fi\\\/jasenille\\\/wp-content\\\/uploads\\\/sites\\\/1\\\/2023\\\/10\\\/placeholder.png\",\"contentUrl\":\"https:\\\/\\\/teknologiateollisuus.fi\\\/jasenille\\\/wp-content\\\/uploads\\\/sites\\\/1\\\/2023\\\/10\\\/placeholder.png\",\"width\":2560,\"height\":1920,\"caption\":\"Teknologiateollisuus - J\u00e4senille\"},\"image\":{\"@id\":\"https:\\\/\\\/teknologiateollisuus.fi\\\/jasenille\\\/#\\\/schema\\\/logo\\\/image\\\/\"}}]}<\/script>\n<!-- \/ Yoast SEO Premium plugin. -->","yoast_head_json":{"title":"Koulutuswebinaari: Yhteistoimintalain muutokset 1.7.2025 - Teknologiateollisuus - J\u00e4senille","robots":{"index":"index","follow":"follow","max-snippet":"max-snippet:-1","max-image-preview":"max-image-preview:large","max-video-preview":"max-video-preview:-1"},"canonical":"https:\/\/teknologiateollisuus.fi\/jasenille\/tapahtumat\/koulutuswebinaari-yhteistoimintalain-muutokset-1-7-2025\/","og_locale":"fi_FI","og_type":"article","og_title":"Koulutuswebinaari: Yhteistoimintalain muutokset 1.7.2025","og_description":"Yhteistoimintalakiin on tulossa muutoksia 1.7.2025 alkaen. Lain soveltamisalarajaa on nostettu siten, ett\u00e4 jatkossa lakia sovelletaan ty\u00f6nantajiin, joilla on v\u00e4hint\u00e4\u00e4n 50 ty\u00f6ntekij\u00e4\u00e4. Muutoksia on tehty my\u00f6s ty\u00f6voiman k\u00e4yt\u00f6n v\u00e4hent\u00e4mist\u00e4 koskevien muutosneuvotteluiden kestoon niin, ett\u00e4 v\u00e4himm\u00e4isneuvotteluaikoja on lyhennetty. Osaa s\u00e4\u00e4nn\u00f6ksi\u00e4 sovelletaan kuitenkin my\u00f6s jatkossa 20\u201349 henke\u00e4 ty\u00f6llist\u00e4viin ty\u00f6nantajiin.","og_url":"https:\/\/teknologiateollisuus.fi\/jasenille\/tapahtumat\/koulutuswebinaari-yhteistoimintalain-muutokset-1-7-2025\/","og_site_name":"Teknologiateollisuus - J\u00e4senille","article_modified_time":"2025-08-18T12:44:03+00:00","og_image":[{"width":1920,"height":1281,"url":"https:\/\/teknologiateollisuus.fi\/jasenille\/wp-content\/uploads\/sites\/1\/2024\/01\/Kuvituskuva-palaveri-2.jpg","type":"image\/jpeg"}],"twitter_card":"summary_large_image","twitter_misc":{"Arvioitu lukuaika":"1 minuutti"},"schema":{"@context":"https:\/\/schema.org","@graph":[{"@type":"WebPage","@id":"https:\/\/teknologiateollisuus.fi\/jasenille\/tapahtumat\/koulutuswebinaari-yhteistoimintalain-muutokset-1-7-2025\/","url":"https:\/\/teknologiateollisuus.fi\/jasenille\/tapahtumat\/koulutuswebinaari-yhteistoimintalain-muutokset-1-7-2025\/","name":"Koulutuswebinaari: Yhteistoimintalain muutokset 1.7.2025 - Teknologiateollisuus - J\u00e4senille","isPartOf":{"@id":"https:\/\/teknologiateollisuus.fi\/jasenille\/#website"},"primaryImageOfPage":{"@id":"https:\/\/teknologiateollisuus.fi\/jasenille\/tapahtumat\/koulutuswebinaari-yhteistoimintalain-muutokset-1-7-2025\/#primaryimage"},"image":{"@id":"https:\/\/teknologiateollisuus.fi\/jasenille\/tapahtumat\/koulutuswebinaari-yhteistoimintalain-muutokset-1-7-2025\/#primaryimage"},"thumbnailUrl":"https:\/\/teknologiateollisuus.fi\/jasenille\/wp-content\/uploads\/sites\/1\/2024\/01\/Kuvituskuva-palaveri-2.jpg","datePublished":"2025-06-10T13:00:00+00:00","dateModified":"2025-08-18T12:44:03+00:00","breadcrumb":{"@id":"https:\/\/teknologiateollisuus.fi\/jasenille\/tapahtumat\/koulutuswebinaari-yhteistoimintalain-muutokset-1-7-2025\/#breadcrumb"},"inLanguage":"fi","potentialAction":[{"@type":"ReadAction","target":["https:\/\/teknologiateollisuus.fi\/jasenille\/tapahtumat\/koulutuswebinaari-yhteistoimintalain-muutokset-1-7-2025\/"]}]},{"@type":"ImageObject","inLanguage":"fi","@id":"https:\/\/teknologiateollisuus.fi\/jasenille\/tapahtumat\/koulutuswebinaari-yhteistoimintalain-muutokset-1-7-2025\/#primaryimage","url":"https:\/\/teknologiateollisuus.fi\/jasenille\/wp-content\/uploads\/sites\/1\/2024\/01\/Kuvituskuva-palaveri-2.jpg","contentUrl":"https:\/\/teknologiateollisuus.fi\/jasenille\/wp-content\/uploads\/sites\/1\/2024\/01\/Kuvituskuva-palaveri-2.jpg","width":1920,"height":1281,"caption":"Ihmisi\u00e4 tietokoneiden \u00e4\u00e4ress\u00e4, kuvituskuva."},{"@type":"BreadcrumbList","@id":"https:\/\/teknologiateollisuus.fi\/jasenille\/tapahtumat\/koulutuswebinaari-yhteistoimintalain-muutokset-1-7-2025\/#breadcrumb","itemListElement":[{"@type":"ListItem","position":1,"name":"Home","item":"https:\/\/teknologiateollisuus.fi\/jasenille\/"},{"@type":"ListItem","position":2,"name":"Ajankohtaista","item":"https:\/\/teknologiateollisuus.fi\/jasenille\/ajankohtaista\/"},{"@type":"ListItem","position":3,"name":"Tapahtumat ja koulutukset","item":"https:\/\/teknologiateollisuus.fi\/jasenille\/palvelut\/tapahtumat-ja-koulutukset\/"},{"@type":"ListItem","position":4,"name":"Koulutuswebinaari: Yhteistoimintalain muutokset 1.7.2025"}]},{"@type":"WebSite","@id":"https:\/\/teknologiateollisuus.fi\/jasenille\/#website","url":"https:\/\/teknologiateollisuus.fi\/jasenille\/","name":"Teknologiateollisuus - J\u00e4senille","description":"","publisher":{"@id":"https:\/\/teknologiateollisuus.fi\/jasenille\/#organization"},"potentialAction":[{"@type":"SearchAction","target":{"@type":"EntryPoint","urlTemplate":"https:\/\/teknologiateollisuus.fi\/jasenille\/?s={search_term_string}"},"query-input":{"@type":"PropertyValueSpecification","valueRequired":true,"valueName":"search_term_string"}}],"inLanguage":"fi"},{"@type":"Organization","@id":"https:\/\/teknologiateollisuus.fi\/jasenille\/#organization","name":"Teknologiateollisuus - J\u00e4senille","url":"https:\/\/teknologiateollisuus.fi\/jasenille\/","logo":{"@type":"ImageObject","inLanguage":"fi","@id":"https:\/\/teknologiateollisuus.fi\/jasenille\/#\/schema\/logo\/image\/","url":"https:\/\/teknologiateollisuus.fi\/jasenille\/wp-content\/uploads\/sites\/1\/2023\/10\/placeholder.png","contentUrl":"https:\/\/teknologiateollisuus.fi\/jasenille\/wp-content\/uploads\/sites\/1\/2023\/10\/placeholder.png","width":2560,"height":1920,"caption":"Teknologiateollisuus - J\u00e4senille"},"image":{"@id":"https:\/\/teknologiateollisuus.fi\/jasenille\/#\/schema\/logo\/image\/"}}]}},"lang":"fi","translations":{"fi":26132},"pll_sync_post":{},"_links":{"self":[{"href":"https:\/\/teknologiateollisuus.fi\/jasenille\/wp-json\/wp\/v2\/events\/26132","targetHints":{"allow":["GET"]}}],"collection":[{"href":"https:\/\/teknologiateollisuus.fi\/jasenille\/wp-json\/wp\/v2\/events"}],"about":[{"href":"https:\/\/teknologiateollisuus.fi\/jasenille\/wp-json\/wp\/v2\/types\/em_event"}],"version-history":[{"count":5,"href":"https:\/\/teknologiateollisuus.fi\/jasenille\/wp-json\/wp\/v2\/events\/26132\/revisions"}],"predecessor-version":[{"id":26973,"href":"https:\/\/teknologiateollisuus.fi\/jasenille\/wp-json\/wp\/v2\/events\/26132\/revisions\/26973"}],"wp:featuredmedia":[{"embeddable":true,"href":"https:\/\/teknologiateollisuus.fi\/jasenille\/wp-json\/wp\/v2\/media\/3363"}],"wp:attachment":[{"href":"https:\/\/teknologiateollisuus.fi\/jasenille\/wp-json\/wp\/v2\/media?parent=26132"}],"wp:term":[{"taxonomy":"post_tag","embeddable":true,"href":"https:\/\/teknologiateollisuus.fi\/jasenille\/wp-json\/wp\/v2\/post_tag?post=26132"},{"taxonomy":"em_region","embeddable":true,"href":"https:\/\/teknologiateollisuus.fi\/jasenille\/wp-json\/wp\/v2\/em_region?post=26132"},{"taxonomy":"em_target_group","embeddable":true,"href":"https:\/\/teknologiateollisuus.fi\/jasenille\/wp-json\/wp\/v2\/em_target_group?post=26132"},{"taxonomy":"em_event_type","embeddable":true,"href":"https:\/\/teknologiateollisuus.fi\/jasenille\/wp-json\/wp\/v2\/em_event_type?post=26132"}],"curies":[{"name":"wp","href":"https:\/\/api.w.org\/{rel}","templated":true}]}}