{"id":26244,"date":"2025-06-17T12:40:59","date_gmt":"2025-06-17T09:40:59","guid":{"rendered":"https:\/\/teknologiateollisuus.fi\/jasenille\/?post_type=em_event&#038;p=26244"},"modified":"2025-09-16T10:40:08","modified_gmt":"2025-09-16T07:40:08","slug":"eun-datasaadoksen-soveltaminen-alkaa-mita-yritysten-ja-organisaatioiden-on-hyva-tietaa","status":"publish","type":"em_event","link":"https:\/\/teknologiateollisuus.fi\/jasenille\/tapahtumat\/eun-datasaadoksen-soveltaminen-alkaa-mita-yritysten-ja-organisaatioiden-on-hyva-tietaa\/","title":{"rendered":"EU:n datas\u00e4\u00e4d\u00f6ksen soveltaminen alkaa \u2013 mit\u00e4 yritysten ja organisaatioiden on hyv\u00e4 tiet\u00e4\u00e4?"},"content":{"rendered":"\n<p>EU:n datas\u00e4\u00e4d\u00f6ksen (Data Act) soveltaminen k\u00e4ynnistyy syyskuussa 2025. S\u00e4\u00e4d\u00f6ksen tavoitteena on edist\u00e4\u00e4 verkottuneiden laitteiden ja niiden liit\u00e4nn\u00e4ispalveluiden datan saatavuutta ja uudelleenk\u00e4ytt\u00f6\u00e4 eri sektoreilla, parantaa yksil\u00f6iden ja organisaatioiden oikeuksia omaan dataansa sek\u00e4 vahvistaa kilpailukykyisi\u00e4 digitaalisia markkinoita Euroopassa.<br><br>Mutta mit\u00e4 t\u00e4m\u00e4 k\u00e4yt\u00e4nn\u00f6ss\u00e4 tarkoittaa suomalaisille yrityksille, viranomaisille ja muille toimijoille?<\/p>\n\n\n\n<div class=\"wp-block-group is-style-tight has-light-gray-background-color has-background is-layout-constrained wp-block-group-is-layout-constrained\">\n<p>Tule hybriditilaisuuteen kuulemaan Teknologiateollisuus ry:n, Liikenne- ja viestint\u00e4virasto Traficomin sek\u00e4 muiden viranomaisten asiantuntijoiden katsaus s\u00e4\u00e4d\u00f6ksen keskeisiin velvoitteisiin ja mahdollisuuksiin:<\/p>\n\n\n\n<ul class=\"wp-block-list is-style-styled\">\n<li>Mitk\u00e4 tuotteet, palvelut ja toimijat kuuluvat s\u00e4\u00e4ntelyn piiriin?<\/li>\n\n\n\n<li>Miten s\u00e4\u00e4d\u00f6s vaikuttaa laitteiden ja liit\u00e4nn\u00e4ispalveluiden tuottamaan dataan? <\/li>\n\n\n\n<li>Mit\u00e4 oikeuksia k\u00e4ytt\u00e4jill\u00e4 on omaan dataansa ja miten ne on toteutettava k\u00e4yt\u00e4nn\u00f6ss\u00e4? <\/li>\n\n\n\n<li>Millaisia vaikutuksia datas\u00e4\u00e4d\u00f6ksell\u00e4 voi olla liiketoimintamalleihin, sopimuksiin ja ekosysteemien rakenteisiin? <\/li>\n\n\n\n<li>Miss\u00e4 menn\u00e4\u00e4n datas\u00e4\u00e4d\u00f6ksen kansallisessa t\u00e4yt\u00e4nt\u00f6\u00f6npanossa?<\/li>\n<\/ul>\n<\/div>\n\n\n\n<p>Tilaisuudessa kuullaan my\u00f6s yritysten n\u00e4kemyksi\u00e4 ja k\u00e4yt\u00e4nn\u00f6n kokemuksia datas\u00e4\u00e4d\u00f6ksen toimeenpanosta. Yritysedustajat jakavat havaintojaan siit\u00e4, millaisia kysymyksi\u00e4 ja haasteita s\u00e4\u00e4ntely on nostanut esiin, miten valmisteluty\u00f6 on organisoitu, ja millaisia mahdollisuuksia uusi s\u00e4\u00e4ntely voi parhaimmillaan tarjota.<\/p>\n\n\n\n<p>Tapahtuma tarjoaa sek\u00e4 ajankohtaista tietoa ett\u00e4 tilaisuuden kysy\u00e4 suoraan asiantuntijoilta, miten valmistautua uuteen s\u00e4\u00e4ntelyyn.<br><br>Tilaisuuden j\u00e4rjest\u00e4v\u00e4t Teknologiateollisuus ry ja Liikenne- ja viestint\u00e4virasto Traficom.<\/p>\n\n\n\n<div class=\"wp-block-buttons is-layout-flex wp-block-buttons-is-layout-flex\">\n<div class=\"wp-block-button  icon-right\"><a class=\"wp-block-button__link wp-element-button\" href=\"https:\/\/eur01.safelinks.protection.outlook.com\/?url=https%3A%2F%2Fteknologiateollisuus.fi%2Fjasenille%2Ftietopankki%2Fdigitalisaatio-ja-tekoaly%2Fdatastaliiketoimintaa%2F&amp;data=05%7C02%7Cjoonas.mikkila%40teknologiateollisuus.fi%7C8a27fb6b4e3045f95b5208ddada4dbe0%7Cf76946dcd9fc4b0882aadb1d2a9b8ed0%7C0%7C0%7C638857645756747771%7CUnknown%7CTWFpbGZsb3d8eyJFbXB0eU1hcGkiOnRydWUsIlYiOiIwLjAuMDAwMCIsIlAiOiJXaW4zMiIsIkFOIjoiTWFpbCIsIldUIjoyfQ%3D%3D%7C0%7C%7C%7C&amp;sdata=1vwMvWKx3aecSF%2F%2F01bebSOpfDXCyjr5tIXNc66HJuk%3D&amp;reserved=0\" target=\"_blank\" rel=\"noreferrer noopener\">Tutustu Teknologiateollisuus ry:n data-asetuksesta tuottamiin tukimateriaaleihin&nbsp;<\/a><\/div>\n<\/div>\n\n\n\n<h2 class=\"wp-block-heading\" id=\"h-milloin\" id=\"milloin\">Milloin<\/h2>\n\n\n\n<p>8.10.2025 klo 9-11. <\/p>\n\n\n\n<h2 class=\"wp-block-heading\" id=\"h-missa\" id=\"missa\">Miss\u00e4<\/h2>\n\n\n\n<p>Etel\u00e4ranta 10, Helsinki tai verkkol\u00e4hetys.<\/p>\n\n\n\n<h2 class=\"wp-block-heading\" id=\"h-kenelle\" id=\"kenelle\">Kenelle<\/h2>\n\n\n\n<p>Tilaisuus on suunnattu erityisesti digitalisaatiosta, datasta ja s\u00e4\u00e4ntelyst\u00e4 vastaaville asiantuntijoille sek\u00e4 johdolle.<\/p>\n\n\n\n<h2 class=\"wp-block-heading\" id=\"h-hinta\" id=\"hinta\">Hinta<\/h2>\n\n\n\n<p>Tilaisuus on maksuton.<\/p>\n\n\n\n<h2 class=\"wp-block-heading\" id=\"h-ohjelma\" id=\"ohjelma\">Ohjelma<\/h2>\n\n\n\n<div class=\"wp-block-group is-style-tight has-light-gray-background-color has-background is-layout-constrained wp-block-group-is-layout-constrained\">\n<p>Moderaattori: Isak Rautio<\/p>\n\n\n\n<p><strong>Avauspuheenvuoro<\/strong><\/p>\n\n\n\n<ul class=\"wp-block-list\">\n<li>Jenni Koskinen, datatalousjohtaja, Liikenne- ja viestint\u00e4virasto Traficom<\/li>\n<\/ul>\n\n\n\n<p><strong>EU:n data-asetuksen keskeinen sis\u00e4lt\u00f6 ja vaikutukset<\/strong><\/p>\n\n\n\n<ul class=\"wp-block-list\">\n<li>Joonas Mikkil\u00e4, johtava asiantuntija, Teknologiateollisuus ry<\/li>\n<\/ul>\n\n\n\n<p><strong>Kansallisen datalain keskeiset asiat<\/strong><\/p>\n\n\n\n<ul class=\"wp-block-list\">\n<li>Merita Erkkil\u00e4, erityisasiantuntija, liikenne- ja viestint\u00e4ministeri\u00f6<\/li>\n<\/ul>\n\n\n\n<p><strong>Viranomaisten roolit s\u00e4\u00e4d\u00f6ksen valvonnassa ja toimeenpanossa<\/strong><\/p>\n\n\n\n<ul class=\"wp-block-list\">\n<li>Jarmo Riikonen, projektip\u00e4\u00e4llikk\u00f6, Liikenne- ja viestint\u00e4virasto Traficom<\/li>\n\n\n\n<li>P\u00e4ivi Karkkola, johtava asiantuntija, Liikenne- ja viestint\u00e4virasto Traficom<\/li>\n\n\n\n<li>Kristiina Vainio, ryhm\u00e4p\u00e4\u00e4llikk\u00f6, Kilpailu- ja kuluttajavirasto&nbsp;<\/li>\n\n\n\n<li>Saana Syd\u00e4nmaanlakka, ylitarkastaja, Tietosuojavaltuutetun toimisto&nbsp;&nbsp;&nbsp;&nbsp;&nbsp;&nbsp;&nbsp;&nbsp;&nbsp;&nbsp;&nbsp;&nbsp;&nbsp;&nbsp;<\/li>\n<\/ul>\n\n\n\n<p><strong>Miten yritykset ovat valmistautuneet uuteen s\u00e4\u00e4ntelyyn?<\/strong><\/p>\n\n\n\n<ul class=\"wp-block-list\">\n<li>Karri Alanko, Senior Legal Counsel, Metso Oyj<\/li>\n\n\n\n<li>Axel Forsman, Chief Information Officer, Dinlolift Oy<\/li>\n\n\n\n<li>Oskari P\u00e9tas, Co-Founder, Chief Technology Officer, Way Data Technologies Oy<\/li>\n<\/ul>\n<\/div>\n\n\n\n<div class=\"wp-block-buttons  mt-md is-layout-flex wp-block-buttons-is-layout-flex\">\n<div class=\"wp-block-button  icon-right size-lg\"><a class=\"wp-block-button__link wp-element-button\" href=\"https:\/\/www.lyyti.in\/data-asetus2025\" target=\"_blank\" rel=\"noreferrer noopener\">Ilmoittaudu tapahtumaan<\/a><\/div>\n<\/div>\n\n\n\n<div class=\"wp-block-scb-columns scb-columns  has-mobile-behavior--stacked has-auto-fit em-pattern-event-contacts\">\n<div class=\"wp-block-scb-column scb-column is-scale-cover\">\n<h2 class=\"wp-block-heading\" id=\"h-lisatietoja\" id=\"lisatietoja\">Lis\u00e4tietoja<\/h2>\n\n\n\n<article class=\"em-block-contact-card is-style-list\">\n\n\t<div class=\"em-block-contact-card__image\">\n\t\t\t\t\t<img loading=\"lazy\" decoding=\"async\" width=\"300\" height=\"400\" src=\"https:\/\/teknologiateollisuus.fi\/jasenille\/wp-content\/uploads\/2024\/05\/phpoqukup.jpg\" class=\"attachment-portrait size-portrait\" alt=\"\" \/>\t\t\t<\/div>\n\t<div class=\"em-block-contact-card__content-wrapper\">\n\t\t<div class=\"em-block-contact-card__content\">\n\t\t\t\t\t\t\t<div class=\"em-block-contact-card__business-units\">\n\t\t\t\t\t\t\t\t\t\t\t<span class=\"em-block-contact-card__business-unit\">Uudet teknologiat ja osaaminen<\/span>\n\t\t\t\t\t\t\t\t\t<\/div>\n\t\t\t\t\t\t<h3 class=\"em-block-contact-card__title\"><a target=\"_self\" href=\"https:\/\/teknologiateollisuus.fi\/?p=1265\">Mikkil\u00e4 Joonas<\/a><\/h3>\n\t\t\t\t\t\t\t<span class=\"em-block-contact-card__job_title\">Johtava asiantuntija, digitalisaatio &#8211; Teknologiat, tieto ja innovaatiot <\/span>\n\t\t\t\t\t\t\t\t\t\t<span class=\"em-block-contact-card__organisation\">Teknologiateollisuus ry<\/span>\n\t\t\t\t\t<\/div>\n\t\t<div class=\"em-block-contact-card__content\">\n\t\t\t\t\t\t<address class=\"em-block-contact-card__contact-details\">\n\t\t\t\t\t\t\t\t\t<span class=\"em-block-contact-card__phone\">\n\t\t\t\t\t\t<a href=\"tel:+358 451296791\">+358 451296791<\/a><\/a>\n\t\t\t\t\t<\/span>\n\t\t\t\t\t\t\t\t\t\t\t\t\t<span class=\"em-block-contact-card__email\">\n\t\t\t\t\t\t<a href=\"mailto:joonas.mikkila@teknologiateollisuus.fi\">joonas.mikkila@teknologiateollisuus.fi<\/a><\/a>\n\t\t\t\t\t<\/span>\n\t\t\t\t\t\t\t<\/address>\n\t\t\t\t\t<\/div>\n\t<\/div>\n\n<\/article>\n<\/div>\n<\/div>\n\n\n\n<p><\/p>\n","protected":false},"excerpt":{"rendered":"<p>EU:n datas\u00e4\u00e4d\u00f6ksen (Data Act) soveltaminen k\u00e4ynnistyy syyskuussa. Mit\u00e4 muutos tarkoittaa yrityksille, viranomaisille ja muille toimijoille k\u00e4yt\u00e4nn\u00f6ss\u00e4? Ent\u00e4 miss\u00e4 menn\u00e4\u00e4n asetuksen kansallisessa toimeenpanossa? <\/p>\n","protected":false},"featured_media":7188,"template":"","meta":{"_acf_changed":false,"_relevanssi_hide_post":"","_relevanssi_hide_content":"","_relevanssi_pin_for_all":"","_relevanssi_pin_keywords":"","_relevanssi_unpin_keywords":"","_relevanssi_related_keywords":"","_relevanssi_related_include_ids":"","_relevanssi_related_exclude_ids":"","_relevanssi_related_no_append":"","_relevanssi_related_not_related":"","_relevanssi_related_posts":"5961,8123,5981,15161,5771,5380","_relevanssi_noindex_reason":"","inline_featured_image":false,"growthstack-ab-test":[],"growthstack-ab-test-views":[],"footnotes":""},"post_tag":[608,53,612,622],"em_region":[],"em_target_group":[],"em_event_type":[96,95],"class_list":["post-26244","em_event","type-em_event","status-publish","has-post-thumbnail","hentry","tag-digitalisaatio","tag-innovaatiot","tag-kasvujauudistuminen","tag-tekoaly","em_event_type-seminaarit","em_event_type-webinaarit"],"acf":{"event_start_date":"20251008","event_end_date":"20251008","event_start_time":"09:00:00","event_end_time":"11:00:00","location":"Etel\u00e4ranta 10, Helsinki tai verkkol\u00e4hetys","address":"","registration":"https:\/\/www.lyyti.in\/data-asetus2025","files":null,"links":null,"locked":false},"yoast_head":"<!-- This site is optimized with the Yoast SEO Premium plugin v27.1 (Yoast SEO v27.5) - https:\/\/yoast.com\/product\/yoast-seo-premium-wordpress\/ -->\n<title>EU:n datas\u00e4\u00e4d\u00f6ksen soveltaminen alkaa \u2013 mit\u00e4 yritysten ja organisaatioiden on hyv\u00e4 tiet\u00e4\u00e4? - Teknologiateollisuus - J\u00e4senille<\/title>\n<meta name=\"robots\" content=\"index, follow, max-snippet:-1, max-image-preview:large, max-video-preview:-1\" \/>\n<link rel=\"canonical\" href=\"https:\/\/teknologiateollisuus.fi\/jasenille\/tapahtumat\/eun-datasaadoksen-soveltaminen-alkaa-mita-yritysten-ja-organisaatioiden-on-hyva-tietaa\/\" \/>\n<meta property=\"og:locale\" content=\"fi_FI\" \/>\n<meta property=\"og:type\" content=\"article\" \/>\n<meta property=\"og:title\" content=\"EU:n datas\u00e4\u00e4d\u00f6ksen soveltaminen alkaa \u2013 mit\u00e4 yritysten ja organisaatioiden on hyv\u00e4 tiet\u00e4\u00e4?\" \/>\n<meta property=\"og:description\" content=\"EU:n datas\u00e4\u00e4d\u00f6ksen (Data Act) soveltaminen k\u00e4ynnistyy syyskuussa. Mit\u00e4 muutos tarkoittaa yrityksille, viranomaisille ja muille toimijoille k\u00e4yt\u00e4nn\u00f6ss\u00e4? Ent\u00e4 miss\u00e4 menn\u00e4\u00e4n asetuksen kansallisessa toimeenpanossa?\" \/>\n<meta property=\"og:url\" content=\"https:\/\/teknologiateollisuus.fi\/jasenille\/tapahtumat\/eun-datasaadoksen-soveltaminen-alkaa-mita-yritysten-ja-organisaatioiden-on-hyva-tietaa\/\" \/>\n<meta property=\"og:site_name\" content=\"Teknologiateollisuus - J\u00e4senille\" \/>\n<meta property=\"article:modified_time\" content=\"2025-09-16T07:40:08+00:00\" \/>\n<meta property=\"og:image\" content=\"https:\/\/teknologiateollisuus.fi\/jasenille\/wp-content\/uploads\/sites\/1\/2024\/06\/Otaniniemi_6.jpg\" \/>\n\t<meta property=\"og:image:width\" content=\"1920\" \/>\n\t<meta property=\"og:image:height\" content=\"1280\" \/>\n\t<meta property=\"og:image:type\" content=\"image\/jpeg\" \/>\n<meta name=\"twitter:card\" content=\"summary_large_image\" \/>\n<meta name=\"twitter:label1\" content=\"Arvioitu lukuaika\" \/>\n\t<meta name=\"twitter:data1\" content=\"3 minuuttia\" \/>\n<script type=\"application\/ld+json\" class=\"yoast-schema-graph\">{\"@context\":\"https:\\\/\\\/schema.org\",\"@graph\":[{\"@type\":\"WebPage\",\"@id\":\"https:\\\/\\\/teknologiateollisuus.fi\\\/jasenille\\\/tapahtumat\\\/eun-datasaadoksen-soveltaminen-alkaa-mita-yritysten-ja-organisaatioiden-on-hyva-tietaa\\\/\",\"url\":\"https:\\\/\\\/teknologiateollisuus.fi\\\/jasenille\\\/tapahtumat\\\/eun-datasaadoksen-soveltaminen-alkaa-mita-yritysten-ja-organisaatioiden-on-hyva-tietaa\\\/\",\"name\":\"EU:n datas\u00e4\u00e4d\u00f6ksen soveltaminen alkaa \u2013 mit\u00e4 yritysten ja organisaatioiden on hyv\u00e4 tiet\u00e4\u00e4? - Teknologiateollisuus - J\u00e4senille\",\"isPartOf\":{\"@id\":\"https:\\\/\\\/teknologiateollisuus.fi\\\/jasenille\\\/#website\"},\"primaryImageOfPage\":{\"@id\":\"https:\\\/\\\/teknologiateollisuus.fi\\\/jasenille\\\/tapahtumat\\\/eun-datasaadoksen-soveltaminen-alkaa-mita-yritysten-ja-organisaatioiden-on-hyva-tietaa\\\/#primaryimage\"},\"image\":{\"@id\":\"https:\\\/\\\/teknologiateollisuus.fi\\\/jasenille\\\/tapahtumat\\\/eun-datasaadoksen-soveltaminen-alkaa-mita-yritysten-ja-organisaatioiden-on-hyva-tietaa\\\/#primaryimage\"},\"thumbnailUrl\":\"https:\\\/\\\/teknologiateollisuus.fi\\\/jasenille\\\/wp-content\\\/uploads\\\/sites\\\/1\\\/2024\\\/06\\\/Otaniniemi_6.jpg\",\"datePublished\":\"2025-06-17T09:40:59+00:00\",\"dateModified\":\"2025-09-16T07:40:08+00:00\",\"breadcrumb\":{\"@id\":\"https:\\\/\\\/teknologiateollisuus.fi\\\/jasenille\\\/tapahtumat\\\/eun-datasaadoksen-soveltaminen-alkaa-mita-yritysten-ja-organisaatioiden-on-hyva-tietaa\\\/#breadcrumb\"},\"inLanguage\":\"fi\",\"potentialAction\":[{\"@type\":\"ReadAction\",\"target\":[\"https:\\\/\\\/teknologiateollisuus.fi\\\/jasenille\\\/tapahtumat\\\/eun-datasaadoksen-soveltaminen-alkaa-mita-yritysten-ja-organisaatioiden-on-hyva-tietaa\\\/\"]}]},{\"@type\":\"ImageObject\",\"inLanguage\":\"fi\",\"@id\":\"https:\\\/\\\/teknologiateollisuus.fi\\\/jasenille\\\/tapahtumat\\\/eun-datasaadoksen-soveltaminen-alkaa-mita-yritysten-ja-organisaatioiden-on-hyva-tietaa\\\/#primaryimage\",\"url\":\"https:\\\/\\\/teknologiateollisuus.fi\\\/jasenille\\\/wp-content\\\/uploads\\\/sites\\\/1\\\/2024\\\/06\\\/Otaniniemi_6.jpg\",\"contentUrl\":\"https:\\\/\\\/teknologiateollisuus.fi\\\/jasenille\\\/wp-content\\\/uploads\\\/sites\\\/1\\\/2024\\\/06\\\/Otaniniemi_6.jpg\",\"width\":1920,\"height\":1280},{\"@type\":\"BreadcrumbList\",\"@id\":\"https:\\\/\\\/teknologiateollisuus.fi\\\/jasenille\\\/tapahtumat\\\/eun-datasaadoksen-soveltaminen-alkaa-mita-yritysten-ja-organisaatioiden-on-hyva-tietaa\\\/#breadcrumb\",\"itemListElement\":[{\"@type\":\"ListItem\",\"position\":1,\"name\":\"Home\",\"item\":\"https:\\\/\\\/teknologiateollisuus.fi\\\/jasenille\\\/\"},{\"@type\":\"ListItem\",\"position\":2,\"name\":\"Ajankohtaista\",\"item\":\"https:\\\/\\\/teknologiateollisuus.fi\\\/jasenille\\\/ajankohtaista\\\/\"},{\"@type\":\"ListItem\",\"position\":3,\"name\":\"Tapahtumat ja koulutukset\",\"item\":\"https:\\\/\\\/teknologiateollisuus.fi\\\/jasenille\\\/palvelut\\\/tapahtumat-ja-koulutukset\\\/\"},{\"@type\":\"ListItem\",\"position\":4,\"name\":\"EU:n datas\u00e4\u00e4d\u00f6ksen soveltaminen alkaa \u2013 mit\u00e4 yritysten ja organisaatioiden on hyv\u00e4 tiet\u00e4\u00e4?\"}]},{\"@type\":\"WebSite\",\"@id\":\"https:\\\/\\\/teknologiateollisuus.fi\\\/jasenille\\\/#website\",\"url\":\"https:\\\/\\\/teknologiateollisuus.fi\\\/jasenille\\\/\",\"name\":\"Teknologiateollisuus - J\u00e4senille\",\"description\":\"\",\"publisher\":{\"@id\":\"https:\\\/\\\/teknologiateollisuus.fi\\\/jasenille\\\/#organization\"},\"potentialAction\":[{\"@type\":\"SearchAction\",\"target\":{\"@type\":\"EntryPoint\",\"urlTemplate\":\"https:\\\/\\\/teknologiateollisuus.fi\\\/jasenille\\\/?s={search_term_string}\"},\"query-input\":{\"@type\":\"PropertyValueSpecification\",\"valueRequired\":true,\"valueName\":\"search_term_string\"}}],\"inLanguage\":\"fi\"},{\"@type\":\"Organization\",\"@id\":\"https:\\\/\\\/teknologiateollisuus.fi\\\/jasenille\\\/#organization\",\"name\":\"Teknologiateollisuus - J\u00e4senille\",\"url\":\"https:\\\/\\\/teknologiateollisuus.fi\\\/jasenille\\\/\",\"logo\":{\"@type\":\"ImageObject\",\"inLanguage\":\"fi\",\"@id\":\"https:\\\/\\\/teknologiateollisuus.fi\\\/jasenille\\\/#\\\/schema\\\/logo\\\/image\\\/\",\"url\":\"https:\\\/\\\/teknologiateollisuus.fi\\\/jasenille\\\/wp-content\\\/uploads\\\/sites\\\/1\\\/2023\\\/10\\\/placeholder.png\",\"contentUrl\":\"https:\\\/\\\/teknologiateollisuus.fi\\\/jasenille\\\/wp-content\\\/uploads\\\/sites\\\/1\\\/2023\\\/10\\\/placeholder.png\",\"width\":2560,\"height\":1920,\"caption\":\"Teknologiateollisuus - J\u00e4senille\"},\"image\":{\"@id\":\"https:\\\/\\\/teknologiateollisuus.fi\\\/jasenille\\\/#\\\/schema\\\/logo\\\/image\\\/\"}}]}<\/script>\n<!-- \/ Yoast SEO Premium plugin. -->","yoast_head_json":{"title":"EU:n datas\u00e4\u00e4d\u00f6ksen soveltaminen alkaa \u2013 mit\u00e4 yritysten ja organisaatioiden on hyv\u00e4 tiet\u00e4\u00e4? - Teknologiateollisuus - J\u00e4senille","robots":{"index":"index","follow":"follow","max-snippet":"max-snippet:-1","max-image-preview":"max-image-preview:large","max-video-preview":"max-video-preview:-1"},"canonical":"https:\/\/teknologiateollisuus.fi\/jasenille\/tapahtumat\/eun-datasaadoksen-soveltaminen-alkaa-mita-yritysten-ja-organisaatioiden-on-hyva-tietaa\/","og_locale":"fi_FI","og_type":"article","og_title":"EU:n datas\u00e4\u00e4d\u00f6ksen soveltaminen alkaa \u2013 mit\u00e4 yritysten ja organisaatioiden on hyv\u00e4 tiet\u00e4\u00e4?","og_description":"EU:n datas\u00e4\u00e4d\u00f6ksen (Data Act) soveltaminen k\u00e4ynnistyy syyskuussa. Mit\u00e4 muutos tarkoittaa yrityksille, viranomaisille ja muille toimijoille k\u00e4yt\u00e4nn\u00f6ss\u00e4? Ent\u00e4 miss\u00e4 menn\u00e4\u00e4n asetuksen kansallisessa toimeenpanossa?","og_url":"https:\/\/teknologiateollisuus.fi\/jasenille\/tapahtumat\/eun-datasaadoksen-soveltaminen-alkaa-mita-yritysten-ja-organisaatioiden-on-hyva-tietaa\/","og_site_name":"Teknologiateollisuus - J\u00e4senille","article_modified_time":"2025-09-16T07:40:08+00:00","og_image":[{"width":1920,"height":1280,"url":"https:\/\/teknologiateollisuus.fi\/jasenille\/wp-content\/uploads\/sites\/1\/2024\/06\/Otaniniemi_6.jpg","type":"image\/jpeg"}],"twitter_card":"summary_large_image","twitter_misc":{"Arvioitu lukuaika":"3 minuuttia"},"schema":{"@context":"https:\/\/schema.org","@graph":[{"@type":"WebPage","@id":"https:\/\/teknologiateollisuus.fi\/jasenille\/tapahtumat\/eun-datasaadoksen-soveltaminen-alkaa-mita-yritysten-ja-organisaatioiden-on-hyva-tietaa\/","url":"https:\/\/teknologiateollisuus.fi\/jasenille\/tapahtumat\/eun-datasaadoksen-soveltaminen-alkaa-mita-yritysten-ja-organisaatioiden-on-hyva-tietaa\/","name":"EU:n datas\u00e4\u00e4d\u00f6ksen soveltaminen alkaa \u2013 mit\u00e4 yritysten ja organisaatioiden on hyv\u00e4 tiet\u00e4\u00e4? - Teknologiateollisuus - J\u00e4senille","isPartOf":{"@id":"https:\/\/teknologiateollisuus.fi\/jasenille\/#website"},"primaryImageOfPage":{"@id":"https:\/\/teknologiateollisuus.fi\/jasenille\/tapahtumat\/eun-datasaadoksen-soveltaminen-alkaa-mita-yritysten-ja-organisaatioiden-on-hyva-tietaa\/#primaryimage"},"image":{"@id":"https:\/\/teknologiateollisuus.fi\/jasenille\/tapahtumat\/eun-datasaadoksen-soveltaminen-alkaa-mita-yritysten-ja-organisaatioiden-on-hyva-tietaa\/#primaryimage"},"thumbnailUrl":"https:\/\/teknologiateollisuus.fi\/jasenille\/wp-content\/uploads\/sites\/1\/2024\/06\/Otaniniemi_6.jpg","datePublished":"2025-06-17T09:40:59+00:00","dateModified":"2025-09-16T07:40:08+00:00","breadcrumb":{"@id":"https:\/\/teknologiateollisuus.fi\/jasenille\/tapahtumat\/eun-datasaadoksen-soveltaminen-alkaa-mita-yritysten-ja-organisaatioiden-on-hyva-tietaa\/#breadcrumb"},"inLanguage":"fi","potentialAction":[{"@type":"ReadAction","target":["https:\/\/teknologiateollisuus.fi\/jasenille\/tapahtumat\/eun-datasaadoksen-soveltaminen-alkaa-mita-yritysten-ja-organisaatioiden-on-hyva-tietaa\/"]}]},{"@type":"ImageObject","inLanguage":"fi","@id":"https:\/\/teknologiateollisuus.fi\/jasenille\/tapahtumat\/eun-datasaadoksen-soveltaminen-alkaa-mita-yritysten-ja-organisaatioiden-on-hyva-tietaa\/#primaryimage","url":"https:\/\/teknologiateollisuus.fi\/jasenille\/wp-content\/uploads\/sites\/1\/2024\/06\/Otaniniemi_6.jpg","contentUrl":"https:\/\/teknologiateollisuus.fi\/jasenille\/wp-content\/uploads\/sites\/1\/2024\/06\/Otaniniemi_6.jpg","width":1920,"height":1280},{"@type":"BreadcrumbList","@id":"https:\/\/teknologiateollisuus.fi\/jasenille\/tapahtumat\/eun-datasaadoksen-soveltaminen-alkaa-mita-yritysten-ja-organisaatioiden-on-hyva-tietaa\/#breadcrumb","itemListElement":[{"@type":"ListItem","position":1,"name":"Home","item":"https:\/\/teknologiateollisuus.fi\/jasenille\/"},{"@type":"ListItem","position":2,"name":"Ajankohtaista","item":"https:\/\/teknologiateollisuus.fi\/jasenille\/ajankohtaista\/"},{"@type":"ListItem","position":3,"name":"Tapahtumat ja koulutukset","item":"https:\/\/teknologiateollisuus.fi\/jasenille\/palvelut\/tapahtumat-ja-koulutukset\/"},{"@type":"ListItem","position":4,"name":"EU:n datas\u00e4\u00e4d\u00f6ksen soveltaminen alkaa \u2013 mit\u00e4 yritysten ja organisaatioiden on hyv\u00e4 tiet\u00e4\u00e4?"}]},{"@type":"WebSite","@id":"https:\/\/teknologiateollisuus.fi\/jasenille\/#website","url":"https:\/\/teknologiateollisuus.fi\/jasenille\/","name":"Teknologiateollisuus - J\u00e4senille","description":"","publisher":{"@id":"https:\/\/teknologiateollisuus.fi\/jasenille\/#organization"},"potentialAction":[{"@type":"SearchAction","target":{"@type":"EntryPoint","urlTemplate":"https:\/\/teknologiateollisuus.fi\/jasenille\/?s={search_term_string}"},"query-input":{"@type":"PropertyValueSpecification","valueRequired":true,"valueName":"search_term_string"}}],"inLanguage":"fi"},{"@type":"Organization","@id":"https:\/\/teknologiateollisuus.fi\/jasenille\/#organization","name":"Teknologiateollisuus - J\u00e4senille","url":"https:\/\/teknologiateollisuus.fi\/jasenille\/","logo":{"@type":"ImageObject","inLanguage":"fi","@id":"https:\/\/teknologiateollisuus.fi\/jasenille\/#\/schema\/logo\/image\/","url":"https:\/\/teknologiateollisuus.fi\/jasenille\/wp-content\/uploads\/sites\/1\/2023\/10\/placeholder.png","contentUrl":"https:\/\/teknologiateollisuus.fi\/jasenille\/wp-content\/uploads\/sites\/1\/2023\/10\/placeholder.png","width":2560,"height":1920,"caption":"Teknologiateollisuus - J\u00e4senille"},"image":{"@id":"https:\/\/teknologiateollisuus.fi\/jasenille\/#\/schema\/logo\/image\/"}}]}},"lang":"fi","translations":{"fi":26244},"pll_sync_post":{},"_links":{"self":[{"href":"https:\/\/teknologiateollisuus.fi\/jasenille\/wp-json\/wp\/v2\/events\/26244","targetHints":{"allow":["GET"]}}],"collection":[{"href":"https:\/\/teknologiateollisuus.fi\/jasenille\/wp-json\/wp\/v2\/events"}],"about":[{"href":"https:\/\/teknologiateollisuus.fi\/jasenille\/wp-json\/wp\/v2\/types\/em_event"}],"version-history":[{"count":30,"href":"https:\/\/teknologiateollisuus.fi\/jasenille\/wp-json\/wp\/v2\/events\/26244\/revisions"}],"predecessor-version":[{"id":27906,"href":"https:\/\/teknologiateollisuus.fi\/jasenille\/wp-json\/wp\/v2\/events\/26244\/revisions\/27906"}],"wp:featuredmedia":[{"embeddable":true,"href":"https:\/\/teknologiateollisuus.fi\/jasenille\/wp-json\/wp\/v2\/media\/7188"}],"wp:attachment":[{"href":"https:\/\/teknologiateollisuus.fi\/jasenille\/wp-json\/wp\/v2\/media?parent=26244"}],"wp:term":[{"taxonomy":"post_tag","embeddable":true,"href":"https:\/\/teknologiateollisuus.fi\/jasenille\/wp-json\/wp\/v2\/post_tag?post=26244"},{"taxonomy":"em_region","embeddable":true,"href":"https:\/\/teknologiateollisuus.fi\/jasenille\/wp-json\/wp\/v2\/em_region?post=26244"},{"taxonomy":"em_target_group","embeddable":true,"href":"https:\/\/teknologiateollisuus.fi\/jasenille\/wp-json\/wp\/v2\/em_target_group?post=26244"},{"taxonomy":"em_event_type","embeddable":true,"href":"https:\/\/teknologiateollisuus.fi\/jasenille\/wp-json\/wp\/v2\/em_event_type?post=26244"}],"curies":[{"name":"wp","href":"https:\/\/api.w.org\/{rel}","templated":true}]}}