{"id":27734,"date":"2025-08-28T15:35:49","date_gmt":"2025-08-28T12:35:49","guid":{"rendered":"https:\/\/teknologiateollisuus.fi\/jasenille\/?post_type=em_event&#038;p=27734"},"modified":"2025-08-28T15:35:50","modified_gmt":"2025-08-28T12:35:50","slug":"ekn-webinaari-tyosuojeluvastuiden-jako-kaytannossa-mita-jokaisen-tyonantajan-edustajan-tulee-tietaa","status":"publish","type":"em_event","link":"https:\/\/teknologiateollisuus.fi\/jasenille\/tapahtumat\/ekn-webinaari-tyosuojeluvastuiden-jako-kaytannossa-mita-jokaisen-tyonantajan-edustajan-tulee-tietaa\/","title":{"rendered":"EK:n webinaari: Ty\u00f6suojeluvastuiden jako k\u00e4yt\u00e4nn\u00f6ss\u00e4 \u2013 mit\u00e4 jokaisen ty\u00f6nantajan edustajan tulee tiet\u00e4\u00e4?"},"content":{"rendered":"\n<p>Webinaariin osallistumalla saat tiiviin tietopaketin ja k\u00e4yt\u00e4nn\u00f6n ty\u00f6kaluja, joilla varmistat, ett\u00e4 ty\u00f6paikallasi perusasiat ovat kunnossa \u2013 onnistunut ty\u00f6turvallisuuden johtaminen l\u00e4htee perusasioista ja arjen teoista.<\/p>\n\n\n\n<p>Asiantuntijoina webinaarissa EK:n asiantuntija <strong>Anne Salomaa<\/strong>, Hyvinvointiala Hali ry:n johtava juristi <strong>Anna Hakola <\/strong>ja Rakennusteollisuuden vastaava juristi <strong>Ville Wartiovaara<\/strong>.<\/p>\n\n\n\n<p>Reunaehdot ty\u00f6suojeluvastuiden m\u00e4\u00e4rittelylle l\u00f6ytyv\u00e4t ty\u00f6turvallisuuslains\u00e4\u00e4d\u00e4nn\u00f6st\u00e4. Ty\u00f6suojeluvastuiden jaosta tulee selke\u00e4sti ja kirjallisesti sopia. T\u00e4ss\u00e4 webinaarissa k\u00e4ymme l\u00e4pi ty\u00f6nantajan keskeisimpi\u00e4 ty\u00f6suojeluvastuita ja ty\u00f6suojeluvastuiden jakoa k\u00e4yt\u00e4nn\u00f6nl\u00e4heisesti. Pohdimme, mitk\u00e4 ovat yleisimpi\u00e4 v\u00e4\u00e4rinymm\u00e4rryksi\u00e4 ja miten saadaan perusasioista vahva ote.<\/p>\n\n\n\n<p>Pohjana keskustelulle toimii EK:n uusi opas Ty\u00f6suojeluvastuut 2025, joka kokoaa yhteen t\u00e4rkeimm\u00e4t vastuut ja muistuttaa perusasioista, jotka on hyv\u00e4 pit\u00e4\u00e4 mieless\u00e4 kiireenkin keskell\u00e4.<\/p>\n\n\n\n<h2 class=\"wp-block-heading\" id=\"h-kenelle\" id=\"kenelle\">Kenelle?<\/h2>\n\n\n\n<p>Ty\u00f6nantajien edustajille, esihenkil\u00f6ille, HR:lle, johdolle ja ty\u00f6suojelutoimijoille.<\/p>\n\n\n\n<div class=\"wp-block-buttons  mt-md is-layout-flex wp-block-buttons-is-layout-flex\">\n<div class=\"wp-block-button  icon-right size-lg\"><a class=\"wp-block-button__link wp-element-button\" href=\"https:\/\/tapahtumat.ek.fi\/tyosuojeluvastuiden_jako_kaytannossa_29102025\" target=\"_blank\" rel=\"noreferrer noopener\">Lue lis\u00e4\u00e4 ja ilmoittaudu tapahtumaan<\/a><\/div>\n<\/div>\n\n\n\n<div class=\"wp-block-scb-columns scb-columns  has-mobile-behavior--stacked has-auto-fit em-pattern-event-contacts\">\n<div class=\"wp-block-scb-column scb-column is-scale-cover\">\n<h2 class=\"wp-block-heading\" id=\"h-lisatietoja\" id=\"lisatietoja\">Lis\u00e4tietoja<\/h2>\n\n\n\n<p>Asiantuntija Anne Salomaa,anne.salomaa@ek.fi<br><br>Ilmoittautumisiin liittyv\u00e4t asiat:<br>Assistentti Elina L\u00e4hteenmaa, elina.lahteenmaa@ek.fi<\/p>\n<\/div>\n<\/div>\n","protected":false},"excerpt":{"rendered":"<p>Lains\u00e4\u00e4d\u00e4nn\u00f6ss\u00e4 on paljon velvoitteita ty\u00f6nantajille ty\u00f6ntekij\u00f6iden ty\u00f6turvallisuudesta huolehtimiseksi. Tarvitsetko k\u00e4yt\u00e4nn\u00f6n vinkkej\u00e4 ty\u00f6suojeluvastuiden hoitamiseen ja niiden jakautumisesta p\u00e4\u00e4tt\u00e4miseen? Liity EK:n webinaariin, jossa EK:n asiantuntijat ja EK:n j\u00e4senliittojen asiantuntijat avaavat yhdess\u00e4 lains\u00e4\u00e4d\u00e4nn\u00f6n keskeisi\u00e4 reunaehtoja ja antavat konkreettisia k\u00e4yt\u00e4nn\u00f6n vinkkej\u00e4 organisaatiosi tueksi ty\u00f6suojeluvastuiden jakoon liittyen.<\/p>\n","protected":false},"featured_media":2043,"template":"","meta":{"_acf_changed":false,"_relevanssi_hide_post":"","_relevanssi_hide_content":"","_relevanssi_pin_for_all":"","_relevanssi_pin_keywords":"","_relevanssi_unpin_keywords":"","_relevanssi_related_keywords":"","_relevanssi_related_include_ids":"","_relevanssi_related_exclude_ids":"","_relevanssi_related_no_append":"","_relevanssi_related_not_related":"","_relevanssi_related_posts":"","_relevanssi_noindex_reason":"","inline_featured_image":false,"growthstack-ab-test":[],"growthstack-ab-test-views":[],"footnotes":""},"post_tag":[75,23],"em_region":[52,40,41,42,43,44,45,46,50,51,47,48,39,49],"em_target_group":[],"em_event_type":[95],"class_list":["post-27734","em_event","type-em_event","status-publish","has-post-thumbnail","hentry","tag-tyoelama","tag-tyomarkkinat","em_region-ahvenanmaa","em_region-ita-suomi","em_region-kaakkois-suomi","em_region-kanta-hame","em_region-keski-suomi","em_region-lansi-suomi","em_region-pirkanmaa","em_region-pohjois-suomi","em_region-pohjois-suomi-lappi","em_region-pohjois-suomi-oulu","em_region-paijat-hame","em_region-satakunta","em_region-uusimaa","em_region-varsinais-suomi","em_event_type-webinaarit"],"acf":{"event_start_date":"20251029","event_end_date":"20251029","event_start_time":"09:00:00","event_end_time":"10:00:00","location":"Teams","address":"","registration":"https:\/\/tapahtumat.ek.fi\/tyosuojeluvastuiden_jako_kaytannossa_29102025","files":null,"links":null,"locked":false},"yoast_head":"<!-- This site is optimized with the Yoast SEO Premium plugin v27.1 (Yoast SEO v27.5) - https:\/\/yoast.com\/product\/yoast-seo-premium-wordpress\/ -->\n<title>EK:n webinaari: Ty\u00f6suojeluvastuiden jako k\u00e4yt\u00e4nn\u00f6ss\u00e4 \u2013 mit\u00e4 jokaisen ty\u00f6nantajan edustajan tulee tiet\u00e4\u00e4? - Teknologiateollisuus - J\u00e4senille<\/title>\n<meta name=\"robots\" content=\"index, follow, max-snippet:-1, max-image-preview:large, max-video-preview:-1\" \/>\n<link rel=\"canonical\" href=\"https:\/\/teknologiateollisuus.fi\/jasenille\/tapahtumat\/ekn-webinaari-tyosuojeluvastuiden-jako-kaytannossa-mita-jokaisen-tyonantajan-edustajan-tulee-tietaa\/\" \/>\n<meta property=\"og:locale\" content=\"fi_FI\" \/>\n<meta property=\"og:type\" content=\"article\" \/>\n<meta property=\"og:title\" content=\"EK:n webinaari: Ty\u00f6suojeluvastuiden jako k\u00e4yt\u00e4nn\u00f6ss\u00e4 \u2013 mit\u00e4 jokaisen ty\u00f6nantajan edustajan tulee tiet\u00e4\u00e4?\" \/>\n<meta property=\"og:description\" content=\"Lains\u00e4\u00e4d\u00e4nn\u00f6ss\u00e4 on paljon velvoitteita ty\u00f6nantajille ty\u00f6ntekij\u00f6iden ty\u00f6turvallisuudesta huolehtimiseksi. Tarvitsetko k\u00e4yt\u00e4nn\u00f6n vinkkej\u00e4 ty\u00f6suojeluvastuiden hoitamiseen ja niiden jakautumisesta p\u00e4\u00e4tt\u00e4miseen? Liity EK:n webinaariin, jossa EK:n asiantuntijat ja EK:n j\u00e4senliittojen asiantuntijat avaavat yhdess\u00e4 lains\u00e4\u00e4d\u00e4nn\u00f6n keskeisi\u00e4 reunaehtoja ja antavat konkreettisia k\u00e4yt\u00e4nn\u00f6n vinkkej\u00e4 organisaatiosi tueksi ty\u00f6suojeluvastuiden jakoon liittyen.\" \/>\n<meta property=\"og:url\" content=\"https:\/\/teknologiateollisuus.fi\/jasenille\/tapahtumat\/ekn-webinaari-tyosuojeluvastuiden-jako-kaytannossa-mita-jokaisen-tyonantajan-edustajan-tulee-tietaa\/\" \/>\n<meta property=\"og:site_name\" content=\"Teknologiateollisuus - J\u00e4senille\" \/>\n<meta property=\"article:modified_time\" content=\"2025-08-28T12:35:50+00:00\" \/>\n<meta property=\"og:image\" content=\"https:\/\/teknologiateollisuus.fi\/jasenille\/wp-content\/uploads\/sites\/1\/2023\/12\/avokonttori.jpg\" \/>\n\t<meta property=\"og:image:width\" content=\"1920\" \/>\n\t<meta property=\"og:image:height\" content=\"1282\" \/>\n\t<meta property=\"og:image:type\" content=\"image\/jpeg\" \/>\n<meta name=\"twitter:card\" content=\"summary_large_image\" \/>\n<meta name=\"twitter:label1\" content=\"Arvioitu lukuaika\" \/>\n\t<meta name=\"twitter:data1\" content=\"1 minuutti\" \/>\n<script type=\"application\/ld+json\" class=\"yoast-schema-graph\">{\"@context\":\"https:\\\/\\\/schema.org\",\"@graph\":[{\"@type\":\"WebPage\",\"@id\":\"https:\\\/\\\/teknologiateollisuus.fi\\\/jasenille\\\/tapahtumat\\\/ekn-webinaari-tyosuojeluvastuiden-jako-kaytannossa-mita-jokaisen-tyonantajan-edustajan-tulee-tietaa\\\/\",\"url\":\"https:\\\/\\\/teknologiateollisuus.fi\\\/jasenille\\\/tapahtumat\\\/ekn-webinaari-tyosuojeluvastuiden-jako-kaytannossa-mita-jokaisen-tyonantajan-edustajan-tulee-tietaa\\\/\",\"name\":\"EK:n webinaari: Ty\u00f6suojeluvastuiden jako k\u00e4yt\u00e4nn\u00f6ss\u00e4 \u2013 mit\u00e4 jokaisen ty\u00f6nantajan edustajan tulee tiet\u00e4\u00e4? - Teknologiateollisuus - J\u00e4senille\",\"isPartOf\":{\"@id\":\"https:\\\/\\\/teknologiateollisuus.fi\\\/jasenille\\\/#website\"},\"primaryImageOfPage\":{\"@id\":\"https:\\\/\\\/teknologiateollisuus.fi\\\/jasenille\\\/tapahtumat\\\/ekn-webinaari-tyosuojeluvastuiden-jako-kaytannossa-mita-jokaisen-tyonantajan-edustajan-tulee-tietaa\\\/#primaryimage\"},\"image\":{\"@id\":\"https:\\\/\\\/teknologiateollisuus.fi\\\/jasenille\\\/tapahtumat\\\/ekn-webinaari-tyosuojeluvastuiden-jako-kaytannossa-mita-jokaisen-tyonantajan-edustajan-tulee-tietaa\\\/#primaryimage\"},\"thumbnailUrl\":\"https:\\\/\\\/teknologiateollisuus.fi\\\/jasenille\\\/wp-content\\\/uploads\\\/sites\\\/1\\\/2023\\\/12\\\/avokonttori.jpg\",\"datePublished\":\"2025-08-28T12:35:49+00:00\",\"dateModified\":\"2025-08-28T12:35:50+00:00\",\"breadcrumb\":{\"@id\":\"https:\\\/\\\/teknologiateollisuus.fi\\\/jasenille\\\/tapahtumat\\\/ekn-webinaari-tyosuojeluvastuiden-jako-kaytannossa-mita-jokaisen-tyonantajan-edustajan-tulee-tietaa\\\/#breadcrumb\"},\"inLanguage\":\"fi\",\"potentialAction\":[{\"@type\":\"ReadAction\",\"target\":[\"https:\\\/\\\/teknologiateollisuus.fi\\\/jasenille\\\/tapahtumat\\\/ekn-webinaari-tyosuojeluvastuiden-jako-kaytannossa-mita-jokaisen-tyonantajan-edustajan-tulee-tietaa\\\/\"]}]},{\"@type\":\"ImageObject\",\"inLanguage\":\"fi\",\"@id\":\"https:\\\/\\\/teknologiateollisuus.fi\\\/jasenille\\\/tapahtumat\\\/ekn-webinaari-tyosuojeluvastuiden-jako-kaytannossa-mita-jokaisen-tyonantajan-edustajan-tulee-tietaa\\\/#primaryimage\",\"url\":\"https:\\\/\\\/teknologiateollisuus.fi\\\/jasenille\\\/wp-content\\\/uploads\\\/sites\\\/1\\\/2023\\\/12\\\/avokonttori.jpg\",\"contentUrl\":\"https:\\\/\\\/teknologiateollisuus.fi\\\/jasenille\\\/wp-content\\\/uploads\\\/sites\\\/1\\\/2023\\\/12\\\/avokonttori.jpg\",\"width\":1920,\"height\":1282,\"caption\":\"Ihmisi\u00e4 k\u00e4velem\u00e4ss\u00e4 toimistossa, kuvituskuva.\"},{\"@type\":\"BreadcrumbList\",\"@id\":\"https:\\\/\\\/teknologiateollisuus.fi\\\/jasenille\\\/tapahtumat\\\/ekn-webinaari-tyosuojeluvastuiden-jako-kaytannossa-mita-jokaisen-tyonantajan-edustajan-tulee-tietaa\\\/#breadcrumb\",\"itemListElement\":[{\"@type\":\"ListItem\",\"position\":1,\"name\":\"Home\",\"item\":\"https:\\\/\\\/teknologiateollisuus.fi\\\/jasenille\\\/\"},{\"@type\":\"ListItem\",\"position\":2,\"name\":\"Ajankohtaista\",\"item\":\"https:\\\/\\\/teknologiateollisuus.fi\\\/jasenille\\\/ajankohtaista\\\/\"},{\"@type\":\"ListItem\",\"position\":3,\"name\":\"Tapahtumat ja koulutukset\",\"item\":\"https:\\\/\\\/teknologiateollisuus.fi\\\/jasenille\\\/palvelut\\\/tapahtumat-ja-koulutukset\\\/\"},{\"@type\":\"ListItem\",\"position\":4,\"name\":\"EK:n webinaari: Ty\u00f6suojeluvastuiden jako k\u00e4yt\u00e4nn\u00f6ss\u00e4 \u2013 mit\u00e4 jokaisen ty\u00f6nantajan edustajan tulee tiet\u00e4\u00e4?\"}]},{\"@type\":\"WebSite\",\"@id\":\"https:\\\/\\\/teknologiateollisuus.fi\\\/jasenille\\\/#website\",\"url\":\"https:\\\/\\\/teknologiateollisuus.fi\\\/jasenille\\\/\",\"name\":\"Teknologiateollisuus - J\u00e4senille\",\"description\":\"\",\"publisher\":{\"@id\":\"https:\\\/\\\/teknologiateollisuus.fi\\\/jasenille\\\/#organization\"},\"potentialAction\":[{\"@type\":\"SearchAction\",\"target\":{\"@type\":\"EntryPoint\",\"urlTemplate\":\"https:\\\/\\\/teknologiateollisuus.fi\\\/jasenille\\\/?s={search_term_string}\"},\"query-input\":{\"@type\":\"PropertyValueSpecification\",\"valueRequired\":true,\"valueName\":\"search_term_string\"}}],\"inLanguage\":\"fi\"},{\"@type\":\"Organization\",\"@id\":\"https:\\\/\\\/teknologiateollisuus.fi\\\/jasenille\\\/#organization\",\"name\":\"Teknologiateollisuus - J\u00e4senille\",\"url\":\"https:\\\/\\\/teknologiateollisuus.fi\\\/jasenille\\\/\",\"logo\":{\"@type\":\"ImageObject\",\"inLanguage\":\"fi\",\"@id\":\"https:\\\/\\\/teknologiateollisuus.fi\\\/jasenille\\\/#\\\/schema\\\/logo\\\/image\\\/\",\"url\":\"https:\\\/\\\/teknologiateollisuus.fi\\\/jasenille\\\/wp-content\\\/uploads\\\/sites\\\/1\\\/2023\\\/10\\\/placeholder.png\",\"contentUrl\":\"https:\\\/\\\/teknologiateollisuus.fi\\\/jasenille\\\/wp-content\\\/uploads\\\/sites\\\/1\\\/2023\\\/10\\\/placeholder.png\",\"width\":2560,\"height\":1920,\"caption\":\"Teknologiateollisuus - J\u00e4senille\"},\"image\":{\"@id\":\"https:\\\/\\\/teknologiateollisuus.fi\\\/jasenille\\\/#\\\/schema\\\/logo\\\/image\\\/\"}}]}<\/script>\n<!-- \/ Yoast SEO Premium plugin. -->","yoast_head_json":{"title":"EK:n webinaari: Ty\u00f6suojeluvastuiden jako k\u00e4yt\u00e4nn\u00f6ss\u00e4 \u2013 mit\u00e4 jokaisen ty\u00f6nantajan edustajan tulee tiet\u00e4\u00e4? - Teknologiateollisuus - J\u00e4senille","robots":{"index":"index","follow":"follow","max-snippet":"max-snippet:-1","max-image-preview":"max-image-preview:large","max-video-preview":"max-video-preview:-1"},"canonical":"https:\/\/teknologiateollisuus.fi\/jasenille\/tapahtumat\/ekn-webinaari-tyosuojeluvastuiden-jako-kaytannossa-mita-jokaisen-tyonantajan-edustajan-tulee-tietaa\/","og_locale":"fi_FI","og_type":"article","og_title":"EK:n webinaari: Ty\u00f6suojeluvastuiden jako k\u00e4yt\u00e4nn\u00f6ss\u00e4 \u2013 mit\u00e4 jokaisen ty\u00f6nantajan edustajan tulee tiet\u00e4\u00e4?","og_description":"Lains\u00e4\u00e4d\u00e4nn\u00f6ss\u00e4 on paljon velvoitteita ty\u00f6nantajille ty\u00f6ntekij\u00f6iden ty\u00f6turvallisuudesta huolehtimiseksi. Tarvitsetko k\u00e4yt\u00e4nn\u00f6n vinkkej\u00e4 ty\u00f6suojeluvastuiden hoitamiseen ja niiden jakautumisesta p\u00e4\u00e4tt\u00e4miseen? Liity EK:n webinaariin, jossa EK:n asiantuntijat ja EK:n j\u00e4senliittojen asiantuntijat avaavat yhdess\u00e4 lains\u00e4\u00e4d\u00e4nn\u00f6n keskeisi\u00e4 reunaehtoja ja antavat konkreettisia k\u00e4yt\u00e4nn\u00f6n vinkkej\u00e4 organisaatiosi tueksi ty\u00f6suojeluvastuiden jakoon liittyen.","og_url":"https:\/\/teknologiateollisuus.fi\/jasenille\/tapahtumat\/ekn-webinaari-tyosuojeluvastuiden-jako-kaytannossa-mita-jokaisen-tyonantajan-edustajan-tulee-tietaa\/","og_site_name":"Teknologiateollisuus - J\u00e4senille","article_modified_time":"2025-08-28T12:35:50+00:00","og_image":[{"width":1920,"height":1282,"url":"https:\/\/teknologiateollisuus.fi\/jasenille\/wp-content\/uploads\/sites\/1\/2023\/12\/avokonttori.jpg","type":"image\/jpeg"}],"twitter_card":"summary_large_image","twitter_misc":{"Arvioitu lukuaika":"1 minuutti"},"schema":{"@context":"https:\/\/schema.org","@graph":[{"@type":"WebPage","@id":"https:\/\/teknologiateollisuus.fi\/jasenille\/tapahtumat\/ekn-webinaari-tyosuojeluvastuiden-jako-kaytannossa-mita-jokaisen-tyonantajan-edustajan-tulee-tietaa\/","url":"https:\/\/teknologiateollisuus.fi\/jasenille\/tapahtumat\/ekn-webinaari-tyosuojeluvastuiden-jako-kaytannossa-mita-jokaisen-tyonantajan-edustajan-tulee-tietaa\/","name":"EK:n webinaari: Ty\u00f6suojeluvastuiden jako k\u00e4yt\u00e4nn\u00f6ss\u00e4 \u2013 mit\u00e4 jokaisen ty\u00f6nantajan edustajan tulee tiet\u00e4\u00e4? - Teknologiateollisuus - J\u00e4senille","isPartOf":{"@id":"https:\/\/teknologiateollisuus.fi\/jasenille\/#website"},"primaryImageOfPage":{"@id":"https:\/\/teknologiateollisuus.fi\/jasenille\/tapahtumat\/ekn-webinaari-tyosuojeluvastuiden-jako-kaytannossa-mita-jokaisen-tyonantajan-edustajan-tulee-tietaa\/#primaryimage"},"image":{"@id":"https:\/\/teknologiateollisuus.fi\/jasenille\/tapahtumat\/ekn-webinaari-tyosuojeluvastuiden-jako-kaytannossa-mita-jokaisen-tyonantajan-edustajan-tulee-tietaa\/#primaryimage"},"thumbnailUrl":"https:\/\/teknologiateollisuus.fi\/jasenille\/wp-content\/uploads\/sites\/1\/2023\/12\/avokonttori.jpg","datePublished":"2025-08-28T12:35:49+00:00","dateModified":"2025-08-28T12:35:50+00:00","breadcrumb":{"@id":"https:\/\/teknologiateollisuus.fi\/jasenille\/tapahtumat\/ekn-webinaari-tyosuojeluvastuiden-jako-kaytannossa-mita-jokaisen-tyonantajan-edustajan-tulee-tietaa\/#breadcrumb"},"inLanguage":"fi","potentialAction":[{"@type":"ReadAction","target":["https:\/\/teknologiateollisuus.fi\/jasenille\/tapahtumat\/ekn-webinaari-tyosuojeluvastuiden-jako-kaytannossa-mita-jokaisen-tyonantajan-edustajan-tulee-tietaa\/"]}]},{"@type":"ImageObject","inLanguage":"fi","@id":"https:\/\/teknologiateollisuus.fi\/jasenille\/tapahtumat\/ekn-webinaari-tyosuojeluvastuiden-jako-kaytannossa-mita-jokaisen-tyonantajan-edustajan-tulee-tietaa\/#primaryimage","url":"https:\/\/teknologiateollisuus.fi\/jasenille\/wp-content\/uploads\/sites\/1\/2023\/12\/avokonttori.jpg","contentUrl":"https:\/\/teknologiateollisuus.fi\/jasenille\/wp-content\/uploads\/sites\/1\/2023\/12\/avokonttori.jpg","width":1920,"height":1282,"caption":"Ihmisi\u00e4 k\u00e4velem\u00e4ss\u00e4 toimistossa, kuvituskuva."},{"@type":"BreadcrumbList","@id":"https:\/\/teknologiateollisuus.fi\/jasenille\/tapahtumat\/ekn-webinaari-tyosuojeluvastuiden-jako-kaytannossa-mita-jokaisen-tyonantajan-edustajan-tulee-tietaa\/#breadcrumb","itemListElement":[{"@type":"ListItem","position":1,"name":"Home","item":"https:\/\/teknologiateollisuus.fi\/jasenille\/"},{"@type":"ListItem","position":2,"name":"Ajankohtaista","item":"https:\/\/teknologiateollisuus.fi\/jasenille\/ajankohtaista\/"},{"@type":"ListItem","position":3,"name":"Tapahtumat ja koulutukset","item":"https:\/\/teknologiateollisuus.fi\/jasenille\/palvelut\/tapahtumat-ja-koulutukset\/"},{"@type":"ListItem","position":4,"name":"EK:n webinaari: Ty\u00f6suojeluvastuiden jako k\u00e4yt\u00e4nn\u00f6ss\u00e4 \u2013 mit\u00e4 jokaisen ty\u00f6nantajan edustajan tulee tiet\u00e4\u00e4?"}]},{"@type":"WebSite","@id":"https:\/\/teknologiateollisuus.fi\/jasenille\/#website","url":"https:\/\/teknologiateollisuus.fi\/jasenille\/","name":"Teknologiateollisuus - J\u00e4senille","description":"","publisher":{"@id":"https:\/\/teknologiateollisuus.fi\/jasenille\/#organization"},"potentialAction":[{"@type":"SearchAction","target":{"@type":"EntryPoint","urlTemplate":"https:\/\/teknologiateollisuus.fi\/jasenille\/?s={search_term_string}"},"query-input":{"@type":"PropertyValueSpecification","valueRequired":true,"valueName":"search_term_string"}}],"inLanguage":"fi"},{"@type":"Organization","@id":"https:\/\/teknologiateollisuus.fi\/jasenille\/#organization","name":"Teknologiateollisuus - J\u00e4senille","url":"https:\/\/teknologiateollisuus.fi\/jasenille\/","logo":{"@type":"ImageObject","inLanguage":"fi","@id":"https:\/\/teknologiateollisuus.fi\/jasenille\/#\/schema\/logo\/image\/","url":"https:\/\/teknologiateollisuus.fi\/jasenille\/wp-content\/uploads\/sites\/1\/2023\/10\/placeholder.png","contentUrl":"https:\/\/teknologiateollisuus.fi\/jasenille\/wp-content\/uploads\/sites\/1\/2023\/10\/placeholder.png","width":2560,"height":1920,"caption":"Teknologiateollisuus - J\u00e4senille"},"image":{"@id":"https:\/\/teknologiateollisuus.fi\/jasenille\/#\/schema\/logo\/image\/"}}]}},"lang":"fi","translations":{"fi":27734},"pll_sync_post":{},"_links":{"self":[{"href":"https:\/\/teknologiateollisuus.fi\/jasenille\/wp-json\/wp\/v2\/events\/27734","targetHints":{"allow":["GET"]}}],"collection":[{"href":"https:\/\/teknologiateollisuus.fi\/jasenille\/wp-json\/wp\/v2\/events"}],"about":[{"href":"https:\/\/teknologiateollisuus.fi\/jasenille\/wp-json\/wp\/v2\/types\/em_event"}],"version-history":[{"count":2,"href":"https:\/\/teknologiateollisuus.fi\/jasenille\/wp-json\/wp\/v2\/events\/27734\/revisions"}],"predecessor-version":[{"id":27737,"href":"https:\/\/teknologiateollisuus.fi\/jasenille\/wp-json\/wp\/v2\/events\/27734\/revisions\/27737"}],"wp:featuredmedia":[{"embeddable":true,"href":"https:\/\/teknologiateollisuus.fi\/jasenille\/wp-json\/wp\/v2\/media\/2043"}],"wp:attachment":[{"href":"https:\/\/teknologiateollisuus.fi\/jasenille\/wp-json\/wp\/v2\/media?parent=27734"}],"wp:term":[{"taxonomy":"post_tag","embeddable":true,"href":"https:\/\/teknologiateollisuus.fi\/jasenille\/wp-json\/wp\/v2\/post_tag?post=27734"},{"taxonomy":"em_region","embeddable":true,"href":"https:\/\/teknologiateollisuus.fi\/jasenille\/wp-json\/wp\/v2\/em_region?post=27734"},{"taxonomy":"em_target_group","embeddable":true,"href":"https:\/\/teknologiateollisuus.fi\/jasenille\/wp-json\/wp\/v2\/em_target_group?post=27734"},{"taxonomy":"em_event_type","embeddable":true,"href":"https:\/\/teknologiateollisuus.fi\/jasenille\/wp-json\/wp\/v2\/em_event_type?post=27734"}],"curies":[{"name":"wp","href":"https:\/\/api.w.org\/{rel}","templated":true}]}}