{"id":28222,"date":"2025-10-15T15:27:38","date_gmt":"2025-10-15T12:27:38","guid":{"rendered":"https:\/\/teknologiateollisuus.fi\/jasenille\/?post_type=em_event&#038;p=28222"},"modified":"2025-10-15T15:27:39","modified_gmt":"2025-10-15T12:27:39","slug":"puhdas-siirtyma-360-strategia-saantely-ja-kannattavuus","status":"publish","type":"em_event","link":"https:\/\/teknologiateollisuus.fi\/jasenille\/tapahtumat\/puhdas-siirtyma-360-strategia-saantely-ja-kannattavuus\/","title":{"rendered":"Puhdas siirtym\u00e4 360\u00b0 \u2013 Strategia, s\u00e4\u00e4ntely ja kannattavuus"},"content":{"rendered":"\n<p>Puhdas siirtym\u00e4 etenee nopeasti \u2013 mutta kuinka sen strateginen, taloudellinen ja operatiivinen merkitys realisoituu yritystasolla? T\u00e4ss\u00e4 huippuluokan foorumissa saat tiiviin tilannekuvan EU- ja kansallisen tason s\u00e4\u00e4ntelyst\u00e4, lupa-asioiden kehityksest\u00e4 ja verotuksen n\u00e4kymist\u00e4.<\/p>\n\n\n\n<p>Lis\u00e4ksi kuulet suoraan yritysjohdolta, millaisia investointeja puhdas siirtym\u00e4 on jo edellytt\u00e4nyt, miten niiden l\u00e4pivienti on onnistunut \u2013 ja mik\u00e4 t\u00e4rkeint\u00e4, ovatko ne olleet kannattavia.<\/p>\n\n\n\n<div class=\"wp-block-group is-style-tight has-light-gray-background-color has-background is-layout-constrained wp-block-group-is-layout-constrained\">\n<p>Teemoja muun muassa:<\/p>\n\n\n\n<ul class=\"wp-block-list\">\n<li>Lupaprosessien sujuvoittaminen ja kansalliset linjaukset<\/li>\n\n\n\n<li>Verotuksen rooli puhtaan siirtym\u00e4n vauhdittajana<\/li>\n\n\n\n<li>Case-esitykset: yritykset, jotka ovat jo investoineet puhtaaseen siirtym\u00e4\u00e4n<\/li>\n\n\n\n<li>Keskustelua riskeist\u00e4, mahdollisuuksista ja johtamisesta<\/li>\n\n\n\n<li>Uusin tieto s\u00e4\u00e4ntelyst\u00e4 ja rahoitusmekanismeista<\/li>\n<\/ul>\n<\/div>\n\n\n\n<div class=\"wp-block-buttons is-layout-flex wp-block-buttons-is-layout-flex\">\n<div class=\"wp-block-button  icon-right\"><a class=\"wp-block-button__link wp-element-button\" href=\"https:\/\/koulutuskalenteri.adato.fi\/\/eTaika_Tiedostot\/2\/TapahtumanTiedostot\/2991\/Esite_Puhdas_siirtyma_360_.pdf\">Katso tarkempi ohjelma<\/a><\/div>\n<\/div>\n\n\n\n<p>Tapahtuman j\u00e4rjest\u00e4\u00e4 Energiateollisuus ry:n omistama Adato Energia.<\/p>\n\n\n\n<h2 class=\"wp-block-heading\" id=\"h-miksi-osallistua\" id=\"miksi-osallistua\">Miksi osallistua?<\/h2>\n\n\n\n<ul class=\"wp-block-list\">\n<li>Saat konkreettista ja ajankohtaista tietoa liiketoimintap\u00e4\u00e4t\u00f6sten tueksi<\/li>\n\n\n\n<li>P\u00e4\u00e4set verkostoitumaan toisten p\u00e4\u00e4tt\u00e4jien ja asiantuntijoiden kanssa<\/li>\n\n\n\n<li>Ymm\u00e4rr\u00e4t, mit\u00e4 puhdas siirtym\u00e4 k\u00e4yt\u00e4nn\u00f6ss\u00e4 tarkoittaa omalle organisaatiollesi ja mit\u00e4 mahdollisuuksia se voi luoda<\/li>\n<\/ul>\n\n\n\n<h2 class=\"wp-block-heading\" id=\"h-kenelle\" id=\"kenelle\">Kenelle?<\/h2>\n\n\n\n<ul class=\"wp-block-list\">\n<li>Yritysten toimitusjohtajat, talousjohtajat, liiketoimintajohtajat ja vastuullisuusjohtajat<\/li>\n\n\n\n<li>Hallituksen j\u00e4senet ja omistajaohjaajat<\/li>\n\n\n\n<li>Kuntien ja valtion viranomaiset (ymp\u00e4rist\u00f6- ja lupahallinto)<\/li>\n\n\n\n<li>Liittojen, j\u00e4rjest\u00f6jen ja kehitysyhti\u00f6iden p\u00e4\u00e4tt\u00e4j\u00e4t<\/li>\n<\/ul>\n\n\n\n<p><strong>Ilmoittaudu viimeist\u00e4\u00e4n 2.12.2025<\/strong><\/p>\n\n\n\n<div class=\"wp-block-buttons  mt-md is-layout-flex wp-block-buttons-is-layout-flex\">\n<div class=\"wp-block-button  icon-right size-lg\"><a class=\"wp-block-button__link wp-element-button\" href=\"https:\/\/koulutuskalenteri.adato.fi\/Default.aspx?tabid=372&amp;id=2991\" target=\"_blank\" rel=\"noreferrer noopener\">Lue lis\u00e4\u00e4 ja ilmoittaudu tapahtumaan Adato Energian sivuilla<\/a><\/div>\n<\/div>\n\n\n\n<div class=\"wp-block-scb-columns scb-columns  has-mobile-behavior--stacked has-auto-fit em-pattern-event-contacts\">\n<div class=\"wp-block-scb-column scb-column is-scale-cover\">\n<h2 class=\"wp-block-heading\" id=\"h-lisatietoja\" id=\"lisatietoja\">Lis\u00e4tietoja<\/h2>\n\n\n\n<p><strong>Tarja Hellsten<br><\/strong>puh. +358 50436 1620<br>tarja.hellsten@energia.fi<\/p>\n\n\n\n<p><strong>Miina Wist<br><\/strong>puh. +358 440 181110<br>miina.wist@energia.fi<\/p>\n<\/div>\n<\/div>\n","protected":false},"excerpt":{"rendered":"<p>Tervetuloa vuoden t\u00e4rkeimp\u00e4\u00e4n p\u00e4\u00e4tt\u00e4j\u00e4tason tilaisuuteen, joka kokoaa yhteen puhtaan siirtym\u00e4n keskeiset suunnann\u00e4ytt\u00e4j\u00e4t, lains\u00e4\u00e4t\u00e4j\u00e4t ja edell\u00e4k\u00e4vij\u00e4yritykset.<\/p>\n","protected":false},"featured_media":6818,"template":"","meta":{"_acf_changed":false,"_relevanssi_hide_post":"","_relevanssi_hide_content":"","_relevanssi_pin_for_all":"","_relevanssi_pin_keywords":"","_relevanssi_unpin_keywords":"","_relevanssi_related_keywords":"","_relevanssi_related_include_ids":"","_relevanssi_related_exclude_ids":"","_relevanssi_related_no_append":"","_relevanssi_related_not_related":"","_relevanssi_related_posts":"","_relevanssi_noindex_reason":"","inline_featured_image":false,"growthstack-ab-test":[],"growthstack-ab-test-views":[],"footnotes":""},"post_tag":[610,614],"em_region":[52,40,41,42,43,44,45,46,50,51,47,48,39,49],"em_target_group":[],"em_event_type":[96],"class_list":["post-28222","em_event","type-em_event","status-publish","has-post-thumbnail","hentry","tag-ilmastojaenergia","tag-kestavakehitys","em_region-ahvenanmaa","em_region-ita-suomi","em_region-kaakkois-suomi","em_region-kanta-hame","em_region-keski-suomi","em_region-lansi-suomi","em_region-pirkanmaa","em_region-pohjois-suomi","em_region-pohjois-suomi-lappi","em_region-pohjois-suomi-oulu","em_region-paijat-hame","em_region-satakunta","em_region-uusimaa","em_region-varsinais-suomi","em_event_type-seminaarit"],"acf":{"event_start_date":"20251210","event_end_date":"20251211","event_start_time":"08:30:00","event_end_time":"14:00:00","location":"Crowne Plaza Helsinki","address":"Mannerheimintie 50, 00260 Helsinki","registration":"https:\/\/koulutuskalenteri.adato.fi\/Default.aspx?tabid=372&amp;id=2991","files":null,"links":null,"locked":false},"yoast_head":"<!-- This site is optimized with the Yoast SEO Premium plugin v27.1 (Yoast SEO v27.5) - https:\/\/yoast.com\/product\/yoast-seo-premium-wordpress\/ -->\n<title>Puhdas siirtym\u00e4 360\u00b0 \u2013 Strategia, s\u00e4\u00e4ntely ja kannattavuus - Teknologiateollisuus - J\u00e4senille<\/title>\n<meta name=\"robots\" content=\"index, follow, max-snippet:-1, max-image-preview:large, max-video-preview:-1\" \/>\n<link rel=\"canonical\" href=\"https:\/\/teknologiateollisuus.fi\/jasenille\/tapahtumat\/puhdas-siirtyma-360-strategia-saantely-ja-kannattavuus\/\" \/>\n<meta property=\"og:locale\" content=\"fi_FI\" \/>\n<meta property=\"og:type\" content=\"article\" \/>\n<meta property=\"og:title\" content=\"Puhdas siirtym\u00e4 360\u00b0 \u2013 Strategia, s\u00e4\u00e4ntely ja kannattavuus\" \/>\n<meta property=\"og:description\" content=\"Tervetuloa vuoden t\u00e4rkeimp\u00e4\u00e4n p\u00e4\u00e4tt\u00e4j\u00e4tason tilaisuuteen, joka kokoaa yhteen puhtaan siirtym\u00e4n keskeiset suunnann\u00e4ytt\u00e4j\u00e4t, lains\u00e4\u00e4t\u00e4j\u00e4t ja edell\u00e4k\u00e4vij\u00e4yritykset.\" \/>\n<meta property=\"og:url\" content=\"https:\/\/teknologiateollisuus.fi\/jasenille\/tapahtumat\/puhdas-siirtyma-360-strategia-saantely-ja-kannattavuus\/\" \/>\n<meta property=\"og:site_name\" content=\"Teknologiateollisuus - J\u00e4senille\" \/>\n<meta property=\"article:modified_time\" content=\"2025-10-15T12:27:39+00:00\" \/>\n<meta property=\"og:image\" content=\"https:\/\/teknologiateollisuus.fi\/jasenille\/wp-content\/uploads\/sites\/1\/2024\/04\/karsten-wurth-ZKWgoRUYuMk-unsplash-e1721893657106.jpg\" \/>\n\t<meta property=\"og:image:width\" content=\"1619\" \/>\n\t<meta property=\"og:image:height\" content=\"1079\" \/>\n\t<meta property=\"og:image:type\" content=\"image\/jpeg\" \/>\n<meta name=\"twitter:card\" content=\"summary_large_image\" \/>\n<meta name=\"twitter:label1\" content=\"Arvioitu lukuaika\" \/>\n\t<meta name=\"twitter:data1\" content=\"2 minuuttia\" \/>\n<script type=\"application\/ld+json\" class=\"yoast-schema-graph\">{\"@context\":\"https:\\\/\\\/schema.org\",\"@graph\":[{\"@type\":\"WebPage\",\"@id\":\"https:\\\/\\\/teknologiateollisuus.fi\\\/jasenille\\\/tapahtumat\\\/puhdas-siirtyma-360-strategia-saantely-ja-kannattavuus\\\/\",\"url\":\"https:\\\/\\\/teknologiateollisuus.fi\\\/jasenille\\\/tapahtumat\\\/puhdas-siirtyma-360-strategia-saantely-ja-kannattavuus\\\/\",\"name\":\"Puhdas siirtym\u00e4 360\u00b0 \u2013 Strategia, s\u00e4\u00e4ntely ja kannattavuus - Teknologiateollisuus - J\u00e4senille\",\"isPartOf\":{\"@id\":\"https:\\\/\\\/teknologiateollisuus.fi\\\/jasenille\\\/#website\"},\"primaryImageOfPage\":{\"@id\":\"https:\\\/\\\/teknologiateollisuus.fi\\\/jasenille\\\/tapahtumat\\\/puhdas-siirtyma-360-strategia-saantely-ja-kannattavuus\\\/#primaryimage\"},\"image\":{\"@id\":\"https:\\\/\\\/teknologiateollisuus.fi\\\/jasenille\\\/tapahtumat\\\/puhdas-siirtyma-360-strategia-saantely-ja-kannattavuus\\\/#primaryimage\"},\"thumbnailUrl\":\"https:\\\/\\\/teknologiateollisuus.fi\\\/jasenille\\\/wp-content\\\/uploads\\\/sites\\\/1\\\/2024\\\/04\\\/karsten-wurth-ZKWgoRUYuMk-unsplash-e1721893657106.jpg\",\"datePublished\":\"2025-10-15T12:27:38+00:00\",\"dateModified\":\"2025-10-15T12:27:39+00:00\",\"breadcrumb\":{\"@id\":\"https:\\\/\\\/teknologiateollisuus.fi\\\/jasenille\\\/tapahtumat\\\/puhdas-siirtyma-360-strategia-saantely-ja-kannattavuus\\\/#breadcrumb\"},\"inLanguage\":\"fi\",\"potentialAction\":[{\"@type\":\"ReadAction\",\"target\":[\"https:\\\/\\\/teknologiateollisuus.fi\\\/jasenille\\\/tapahtumat\\\/puhdas-siirtyma-360-strategia-saantely-ja-kannattavuus\\\/\"]}]},{\"@type\":\"ImageObject\",\"inLanguage\":\"fi\",\"@id\":\"https:\\\/\\\/teknologiateollisuus.fi\\\/jasenille\\\/tapahtumat\\\/puhdas-siirtyma-360-strategia-saantely-ja-kannattavuus\\\/#primaryimage\",\"url\":\"https:\\\/\\\/teknologiateollisuus.fi\\\/jasenille\\\/wp-content\\\/uploads\\\/sites\\\/1\\\/2024\\\/04\\\/karsten-wurth-ZKWgoRUYuMk-unsplash-e1721893657106.jpg\",\"contentUrl\":\"https:\\\/\\\/teknologiateollisuus.fi\\\/jasenille\\\/wp-content\\\/uploads\\\/sites\\\/1\\\/2024\\\/04\\\/karsten-wurth-ZKWgoRUYuMk-unsplash-e1721893657106.jpg\",\"width\":1619,\"height\":1079},{\"@type\":\"BreadcrumbList\",\"@id\":\"https:\\\/\\\/teknologiateollisuus.fi\\\/jasenille\\\/tapahtumat\\\/puhdas-siirtyma-360-strategia-saantely-ja-kannattavuus\\\/#breadcrumb\",\"itemListElement\":[{\"@type\":\"ListItem\",\"position\":1,\"name\":\"Home\",\"item\":\"https:\\\/\\\/teknologiateollisuus.fi\\\/jasenille\\\/\"},{\"@type\":\"ListItem\",\"position\":2,\"name\":\"Ajankohtaista\",\"item\":\"https:\\\/\\\/teknologiateollisuus.fi\\\/jasenille\\\/ajankohtaista\\\/\"},{\"@type\":\"ListItem\",\"position\":3,\"name\":\"Tapahtumat ja koulutukset\",\"item\":\"https:\\\/\\\/teknologiateollisuus.fi\\\/jasenille\\\/palvelut\\\/tapahtumat-ja-koulutukset\\\/\"},{\"@type\":\"ListItem\",\"position\":4,\"name\":\"Puhdas siirtym\u00e4 360\u00b0 \u2013 Strategia, s\u00e4\u00e4ntely ja kannattavuus\"}]},{\"@type\":\"WebSite\",\"@id\":\"https:\\\/\\\/teknologiateollisuus.fi\\\/jasenille\\\/#website\",\"url\":\"https:\\\/\\\/teknologiateollisuus.fi\\\/jasenille\\\/\",\"name\":\"Teknologiateollisuus - J\u00e4senille\",\"description\":\"\",\"publisher\":{\"@id\":\"https:\\\/\\\/teknologiateollisuus.fi\\\/jasenille\\\/#organization\"},\"potentialAction\":[{\"@type\":\"SearchAction\",\"target\":{\"@type\":\"EntryPoint\",\"urlTemplate\":\"https:\\\/\\\/teknologiateollisuus.fi\\\/jasenille\\\/?s={search_term_string}\"},\"query-input\":{\"@type\":\"PropertyValueSpecification\",\"valueRequired\":true,\"valueName\":\"search_term_string\"}}],\"inLanguage\":\"fi\"},{\"@type\":\"Organization\",\"@id\":\"https:\\\/\\\/teknologiateollisuus.fi\\\/jasenille\\\/#organization\",\"name\":\"Teknologiateollisuus - J\u00e4senille\",\"url\":\"https:\\\/\\\/teknologiateollisuus.fi\\\/jasenille\\\/\",\"logo\":{\"@type\":\"ImageObject\",\"inLanguage\":\"fi\",\"@id\":\"https:\\\/\\\/teknologiateollisuus.fi\\\/jasenille\\\/#\\\/schema\\\/logo\\\/image\\\/\",\"url\":\"https:\\\/\\\/teknologiateollisuus.fi\\\/jasenille\\\/wp-content\\\/uploads\\\/sites\\\/1\\\/2023\\\/10\\\/placeholder.png\",\"contentUrl\":\"https:\\\/\\\/teknologiateollisuus.fi\\\/jasenille\\\/wp-content\\\/uploads\\\/sites\\\/1\\\/2023\\\/10\\\/placeholder.png\",\"width\":2560,\"height\":1920,\"caption\":\"Teknologiateollisuus - J\u00e4senille\"},\"image\":{\"@id\":\"https:\\\/\\\/teknologiateollisuus.fi\\\/jasenille\\\/#\\\/schema\\\/logo\\\/image\\\/\"}}]}<\/script>\n<!-- \/ Yoast SEO Premium plugin. -->","yoast_head_json":{"title":"Puhdas siirtym\u00e4 360\u00b0 \u2013 Strategia, s\u00e4\u00e4ntely ja kannattavuus - Teknologiateollisuus - J\u00e4senille","robots":{"index":"index","follow":"follow","max-snippet":"max-snippet:-1","max-image-preview":"max-image-preview:large","max-video-preview":"max-video-preview:-1"},"canonical":"https:\/\/teknologiateollisuus.fi\/jasenille\/tapahtumat\/puhdas-siirtyma-360-strategia-saantely-ja-kannattavuus\/","og_locale":"fi_FI","og_type":"article","og_title":"Puhdas siirtym\u00e4 360\u00b0 \u2013 Strategia, s\u00e4\u00e4ntely ja kannattavuus","og_description":"Tervetuloa vuoden t\u00e4rkeimp\u00e4\u00e4n p\u00e4\u00e4tt\u00e4j\u00e4tason tilaisuuteen, joka kokoaa yhteen puhtaan siirtym\u00e4n keskeiset suunnann\u00e4ytt\u00e4j\u00e4t, lains\u00e4\u00e4t\u00e4j\u00e4t ja edell\u00e4k\u00e4vij\u00e4yritykset.","og_url":"https:\/\/teknologiateollisuus.fi\/jasenille\/tapahtumat\/puhdas-siirtyma-360-strategia-saantely-ja-kannattavuus\/","og_site_name":"Teknologiateollisuus - J\u00e4senille","article_modified_time":"2025-10-15T12:27:39+00:00","og_image":[{"width":1619,"height":1079,"url":"https:\/\/teknologiateollisuus.fi\/jasenille\/wp-content\/uploads\/sites\/1\/2024\/04\/karsten-wurth-ZKWgoRUYuMk-unsplash-e1721893657106.jpg","type":"image\/jpeg"}],"twitter_card":"summary_large_image","twitter_misc":{"Arvioitu lukuaika":"2 minuuttia"},"schema":{"@context":"https:\/\/schema.org","@graph":[{"@type":"WebPage","@id":"https:\/\/teknologiateollisuus.fi\/jasenille\/tapahtumat\/puhdas-siirtyma-360-strategia-saantely-ja-kannattavuus\/","url":"https:\/\/teknologiateollisuus.fi\/jasenille\/tapahtumat\/puhdas-siirtyma-360-strategia-saantely-ja-kannattavuus\/","name":"Puhdas siirtym\u00e4 360\u00b0 \u2013 Strategia, s\u00e4\u00e4ntely ja kannattavuus - Teknologiateollisuus - J\u00e4senille","isPartOf":{"@id":"https:\/\/teknologiateollisuus.fi\/jasenille\/#website"},"primaryImageOfPage":{"@id":"https:\/\/teknologiateollisuus.fi\/jasenille\/tapahtumat\/puhdas-siirtyma-360-strategia-saantely-ja-kannattavuus\/#primaryimage"},"image":{"@id":"https:\/\/teknologiateollisuus.fi\/jasenille\/tapahtumat\/puhdas-siirtyma-360-strategia-saantely-ja-kannattavuus\/#primaryimage"},"thumbnailUrl":"https:\/\/teknologiateollisuus.fi\/jasenille\/wp-content\/uploads\/sites\/1\/2024\/04\/karsten-wurth-ZKWgoRUYuMk-unsplash-e1721893657106.jpg","datePublished":"2025-10-15T12:27:38+00:00","dateModified":"2025-10-15T12:27:39+00:00","breadcrumb":{"@id":"https:\/\/teknologiateollisuus.fi\/jasenille\/tapahtumat\/puhdas-siirtyma-360-strategia-saantely-ja-kannattavuus\/#breadcrumb"},"inLanguage":"fi","potentialAction":[{"@type":"ReadAction","target":["https:\/\/teknologiateollisuus.fi\/jasenille\/tapahtumat\/puhdas-siirtyma-360-strategia-saantely-ja-kannattavuus\/"]}]},{"@type":"ImageObject","inLanguage":"fi","@id":"https:\/\/teknologiateollisuus.fi\/jasenille\/tapahtumat\/puhdas-siirtyma-360-strategia-saantely-ja-kannattavuus\/#primaryimage","url":"https:\/\/teknologiateollisuus.fi\/jasenille\/wp-content\/uploads\/sites\/1\/2024\/04\/karsten-wurth-ZKWgoRUYuMk-unsplash-e1721893657106.jpg","contentUrl":"https:\/\/teknologiateollisuus.fi\/jasenille\/wp-content\/uploads\/sites\/1\/2024\/04\/karsten-wurth-ZKWgoRUYuMk-unsplash-e1721893657106.jpg","width":1619,"height":1079},{"@type":"BreadcrumbList","@id":"https:\/\/teknologiateollisuus.fi\/jasenille\/tapahtumat\/puhdas-siirtyma-360-strategia-saantely-ja-kannattavuus\/#breadcrumb","itemListElement":[{"@type":"ListItem","position":1,"name":"Home","item":"https:\/\/teknologiateollisuus.fi\/jasenille\/"},{"@type":"ListItem","position":2,"name":"Ajankohtaista","item":"https:\/\/teknologiateollisuus.fi\/jasenille\/ajankohtaista\/"},{"@type":"ListItem","position":3,"name":"Tapahtumat ja koulutukset","item":"https:\/\/teknologiateollisuus.fi\/jasenille\/palvelut\/tapahtumat-ja-koulutukset\/"},{"@type":"ListItem","position":4,"name":"Puhdas siirtym\u00e4 360\u00b0 \u2013 Strategia, s\u00e4\u00e4ntely ja kannattavuus"}]},{"@type":"WebSite","@id":"https:\/\/teknologiateollisuus.fi\/jasenille\/#website","url":"https:\/\/teknologiateollisuus.fi\/jasenille\/","name":"Teknologiateollisuus - J\u00e4senille","description":"","publisher":{"@id":"https:\/\/teknologiateollisuus.fi\/jasenille\/#organization"},"potentialAction":[{"@type":"SearchAction","target":{"@type":"EntryPoint","urlTemplate":"https:\/\/teknologiateollisuus.fi\/jasenille\/?s={search_term_string}"},"query-input":{"@type":"PropertyValueSpecification","valueRequired":true,"valueName":"search_term_string"}}],"inLanguage":"fi"},{"@type":"Organization","@id":"https:\/\/teknologiateollisuus.fi\/jasenille\/#organization","name":"Teknologiateollisuus - J\u00e4senille","url":"https:\/\/teknologiateollisuus.fi\/jasenille\/","logo":{"@type":"ImageObject","inLanguage":"fi","@id":"https:\/\/teknologiateollisuus.fi\/jasenille\/#\/schema\/logo\/image\/","url":"https:\/\/teknologiateollisuus.fi\/jasenille\/wp-content\/uploads\/sites\/1\/2023\/10\/placeholder.png","contentUrl":"https:\/\/teknologiateollisuus.fi\/jasenille\/wp-content\/uploads\/sites\/1\/2023\/10\/placeholder.png","width":2560,"height":1920,"caption":"Teknologiateollisuus - J\u00e4senille"},"image":{"@id":"https:\/\/teknologiateollisuus.fi\/jasenille\/#\/schema\/logo\/image\/"}}]}},"lang":"fi","translations":{"fi":28222},"pll_sync_post":{},"_links":{"self":[{"href":"https:\/\/teknologiateollisuus.fi\/jasenille\/wp-json\/wp\/v2\/events\/28222","targetHints":{"allow":["GET"]}}],"collection":[{"href":"https:\/\/teknologiateollisuus.fi\/jasenille\/wp-json\/wp\/v2\/events"}],"about":[{"href":"https:\/\/teknologiateollisuus.fi\/jasenille\/wp-json\/wp\/v2\/types\/em_event"}],"version-history":[{"count":6,"href":"https:\/\/teknologiateollisuus.fi\/jasenille\/wp-json\/wp\/v2\/events\/28222\/revisions"}],"predecessor-version":[{"id":28228,"href":"https:\/\/teknologiateollisuus.fi\/jasenille\/wp-json\/wp\/v2\/events\/28222\/revisions\/28228"}],"wp:featuredmedia":[{"embeddable":true,"href":"https:\/\/teknologiateollisuus.fi\/jasenille\/wp-json\/wp\/v2\/media\/6818"}],"wp:attachment":[{"href":"https:\/\/teknologiateollisuus.fi\/jasenille\/wp-json\/wp\/v2\/media?parent=28222"}],"wp:term":[{"taxonomy":"post_tag","embeddable":true,"href":"https:\/\/teknologiateollisuus.fi\/jasenille\/wp-json\/wp\/v2\/post_tag?post=28222"},{"taxonomy":"em_region","embeddable":true,"href":"https:\/\/teknologiateollisuus.fi\/jasenille\/wp-json\/wp\/v2\/em_region?post=28222"},{"taxonomy":"em_target_group","embeddable":true,"href":"https:\/\/teknologiateollisuus.fi\/jasenille\/wp-json\/wp\/v2\/em_target_group?post=28222"},{"taxonomy":"em_event_type","embeddable":true,"href":"https:\/\/teknologiateollisuus.fi\/jasenille\/wp-json\/wp\/v2\/em_event_type?post=28222"}],"curies":[{"name":"wp","href":"https:\/\/api.w.org\/{rel}","templated":true}]}}