{"id":28454,"date":"2025-11-26T14:26:06","date_gmt":"2025-11-26T12:26:06","guid":{"rendered":"https:\/\/teknologiateollisuus.fi\/jasenille\/?post_type=em_event&#038;p=28454"},"modified":"2025-12-30T09:33:24","modified_gmt":"2025-12-30T07:33:24","slug":"energiakoulutus-pk-yrityksen-energiakulut-kuriin","status":"publish","type":"em_event","link":"https:\/\/teknologiateollisuus.fi\/jasenille\/tapahtumat\/energiakoulutus-pk-yrityksen-energiakulut-kuriin\/","title":{"rendered":"Energiakoulutus: Pk-yrityksen energiakulut kuriin"},"content":{"rendered":"\n<div class=\"wp-block-group is-layout-constrained wp-block-group-is-layout-constrained\">\n<div class=\"wp-block-group is-style-tight has-light-gray-background-color has-background is-layout-constrained wp-block-group-is-layout-constrained\">\n<h2 class=\"wp-block-heading\" id=\"h-miksi-osallistua\" id=\"miksi-osallistua\">Miksi osallistua?<\/h2>\n\n\n\n<ul class=\"wp-block-list is-style-styled\">\n<li>Opit energiakustannusten muodostumisen ja s\u00e4hk\u00f6markkinoiden (ml. p\u00f6rssis\u00e4hk\u00f6) periaatteet, mik\u00e4 auttaa ennakoimaan ja hallitsemaan energiakustannuksia.<\/li>\n\n\n\n<li>Saat k\u00e4yt\u00e4nn\u00f6n tietoa kiinteist\u00f6n energiankulutuksesta ja keinoista vaikuttaa siihen (esim. rakennusautomaatio ja talotekniikka).<\/li>\n\n\n\n<li>Ymm\u00e4rr\u00e4t energiatehokkuusinvestointien perusteet ja saat tietoa niihin suunnatuista rahoitusvaihtoehdoista.<\/li>\n\n\n\n<li>Pysyt ajan tasalla tulevasta lains\u00e4\u00e4d\u00e4nn\u00f6st\u00e4 ja osaat huomioida muutokset investointien suunnittelussa.<\/li>\n<\/ul>\n<\/div>\n<\/div>\n\n\n\n<p>Koulutuksen j\u00e4lkeen sinulla on alkutiedot parantaa yrityksesi resilienssi\u00e4, hallita energian hintariskej\u00e4 ja ottaa ensimm\u00e4iset askeleet kohti energians\u00e4\u00e4st\u00f6j\u00e4. Saat konkreettisia vinkkej\u00e4 energianhankintaan, energiank\u00e4yt\u00f6n tehostamiseen sek\u00e4 energiatehokkuustoimenpiteiden rahoitusmahdollisuuksiin.<\/p>\n\n\n\n<h2 class=\"wp-block-heading\" id=\"h-milloin\" id=\"milloin\">Milloin?<\/h2>\n\n\n\n<p><strong>16.12.2025 klo 12 &#8211; 13:30<\/strong>. Tilaisuus on maksuton Teknologiateollisuus ry:n j\u00e4senille.<\/p>\n\n\n\n<h2 class=\"wp-block-heading\" id=\"h-kenelle\" id=\"kenelle\">Kenelle?<\/h2>\n\n\n\n<p>Teknologiateollisuus ry:n j\u00e4senyrityksille ja <strong>erityisesti pk-yrityksille<\/strong>, jotka haluavat hallita energiakustannuksia ja parantaa energiatehokkuutta.<\/p>\n\n\n\n<h2 class=\"wp-block-heading\" id=\"h-kouluttaja\" id=\"kouluttaja\">Kouluttaja<\/h2>\n\n\n\n<p>Kouluttajana toimii <strong>Jaakko Ketom\u00e4ki<\/strong>, joka energiatehokkuuden ja kest\u00e4v\u00e4n energian k\u00e4yt\u00f6n asiantuntija. Jaakko on erityisesti perehtynyt kiinteist\u00f6jen energiank\u00e4ytt\u00f6\u00f6n ja rakennusten \u00e4lykkyyteen. Koulutukseltaan h\u00e4n on DI (1999) ja tekniikan tohtori (2006).&nbsp; Jaakko ty\u00f6skentelee ty\u00f6el\u00e4m\u00e4professorina Aalto-yliopistossa ja johtavana asiantuntijana Tyrsky-Konsultoinnissa. Aiemmin ty\u00f6skennellyt mm. VTT:ll\u00e4 ja Motivalla.<\/p>\n\n\n\n<h2 class=\"wp-block-heading\" id=\"h-\" id=\"\"><\/h2>\n\n\n\n<p>Ilmoittaudu mukaan <strong>15.12.<\/strong> menness\u00e4. Voit esitt\u00e4\u00e4 kouluttajalle etuk\u00e4teen kysymyksi\u00e4 ilmoittautumisen yhteydess\u00e4, vastaamme valikoituihin kysymyksiin koulutuksen aikana.<\/p>\n\n\n\n<div class=\"wp-block-buttons  mt-md is-layout-flex wp-block-buttons-is-layout-flex\">\n<div class=\"wp-block-button  icon-right size-lg\"><a class=\"wp-block-button__link wp-element-button\" href=\"https:\/\/www.lyyti.in\/Pkyrityksen_energiakulut_kuriin__Webinaari_16122025_8607\" target=\"_blank\" rel=\"noreferrer noopener\">Ilmoittaudu tapahtumaan<\/a><\/div>\n<\/div>\n\n\n\n<h2 class=\"wp-block-heading\" id=\"h-nahdaksesi-koulutuksen-esitysmateriaalin-ja-tallenteen-kirjaudu-sisaan\" id=\"nahdaksesi-koulutuksen-esitysmateriaalin-ja-tallenteen-kirjaudu-sisaan\">N\u00e4hd\u00e4ksesi koulutuksen esitysmateriaalin ja tallenteen, kirjaudu sis\u00e4\u00e4n<\/h2>\n\n\n","protected":false},"excerpt":{"rendered":"<p>Tervetuloa perehtym\u00e4\u00e4n energiank\u00e4yt\u00f6n tehostamiseen ja energiakustannusten hallintaan Teknologiateollisuus ry:n maksuttomassa koulutuksessa.<\/p>\n","protected":false},"featured_media":563,"template":"","meta":{"_acf_changed":false,"_relevanssi_hide_post":"","_relevanssi_hide_content":"","_relevanssi_pin_for_all":"","_relevanssi_pin_keywords":"","_relevanssi_unpin_keywords":"","_relevanssi_related_keywords":"","_relevanssi_related_include_ids":"","_relevanssi_related_exclude_ids":"","_relevanssi_related_no_append":"","_relevanssi_related_not_related":"","_relevanssi_related_posts":"5961,8123,5981,15161,5771,5380","_relevanssi_noindex_reason":"","inline_featured_image":false,"growthstack-ab-test":[],"growthstack-ab-test-views":[],"footnotes":""},"post_tag":[610,21],"em_region":[52,40,41,42,43,44,45,46,50,51,47,48,39,49],"em_target_group":[],"em_event_type":[31,95],"class_list":["post-28454","em_event","type-em_event","status-publish","has-post-thumbnail","hentry","tag-ilmastojaenergia","tag-koulutusjaosaaminen","em_region-ahvenanmaa","em_region-ita-suomi","em_region-kaakkois-suomi","em_region-kanta-hame","em_region-keski-suomi","em_region-lansi-suomi","em_region-pirkanmaa","em_region-pohjois-suomi","em_region-pohjois-suomi-lappi","em_region-pohjois-suomi-oulu","em_region-paijat-hame","em_region-satakunta","em_region-uusimaa","em_region-varsinais-suomi","em_event_type-koulutukset","em_event_type-webinaarit"],"acf":{"event_start_date":"20251216","event_end_date":"20251216","event_start_time":"12:00:00","event_end_time":"13:30:00","location":"Teams","address":"","registration":"https:\/\/www.lyyti.in\/Pkyrityksen_energiakulut_kuriin__Webinaari_16122025_8607","files":null,"links":null,"locked":true},"yoast_head":"<!-- This site is optimized with the Yoast SEO Premium plugin v27.1 (Yoast SEO v27.5) - https:\/\/yoast.com\/product\/yoast-seo-premium-wordpress\/ -->\n<title>Energiakoulutus: Pk-yrityksen energiakulut kuriin - Teknologiateollisuus - J\u00e4senille<\/title>\n<meta name=\"robots\" content=\"index, follow, max-snippet:-1, max-image-preview:large, max-video-preview:-1\" \/>\n<link rel=\"canonical\" href=\"https:\/\/teknologiateollisuus.fi\/jasenille\/tapahtumat\/energiakoulutus-pk-yrityksen-energiakulut-kuriin\/\" \/>\n<meta property=\"og:locale\" content=\"fi_FI\" \/>\n<meta property=\"og:type\" content=\"article\" \/>\n<meta property=\"og:title\" content=\"Energiakoulutus: Pk-yrityksen energiakulut kuriin\" \/>\n<meta property=\"og:description\" content=\"Tervetuloa perehtym\u00e4\u00e4n energiank\u00e4yt\u00f6n tehostamiseen ja energiakustannusten hallintaan Teknologiateollisuus ry:n maksuttomassa koulutuksessa.\" \/>\n<meta property=\"og:url\" content=\"https:\/\/teknologiateollisuus.fi\/jasenille\/tapahtumat\/energiakoulutus-pk-yrityksen-energiakulut-kuriin\/\" \/>\n<meta property=\"og:site_name\" content=\"Teknologiateollisuus - J\u00e4senille\" \/>\n<meta property=\"article:modified_time\" content=\"2025-12-30T07:33:24+00:00\" \/>\n<meta property=\"og:image\" content=\"https:\/\/teknologiateollisuus.fi\/jasenille\/wp-content\/uploads\/sites\/1\/2023\/11\/benjamin-davies-JrZ1yE1PjQ0-unsplash.jpg\" \/>\n\t<meta property=\"og:image:width\" content=\"1920\" \/>\n\t<meta property=\"og:image:height\" content=\"1280\" \/>\n\t<meta property=\"og:image:type\" content=\"image\/jpeg\" \/>\n<meta name=\"twitter:card\" content=\"summary_large_image\" \/>\n<meta name=\"twitter:label1\" content=\"Arvioitu lukuaika\" \/>\n\t<meta name=\"twitter:data1\" content=\"2 minuuttia\" \/>\n<script type=\"application\/ld+json\" class=\"yoast-schema-graph\">{\"@context\":\"https:\\\/\\\/schema.org\",\"@graph\":[{\"@type\":\"WebPage\",\"@id\":\"https:\\\/\\\/teknologiateollisuus.fi\\\/jasenille\\\/tapahtumat\\\/energiakoulutus-pk-yrityksen-energiakulut-kuriin\\\/\",\"url\":\"https:\\\/\\\/teknologiateollisuus.fi\\\/jasenille\\\/tapahtumat\\\/energiakoulutus-pk-yrityksen-energiakulut-kuriin\\\/\",\"name\":\"Energiakoulutus: Pk-yrityksen energiakulut kuriin - Teknologiateollisuus - J\u00e4senille\",\"isPartOf\":{\"@id\":\"https:\\\/\\\/teknologiateollisuus.fi\\\/jasenille\\\/#website\"},\"primaryImageOfPage\":{\"@id\":\"https:\\\/\\\/teknologiateollisuus.fi\\\/jasenille\\\/tapahtumat\\\/energiakoulutus-pk-yrityksen-energiakulut-kuriin\\\/#primaryimage\"},\"image\":{\"@id\":\"https:\\\/\\\/teknologiateollisuus.fi\\\/jasenille\\\/tapahtumat\\\/energiakoulutus-pk-yrityksen-energiakulut-kuriin\\\/#primaryimage\"},\"thumbnailUrl\":\"https:\\\/\\\/teknologiateollisuus.fi\\\/jasenille\\\/wp-content\\\/uploads\\\/sites\\\/1\\\/2023\\\/11\\\/benjamin-davies-JrZ1yE1PjQ0-unsplash.jpg\",\"datePublished\":\"2025-11-26T12:26:06+00:00\",\"dateModified\":\"2025-12-30T07:33:24+00:00\",\"breadcrumb\":{\"@id\":\"https:\\\/\\\/teknologiateollisuus.fi\\\/jasenille\\\/tapahtumat\\\/energiakoulutus-pk-yrityksen-energiakulut-kuriin\\\/#breadcrumb\"},\"inLanguage\":\"fi\",\"potentialAction\":[{\"@type\":\"ReadAction\",\"target\":[\"https:\\\/\\\/teknologiateollisuus.fi\\\/jasenille\\\/tapahtumat\\\/energiakoulutus-pk-yrityksen-energiakulut-kuriin\\\/\"]}]},{\"@type\":\"ImageObject\",\"inLanguage\":\"fi\",\"@id\":\"https:\\\/\\\/teknologiateollisuus.fi\\\/jasenille\\\/tapahtumat\\\/energiakoulutus-pk-yrityksen-energiakulut-kuriin\\\/#primaryimage\",\"url\":\"https:\\\/\\\/teknologiateollisuus.fi\\\/jasenille\\\/wp-content\\\/uploads\\\/sites\\\/1\\\/2023\\\/11\\\/benjamin-davies-JrZ1yE1PjQ0-unsplash.jpg\",\"contentUrl\":\"https:\\\/\\\/teknologiateollisuus.fi\\\/jasenille\\\/wp-content\\\/uploads\\\/sites\\\/1\\\/2023\\\/11\\\/benjamin-davies-JrZ1yE1PjQ0-unsplash.jpg\",\"width\":1920,\"height\":1280},{\"@type\":\"BreadcrumbList\",\"@id\":\"https:\\\/\\\/teknologiateollisuus.fi\\\/jasenille\\\/tapahtumat\\\/energiakoulutus-pk-yrityksen-energiakulut-kuriin\\\/#breadcrumb\",\"itemListElement\":[{\"@type\":\"ListItem\",\"position\":1,\"name\":\"Home\",\"item\":\"https:\\\/\\\/teknologiateollisuus.fi\\\/jasenille\\\/\"},{\"@type\":\"ListItem\",\"position\":2,\"name\":\"Ajankohtaista\",\"item\":\"https:\\\/\\\/teknologiateollisuus.fi\\\/jasenille\\\/ajankohtaista\\\/\"},{\"@type\":\"ListItem\",\"position\":3,\"name\":\"Tapahtumat ja koulutukset\",\"item\":\"https:\\\/\\\/teknologiateollisuus.fi\\\/jasenille\\\/palvelut\\\/tapahtumat-ja-koulutukset\\\/\"},{\"@type\":\"ListItem\",\"position\":4,\"name\":\"Energiakoulutus: Pk-yrityksen energiakulut kuriin\"}]},{\"@type\":\"WebSite\",\"@id\":\"https:\\\/\\\/teknologiateollisuus.fi\\\/jasenille\\\/#website\",\"url\":\"https:\\\/\\\/teknologiateollisuus.fi\\\/jasenille\\\/\",\"name\":\"Teknologiateollisuus - J\u00e4senille\",\"description\":\"\",\"publisher\":{\"@id\":\"https:\\\/\\\/teknologiateollisuus.fi\\\/jasenille\\\/#organization\"},\"potentialAction\":[{\"@type\":\"SearchAction\",\"target\":{\"@type\":\"EntryPoint\",\"urlTemplate\":\"https:\\\/\\\/teknologiateollisuus.fi\\\/jasenille\\\/?s={search_term_string}\"},\"query-input\":{\"@type\":\"PropertyValueSpecification\",\"valueRequired\":true,\"valueName\":\"search_term_string\"}}],\"inLanguage\":\"fi\"},{\"@type\":\"Organization\",\"@id\":\"https:\\\/\\\/teknologiateollisuus.fi\\\/jasenille\\\/#organization\",\"name\":\"Teknologiateollisuus - J\u00e4senille\",\"url\":\"https:\\\/\\\/teknologiateollisuus.fi\\\/jasenille\\\/\",\"logo\":{\"@type\":\"ImageObject\",\"inLanguage\":\"fi\",\"@id\":\"https:\\\/\\\/teknologiateollisuus.fi\\\/jasenille\\\/#\\\/schema\\\/logo\\\/image\\\/\",\"url\":\"https:\\\/\\\/teknologiateollisuus.fi\\\/jasenille\\\/wp-content\\\/uploads\\\/sites\\\/1\\\/2023\\\/10\\\/placeholder.png\",\"contentUrl\":\"https:\\\/\\\/teknologiateollisuus.fi\\\/jasenille\\\/wp-content\\\/uploads\\\/sites\\\/1\\\/2023\\\/10\\\/placeholder.png\",\"width\":2560,\"height\":1920,\"caption\":\"Teknologiateollisuus - J\u00e4senille\"},\"image\":{\"@id\":\"https:\\\/\\\/teknologiateollisuus.fi\\\/jasenille\\\/#\\\/schema\\\/logo\\\/image\\\/\"}}]}<\/script>\n<!-- \/ Yoast SEO Premium plugin. -->","yoast_head_json":{"title":"Energiakoulutus: Pk-yrityksen energiakulut kuriin - Teknologiateollisuus - J\u00e4senille","robots":{"index":"index","follow":"follow","max-snippet":"max-snippet:-1","max-image-preview":"max-image-preview:large","max-video-preview":"max-video-preview:-1"},"canonical":"https:\/\/teknologiateollisuus.fi\/jasenille\/tapahtumat\/energiakoulutus-pk-yrityksen-energiakulut-kuriin\/","og_locale":"fi_FI","og_type":"article","og_title":"Energiakoulutus: Pk-yrityksen energiakulut kuriin","og_description":"Tervetuloa perehtym\u00e4\u00e4n energiank\u00e4yt\u00f6n tehostamiseen ja energiakustannusten hallintaan Teknologiateollisuus ry:n maksuttomassa koulutuksessa.","og_url":"https:\/\/teknologiateollisuus.fi\/jasenille\/tapahtumat\/energiakoulutus-pk-yrityksen-energiakulut-kuriin\/","og_site_name":"Teknologiateollisuus - J\u00e4senille","article_modified_time":"2025-12-30T07:33:24+00:00","og_image":[{"width":1920,"height":1280,"url":"https:\/\/teknologiateollisuus.fi\/jasenille\/wp-content\/uploads\/sites\/1\/2023\/11\/benjamin-davies-JrZ1yE1PjQ0-unsplash.jpg","type":"image\/jpeg"}],"twitter_card":"summary_large_image","twitter_misc":{"Arvioitu lukuaika":"2 minuuttia"},"schema":{"@context":"https:\/\/schema.org","@graph":[{"@type":"WebPage","@id":"https:\/\/teknologiateollisuus.fi\/jasenille\/tapahtumat\/energiakoulutus-pk-yrityksen-energiakulut-kuriin\/","url":"https:\/\/teknologiateollisuus.fi\/jasenille\/tapahtumat\/energiakoulutus-pk-yrityksen-energiakulut-kuriin\/","name":"Energiakoulutus: Pk-yrityksen energiakulut kuriin - Teknologiateollisuus - J\u00e4senille","isPartOf":{"@id":"https:\/\/teknologiateollisuus.fi\/jasenille\/#website"},"primaryImageOfPage":{"@id":"https:\/\/teknologiateollisuus.fi\/jasenille\/tapahtumat\/energiakoulutus-pk-yrityksen-energiakulut-kuriin\/#primaryimage"},"image":{"@id":"https:\/\/teknologiateollisuus.fi\/jasenille\/tapahtumat\/energiakoulutus-pk-yrityksen-energiakulut-kuriin\/#primaryimage"},"thumbnailUrl":"https:\/\/teknologiateollisuus.fi\/jasenille\/wp-content\/uploads\/sites\/1\/2023\/11\/benjamin-davies-JrZ1yE1PjQ0-unsplash.jpg","datePublished":"2025-11-26T12:26:06+00:00","dateModified":"2025-12-30T07:33:24+00:00","breadcrumb":{"@id":"https:\/\/teknologiateollisuus.fi\/jasenille\/tapahtumat\/energiakoulutus-pk-yrityksen-energiakulut-kuriin\/#breadcrumb"},"inLanguage":"fi","potentialAction":[{"@type":"ReadAction","target":["https:\/\/teknologiateollisuus.fi\/jasenille\/tapahtumat\/energiakoulutus-pk-yrityksen-energiakulut-kuriin\/"]}]},{"@type":"ImageObject","inLanguage":"fi","@id":"https:\/\/teknologiateollisuus.fi\/jasenille\/tapahtumat\/energiakoulutus-pk-yrityksen-energiakulut-kuriin\/#primaryimage","url":"https:\/\/teknologiateollisuus.fi\/jasenille\/wp-content\/uploads\/sites\/1\/2023\/11\/benjamin-davies-JrZ1yE1PjQ0-unsplash.jpg","contentUrl":"https:\/\/teknologiateollisuus.fi\/jasenille\/wp-content\/uploads\/sites\/1\/2023\/11\/benjamin-davies-JrZ1yE1PjQ0-unsplash.jpg","width":1920,"height":1280},{"@type":"BreadcrumbList","@id":"https:\/\/teknologiateollisuus.fi\/jasenille\/tapahtumat\/energiakoulutus-pk-yrityksen-energiakulut-kuriin\/#breadcrumb","itemListElement":[{"@type":"ListItem","position":1,"name":"Home","item":"https:\/\/teknologiateollisuus.fi\/jasenille\/"},{"@type":"ListItem","position":2,"name":"Ajankohtaista","item":"https:\/\/teknologiateollisuus.fi\/jasenille\/ajankohtaista\/"},{"@type":"ListItem","position":3,"name":"Tapahtumat ja koulutukset","item":"https:\/\/teknologiateollisuus.fi\/jasenille\/palvelut\/tapahtumat-ja-koulutukset\/"},{"@type":"ListItem","position":4,"name":"Energiakoulutus: Pk-yrityksen energiakulut kuriin"}]},{"@type":"WebSite","@id":"https:\/\/teknologiateollisuus.fi\/jasenille\/#website","url":"https:\/\/teknologiateollisuus.fi\/jasenille\/","name":"Teknologiateollisuus - J\u00e4senille","description":"","publisher":{"@id":"https:\/\/teknologiateollisuus.fi\/jasenille\/#organization"},"potentialAction":[{"@type":"SearchAction","target":{"@type":"EntryPoint","urlTemplate":"https:\/\/teknologiateollisuus.fi\/jasenille\/?s={search_term_string}"},"query-input":{"@type":"PropertyValueSpecification","valueRequired":true,"valueName":"search_term_string"}}],"inLanguage":"fi"},{"@type":"Organization","@id":"https:\/\/teknologiateollisuus.fi\/jasenille\/#organization","name":"Teknologiateollisuus - J\u00e4senille","url":"https:\/\/teknologiateollisuus.fi\/jasenille\/","logo":{"@type":"ImageObject","inLanguage":"fi","@id":"https:\/\/teknologiateollisuus.fi\/jasenille\/#\/schema\/logo\/image\/","url":"https:\/\/teknologiateollisuus.fi\/jasenille\/wp-content\/uploads\/sites\/1\/2023\/10\/placeholder.png","contentUrl":"https:\/\/teknologiateollisuus.fi\/jasenille\/wp-content\/uploads\/sites\/1\/2023\/10\/placeholder.png","width":2560,"height":1920,"caption":"Teknologiateollisuus - J\u00e4senille"},"image":{"@id":"https:\/\/teknologiateollisuus.fi\/jasenille\/#\/schema\/logo\/image\/"}}]}},"lang":"fi","translations":{"fi":28454},"pll_sync_post":{},"_links":{"self":[{"href":"https:\/\/teknologiateollisuus.fi\/jasenille\/wp-json\/wp\/v2\/events\/28454","targetHints":{"allow":["GET"]}}],"collection":[{"href":"https:\/\/teknologiateollisuus.fi\/jasenille\/wp-json\/wp\/v2\/events"}],"about":[{"href":"https:\/\/teknologiateollisuus.fi\/jasenille\/wp-json\/wp\/v2\/types\/em_event"}],"version-history":[{"count":14,"href":"https:\/\/teknologiateollisuus.fi\/jasenille\/wp-json\/wp\/v2\/events\/28454\/revisions"}],"predecessor-version":[{"id":28757,"href":"https:\/\/teknologiateollisuus.fi\/jasenille\/wp-json\/wp\/v2\/events\/28454\/revisions\/28757"}],"wp:featuredmedia":[{"embeddable":true,"href":"https:\/\/teknologiateollisuus.fi\/jasenille\/wp-json\/wp\/v2\/media\/563"}],"wp:attachment":[{"href":"https:\/\/teknologiateollisuus.fi\/jasenille\/wp-json\/wp\/v2\/media?parent=28454"}],"wp:term":[{"taxonomy":"post_tag","embeddable":true,"href":"https:\/\/teknologiateollisuus.fi\/jasenille\/wp-json\/wp\/v2\/post_tag?post=28454"},{"taxonomy":"em_region","embeddable":true,"href":"https:\/\/teknologiateollisuus.fi\/jasenille\/wp-json\/wp\/v2\/em_region?post=28454"},{"taxonomy":"em_target_group","embeddable":true,"href":"https:\/\/teknologiateollisuus.fi\/jasenille\/wp-json\/wp\/v2\/em_target_group?post=28454"},{"taxonomy":"em_event_type","embeddable":true,"href":"https:\/\/teknologiateollisuus.fi\/jasenille\/wp-json\/wp\/v2\/em_event_type?post=28454"}],"curies":[{"name":"wp","href":"https:\/\/api.w.org\/{rel}","templated":true}]}}