{"id":29374,"date":"2026-03-09T16:58:19","date_gmt":"2026-03-09T14:58:19","guid":{"rendered":"https:\/\/teknologiateollisuus.fi\/jasenille\/?post_type=em_event&#038;p=29374"},"modified":"2026-03-19T15:57:54","modified_gmt":"2026-03-19T13:57:54","slug":"teknologiateollisuuden-datan-malliehtojen-lanseeraus","status":"publish","type":"em_event","link":"https:\/\/teknologiateollisuus.fi\/jasenille\/tapahtumat\/teknologiateollisuuden-datan-malliehtojen-lanseeraus\/","title":{"rendered":"Teknologiateollisuuden datan malliehtojen lanseeraus"},"content":{"rendered":"\n<div class=\"wp-block-group is-layout-constrained wp-block-group-is-layout-constrained\">\n<div class=\"wp-block-group is-style-tight has-light-gray-background-color has-background is-layout-constrained wp-block-group-is-layout-constrained\">\n<p id=\"h-\"><\/p>\n\n\n\n<p>Liity mukaan linjoille kuulemaan Teknologiateollisuus ry:n, asianajotoimisto Dittmar &amp; Indreniuksen sek\u00e4 referenssiryhm\u00e4n asiantuntijoita:<\/p>\n\n\n\n<ul class=\"wp-block-list is-style-styled\">\n<li>kytkettyjen laitteiden datan hy\u00f6dynt\u00e4misest\u00e4<\/li>\n\n\n\n<li>datan k\u00e4yt\u00f6st\u00e4 sopimisesta sek\u00e4<\/li>\n\n\n\n<li>yritysten data-aineistojen arvon kehitt\u00e4misest\u00e4<\/li>\n<\/ul>\n<\/div>\n<\/div>\n\n\n\n<h2 class=\"wp-block-heading\" id=\"h-miksi\" id=\"miksi\">Miksi?<\/h2>\n\n\n\n<p>Tilaisuuden j\u00e4lkeen tied\u00e4t, mihin tarpeisiin malliehdot on laadittu, miten ne palvelevat laitteiden valmistajien ja k\u00e4ytt\u00e4jien sek\u00e4 k\u00e4ytt\u00f6dataan perustuvien palvelujen kehitt\u00e4jien tarpeita. <\/p>\n\n\n\n<h2 class=\"wp-block-heading\" id=\"h-milloin\" id=\"milloin\">Milloin?<\/h2>\n\n\n\n<p>Tervetuloa aamukahveille 27.3.2026 klo 8:30 &#8211; 9:15! <\/p>\n\n\n\n<h2 class=\"wp-block-heading\" id=\"h-kenelle\" id=\"kenelle\">Kenelle?<\/h2>\n\n\n\n<p>Tilaisuus on <strong>maksuton <\/strong>ja <strong>avoin kaikille<\/strong>.<\/p>\n\n\n<h2 class=\"wp-block-post-title\">Teknologiateollisuuden datan malliehtojen lanseeraus<\/h2>\n\n\n<p>Tervetulosanat \u2013 Jussi M\u00e4kinen<\/p>\n\n\n\n<p>Datan malliehtojen esittely \u2013 Anna Haapanen ja valmistelutiimi \/ Dittmar &amp; Indrenius<\/p>\n\n\n\n<p>Referenssiryhm\u00e4n yritysten puheenvuoro \u2013 Datan malliehdot k\u00e4yt\u00e4nn\u00f6ss\u00e4 <\/p>\n\n\n\n<p>Loppusanat&nbsp; &#8211; Joonas Mikkil\u00e4&nbsp;<\/p>\n\n\n\n<div class=\"wp-block-buttons  mt-md is-layout-flex wp-block-buttons-is-layout-flex\">\n<div class=\"wp-block-button  icon-right size-lg\"><a class=\"wp-block-button__link wp-element-button\" href=\"https:\/\/www.lyyti.in\/Datan_malliehtojen_julkistus__Webinaari_2732026_6688\" target=\"_blank\" rel=\"noreferrer noopener\">Ilmoittaudu tilaisuuteen 26.3. menness\u00e4<\/a><\/div>\n<\/div>\n\n\n\n<div class=\"wp-block-scb-columns scb-columns  has-mobile-behavior--stacked has-auto-fit em-pattern-event-contacts\">\n<div class=\"wp-block-scb-column scb-column is-scale-cover\">\n<h2 class=\"wp-block-heading\" id=\"h-lisatietoja\" id=\"lisatietoja\">Lis\u00e4tietoja<\/h2>\n\n\n\n<h2 class=\"wp-block-heading\" id=\"h-\" id=\"\"><\/h2>\n\n\n<\/div>\n<\/div>\n\n\n\n<div class=\"wp-block-scb-columns scb-columns  has-mobile-behavior--stacked has-auto-fit em-pattern-event-contacts\">\n<div class=\"wp-block-scb-column scb-column is-scale-cover\">\n<h2 class=\"wp-block-heading\" id=\"h-\" id=\"\"><\/h2>\n\n\n\n<article class=\"em-block-contact-card is-style-list\">\n\n\t<div class=\"em-block-contact-card__image\">\n\t\t\t\t\t<img loading=\"lazy\" decoding=\"async\" width=\"300\" height=\"400\" src=\"https:\/\/teknologiateollisuus.fi\/jasenille\/wp-content\/uploads\/2024\/05\/phpoqukup.jpg\" class=\"attachment-portrait size-portrait\" alt=\"\" \/>\t\t\t<\/div>\n\t<div class=\"em-block-contact-card__content-wrapper\">\n\t\t<div class=\"em-block-contact-card__content\">\n\t\t\t\t\t\t\t<div class=\"em-block-contact-card__business-units\">\n\t\t\t\t\t\t\t\t\t\t\t<span class=\"em-block-contact-card__business-unit\">Uudet teknologiat ja osaaminen<\/span>\n\t\t\t\t\t\t\t\t\t<\/div>\n\t\t\t\t\t\t<h3 class=\"em-block-contact-card__title\"><a target=\"_self\" href=\"https:\/\/teknologiateollisuus.fi\/?p=1265\">Mikkil\u00e4 Joonas<\/a><\/h3>\n\t\t\t\t\t\t\t<span class=\"em-block-contact-card__job_title\">Johtava asiantuntija, digitalisaatio &#8211; Teknologiat, tieto ja innovaatiot <\/span>\n\t\t\t\t\t\t\t\t\t\t<span class=\"em-block-contact-card__organisation\">Teknologiateollisuus ry<\/span>\n\t\t\t\t\t<\/div>\n\t\t<div class=\"em-block-contact-card__content\">\n\t\t\t\t\t\t<address class=\"em-block-contact-card__contact-details\">\n\t\t\t\t\t\t\t\t\t<span class=\"em-block-contact-card__phone\">\n\t\t\t\t\t\t<a href=\"tel:+358 451296791\">+358 451296791<\/a><\/a>\n\t\t\t\t\t<\/span>\n\t\t\t\t\t\t\t\t\t\t\t\t\t<span class=\"em-block-contact-card__email\">\n\t\t\t\t\t\t<a href=\"mailto:joonas.mikkila@teknologiateollisuus.fi\">joonas.mikkila@teknologiateollisuus.fi<\/a><\/a>\n\t\t\t\t\t<\/span>\n\t\t\t\t\t\t\t<\/address>\n\t\t\t\t\t<\/div>\n\t<\/div>\n\n<\/article>\n<\/div>\n<\/div>\n\n\n\n<div class=\"wp-block-scb-columns scb-columns  has-mobile-behavior--stacked has-auto-fit em-pattern-event-contacts\">\n<div class=\"wp-block-scb-column scb-column is-scale-cover\">\n<h2 class=\"wp-block-heading\" id=\"h-lue-myos\" id=\"lue-myos\">Lue my\u00f6s<\/h2>\n\n\n\n<article class=\"em-block-post-list-item \">\n\t<a class=\"em-block-post-list-item__link\" href=\"https:\/\/teknologiateollisuus.fi\/jasenille\/datan-hyodyntamiseen-vauhtia-uusista-malliehdoista\/\" target=\"_self\">\n\t\t<div class=\"em-block-post-list-item__content\">\n\t\t\t\t\t\t\t<div class=\"em-block-post-list-item__tags\">\n\t\t\t\t\t\t\t\t\t\t\t<span class=\"em-block-post-list-item__tag\">Digitalisaatio<\/span>\n\t\t\t\t\t\t\t\t\t<\/div>\n\t\t\t\t\t\t<h3 class=\"em-block-post-list-item__title\">Datan hy\u00f6dynt\u00e4miseen\u00a0vauhtia\u00a0uusista\u00a0malliehdoista\u00a0<\/h3>\n\t\t\t<div class=\"em-block-post-list-item__footer\">\n\t\t\t\t<time class=\"em-block-post-list-item__date\" datetime=\"2026-03-03\">\n\t\t\t\t\t3.3.2026\t\t\t\t<\/time>\n\t\t\t\t\t\t\t\t\t<div class=\"em-block-post-list-item__categories\">\n\t\t\t\t\t\t\t\t\t\t\t\t\t<span class=\"em-block-post-list-item__category\">Uutiset<\/span>\n\t\t\t\t\t\t\t\t\t\t\t<\/div>\n\t\t\t\t\t\t\t<\/div>\n\t\t<\/div>\n\t\t<div class=\"em-block-post-list-item__image-wrapper\">\n\t\t\t\t\t<div class=\"em-block-post-list-item__image\"><img loading=\"lazy\" decoding=\"async\" width=\"768\" height=\"512\" src=\"https:\/\/teknologiateollisuus.fi\/jasenille\/wp-content\/uploads\/sites\/1\/2023\/12\/Hero_yritysten-uudistaminen-768x512.jpg\" class=\"attachment-medium_large size-medium_large\" alt=\"Kuvituskuva\" srcset=\"https:\/\/teknologiateollisuus.fi\/jasenille\/wp-content\/uploads\/sites\/1\/2023\/12\/Hero_yritysten-uudistaminen-768x512.jpg 768w, https:\/\/teknologiateollisuus.fi\/jasenille\/wp-content\/uploads\/sites\/1\/2023\/12\/Hero_yritysten-uudistaminen-400x267.jpg 400w, https:\/\/teknologiateollisuus.fi\/jasenille\/wp-content\/uploads\/sites\/1\/2023\/12\/Hero_yritysten-uudistaminen-800x534.jpg 800w, https:\/\/teknologiateollisuus.fi\/jasenille\/wp-content\/uploads\/sites\/1\/2023\/12\/Hero_yritysten-uudistaminen-1536x1025.jpg 1536w, https:\/\/teknologiateollisuus.fi\/jasenille\/wp-content\/uploads\/sites\/1\/2023\/12\/Hero_yritysten-uudistaminen-1300x867.jpg 1300w, https:\/\/teknologiateollisuus.fi\/jasenille\/wp-content\/uploads\/sites\/1\/2023\/12\/Hero_yritysten-uudistaminen-1440x961.jpg 1440w, https:\/\/teknologiateollisuus.fi\/jasenille\/wp-content\/uploads\/sites\/1\/2023\/12\/Hero_yritysten-uudistaminen.jpg 1920w\" sizes=\"auto, (max-width: 768px) 100vw, 768px\" \/><\/div>\n\t\t<\/div>\n\t<\/a>\n<\/article>\n<\/div>\n<\/div>\n\n\n\n<p><\/p>\n","protected":false},"excerpt":{"rendered":"<p>Syksyll\u00e4 sovellettavaksi tullut EU:n datas\u00e4\u00e4d\u00f6s pyrkii vauhdittamaan teollisen datan k\u00e4ytt\u00f6\u00e4 ja edellytt\u00e4\u00e4 muutoksia yritysten v\u00e4lisiin sopimuksiin. Teknologiateollisuus ry on valmistellut yhdess\u00e4 yritysten ja Dittmar &amp; Indrenius -asianajotoimiston kanssa yksinkertaiset datan malliehdot pohjoismaisten yritysten tarpeisiin. Tervetuloa Teams-aamukahveille datan malliehtojen julkistukseen!<\/p>\n","protected":false},"featured_media":7188,"template":"","meta":{"_acf_changed":false,"_relevanssi_hide_post":"","_relevanssi_hide_content":"","_relevanssi_pin_for_all":"","_relevanssi_pin_keywords":"","_relevanssi_unpin_keywords":"","_relevanssi_related_keywords":"","_relevanssi_related_include_ids":"","_relevanssi_related_exclude_ids":"","_relevanssi_related_no_append":"","_relevanssi_related_not_related":"","_relevanssi_related_posts":"5961,8123,5981,15161,5771,5380","_relevanssi_noindex_reason":"","inline_featured_image":false,"growthstack-ab-test":[],"growthstack-ab-test-views":[],"footnotes":""},"post_tag":[608,612],"em_region":[52,40,41,42,43,44,45,46,50,51,47,48,39,49],"em_target_group":[],"em_event_type":[97],"class_list":["post-29374","em_event","type-em_event","status-publish","has-post-thumbnail","hentry","tag-digitalisaatio","tag-kasvujauudistuminen","em_region-ahvenanmaa","em_region-ita-suomi","em_region-kaakkois-suomi","em_region-kanta-hame","em_region-keski-suomi","em_region-lansi-suomi","em_region-pirkanmaa","em_region-pohjois-suomi","em_region-pohjois-suomi-lappi","em_region-pohjois-suomi-oulu","em_region-paijat-hame","em_region-satakunta","em_region-uusimaa","em_region-varsinais-suomi","em_event_type-infotilaisuudet"],"acf":{"event_start_date":"20260327","event_end_date":"20260327","event_start_time":"08:30:00","event_end_time":"09:15:00","location":"Teams","address":"","registration":"https:\/\/www.lyyti.fi\/reg\/Datan_malliehtojen_julkistus__Webinaari_2732026_6688","files":null,"links":null,"locked":false},"yoast_head":"<!-- This site is optimized with the Yoast SEO Premium plugin v27.1 (Yoast SEO v27.5) - https:\/\/yoast.com\/product\/yoast-seo-premium-wordpress\/ -->\n<title>Teknologiateollisuuden datan malliehtojen lanseeraus - Teknologiateollisuus - J\u00e4senille<\/title>\n<meta name=\"robots\" content=\"index, follow, max-snippet:-1, max-image-preview:large, max-video-preview:-1\" \/>\n<link rel=\"canonical\" href=\"https:\/\/teknologiateollisuus.fi\/jasenille\/tapahtumat\/teknologiateollisuuden-datan-malliehtojen-lanseeraus\/\" \/>\n<meta property=\"og:locale\" content=\"fi_FI\" \/>\n<meta property=\"og:type\" content=\"article\" \/>\n<meta property=\"og:title\" content=\"Teknologiateollisuuden datan malliehtojen lanseeraus\" \/>\n<meta property=\"og:description\" content=\"Syksyll\u00e4 sovellettavaksi tullut EU:n datas\u00e4\u00e4d\u00f6s pyrkii vauhdittamaan teollisen datan k\u00e4ytt\u00f6\u00e4 ja edellytt\u00e4\u00e4 muutoksia yritysten v\u00e4lisiin sopimuksiin. Teknologiateollisuus ry on valmistellut yhdess\u00e4 yritysten ja Dittmar &amp; Indrenius -asianajotoimiston kanssa yksinkertaiset datan malliehdot pohjoismaisten yritysten tarpeisiin. Tervetuloa Teams-aamukahveille datan malliehtojen julkistukseen!\" \/>\n<meta property=\"og:url\" content=\"https:\/\/teknologiateollisuus.fi\/jasenille\/tapahtumat\/teknologiateollisuuden-datan-malliehtojen-lanseeraus\/\" \/>\n<meta property=\"og:site_name\" content=\"Teknologiateollisuus - J\u00e4senille\" \/>\n<meta property=\"article:modified_time\" content=\"2026-03-19T13:57:54+00:00\" \/>\n<meta property=\"og:image\" content=\"https:\/\/teknologiateollisuus.fi\/jasenille\/wp-content\/uploads\/sites\/1\/2024\/06\/Otaniniemi_6.jpg\" \/>\n\t<meta property=\"og:image:width\" content=\"1920\" \/>\n\t<meta property=\"og:image:height\" content=\"1280\" \/>\n\t<meta property=\"og:image:type\" content=\"image\/jpeg\" \/>\n<meta name=\"twitter:card\" content=\"summary_large_image\" \/>\n<meta name=\"twitter:label1\" content=\"Arvioitu lukuaika\" \/>\n\t<meta name=\"twitter:data1\" content=\"1 minuutti\" \/>\n<script type=\"application\/ld+json\" class=\"yoast-schema-graph\">{\"@context\":\"https:\\\/\\\/schema.org\",\"@graph\":[{\"@type\":\"WebPage\",\"@id\":\"https:\\\/\\\/teknologiateollisuus.fi\\\/jasenille\\\/tapahtumat\\\/teknologiateollisuuden-datan-malliehtojen-lanseeraus\\\/\",\"url\":\"https:\\\/\\\/teknologiateollisuus.fi\\\/jasenille\\\/tapahtumat\\\/teknologiateollisuuden-datan-malliehtojen-lanseeraus\\\/\",\"name\":\"Teknologiateollisuuden datan malliehtojen lanseeraus - Teknologiateollisuus - J\u00e4senille\",\"isPartOf\":{\"@id\":\"https:\\\/\\\/teknologiateollisuus.fi\\\/jasenille\\\/#website\"},\"primaryImageOfPage\":{\"@id\":\"https:\\\/\\\/teknologiateollisuus.fi\\\/jasenille\\\/tapahtumat\\\/teknologiateollisuuden-datan-malliehtojen-lanseeraus\\\/#primaryimage\"},\"image\":{\"@id\":\"https:\\\/\\\/teknologiateollisuus.fi\\\/jasenille\\\/tapahtumat\\\/teknologiateollisuuden-datan-malliehtojen-lanseeraus\\\/#primaryimage\"},\"thumbnailUrl\":\"https:\\\/\\\/teknologiateollisuus.fi\\\/jasenille\\\/wp-content\\\/uploads\\\/sites\\\/1\\\/2024\\\/06\\\/Otaniniemi_6.jpg\",\"datePublished\":\"2026-03-09T14:58:19+00:00\",\"dateModified\":\"2026-03-19T13:57:54+00:00\",\"breadcrumb\":{\"@id\":\"https:\\\/\\\/teknologiateollisuus.fi\\\/jasenille\\\/tapahtumat\\\/teknologiateollisuuden-datan-malliehtojen-lanseeraus\\\/#breadcrumb\"},\"inLanguage\":\"fi\",\"potentialAction\":[{\"@type\":\"ReadAction\",\"target\":[\"https:\\\/\\\/teknologiateollisuus.fi\\\/jasenille\\\/tapahtumat\\\/teknologiateollisuuden-datan-malliehtojen-lanseeraus\\\/\"]}]},{\"@type\":\"ImageObject\",\"inLanguage\":\"fi\",\"@id\":\"https:\\\/\\\/teknologiateollisuus.fi\\\/jasenille\\\/tapahtumat\\\/teknologiateollisuuden-datan-malliehtojen-lanseeraus\\\/#primaryimage\",\"url\":\"https:\\\/\\\/teknologiateollisuus.fi\\\/jasenille\\\/wp-content\\\/uploads\\\/sites\\\/1\\\/2024\\\/06\\\/Otaniniemi_6.jpg\",\"contentUrl\":\"https:\\\/\\\/teknologiateollisuus.fi\\\/jasenille\\\/wp-content\\\/uploads\\\/sites\\\/1\\\/2024\\\/06\\\/Otaniniemi_6.jpg\",\"width\":1920,\"height\":1280},{\"@type\":\"BreadcrumbList\",\"@id\":\"https:\\\/\\\/teknologiateollisuus.fi\\\/jasenille\\\/tapahtumat\\\/teknologiateollisuuden-datan-malliehtojen-lanseeraus\\\/#breadcrumb\",\"itemListElement\":[{\"@type\":\"ListItem\",\"position\":1,\"name\":\"Home\",\"item\":\"https:\\\/\\\/teknologiateollisuus.fi\\\/jasenille\\\/\"},{\"@type\":\"ListItem\",\"position\":2,\"name\":\"Ajankohtaista\",\"item\":\"https:\\\/\\\/teknologiateollisuus.fi\\\/jasenille\\\/ajankohtaista\\\/\"},{\"@type\":\"ListItem\",\"position\":3,\"name\":\"Tapahtumat ja koulutukset\",\"item\":\"https:\\\/\\\/teknologiateollisuus.fi\\\/jasenille\\\/palvelut\\\/tapahtumat-ja-koulutukset\\\/\"},{\"@type\":\"ListItem\",\"position\":4,\"name\":\"Teknologiateollisuuden datan malliehtojen lanseeraus\"}]},{\"@type\":\"WebSite\",\"@id\":\"https:\\\/\\\/teknologiateollisuus.fi\\\/jasenille\\\/#website\",\"url\":\"https:\\\/\\\/teknologiateollisuus.fi\\\/jasenille\\\/\",\"name\":\"Teknologiateollisuus - J\u00e4senille\",\"description\":\"\",\"publisher\":{\"@id\":\"https:\\\/\\\/teknologiateollisuus.fi\\\/jasenille\\\/#organization\"},\"potentialAction\":[{\"@type\":\"SearchAction\",\"target\":{\"@type\":\"EntryPoint\",\"urlTemplate\":\"https:\\\/\\\/teknologiateollisuus.fi\\\/jasenille\\\/?s={search_term_string}\"},\"query-input\":{\"@type\":\"PropertyValueSpecification\",\"valueRequired\":true,\"valueName\":\"search_term_string\"}}],\"inLanguage\":\"fi\"},{\"@type\":\"Organization\",\"@id\":\"https:\\\/\\\/teknologiateollisuus.fi\\\/jasenille\\\/#organization\",\"name\":\"Teknologiateollisuus - J\u00e4senille\",\"url\":\"https:\\\/\\\/teknologiateollisuus.fi\\\/jasenille\\\/\",\"logo\":{\"@type\":\"ImageObject\",\"inLanguage\":\"fi\",\"@id\":\"https:\\\/\\\/teknologiateollisuus.fi\\\/jasenille\\\/#\\\/schema\\\/logo\\\/image\\\/\",\"url\":\"https:\\\/\\\/teknologiateollisuus.fi\\\/jasenille\\\/wp-content\\\/uploads\\\/sites\\\/1\\\/2023\\\/10\\\/placeholder.png\",\"contentUrl\":\"https:\\\/\\\/teknologiateollisuus.fi\\\/jasenille\\\/wp-content\\\/uploads\\\/sites\\\/1\\\/2023\\\/10\\\/placeholder.png\",\"width\":2560,\"height\":1920,\"caption\":\"Teknologiateollisuus - J\u00e4senille\"},\"image\":{\"@id\":\"https:\\\/\\\/teknologiateollisuus.fi\\\/jasenille\\\/#\\\/schema\\\/logo\\\/image\\\/\"}}]}<\/script>\n<!-- \/ Yoast SEO Premium plugin. -->","yoast_head_json":{"title":"Teknologiateollisuuden datan malliehtojen lanseeraus - Teknologiateollisuus - J\u00e4senille","robots":{"index":"index","follow":"follow","max-snippet":"max-snippet:-1","max-image-preview":"max-image-preview:large","max-video-preview":"max-video-preview:-1"},"canonical":"https:\/\/teknologiateollisuus.fi\/jasenille\/tapahtumat\/teknologiateollisuuden-datan-malliehtojen-lanseeraus\/","og_locale":"fi_FI","og_type":"article","og_title":"Teknologiateollisuuden datan malliehtojen lanseeraus","og_description":"Syksyll\u00e4 sovellettavaksi tullut EU:n datas\u00e4\u00e4d\u00f6s pyrkii vauhdittamaan teollisen datan k\u00e4ytt\u00f6\u00e4 ja edellytt\u00e4\u00e4 muutoksia yritysten v\u00e4lisiin sopimuksiin. Teknologiateollisuus ry on valmistellut yhdess\u00e4 yritysten ja Dittmar &amp; Indrenius -asianajotoimiston kanssa yksinkertaiset datan malliehdot pohjoismaisten yritysten tarpeisiin. Tervetuloa Teams-aamukahveille datan malliehtojen julkistukseen!","og_url":"https:\/\/teknologiateollisuus.fi\/jasenille\/tapahtumat\/teknologiateollisuuden-datan-malliehtojen-lanseeraus\/","og_site_name":"Teknologiateollisuus - J\u00e4senille","article_modified_time":"2026-03-19T13:57:54+00:00","og_image":[{"width":1920,"height":1280,"url":"https:\/\/teknologiateollisuus.fi\/jasenille\/wp-content\/uploads\/sites\/1\/2024\/06\/Otaniniemi_6.jpg","type":"image\/jpeg"}],"twitter_card":"summary_large_image","twitter_misc":{"Arvioitu lukuaika":"1 minuutti"},"schema":{"@context":"https:\/\/schema.org","@graph":[{"@type":"WebPage","@id":"https:\/\/teknologiateollisuus.fi\/jasenille\/tapahtumat\/teknologiateollisuuden-datan-malliehtojen-lanseeraus\/","url":"https:\/\/teknologiateollisuus.fi\/jasenille\/tapahtumat\/teknologiateollisuuden-datan-malliehtojen-lanseeraus\/","name":"Teknologiateollisuuden datan malliehtojen lanseeraus - Teknologiateollisuus - J\u00e4senille","isPartOf":{"@id":"https:\/\/teknologiateollisuus.fi\/jasenille\/#website"},"primaryImageOfPage":{"@id":"https:\/\/teknologiateollisuus.fi\/jasenille\/tapahtumat\/teknologiateollisuuden-datan-malliehtojen-lanseeraus\/#primaryimage"},"image":{"@id":"https:\/\/teknologiateollisuus.fi\/jasenille\/tapahtumat\/teknologiateollisuuden-datan-malliehtojen-lanseeraus\/#primaryimage"},"thumbnailUrl":"https:\/\/teknologiateollisuus.fi\/jasenille\/wp-content\/uploads\/sites\/1\/2024\/06\/Otaniniemi_6.jpg","datePublished":"2026-03-09T14:58:19+00:00","dateModified":"2026-03-19T13:57:54+00:00","breadcrumb":{"@id":"https:\/\/teknologiateollisuus.fi\/jasenille\/tapahtumat\/teknologiateollisuuden-datan-malliehtojen-lanseeraus\/#breadcrumb"},"inLanguage":"fi","potentialAction":[{"@type":"ReadAction","target":["https:\/\/teknologiateollisuus.fi\/jasenille\/tapahtumat\/teknologiateollisuuden-datan-malliehtojen-lanseeraus\/"]}]},{"@type":"ImageObject","inLanguage":"fi","@id":"https:\/\/teknologiateollisuus.fi\/jasenille\/tapahtumat\/teknologiateollisuuden-datan-malliehtojen-lanseeraus\/#primaryimage","url":"https:\/\/teknologiateollisuus.fi\/jasenille\/wp-content\/uploads\/sites\/1\/2024\/06\/Otaniniemi_6.jpg","contentUrl":"https:\/\/teknologiateollisuus.fi\/jasenille\/wp-content\/uploads\/sites\/1\/2024\/06\/Otaniniemi_6.jpg","width":1920,"height":1280},{"@type":"BreadcrumbList","@id":"https:\/\/teknologiateollisuus.fi\/jasenille\/tapahtumat\/teknologiateollisuuden-datan-malliehtojen-lanseeraus\/#breadcrumb","itemListElement":[{"@type":"ListItem","position":1,"name":"Home","item":"https:\/\/teknologiateollisuus.fi\/jasenille\/"},{"@type":"ListItem","position":2,"name":"Ajankohtaista","item":"https:\/\/teknologiateollisuus.fi\/jasenille\/ajankohtaista\/"},{"@type":"ListItem","position":3,"name":"Tapahtumat ja koulutukset","item":"https:\/\/teknologiateollisuus.fi\/jasenille\/palvelut\/tapahtumat-ja-koulutukset\/"},{"@type":"ListItem","position":4,"name":"Teknologiateollisuuden datan malliehtojen lanseeraus"}]},{"@type":"WebSite","@id":"https:\/\/teknologiateollisuus.fi\/jasenille\/#website","url":"https:\/\/teknologiateollisuus.fi\/jasenille\/","name":"Teknologiateollisuus - J\u00e4senille","description":"","publisher":{"@id":"https:\/\/teknologiateollisuus.fi\/jasenille\/#organization"},"potentialAction":[{"@type":"SearchAction","target":{"@type":"EntryPoint","urlTemplate":"https:\/\/teknologiateollisuus.fi\/jasenille\/?s={search_term_string}"},"query-input":{"@type":"PropertyValueSpecification","valueRequired":true,"valueName":"search_term_string"}}],"inLanguage":"fi"},{"@type":"Organization","@id":"https:\/\/teknologiateollisuus.fi\/jasenille\/#organization","name":"Teknologiateollisuus - J\u00e4senille","url":"https:\/\/teknologiateollisuus.fi\/jasenille\/","logo":{"@type":"ImageObject","inLanguage":"fi","@id":"https:\/\/teknologiateollisuus.fi\/jasenille\/#\/schema\/logo\/image\/","url":"https:\/\/teknologiateollisuus.fi\/jasenille\/wp-content\/uploads\/sites\/1\/2023\/10\/placeholder.png","contentUrl":"https:\/\/teknologiateollisuus.fi\/jasenille\/wp-content\/uploads\/sites\/1\/2023\/10\/placeholder.png","width":2560,"height":1920,"caption":"Teknologiateollisuus - J\u00e4senille"},"image":{"@id":"https:\/\/teknologiateollisuus.fi\/jasenille\/#\/schema\/logo\/image\/"}}]}},"lang":"fi","translations":{"fi":29374},"pll_sync_post":{},"_links":{"self":[{"href":"https:\/\/teknologiateollisuus.fi\/jasenille\/wp-json\/wp\/v2\/events\/29374","targetHints":{"allow":["GET"]}}],"collection":[{"href":"https:\/\/teknologiateollisuus.fi\/jasenille\/wp-json\/wp\/v2\/events"}],"about":[{"href":"https:\/\/teknologiateollisuus.fi\/jasenille\/wp-json\/wp\/v2\/types\/em_event"}],"version-history":[{"count":10,"href":"https:\/\/teknologiateollisuus.fi\/jasenille\/wp-json\/wp\/v2\/events\/29374\/revisions"}],"predecessor-version":[{"id":29420,"href":"https:\/\/teknologiateollisuus.fi\/jasenille\/wp-json\/wp\/v2\/events\/29374\/revisions\/29420"}],"wp:featuredmedia":[{"embeddable":true,"href":"https:\/\/teknologiateollisuus.fi\/jasenille\/wp-json\/wp\/v2\/media\/7188"}],"wp:attachment":[{"href":"https:\/\/teknologiateollisuus.fi\/jasenille\/wp-json\/wp\/v2\/media?parent=29374"}],"wp:term":[{"taxonomy":"post_tag","embeddable":true,"href":"https:\/\/teknologiateollisuus.fi\/jasenille\/wp-json\/wp\/v2\/post_tag?post=29374"},{"taxonomy":"em_region","embeddable":true,"href":"https:\/\/teknologiateollisuus.fi\/jasenille\/wp-json\/wp\/v2\/em_region?post=29374"},{"taxonomy":"em_target_group","embeddable":true,"href":"https:\/\/teknologiateollisuus.fi\/jasenille\/wp-json\/wp\/v2\/em_target_group?post=29374"},{"taxonomy":"em_event_type","embeddable":true,"href":"https:\/\/teknologiateollisuus.fi\/jasenille\/wp-json\/wp\/v2\/em_event_type?post=29374"}],"curies":[{"name":"wp","href":"https:\/\/api.w.org\/{rel}","templated":true}]}}