{"id":31597,"date":"2026-09-02T13:21:56","date_gmt":"2026-09-02T10:21:56","guid":{"rendered":"https:\/\/teknologiateollisuus.fi\/jasenille\/?post_type=em_event&#038;p=31597"},"modified":"2026-09-02T13:21:58","modified_gmt":"2026-09-02T10:21:58","slug":"valun-kayton-seminaari-2026","status":"publish","type":"em_event","link":"https:\/\/teknologiateollisuus.fi\/jasenille\/tapahtumat\/valun-kayton-seminaari-2026\/","title":{"rendered":"Valun k\u00e4yt\u00f6n seminaari 2026"},"content":{"rendered":"\n<p>Vuosittaisen Valun k\u00e4yt\u00f6n seminaarin tarkoituksena on tuoda yhteen valuja k\u00e4ytt\u00e4v\u00e4\u00e4 teollisuutta, valimoita sek\u00e4 alan muita toimijoita.<br><br>T\u00e4m\u00e4n vuoden p\u00e4\u00e4teema on<strong>\u00a0\u201dValut keski\u00f6\u00f6n \u2013 kohti \u00e4lykk\u00e4\u00e4mp\u00e4\u00e4 ja yhteisty\u00f6kykyisemp\u00e4\u00e4 valmistusta\u201d<\/strong>. Esityksiss\u00e4 keskityt\u00e4\u00e4n erityisesti teko\u00e4lyn, 3D-tulostuksen, simuloinnin ja uusien valumateriaalien tuomiin mahdollisuuksiin valukomponentin suunnittelussa ja valmistuksessa, unohtamatta mielenkiintoisia suunnittelucaseja.<br><br>Kattavan ohjelmatarjonnan lis\u00e4ksi kuulemma kaksi keynote-esityst\u00e4: Tampereen yliopiston professori, TkT\u00a0<strong><em>Inigo Flores Ituarten<\/em><\/strong>\u00a0keynote-esitys torstaina keskittyy siihen, miten teko\u00e4ly\u00e4 pit\u00e4isi hy\u00f6dynt\u00e4\u00e4 valmistavassa teollisuudessa. Patrian toimitusjohtaja<em><strong>\u00a0Panu Routilan<\/strong><\/em>\u00a0keynote perjantaina puolestaan valottaa nykyisen maailmantilanteen vaikutusta suomalaiseen teollisuuteen. Ensimm\u00e4inen seminaarip\u00e4iv\u00e4 p\u00e4\u00e4ttyy illan kontaktitilaisuuteen, jossa on hyv\u00e4 mahdollisuus tavata yhteisty\u00f6kumppaneita ja verkostoitua muiden seminaariosallistujien kanssa. <br><br>Seminaarin tapahtumasivulle olemme koonneet kaiken oleellisen tiedon seminaarista: p\u00e4iv\u00e4kohtaisen ohjelman, seminaarin hinnat ja tietoa mm. majoitusvarauksista. <strong>Tutustu tapahtumasivuun<a href=\"https:\/\/www.lyyti.fi\/p\/Valun_kytn_seminaari_2930102026_Tampere_2548\" data-type=\"link\" data-id=\"https:\/\/www.lyyti.fi\/p\/Valun_kytn_seminaari_2930102026_Tampere_2548\"> t\u00e4st\u00e4 linkist\u00e4<\/a>!<\/strong><br><br>Seminaarin ilmoittautuminen on auki<strong> 12.10.2026 asti<\/strong>! <br>Ilmoittautumisen ja k\u00e4yt\u00e4nn\u00f6nj\u00e4rjestelyjen yhteyshenkil\u00f6 on Leena Eiranto, leena.eiranto(a)teknologiateollisuus.fi.<br><br>Tervetuloa mukaan verkostoitumaan ja kuulemaan ajankohtaista valimoteollisuudesta!<\/p>\n\n\n\n<div class=\"wp-block-buttons  mt-md is-layout-flex wp-block-buttons-is-layout-flex\">\n<div class=\"wp-block-button  icon-right size-lg\"><a class=\"wp-block-button__link wp-element-button\" href=\"https:\/\/www.lyyti.in\/Valun_kytn_seminaari_2930102026_Tampere_2548\" target=\"_blank\" rel=\"noreferrer noopener\">Ilmoittaudu tapahtumaan<\/a><\/div>\n<\/div>\n\n\n\n<div class=\"wp-block-scb-columns scb-columns  has-mobile-behavior--stacked has-auto-fit em-pattern-event-contacts\">\n<div class=\"wp-block-scb-column scb-column is-scale-cover\">\n<h2 class=\"wp-block-heading\" id=\"h-lisatietoja\" id=\"lisatietoja\">Lis\u00e4tietoja<\/h2>\n\n\n\n<article class=\"em-block-contact-card is-style-list\">\n\n\t<div class=\"em-block-contact-card__image\">\n\t\t\t\t\t<img loading=\"lazy\" decoding=\"async\" width=\"300\" height=\"400\" src=\"https:\/\/teknologiateollisuus.fi\/jasenille\/wp-content\/uploads\/2024\/05\/phpbvgtrq-300x400.jpg\" class=\"attachment-portrait size-portrait\" alt=\"\" srcset=\"https:\/\/teknologiateollisuus.fi\/jasenille\/wp-content\/uploads\/2024\/05\/phpbvgtrq-300x400.jpg 300w, https:\/\/teknologiateollisuus.fi\/jasenille\/wp-content\/uploads\/2024\/05\/phpbvgtrq-400x534.jpg 400w, https:\/\/teknologiateollisuus.fi\/jasenille\/wp-content\/uploads\/2024\/05\/phpbvgtrq.jpg 544w\" sizes=\"auto, (max-width: 300px) 100vw, 300px\" \/>\t\t\t<\/div>\n\t<div class=\"em-block-contact-card__content-wrapper\">\n\t\t<div class=\"em-block-contact-card__content\">\n\t\t\t\t\t\t\t<div class=\"em-block-contact-card__business-units\">\n\t\t\t\t\t\t\t\t\t\t\t<span class=\"em-block-contact-card__business-unit\">Toimialat ja liiketoiminnan jatkuvuus<\/span>\n\t\t\t\t\t\t\t\t\t<\/div>\n\t\t\t\t\t\t<h3 class=\"em-block-contact-card__title\"><a target=\"_self\" href=\"https:\/\/teknologiateollisuus.fi\/?p=1046\">Orkas Juhani<\/a><\/h3>\n\t\t\t\t\t\t\t<span class=\"em-block-contact-card__job_title\">Johtava asiantuntija &#8211; Valimoteollisuus<\/span>\n\t\t\t\t\t\t\t\t\t\t<span class=\"em-block-contact-card__organisation\">Valimoteollisuus ry<\/span>\n\t\t\t\t\t<\/div>\n\t\t<div class=\"em-block-contact-card__content\">\n\t\t\t\t\t\t<address class=\"em-block-contact-card__contact-details\">\n\t\t\t\t\t\t\t\t\t<span class=\"em-block-contact-card__phone\">\n\t\t\t\t\t\t<a href=\"tel:+358 50 556 2288\">+358 50 556 2288<\/a><\/a>\n\t\t\t\t\t<\/span>\n\t\t\t\t\t\t\t\t\t\t\t\t\t<span class=\"em-block-contact-card__email\">\n\t\t\t\t\t\t<a href=\"mailto:juhani.orkas@teknologiateollisuus.fi\">juhani.orkas@teknologiateollisuus.fi<\/a><\/a>\n\t\t\t\t\t<\/span>\n\t\t\t\t\t\t\t<\/address>\n\t\t\t\t\t<\/div>\n\t<\/div>\n\n<\/article>\n<\/div>\n<\/div>\n","protected":false},"excerpt":{"rendered":"<p>Vuosittaisen Valun k\u00e4yt\u00f6n seminaarin tarkoituksena on tuoda yhteen valuja k\u00e4ytt\u00e4v\u00e4\u00e4 teollisuutta, valimoita sek\u00e4 alan muita toimijoita. T\u00e4m\u00e4n vuoden p\u00e4\u00e4teema on\u00a0\u201dValut keski\u00f6\u00f6n \u2013 kohti \u00e4lykk\u00e4\u00e4mp\u00e4\u00e4 ja yhteisty\u00f6kykyisemp\u00e4\u00e4 valmistusta\u201d. Esityksiss\u00e4 keskityt\u00e4\u00e4n erityisesti teko\u00e4lyn, 3D-tulostuksen, simuloinnin ja uusien valumateriaalien tuomiin mahdollisuuksiin valukomponentin suunnittelussa ja valmistuksessa, unohtamatta mielenkiintoisia suunnittelucaseja. Kattavan ohjelmatarjonnan lis\u00e4ksi kuulemma kaksi keynote-esityst\u00e4: Tampereen yliopiston professori, TkT\u00a0Inigo [&hellip;]<\/p>\n","protected":false},"featured_media":3517,"template":"","meta":{"_acf_changed":false,"_relevanssi_hide_post":"","_relevanssi_hide_content":"","_relevanssi_pin_for_all":"","_relevanssi_pin_keywords":"","_relevanssi_unpin_keywords":"","_relevanssi_related_keywords":"","_relevanssi_related_include_ids":"","_relevanssi_related_exclude_ids":"","_relevanssi_related_no_append":"","_relevanssi_related_not_related":"","_relevanssi_related_posts":"","_relevanssi_noindex_reason":"","inline_featured_image":false,"growthstack-ab-test":[],"growthstack-ab-test-views":[],"footnotes":""},"post_tag":[620],"em_region":[],"em_target_group":[],"em_event_type":[96],"class_list":["post-31597","em_event","type-em_event","status-publish","has-post-thumbnail","hentry","tag-toimialat","em_event_type-seminaarit"],"acf":{"event_start_date":"20261029","event_end_date":"20261030","event_start_time":"09:30:00","event_end_time":"13:00:00","location":"Original Sokos Hotel Ilves","address":"Hatanp\u00e4\u00e4n valtatie 1, 33100 Tampere","registration":"","files":null,"links":null,"locked":false},"yoast_head":"<!-- This site is optimized with the Yoast SEO Premium plugin v28.2 (Yoast SEO v28.4) - https:\/\/yoast.com\/product\/yoast-seo-premium-wordpress\/ -->\n<title>Valun k\u00e4yt\u00f6n seminaari 2026 - Teknologiateollisuus - J\u00e4senille<\/title>\n<meta name=\"robots\" content=\"index, follow, max-snippet:-1, max-image-preview:large, max-video-preview:-1\" \/>\n<link rel=\"canonical\" href=\"https:\/\/teknologiateollisuus.fi\/jasenille\/tapahtumat\/valun-kayton-seminaari-2026\/\" \/>\n<meta property=\"og:locale\" content=\"fi_FI\" \/>\n<meta property=\"og:type\" content=\"article\" \/>\n<meta property=\"og:title\" content=\"Valun k\u00e4yt\u00f6n seminaari 2026\" \/>\n<meta property=\"og:description\" content=\"Vuosittaisen Valun k\u00e4yt\u00f6n seminaarin tarkoituksena on tuoda yhteen valuja k\u00e4ytt\u00e4v\u00e4\u00e4 teollisuutta, valimoita sek\u00e4 alan muita toimijoita. T\u00e4m\u00e4n vuoden p\u00e4\u00e4teema on\u00a0\u201dValut keski\u00f6\u00f6n \u2013 kohti \u00e4lykk\u00e4\u00e4mp\u00e4\u00e4 ja yhteisty\u00f6kykyisemp\u00e4\u00e4 valmistusta\u201d. Esityksiss\u00e4 keskityt\u00e4\u00e4n erityisesti teko\u00e4lyn, 3D-tulostuksen, simuloinnin ja uusien valumateriaalien tuomiin mahdollisuuksiin valukomponentin suunnittelussa ja valmistuksessa, unohtamatta mielenkiintoisia suunnittelucaseja. Kattavan ohjelmatarjonnan lis\u00e4ksi kuulemma kaksi keynote-esityst\u00e4: Tampereen yliopiston professori, TkT\u00a0Inigo [&hellip;]\" \/>\n<meta property=\"og:url\" content=\"https:\/\/teknologiateollisuus.fi\/jasenille\/tapahtumat\/valun-kayton-seminaari-2026\/\" \/>\n<meta property=\"og:site_name\" content=\"Teknologiateollisuus - J\u00e4senille\" \/>\n<meta property=\"article:modified_time\" content=\"2026-09-02T10:21:58+00:00\" \/>\n<meta property=\"og:image\" content=\"https:\/\/teknologiateollisuus.fi\/jasenille\/wp-content\/uploads\/sites\/1\/2024\/01\/puhe.jpg\" \/>\n\t<meta property=\"og:image:width\" content=\"1920\" \/>\n\t<meta property=\"og:image:height\" content=\"1280\" \/>\n\t<meta property=\"og:image:type\" content=\"image\/jpeg\" \/>\n<meta name=\"twitter:card\" content=\"summary_large_image\" \/>\n<meta name=\"twitter:label1\" content=\"Arvioitu lukuaika\" \/>\n\t<meta name=\"twitter:data1\" content=\"2 minuuttia\" \/>\n<script type=\"application\/ld+json\" class=\"yoast-schema-graph\">{\"@context\":\"https:\\\/\\\/schema.org\",\"@graph\":[{\"@type\":\"WebPage\",\"@id\":\"https:\\\/\\\/teknologiateollisuus.fi\\\/jasenille\\\/tapahtumat\\\/valun-kayton-seminaari-2026\\\/\",\"url\":\"https:\\\/\\\/teknologiateollisuus.fi\\\/jasenille\\\/tapahtumat\\\/valun-kayton-seminaari-2026\\\/\",\"name\":\"Valun k\u00e4yt\u00f6n seminaari 2026 - Teknologiateollisuus - J\u00e4senille\",\"isPartOf\":{\"@id\":\"https:\\\/\\\/teknologiateollisuus.fi\\\/jasenille\\\/#website\"},\"primaryImageOfPage\":{\"@id\":\"https:\\\/\\\/teknologiateollisuus.fi\\\/jasenille\\\/tapahtumat\\\/valun-kayton-seminaari-2026\\\/#primaryimage\"},\"image\":{\"@id\":\"https:\\\/\\\/teknologiateollisuus.fi\\\/jasenille\\\/tapahtumat\\\/valun-kayton-seminaari-2026\\\/#primaryimage\"},\"thumbnailUrl\":\"https:\\\/\\\/teknologiateollisuus.fi\\\/jasenille\\\/wp-content\\\/uploads\\\/sites\\\/1\\\/2024\\\/01\\\/puhe.jpg\",\"datePublished\":\"2026-09-02T10:21:56+00:00\",\"dateModified\":\"2026-09-02T10:21:58+00:00\",\"breadcrumb\":{\"@id\":\"https:\\\/\\\/teknologiateollisuus.fi\\\/jasenille\\\/tapahtumat\\\/valun-kayton-seminaari-2026\\\/#breadcrumb\"},\"inLanguage\":\"fi\",\"potentialAction\":[{\"@type\":\"ReadAction\",\"target\":[\"https:\\\/\\\/teknologiateollisuus.fi\\\/jasenille\\\/tapahtumat\\\/valun-kayton-seminaari-2026\\\/\"]}]},{\"@type\":\"ImageObject\",\"inLanguage\":\"fi\",\"@id\":\"https:\\\/\\\/teknologiateollisuus.fi\\\/jasenille\\\/tapahtumat\\\/valun-kayton-seminaari-2026\\\/#primaryimage\",\"url\":\"https:\\\/\\\/teknologiateollisuus.fi\\\/jasenille\\\/wp-content\\\/uploads\\\/sites\\\/1\\\/2024\\\/01\\\/puhe.jpg\",\"contentUrl\":\"https:\\\/\\\/teknologiateollisuus.fi\\\/jasenille\\\/wp-content\\\/uploads\\\/sites\\\/1\\\/2024\\\/01\\\/puhe.jpg\",\"width\":1920,\"height\":1280},{\"@type\":\"BreadcrumbList\",\"@id\":\"https:\\\/\\\/teknologiateollisuus.fi\\\/jasenille\\\/tapahtumat\\\/valun-kayton-seminaari-2026\\\/#breadcrumb\",\"itemListElement\":[{\"@type\":\"ListItem\",\"position\":1,\"name\":\"Home\",\"item\":\"https:\\\/\\\/teknologiateollisuus.fi\\\/jasenille\\\/\"},{\"@type\":\"ListItem\",\"position\":2,\"name\":\"Ajankohtaista\",\"item\":\"https:\\\/\\\/teknologiateollisuus.fi\\\/jasenille\\\/ajankohtaista\\\/\"},{\"@type\":\"ListItem\",\"position\":3,\"name\":\"Tapahtumat ja koulutukset\",\"item\":\"https:\\\/\\\/teknologiateollisuus.fi\\\/jasenille\\\/palvelut\\\/tapahtumat-ja-koulutukset\\\/\"},{\"@type\":\"ListItem\",\"position\":4,\"name\":\"Valun k\u00e4yt\u00f6n seminaari 2026\"}]},{\"@type\":\"WebSite\",\"@id\":\"https:\\\/\\\/teknologiateollisuus.fi\\\/jasenille\\\/#website\",\"url\":\"https:\\\/\\\/teknologiateollisuus.fi\\\/jasenille\\\/\",\"name\":\"Teknologiateollisuus - J\u00e4senille\",\"description\":\"\",\"publisher\":{\"@id\":\"https:\\\/\\\/teknologiateollisuus.fi\\\/jasenille\\\/#organization\"},\"potentialAction\":[{\"@type\":\"SearchAction\",\"target\":{\"@type\":\"EntryPoint\",\"urlTemplate\":\"https:\\\/\\\/teknologiateollisuus.fi\\\/jasenille\\\/?s={search_term_string}\"},\"query-input\":{\"@type\":\"PropertyValueSpecification\",\"valueRequired\":true,\"valueName\":\"search_term_string\"}}],\"inLanguage\":\"fi\"},{\"@type\":\"Organization\",\"@id\":\"https:\\\/\\\/teknologiateollisuus.fi\\\/jasenille\\\/#organization\",\"name\":\"Teknologiateollisuus - J\u00e4senille\",\"url\":\"https:\\\/\\\/teknologiateollisuus.fi\\\/jasenille\\\/\",\"logo\":{\"@type\":\"ImageObject\",\"inLanguage\":\"fi\",\"@id\":\"https:\\\/\\\/teknologiateollisuus.fi\\\/jasenille\\\/#\\\/schema\\\/logo\\\/image\\\/\",\"url\":\"https:\\\/\\\/teknologiateollisuus.fi\\\/jasenille\\\/wp-content\\\/uploads\\\/sites\\\/1\\\/2023\\\/10\\\/placeholder.png\",\"contentUrl\":\"https:\\\/\\\/teknologiateollisuus.fi\\\/jasenille\\\/wp-content\\\/uploads\\\/sites\\\/1\\\/2023\\\/10\\\/placeholder.png\",\"width\":2560,\"height\":1920,\"caption\":\"Teknologiateollisuus - J\u00e4senille\"},\"image\":{\"@id\":\"https:\\\/\\\/teknologiateollisuus.fi\\\/jasenille\\\/#\\\/schema\\\/logo\\\/image\\\/\"}}]}<\/script>\n<!-- \/ Yoast SEO Premium plugin. -->","yoast_head_json":{"title":"Valun k\u00e4yt\u00f6n seminaari 2026 - Teknologiateollisuus - J\u00e4senille","robots":{"index":"index","follow":"follow","max-snippet":"max-snippet:-1","max-image-preview":"max-image-preview:large","max-video-preview":"max-video-preview:-1"},"canonical":"https:\/\/teknologiateollisuus.fi\/jasenille\/tapahtumat\/valun-kayton-seminaari-2026\/","og_locale":"fi_FI","og_type":"article","og_title":"Valun k\u00e4yt\u00f6n seminaari 2026","og_description":"Vuosittaisen Valun k\u00e4yt\u00f6n seminaarin tarkoituksena on tuoda yhteen valuja k\u00e4ytt\u00e4v\u00e4\u00e4 teollisuutta, valimoita sek\u00e4 alan muita toimijoita. T\u00e4m\u00e4n vuoden p\u00e4\u00e4teema on\u00a0\u201dValut keski\u00f6\u00f6n \u2013 kohti \u00e4lykk\u00e4\u00e4mp\u00e4\u00e4 ja yhteisty\u00f6kykyisemp\u00e4\u00e4 valmistusta\u201d. Esityksiss\u00e4 keskityt\u00e4\u00e4n erityisesti teko\u00e4lyn, 3D-tulostuksen, simuloinnin ja uusien valumateriaalien tuomiin mahdollisuuksiin valukomponentin suunnittelussa ja valmistuksessa, unohtamatta mielenkiintoisia suunnittelucaseja. Kattavan ohjelmatarjonnan lis\u00e4ksi kuulemma kaksi keynote-esityst\u00e4: Tampereen yliopiston professori, TkT\u00a0Inigo [&hellip;]","og_url":"https:\/\/teknologiateollisuus.fi\/jasenille\/tapahtumat\/valun-kayton-seminaari-2026\/","og_site_name":"Teknologiateollisuus - J\u00e4senille","article_modified_time":"2026-09-02T10:21:58+00:00","og_image":[{"width":1920,"height":1280,"url":"https:\/\/teknologiateollisuus.fi\/jasenille\/wp-content\/uploads\/sites\/1\/2024\/01\/puhe.jpg","type":"image\/jpeg"}],"twitter_card":"summary_large_image","twitter_misc":{"Arvioitu lukuaika":"2 minuuttia"},"schema":{"@context":"https:\/\/schema.org","@graph":[{"@type":"WebPage","@id":"https:\/\/teknologiateollisuus.fi\/jasenille\/tapahtumat\/valun-kayton-seminaari-2026\/","url":"https:\/\/teknologiateollisuus.fi\/jasenille\/tapahtumat\/valun-kayton-seminaari-2026\/","name":"Valun k\u00e4yt\u00f6n seminaari 2026 - Teknologiateollisuus - J\u00e4senille","isPartOf":{"@id":"https:\/\/teknologiateollisuus.fi\/jasenille\/#website"},"primaryImageOfPage":{"@id":"https:\/\/teknologiateollisuus.fi\/jasenille\/tapahtumat\/valun-kayton-seminaari-2026\/#primaryimage"},"image":{"@id":"https:\/\/teknologiateollisuus.fi\/jasenille\/tapahtumat\/valun-kayton-seminaari-2026\/#primaryimage"},"thumbnailUrl":"https:\/\/teknologiateollisuus.fi\/jasenille\/wp-content\/uploads\/sites\/1\/2024\/01\/puhe.jpg","datePublished":"2026-09-02T10:21:56+00:00","dateModified":"2026-09-02T10:21:58+00:00","breadcrumb":{"@id":"https:\/\/teknologiateollisuus.fi\/jasenille\/tapahtumat\/valun-kayton-seminaari-2026\/#breadcrumb"},"inLanguage":"fi","potentialAction":[{"@type":"ReadAction","target":["https:\/\/teknologiateollisuus.fi\/jasenille\/tapahtumat\/valun-kayton-seminaari-2026\/"]}]},{"@type":"ImageObject","inLanguage":"fi","@id":"https:\/\/teknologiateollisuus.fi\/jasenille\/tapahtumat\/valun-kayton-seminaari-2026\/#primaryimage","url":"https:\/\/teknologiateollisuus.fi\/jasenille\/wp-content\/uploads\/sites\/1\/2024\/01\/puhe.jpg","contentUrl":"https:\/\/teknologiateollisuus.fi\/jasenille\/wp-content\/uploads\/sites\/1\/2024\/01\/puhe.jpg","width":1920,"height":1280},{"@type":"BreadcrumbList","@id":"https:\/\/teknologiateollisuus.fi\/jasenille\/tapahtumat\/valun-kayton-seminaari-2026\/#breadcrumb","itemListElement":[{"@type":"ListItem","position":1,"name":"Home","item":"https:\/\/teknologiateollisuus.fi\/jasenille\/"},{"@type":"ListItem","position":2,"name":"Ajankohtaista","item":"https:\/\/teknologiateollisuus.fi\/jasenille\/ajankohtaista\/"},{"@type":"ListItem","position":3,"name":"Tapahtumat ja koulutukset","item":"https:\/\/teknologiateollisuus.fi\/jasenille\/palvelut\/tapahtumat-ja-koulutukset\/"},{"@type":"ListItem","position":4,"name":"Valun k\u00e4yt\u00f6n seminaari 2026"}]},{"@type":"WebSite","@id":"https:\/\/teknologiateollisuus.fi\/jasenille\/#website","url":"https:\/\/teknologiateollisuus.fi\/jasenille\/","name":"Teknologiateollisuus - J\u00e4senille","description":"","publisher":{"@id":"https:\/\/teknologiateollisuus.fi\/jasenille\/#organization"},"potentialAction":[{"@type":"SearchAction","target":{"@type":"EntryPoint","urlTemplate":"https:\/\/teknologiateollisuus.fi\/jasenille\/?s={search_term_string}"},"query-input":{"@type":"PropertyValueSpecification","valueRequired":true,"valueName":"search_term_string"}}],"inLanguage":"fi"},{"@type":"Organization","@id":"https:\/\/teknologiateollisuus.fi\/jasenille\/#organization","name":"Teknologiateollisuus - J\u00e4senille","url":"https:\/\/teknologiateollisuus.fi\/jasenille\/","logo":{"@type":"ImageObject","inLanguage":"fi","@id":"https:\/\/teknologiateollisuus.fi\/jasenille\/#\/schema\/logo\/image\/","url":"https:\/\/teknologiateollisuus.fi\/jasenille\/wp-content\/uploads\/sites\/1\/2023\/10\/placeholder.png","contentUrl":"https:\/\/teknologiateollisuus.fi\/jasenille\/wp-content\/uploads\/sites\/1\/2023\/10\/placeholder.png","width":2560,"height":1920,"caption":"Teknologiateollisuus - J\u00e4senille"},"image":{"@id":"https:\/\/teknologiateollisuus.fi\/jasenille\/#\/schema\/logo\/image\/"}}]}},"lang":"fi","translations":{"fi":31597},"pll_sync_post":{},"_links":{"self":[{"href":"https:\/\/teknologiateollisuus.fi\/jasenille\/wp-json\/wp\/v2\/events\/31597","targetHints":{"allow":["GET"]}}],"collection":[{"href":"https:\/\/teknologiateollisuus.fi\/jasenille\/wp-json\/wp\/v2\/events"}],"about":[{"href":"https:\/\/teknologiateollisuus.fi\/jasenille\/wp-json\/wp\/v2\/types\/em_event"}],"version-history":[{"count":16,"href":"https:\/\/teknologiateollisuus.fi\/jasenille\/wp-json\/wp\/v2\/events\/31597\/revisions"}],"predecessor-version":[{"id":31614,"href":"https:\/\/teknologiateollisuus.fi\/jasenille\/wp-json\/wp\/v2\/events\/31597\/revisions\/31614"}],"wp:featuredmedia":[{"embeddable":true,"href":"https:\/\/teknologiateollisuus.fi\/jasenille\/wp-json\/wp\/v2\/media\/3517"}],"wp:attachment":[{"href":"https:\/\/teknologiateollisuus.fi\/jasenille\/wp-json\/wp\/v2\/media?parent=31597"}],"wp:term":[{"taxonomy":"post_tag","embeddable":true,"href":"https:\/\/teknologiateollisuus.fi\/jasenille\/wp-json\/wp\/v2\/post_tag?post=31597"},{"taxonomy":"em_region","embeddable":true,"href":"https:\/\/teknologiateollisuus.fi\/jasenille\/wp-json\/wp\/v2\/em_region?post=31597"},{"taxonomy":"em_target_group","embeddable":true,"href":"https:\/\/teknologiateollisuus.fi\/jasenille\/wp-json\/wp\/v2\/em_target_group?post=31597"},{"taxonomy":"em_event_type","embeddable":true,"href":"https:\/\/teknologiateollisuus.fi\/jasenille\/wp-json\/wp\/v2\/em_event_type?post=31597"}],"curies":[{"name":"wp","href":"https:\/\/api.w.org\/{rel}","templated":true}]}}