{"id":3501,"date":"2024-01-12T14:51:11","date_gmt":"2024-01-12T12:51:11","guid":{"rendered":"https:\/\/teknologiateollisuus.fi\/jasenille\/?post_type=em_event&#038;p=3501"},"modified":"2024-09-10T13:24:53","modified_gmt":"2024-09-10T10:24:53","slug":"tyontekijoiden-palkkarakennekurssi-parake-2","status":"publish","type":"em_event","link":"https:\/\/teknologiateollisuus.fi\/jasenille\/tapahtumat\/tyontekijoiden-palkkarakennekurssi-parake-2\/","title":{"rendered":"Ty\u00f6ntekij\u00f6iden palkkarakennekurssi (parake)"},"content":{"rendered":"\n<h3 class=\"wp-block-heading\" id=\"tavoite\"><strong>Tavoite<\/strong><\/h3>\n\n\n\n<p class=\"mt-xs\">Kurssin k\u00e4yty\u00e4\u00e4n osallistuja hallitsee Teknologiateollisuuden ty\u00f6ntekij\u00f6iden ty\u00f6ehtosopimuksen palkkarakenteen m\u00e4\u00e4r\u00e4ykset ja niiden soveltamiseen liittyv\u00e4t n\u00e4k\u00f6kohdat oikeudenmukaisen ja kannustavan palkkauksen toteuttamisessa ja yll\u00e4pidossa.<\/p>\n\n\n\n<h3 class=\"wp-block-heading mt-xs\" id=\"kohderyhma\"><strong>Kohderyhm\u00e4<\/strong><\/h3>\n\n\n\n<p class=\"mt-xs\">Kurssi on tarkoitettu Teknologiateollisuuden ty\u00f6nantajat ry:n j\u00e4senyrityksiss\u00e4 niille ty\u00f6nantaja- ja ty\u00f6ntekij\u00e4puolen edustajille, jotka osallistuvat ty\u00f6ss\u00e4\u00e4n palkkarakenteen soveltamiseen ja yll\u00e4pitoon liittyvien asioiden hoitamiseen. Ty\u00f6nvaativuusty\u00f6ryhm\u00e4n toimintaan osallistuminen edellytt\u00e4\u00e4 palkkarakennekurssin k\u00e4ymist\u00e4, joten ty\u00f6paikalla on suositeltavaa keskustella koulutuksen tarpeesta ja huolehtia, ett\u00e4 ty\u00f6nvaativuusty\u00f6ryhm\u00e4n j\u00e4senet saavat liittojen yhteisen koulutuksen.<\/p>\n\n\n\n<h3 class=\"wp-block-heading mt-xs\" id=\"kurssin-paaaiheita-ovat\"><strong>Kurssin p\u00e4\u00e4aiheita ovat<\/strong><\/h3>\n\n\n\n<ul class=\"mt-xs wp-block-list\">\n<li>palkkauksen ja palkitsemisen periaatteita teknologiateollisuudessa<\/li>\n\n\n\n<li>ty\u00f6ntekij\u00e4n peruspalkan perusteet ja rakenne<\/li>\n\n\n\n<li>palkkarakenteen k\u00e4ytt\u00e4minen ja yll\u00e4pito.<\/li>\n<\/ul>\n\n\n\n<h3 class=\"wp-block-heading mt-xs\" id=\"kurssimaksu\"><strong>Kurssimaksu<\/strong><\/h3>\n\n\n\n<p class=\"mt-xs\">Teknologiateollisuuden ty\u00f6nantajat ry:n j\u00e4senille 350 \u20ac + alv.<br>Maksu sis\u00e4lt\u00e4\u00e4 koulutuksen ja koulutusaineiston lis\u00e4ksi ohjelman mukaiset tarjoilut.<br><br>Kurssi laskutetaan j\u00e4lkik\u00e4teen. Laskuttaja on Teknologiateollisuus ry:n omistama Teknologiainfo Teknova Oy (0111607-2). Osallistumismaksun voi maksaa my\u00f6s etuk\u00e4teen verkossa Paytrail-palvelun kautta.<\/p>\n\n\n\n<p><strong>Ilmoittautuminen 26.3.2024 menness\u00e4<\/strong>:<\/p>\n\n\n\n<div class=\"wp-block-buttons mt-xs is-layout-flex wp-block-buttons-is-layout-flex\">\n<div class=\"wp-block-button icon-right size-lg\"><a class=\"wp-block-button__link wp-element-button\" href=\"https:\/\/www.lyyti.in\/Parake_10_4_2024_Murikka\" target=\"_blank\" rel=\"noreferrer noopener\">Ilmoittaudu tapahtumaan<\/a><\/div>\n<\/div>\n\n\n\n<p>Tarkempia tietoja antavat Teknologiateollisuus ry:ss\u00e4 Jarmo Hutri (yhteystiedot alla) ja <br>Teollisuusliitto ry:ss\u00e4 Mirjami Suikki, puh. 020 7741106.<br>Koulutuksen j\u00e4rjestelyihin ja ilmoittautumiseen liittyv\u00e4t kysymykset: teknologiainfo.teknova@teknologiateollisuus.fi <\/p>\n\n\n\n<div class=\"wp-block-scb-columns scb-columns  has-mobile-behavior--stacked em-pattern-event-contacts\">\n<div class=\"wp-block-scb-column scb-column\">\n<h2 class=\"wp-block-heading\" id=\"lisatietoja\">Lis\u00e4tietoja<\/h2>\n\n\n\n<article class=\"em-block-contact-card is-style-list\">\n\n\t<div class=\"em-block-contact-card__image\">\n\t\t\t\t\t<img loading=\"lazy\" decoding=\"async\" width=\"300\" height=\"400\" src=\"https:\/\/teknologiateollisuus.fi\/jasenille\/wp-content\/uploads\/2024\/05\/phprtn69m.jpg\" class=\"attachment-portrait size-portrait\" alt=\"\" \/>\t\t\t<\/div>\n\t<div class=\"em-block-contact-card__content-wrapper\">\n\t\t<div class=\"em-block-contact-card__content\">\n\t\t\t\t\t\t\t<div class=\"em-block-contact-card__business-units\">\n\t\t\t\t\t\t\t\t\t\t\t<span class=\"em-block-contact-card__business-unit\">Ty\u00f6markkinat ja ty\u00f6el\u00e4m\u00e4n s\u00e4\u00e4ntely<\/span>\n\t\t\t\t\t\t\t\t\t<\/div>\n\t\t\t\t\t\t<h3 class=\"em-block-contact-card__title\"><a target=\"_self\" href=\"https:\/\/teknologiateollisuus.fi\/?p=1223\">Hutri Jarmo<\/a><\/h3>\n\t\t\t\t\t\t\t<span class=\"em-block-contact-card__job_title\">Ty\u00f6markkina-asiantuntija &#8211; Paikallinen sopiminen, yrityskohtaiset ty\u00f6ehdot ja lains\u00e4\u00e4d\u00e4nt\u00f6vaikuttaminen<\/span>\n\t\t\t\t\t\t\t\t\t\t<span class=\"em-block-contact-card__organisation\">Teknologiateollisuus ry<\/span>\n\t\t\t\t\t<\/div>\n\t\t<div class=\"em-block-contact-card__content\">\n\t\t\t\t\t\t<address class=\"em-block-contact-card__contact-details\">\n\t\t\t\t\t\t\t\t\t<span class=\"em-block-contact-card__phone\">\n\t\t\t\t\t\t<a href=\"tel:+358 405225245\">+358 405225245<\/a><\/a>\n\t\t\t\t\t<\/span>\n\t\t\t\t\t\t\t\t\t\t\t\t\t<span class=\"em-block-contact-card__email\">\n\t\t\t\t\t\t<a href=\"mailto:jarmo.hutri@teknologiateollisuus.fi\">jarmo.hutri@teknologiateollisuus.fi<\/a><\/a>\n\t\t\t\t\t<\/span>\n\t\t\t\t\t\t\t<\/address>\n\t\t\t\t\t<\/div>\n\t<\/div>\n\n<\/article>\n<\/div>\n<\/div>\n\n\n\n<div id=\"\" class=\"em-block-event-slider em-block-card-slider  has-posts\">\n\t<div class=\"em-block-card-slider__slider keen-slider show-overflow has-arrows has-dots\">\n\t\t\n<article class=\"em-block-event-card \">\n\t<a class=\"em-block-event-card__link\" href=\"https:\/\/teknologiateollisuus.fi\/jasenille\/tapahtumat\/kv-osaajien-rekrytointi-virtuaaliset-aamukahvit-3\/\" target=\"_self\">\n\t\t<div class=\"em-block-event-card__image-wrapper\">\n\t\t\t<div class=\"em-block-event-card__image\"><img loading=\"lazy\" decoding=\"async\" width=\"768\" height=\"512\" src=\"https:\/\/teknologiateollisuus.fi\/jasenille\/wp-content\/uploads\/sites\/1\/2024\/01\/Monimuotoisuus-2-768x512.jpg\" class=\"attachment-medium_large size-medium_large\" alt=\"K\u00e4si\u00e4 toistensa p\u00e4\u00e4ll\u00e4 yhteisty\u00f6n merkkin\u00e4, kuvituskuva.\" srcset=\"https:\/\/teknologiateollisuus.fi\/jasenille\/wp-content\/uploads\/sites\/1\/2024\/01\/Monimuotoisuus-2-768x512.jpg 768w, https:\/\/teknologiateollisuus.fi\/jasenille\/wp-content\/uploads\/sites\/1\/2024\/01\/Monimuotoisuus-2-400x267.jpg 400w, https:\/\/teknologiateollisuus.fi\/jasenille\/wp-content\/uploads\/sites\/1\/2024\/01\/Monimuotoisuus-2-800x534.jpg 800w, https:\/\/teknologiateollisuus.fi\/jasenille\/wp-content\/uploads\/sites\/1\/2024\/01\/Monimuotoisuus-2-1536x1025.jpg 1536w, https:\/\/teknologiateollisuus.fi\/jasenille\/wp-content\/uploads\/sites\/1\/2024\/01\/Monimuotoisuus-2-1300x867.jpg 1300w, https:\/\/teknologiateollisuus.fi\/jasenille\/wp-content\/uploads\/sites\/1\/2024\/01\/Monimuotoisuus-2-1440x961.jpg 1440w, https:\/\/teknologiateollisuus.fi\/jasenille\/wp-content\/uploads\/sites\/1\/2024\/01\/Monimuotoisuus-2.jpg 1920w\" sizes=\"auto, (max-width: 768px) 100vw, 768px\" \/><\/div>\n\t\t<\/div>\n\t\t<div class=\"em-block-event-card__content\">\n\t\t\t\t\t\t\t\t\t\t<div class=\"em-block-event-card__tags\">\n\t\t\t\t\t\t\t\t\t\t\t<span class=\"em-block-event-card__tag\">Kansainv\u00e4liset osaajat<\/span>\n\t\t\t\t\t\t\t\t\t\t\t<span class=\"em-block-event-card__tag\">Ty\u00f6el\u00e4m\u00e4<\/span>\n\t\t\t\t\t\t\t\t\t<\/div>\n\t\t\t\t\t\t<h3 class=\"em-block-event-card__title\">Kv-osaajien rekrytointi \u2013 virtuaaliset aamukahvit<\/h3>\n\t\t\t\t\t\t\t<div class=\"em-block-event-card__categories\">\n\t\t\t\t\t\t\t\t\t\t\t<span class=\"em-block-event-card__category\">Webinaarit<\/span>\n\t\t\t\t\t\t\t\t\t<\/div>\n\t\t\t\t\t\t<div class=\"em-block-event-card__footer\">\n\t\t\t\t<div class=\"em-block-event-card__date\">\n\t\t\t\t\t<div class=\"event-date\">\n\t\t\t\t\t\t<time datetime=\"7.5.2026 09:00\"><span>7.5.2026<\/span> at 09:00<\/time> &#8211; <time datetime=\"7.5.2026 09:45\">09:45<\/time>\t\t\t\t\t<\/div>\n\t\t\t\t<\/div>\n\t\t\t\t\t\t\t\t\t<div class=\"em-block-event-card__location\">\n\t\t\t\t\t\t<div class=\"event-location\">\n\t\t\t\t\t\t\tTeams\t\t\t\t\t\t<\/div>\n\t\t\t\t\t<\/div>\n\t\t\t\t\t\t\t<\/div>\n\t\t<\/div>\n\t<\/a>\n<\/article>\n\n<article class=\"em-block-event-card \">\n\t<a class=\"em-block-event-card__link\" href=\"https:\/\/teknologiateollisuus.fi\/jasenille\/tapahtumat\/tekno-infot-teknologiateollisuuden-jasenyrityksille\/\" target=\"_self\">\n\t\t<div class=\"em-block-event-card__image-wrapper\">\n\t\t\t<div class=\"em-block-event-card__image\"><img loading=\"lazy\" decoding=\"async\" width=\"768\" height=\"512\" src=\"https:\/\/teknologiateollisuus.fi\/jasenille\/wp-content\/uploads\/sites\/1\/2024\/01\/Teknoinfo-kuva-768x512.jpg\" class=\"attachment-medium_large size-medium_large\" alt=\"\" srcset=\"https:\/\/teknologiateollisuus.fi\/jasenille\/wp-content\/uploads\/sites\/1\/2024\/01\/Teknoinfo-kuva-768x512.jpg 768w, https:\/\/teknologiateollisuus.fi\/jasenille\/wp-content\/uploads\/sites\/1\/2024\/01\/Teknoinfo-kuva-400x267.jpg 400w, https:\/\/teknologiateollisuus.fi\/jasenille\/wp-content\/uploads\/sites\/1\/2024\/01\/Teknoinfo-kuva-800x533.jpg 800w, https:\/\/teknologiateollisuus.fi\/jasenille\/wp-content\/uploads\/sites\/1\/2024\/01\/Teknoinfo-kuva-1536x1024.jpg 1536w, https:\/\/teknologiateollisuus.fi\/jasenille\/wp-content\/uploads\/sites\/1\/2024\/01\/Teknoinfo-kuva-1300x867.jpg 1300w, https:\/\/teknologiateollisuus.fi\/jasenille\/wp-content\/uploads\/sites\/1\/2024\/01\/Teknoinfo-kuva-1440x960.jpg 1440w, https:\/\/teknologiateollisuus.fi\/jasenille\/wp-content\/uploads\/sites\/1\/2024\/01\/Teknoinfo-kuva.jpg 1920w\" sizes=\"auto, (max-width: 768px) 100vw, 768px\" \/><\/div>\n\t\t<\/div>\n\t\t<div class=\"em-block-event-card__content\">\n\t\t\t\t\t\t\t\t\t\t<div class=\"em-block-event-card__tags\">\n\t\t\t\t\t\t\t\t\t\t\t<span class=\"em-block-event-card__tag\">Talous<\/span>\n\t\t\t\t\t\t\t\t\t\t\t<span class=\"em-block-event-card__tag\">Ty\u00f6el\u00e4m\u00e4<\/span>\n\t\t\t\t\t\t\t\t\t<\/div>\n\t\t\t\t\t\t<h3 class=\"em-block-event-card__title\">Teknoinfo j\u00e4senille<\/h3>\n\t\t\t\t\t\t\t<div class=\"em-block-event-card__categories\">\n\t\t\t\t\t\t\t\t\t\t\t<span class=\"em-block-event-card__category\">Infotilaisuudet<\/span>\n\t\t\t\t\t\t\t\t\t\t\t<span class=\"em-block-event-card__category\">Webinaarit<\/span>\n\t\t\t\t\t\t\t\t\t<\/div>\n\t\t\t\t\t\t<div class=\"em-block-event-card__footer\">\n\t\t\t\t<div class=\"em-block-event-card__date\">\n\t\t\t\t\t<div class=\"event-date\">\n\t\t\t\t\t\t<time datetime=\"8.5.2026 09:00\"><span>8.5.2026<\/span> at 09:00<\/time> &#8211; <time datetime=\"31.12.2026 10:00\"><span>31.12.2026<\/span> at 10:00<\/time>\t\t\t\t\t<\/div>\n\t\t\t\t<\/div>\n\t\t\t\t\t\t\t\t\t<div class=\"em-block-event-card__location\">\n\t\t\t\t\t\t<div class=\"event-location\">\n\t\t\t\t\t\t\tTeams\t\t\t\t\t\t<\/div>\n\t\t\t\t\t<\/div>\n\t\t\t\t\t\t\t<\/div>\n\t\t<\/div>\n\t<\/a>\n<\/article>\n\n<article class=\"em-block-event-card \">\n\t<a class=\"em-block-event-card__link\" href=\"https:\/\/teknologiateollisuus.fi\/jasenille\/tapahtumat\/paikallinen-sopiminen-ja-yrityskohtainen-tyoehtosopimus-perusteet-ja-mahdollisuudet\/\" target=\"_self\">\n\t\t<div class=\"em-block-event-card__image-wrapper\">\n\t\t\t<div class=\"em-block-event-card__image\"><img loading=\"lazy\" decoding=\"async\" width=\"768\" height=\"512\" src=\"https:\/\/teknologiateollisuus.fi\/jasenille\/wp-content\/uploads\/sites\/1\/2024\/06\/Teknotyonantajat-iStock_17-768x512.jpg\" class=\"attachment-medium_large size-medium_large\" alt=\"\" srcset=\"https:\/\/teknologiateollisuus.fi\/jasenille\/wp-content\/uploads\/sites\/1\/2024\/06\/Teknotyonantajat-iStock_17-768x512.jpg 768w, https:\/\/teknologiateollisuus.fi\/jasenille\/wp-content\/uploads\/sites\/1\/2024\/06\/Teknotyonantajat-iStock_17-400x267.jpg 400w, https:\/\/teknologiateollisuus.fi\/jasenille\/wp-content\/uploads\/sites\/1\/2024\/06\/Teknotyonantajat-iStock_17-800x533.jpg 800w, https:\/\/teknologiateollisuus.fi\/jasenille\/wp-content\/uploads\/sites\/1\/2024\/06\/Teknotyonantajat-iStock_17-1536x1024.jpg 1536w, https:\/\/teknologiateollisuus.fi\/jasenille\/wp-content\/uploads\/sites\/1\/2024\/06\/Teknotyonantajat-iStock_17-1300x867.jpg 1300w, https:\/\/teknologiateollisuus.fi\/jasenille\/wp-content\/uploads\/sites\/1\/2024\/06\/Teknotyonantajat-iStock_17-1440x960.jpg 1440w, https:\/\/teknologiateollisuus.fi\/jasenille\/wp-content\/uploads\/sites\/1\/2024\/06\/Teknotyonantajat-iStock_17.jpg 1920w\" sizes=\"auto, (max-width: 768px) 100vw, 768px\" \/><\/div>\n\t\t<\/div>\n\t\t<div class=\"em-block-event-card__content\">\n\t\t\t\t\t\t\t\t\t\t<div class=\"em-block-event-card__tags\">\n\t\t\t\t\t\t\t\t\t\t\t<span class=\"em-block-event-card__tag\">Ty\u00f6markkinat<\/span>\n\t\t\t\t\t\t\t\t\t<\/div>\n\t\t\t\t\t\t<h3 class=\"em-block-event-card__title\">Paikallinen sopiminen ja yrityskohtainen ty\u00f6ehtosopimus \u2013 perusteet ja mahdollisuudet<\/h3>\n\t\t\t\t\t\t\t<div class=\"em-block-event-card__categories\">\n\t\t\t\t\t\t\t\t\t\t\t<span class=\"em-block-event-card__category\">Webinaarit<\/span>\n\t\t\t\t\t\t\t\t\t<\/div>\n\t\t\t\t\t\t<div class=\"em-block-event-card__footer\">\n\t\t\t\t<div class=\"em-block-event-card__date\">\n\t\t\t\t\t<div class=\"event-date\">\n\t\t\t\t\t\t<time datetime=\"11.5.2026 14:00\"><span>11.5.2026<\/span> at 14:00 &#8211; <time datetime=\" 15:00\">15:00<\/time>\t\t\t\t\t<\/div>\n\t\t\t\t<\/div>\n\t\t\t\t\t\t\t\t\t<div class=\"em-block-event-card__location\">\n\t\t\t\t\t\t<div class=\"event-location\">\n\t\t\t\t\t\t\tTeams\t\t\t\t\t\t<\/div>\n\t\t\t\t\t<\/div>\n\t\t\t\t\t\t\t<\/div>\n\t\t<\/div>\n\t<\/a>\n<\/article>\n\n<article class=\"em-block-event-card \">\n\t<a class=\"em-block-event-card__link\" href=\"https:\/\/teknologiateollisuus.fi\/jasenille\/tapahtumat\/tyontekijoiden-palkkarakennekurssi-parake-10\/\" target=\"_self\">\n\t\t<div class=\"em-block-event-card__image-wrapper\">\n\t\t\t<div class=\"em-block-event-card__image\"><img loading=\"lazy\" decoding=\"async\" width=\"768\" height=\"512\" src=\"https:\/\/teknologiateollisuus.fi\/jasenille\/wp-content\/uploads\/sites\/1\/2023\/12\/Kuvituskuva-koulutus-768x512.jpg\" class=\"attachment-medium_large size-medium_large\" alt=\"Ihmisi\u00e4 kokoushuoneen lasin l\u00e4pi kuvattuna, kuvituskuva.\" srcset=\"https:\/\/teknologiateollisuus.fi\/jasenille\/wp-content\/uploads\/sites\/1\/2023\/12\/Kuvituskuva-koulutus-768x512.jpg 768w, https:\/\/teknologiateollisuus.fi\/jasenille\/wp-content\/uploads\/sites\/1\/2023\/12\/Kuvituskuva-koulutus-400x267.jpg 400w, https:\/\/teknologiateollisuus.fi\/jasenille\/wp-content\/uploads\/sites\/1\/2023\/12\/Kuvituskuva-koulutus-800x533.jpg 800w, https:\/\/teknologiateollisuus.fi\/jasenille\/wp-content\/uploads\/sites\/1\/2023\/12\/Kuvituskuva-koulutus-1536x1024.jpg 1536w, https:\/\/teknologiateollisuus.fi\/jasenille\/wp-content\/uploads\/sites\/1\/2023\/12\/Kuvituskuva-koulutus-1300x867.jpg 1300w, https:\/\/teknologiateollisuus.fi\/jasenille\/wp-content\/uploads\/sites\/1\/2023\/12\/Kuvituskuva-koulutus-1440x960.jpg 1440w, https:\/\/teknologiateollisuus.fi\/jasenille\/wp-content\/uploads\/sites\/1\/2023\/12\/Kuvituskuva-koulutus.jpg 1920w\" sizes=\"auto, (max-width: 768px) 100vw, 768px\" \/><\/div>\n\t\t<\/div>\n\t\t<div class=\"em-block-event-card__content\">\n\t\t\t\t\t\t\t\t\t\t<div class=\"em-block-event-card__tags\">\n\t\t\t\t\t\t\t\t\t\t\t<span class=\"em-block-event-card__tag\">Ty\u00f6el\u00e4m\u00e4<\/span>\n\t\t\t\t\t\t\t\t\t\t\t<span class=\"em-block-event-card__tag\">Ty\u00f6markkinat<\/span>\n\t\t\t\t\t\t\t\t\t<\/div>\n\t\t\t\t\t\t<h3 class=\"em-block-event-card__title\">Ty\u00f6ntekij\u00f6iden palkkarakennekurssi (parake)<\/h3>\n\t\t\t\t\t\t\t<div class=\"em-block-event-card__categories\">\n\t\t\t\t\t\t\t\t\t\t\t<span class=\"em-block-event-card__category\">Koulutukset<\/span>\n\t\t\t\t\t\t\t\t\t<\/div>\n\t\t\t\t\t\t<div class=\"em-block-event-card__footer\">\n\t\t\t\t<div class=\"em-block-event-card__date\">\n\t\t\t\t\t<div class=\"event-date\">\n\t\t\t\t\t\t<time datetime=\"12.5.2026 09:00\"><span>12.5.2026<\/span> at 09:00<\/time> &#8211; <time datetime=\"12.5.2026 16:00\">16:00<\/time>\t\t\t\t\t<\/div>\n\t\t\t\t<\/div>\n\t\t\t\t\t\t\t\t\t<div class=\"em-block-event-card__location\">\n\t\t\t\t\t\t<div class=\"event-location\">\n\t\t\t\t\t\t\tRadisson Blu Hotel Oulu\t\t\t\t\t\t<\/div>\n\t\t\t\t\t<\/div>\n\t\t\t\t\t\t\t<\/div>\n\t\t<\/div>\n\t<\/a>\n<\/article>\n\n<article class=\"em-block-event-card \">\n\t<a class=\"em-block-event-card__link\" href=\"https:\/\/teknologiateollisuus.fi\/jasenille\/tapahtumat\/suunnittelu-ja-konsulttialan-toimihenkiloiden-palkkausjarjestelmakoulutus\/\" target=\"_self\">\n\t\t<div class=\"em-block-event-card__image-wrapper\">\n\t\t\t<div class=\"em-block-event-card__image\"><img loading=\"lazy\" decoding=\"async\" width=\"768\" height=\"512\" src=\"https:\/\/teknologiateollisuus.fi\/jasenille\/wp-content\/uploads\/sites\/1\/2023\/12\/Kuvituskuva-koulutus-768x512.jpg\" class=\"attachment-medium_large size-medium_large\" alt=\"Ihmisi\u00e4 kokoushuoneen lasin l\u00e4pi kuvattuna, kuvituskuva.\" srcset=\"https:\/\/teknologiateollisuus.fi\/jasenille\/wp-content\/uploads\/sites\/1\/2023\/12\/Kuvituskuva-koulutus-768x512.jpg 768w, https:\/\/teknologiateollisuus.fi\/jasenille\/wp-content\/uploads\/sites\/1\/2023\/12\/Kuvituskuva-koulutus-400x267.jpg 400w, https:\/\/teknologiateollisuus.fi\/jasenille\/wp-content\/uploads\/sites\/1\/2023\/12\/Kuvituskuva-koulutus-800x533.jpg 800w, https:\/\/teknologiateollisuus.fi\/jasenille\/wp-content\/uploads\/sites\/1\/2023\/12\/Kuvituskuva-koulutus-1536x1024.jpg 1536w, https:\/\/teknologiateollisuus.fi\/jasenille\/wp-content\/uploads\/sites\/1\/2023\/12\/Kuvituskuva-koulutus-1300x867.jpg 1300w, https:\/\/teknologiateollisuus.fi\/jasenille\/wp-content\/uploads\/sites\/1\/2023\/12\/Kuvituskuva-koulutus-1440x960.jpg 1440w, https:\/\/teknologiateollisuus.fi\/jasenille\/wp-content\/uploads\/sites\/1\/2023\/12\/Kuvituskuva-koulutus.jpg 1920w\" sizes=\"auto, (max-width: 768px) 100vw, 768px\" \/><\/div>\n\t\t<\/div>\n\t\t<div class=\"em-block-event-card__content\">\n\t\t\t\t\t\t\t\t\t\t<div class=\"em-block-event-card__tags\">\n\t\t\t\t\t\t\t\t\t\t\t<span class=\"em-block-event-card__tag\">Ty\u00f6el\u00e4m\u00e4<\/span>\n\t\t\t\t\t\t\t\t\t\t\t<span class=\"em-block-event-card__tag\">Ty\u00f6markkinat<\/span>\n\t\t\t\t\t\t\t\t\t<\/div>\n\t\t\t\t\t\t<h3 class=\"em-block-event-card__title\">Suunnittelu- ja konsulttialan toimihenkil\u00f6iden palkkausj\u00e4rjestelm\u00e4koulutus<\/h3>\n\t\t\t\t\t\t\t<div class=\"em-block-event-card__categories\">\n\t\t\t\t\t\t\t\t\t\t\t<span class=\"em-block-event-card__category\">Koulutukset<\/span>\n\t\t\t\t\t\t\t\t\t<\/div>\n\t\t\t\t\t\t<div class=\"em-block-event-card__footer\">\n\t\t\t\t<div class=\"em-block-event-card__date\">\n\t\t\t\t\t<div class=\"event-date\">\n\t\t\t\t\t\t<time datetime=\"12.5.2026 11:00\"><span>12.5.2026<\/span> at 11:00<\/time> &#8211; <time datetime=\"12.5.2026 16:00\">16:00<\/time>\t\t\t\t\t<\/div>\n\t\t\t\t<\/div>\n\t\t\t\t\t\t\t\t\t<div class=\"em-block-event-card__location\">\n\t\t\t\t\t\t<div class=\"event-location\">\n\t\t\t\t\t\t\tScandic Tampere Koskipuisto\t\t\t\t\t\t<\/div>\n\t\t\t\t\t<\/div>\n\t\t\t\t\t\t\t<\/div>\n\t\t<\/div>\n\t<\/a>\n<\/article>\n\t<\/div>\n<\/div>\n","protected":false},"excerpt":{"rendered":"<p>Kannustava ja oikeudenmukainen palkkaus on yrityksen menestystekij\u00e4.<br \/>\nPalkkarakenne ja sen pit\u00e4minen ajan tasalla ovat puolestaan palkkauksen kulmakivi\u00e4.<br \/>\nKurssilla k\u00e4sitell\u00e4\u00e4n Teknologiateollisuuden ty\u00f6nantajat ry:n ja Teollisuusliitto ry:n v\u00e4lill\u00e4 solmitun Teknologiateollisuuden ty\u00f6ntekij\u00f6iden ty\u00f6ehtosopimuksen palkkarakennetta (parake).<\/p>\n","protected":false},"featured_media":2030,"template":"","meta":{"_acf_changed":false,"_relevanssi_hide_post":"","_relevanssi_hide_content":"","_relevanssi_pin_for_all":"","_relevanssi_pin_keywords":"","_relevanssi_unpin_keywords":"","_relevanssi_related_keywords":"","_relevanssi_related_include_ids":"","_relevanssi_related_exclude_ids":"","_relevanssi_related_no_append":"","_relevanssi_related_not_related":"","_relevanssi_related_posts":"168,169,167,166,1417,165","_relevanssi_noindex_reason":"","inline_featured_image":false,"growthstack-ab-test":[],"growthstack-ab-test-views":[],"footnotes":""},"post_tag":[75,23],"em_region":[45],"em_target_group":[],"em_event_type":[31],"class_list":["post-3501","em_event","type-em_event","status-publish","has-post-thumbnail","hentry","tag-tyoelama","tag-tyomarkkinat","em_region-pirkanmaa","em_event_type-koulutukset"],"acf":{"event_start_date":"20240410","event_end_date":"20240410","event_start_time":"09:00:00","event_end_time":"16:00:00","location":"Murikka-opisto, Ter\u00e4lahti","address":"Kuterintie 226, 34260 Ter\u00e4lahti","registration":"https:\/\/www.lyyti.in\/Parake_10_4_2024_Murikka","files":null,"links":null,"locked":false},"yoast_head":"<!-- This site is optimized with the Yoast SEO Premium plugin v27.1 (Yoast SEO v27.5) - https:\/\/yoast.com\/product\/yoast-seo-premium-wordpress\/ -->\n<title>Ty\u00f6ntekij\u00f6iden palkkarakennekurssi (parake) - Teknologiateollisuus - J\u00e4senille<\/title>\n<meta name=\"description\" content=\"Teknologiateollisuuden ty\u00f6nantajat ry ja Teollisuusliitto ry j\u00e4rjest\u00e4v\u00e4t ty\u00f6ntekij\u00f6iden palkkarakennekurssin 10.4.2024. Lue lis\u00e4\u00e4!\" \/>\n<meta name=\"robots\" content=\"index, follow, max-snippet:-1, max-image-preview:large, max-video-preview:-1\" \/>\n<link rel=\"canonical\" href=\"https:\/\/teknologiateollisuus.fi\/jasenille\/tapahtumat\/tyontekijoiden-palkkarakennekurssi-parake-2\/\" \/>\n<meta property=\"og:locale\" content=\"fi_FI\" \/>\n<meta property=\"og:type\" content=\"article\" \/>\n<meta property=\"og:title\" content=\"Ty\u00f6ntekij\u00f6iden palkkarakennekurssi (parake)\" \/>\n<meta property=\"og:description\" content=\"Teknologiateollisuuden ty\u00f6nantajat ry ja Teollisuusliitto ry j\u00e4rjest\u00e4v\u00e4t ty\u00f6ntekij\u00f6iden palkkarakennekurssin 10.4.2024. Lue lis\u00e4\u00e4!\" \/>\n<meta property=\"og:url\" content=\"https:\/\/teknologiateollisuus.fi\/jasenille\/tapahtumat\/tyontekijoiden-palkkarakennekurssi-parake-2\/\" \/>\n<meta property=\"og:site_name\" content=\"Teknologiateollisuus - J\u00e4senille\" \/>\n<meta property=\"article:modified_time\" content=\"2024-09-10T10:24:53+00:00\" \/>\n<meta property=\"og:image\" content=\"https:\/\/teknologiateollisuus.fi\/jasenille\/wp-content\/uploads\/sites\/1\/2023\/12\/Kuvituskuva-koulutus.jpg\" \/>\n\t<meta property=\"og:image:width\" content=\"1920\" \/>\n\t<meta property=\"og:image:height\" content=\"1280\" \/>\n\t<meta property=\"og:image:type\" content=\"image\/jpeg\" \/>\n<meta name=\"twitter:card\" content=\"summary_large_image\" \/>\n<meta name=\"twitter:label1\" content=\"Arvioitu lukuaika\" \/>\n\t<meta name=\"twitter:data1\" content=\"2 minuuttia\" \/>\n<script type=\"application\/ld+json\" class=\"yoast-schema-graph\">{\"@context\":\"https:\\\/\\\/schema.org\",\"@graph\":[{\"@type\":\"WebPage\",\"@id\":\"https:\\\/\\\/teknologiateollisuus.fi\\\/jasenille\\\/tapahtumat\\\/tyontekijoiden-palkkarakennekurssi-parake-2\\\/\",\"url\":\"https:\\\/\\\/teknologiateollisuus.fi\\\/jasenille\\\/tapahtumat\\\/tyontekijoiden-palkkarakennekurssi-parake-2\\\/\",\"name\":\"Ty\u00f6ntekij\u00f6iden palkkarakennekurssi (parake) - Teknologiateollisuus - J\u00e4senille\",\"isPartOf\":{\"@id\":\"https:\\\/\\\/teknologiateollisuus.fi\\\/jasenille\\\/#website\"},\"primaryImageOfPage\":{\"@id\":\"https:\\\/\\\/teknologiateollisuus.fi\\\/jasenille\\\/tapahtumat\\\/tyontekijoiden-palkkarakennekurssi-parake-2\\\/#primaryimage\"},\"image\":{\"@id\":\"https:\\\/\\\/teknologiateollisuus.fi\\\/jasenille\\\/tapahtumat\\\/tyontekijoiden-palkkarakennekurssi-parake-2\\\/#primaryimage\"},\"thumbnailUrl\":\"https:\\\/\\\/teknologiateollisuus.fi\\\/jasenille\\\/wp-content\\\/uploads\\\/sites\\\/1\\\/2023\\\/12\\\/Kuvituskuva-koulutus.jpg\",\"datePublished\":\"2024-01-12T12:51:11+00:00\",\"dateModified\":\"2024-09-10T10:24:53+00:00\",\"description\":\"Teknologiateollisuuden ty\u00f6nantajat ry ja Teollisuusliitto ry j\u00e4rjest\u00e4v\u00e4t ty\u00f6ntekij\u00f6iden palkkarakennekurssin 10.4.2024. Lue lis\u00e4\u00e4!\",\"breadcrumb\":{\"@id\":\"https:\\\/\\\/teknologiateollisuus.fi\\\/jasenille\\\/tapahtumat\\\/tyontekijoiden-palkkarakennekurssi-parake-2\\\/#breadcrumb\"},\"inLanguage\":\"fi\",\"potentialAction\":[{\"@type\":\"ReadAction\",\"target\":[\"https:\\\/\\\/teknologiateollisuus.fi\\\/jasenille\\\/tapahtumat\\\/tyontekijoiden-palkkarakennekurssi-parake-2\\\/\"]}]},{\"@type\":\"ImageObject\",\"inLanguage\":\"fi\",\"@id\":\"https:\\\/\\\/teknologiateollisuus.fi\\\/jasenille\\\/tapahtumat\\\/tyontekijoiden-palkkarakennekurssi-parake-2\\\/#primaryimage\",\"url\":\"https:\\\/\\\/teknologiateollisuus.fi\\\/jasenille\\\/wp-content\\\/uploads\\\/sites\\\/1\\\/2023\\\/12\\\/Kuvituskuva-koulutus.jpg\",\"contentUrl\":\"https:\\\/\\\/teknologiateollisuus.fi\\\/jasenille\\\/wp-content\\\/uploads\\\/sites\\\/1\\\/2023\\\/12\\\/Kuvituskuva-koulutus.jpg\",\"width\":1920,\"height\":1280,\"caption\":\"Ihmisi\u00e4 kokoushuoneen lasin l\u00e4pi kuvattuna, kuvituskuva.\"},{\"@type\":\"BreadcrumbList\",\"@id\":\"https:\\\/\\\/teknologiateollisuus.fi\\\/jasenille\\\/tapahtumat\\\/tyontekijoiden-palkkarakennekurssi-parake-2\\\/#breadcrumb\",\"itemListElement\":[{\"@type\":\"ListItem\",\"position\":1,\"name\":\"Home\",\"item\":\"https:\\\/\\\/teknologiateollisuus.fi\\\/jasenille\\\/\"},{\"@type\":\"ListItem\",\"position\":2,\"name\":\"Ajankohtaista\",\"item\":\"https:\\\/\\\/teknologiateollisuus.fi\\\/jasenille\\\/ajankohtaista\\\/\"},{\"@type\":\"ListItem\",\"position\":3,\"name\":\"Tapahtumat ja koulutukset\",\"item\":\"https:\\\/\\\/teknologiateollisuus.fi\\\/jasenille\\\/palvelut\\\/tapahtumat-ja-koulutukset\\\/\"},{\"@type\":\"ListItem\",\"position\":4,\"name\":\"Ty\u00f6ntekij\u00f6iden palkkarakennekurssi (parake)\"}]},{\"@type\":\"WebSite\",\"@id\":\"https:\\\/\\\/teknologiateollisuus.fi\\\/jasenille\\\/#website\",\"url\":\"https:\\\/\\\/teknologiateollisuus.fi\\\/jasenille\\\/\",\"name\":\"Teknologiateollisuus - J\u00e4senille\",\"description\":\"\",\"publisher\":{\"@id\":\"https:\\\/\\\/teknologiateollisuus.fi\\\/jasenille\\\/#organization\"},\"potentialAction\":[{\"@type\":\"SearchAction\",\"target\":{\"@type\":\"EntryPoint\",\"urlTemplate\":\"https:\\\/\\\/teknologiateollisuus.fi\\\/jasenille\\\/?s={search_term_string}\"},\"query-input\":{\"@type\":\"PropertyValueSpecification\",\"valueRequired\":true,\"valueName\":\"search_term_string\"}}],\"inLanguage\":\"fi\"},{\"@type\":\"Organization\",\"@id\":\"https:\\\/\\\/teknologiateollisuus.fi\\\/jasenille\\\/#organization\",\"name\":\"Teknologiateollisuus - J\u00e4senille\",\"url\":\"https:\\\/\\\/teknologiateollisuus.fi\\\/jasenille\\\/\",\"logo\":{\"@type\":\"ImageObject\",\"inLanguage\":\"fi\",\"@id\":\"https:\\\/\\\/teknologiateollisuus.fi\\\/jasenille\\\/#\\\/schema\\\/logo\\\/image\\\/\",\"url\":\"https:\\\/\\\/teknologiateollisuus.fi\\\/jasenille\\\/wp-content\\\/uploads\\\/sites\\\/1\\\/2023\\\/10\\\/placeholder.png\",\"contentUrl\":\"https:\\\/\\\/teknologiateollisuus.fi\\\/jasenille\\\/wp-content\\\/uploads\\\/sites\\\/1\\\/2023\\\/10\\\/placeholder.png\",\"width\":2560,\"height\":1920,\"caption\":\"Teknologiateollisuus - J\u00e4senille\"},\"image\":{\"@id\":\"https:\\\/\\\/teknologiateollisuus.fi\\\/jasenille\\\/#\\\/schema\\\/logo\\\/image\\\/\"}}]}<\/script>\n<!-- \/ Yoast SEO Premium plugin. -->","yoast_head_json":{"title":"Ty\u00f6ntekij\u00f6iden palkkarakennekurssi (parake) - Teknologiateollisuus - J\u00e4senille","description":"Teknologiateollisuuden ty\u00f6nantajat ry ja Teollisuusliitto ry j\u00e4rjest\u00e4v\u00e4t ty\u00f6ntekij\u00f6iden palkkarakennekurssin 10.4.2024. Lue lis\u00e4\u00e4!","robots":{"index":"index","follow":"follow","max-snippet":"max-snippet:-1","max-image-preview":"max-image-preview:large","max-video-preview":"max-video-preview:-1"},"canonical":"https:\/\/teknologiateollisuus.fi\/jasenille\/tapahtumat\/tyontekijoiden-palkkarakennekurssi-parake-2\/","og_locale":"fi_FI","og_type":"article","og_title":"Ty\u00f6ntekij\u00f6iden palkkarakennekurssi (parake)","og_description":"Teknologiateollisuuden ty\u00f6nantajat ry ja Teollisuusliitto ry j\u00e4rjest\u00e4v\u00e4t ty\u00f6ntekij\u00f6iden palkkarakennekurssin 10.4.2024. Lue lis\u00e4\u00e4!","og_url":"https:\/\/teknologiateollisuus.fi\/jasenille\/tapahtumat\/tyontekijoiden-palkkarakennekurssi-parake-2\/","og_site_name":"Teknologiateollisuus - J\u00e4senille","article_modified_time":"2024-09-10T10:24:53+00:00","og_image":[{"width":1920,"height":1280,"url":"https:\/\/teknologiateollisuus.fi\/jasenille\/wp-content\/uploads\/sites\/1\/2023\/12\/Kuvituskuva-koulutus.jpg","type":"image\/jpeg"}],"twitter_card":"summary_large_image","twitter_misc":{"Arvioitu lukuaika":"2 minuuttia"},"schema":{"@context":"https:\/\/schema.org","@graph":[{"@type":"WebPage","@id":"https:\/\/teknologiateollisuus.fi\/jasenille\/tapahtumat\/tyontekijoiden-palkkarakennekurssi-parake-2\/","url":"https:\/\/teknologiateollisuus.fi\/jasenille\/tapahtumat\/tyontekijoiden-palkkarakennekurssi-parake-2\/","name":"Ty\u00f6ntekij\u00f6iden palkkarakennekurssi (parake) - Teknologiateollisuus - J\u00e4senille","isPartOf":{"@id":"https:\/\/teknologiateollisuus.fi\/jasenille\/#website"},"primaryImageOfPage":{"@id":"https:\/\/teknologiateollisuus.fi\/jasenille\/tapahtumat\/tyontekijoiden-palkkarakennekurssi-parake-2\/#primaryimage"},"image":{"@id":"https:\/\/teknologiateollisuus.fi\/jasenille\/tapahtumat\/tyontekijoiden-palkkarakennekurssi-parake-2\/#primaryimage"},"thumbnailUrl":"https:\/\/teknologiateollisuus.fi\/jasenille\/wp-content\/uploads\/sites\/1\/2023\/12\/Kuvituskuva-koulutus.jpg","datePublished":"2024-01-12T12:51:11+00:00","dateModified":"2024-09-10T10:24:53+00:00","description":"Teknologiateollisuuden ty\u00f6nantajat ry ja Teollisuusliitto ry j\u00e4rjest\u00e4v\u00e4t ty\u00f6ntekij\u00f6iden palkkarakennekurssin 10.4.2024. Lue lis\u00e4\u00e4!","breadcrumb":{"@id":"https:\/\/teknologiateollisuus.fi\/jasenille\/tapahtumat\/tyontekijoiden-palkkarakennekurssi-parake-2\/#breadcrumb"},"inLanguage":"fi","potentialAction":[{"@type":"ReadAction","target":["https:\/\/teknologiateollisuus.fi\/jasenille\/tapahtumat\/tyontekijoiden-palkkarakennekurssi-parake-2\/"]}]},{"@type":"ImageObject","inLanguage":"fi","@id":"https:\/\/teknologiateollisuus.fi\/jasenille\/tapahtumat\/tyontekijoiden-palkkarakennekurssi-parake-2\/#primaryimage","url":"https:\/\/teknologiateollisuus.fi\/jasenille\/wp-content\/uploads\/sites\/1\/2023\/12\/Kuvituskuva-koulutus.jpg","contentUrl":"https:\/\/teknologiateollisuus.fi\/jasenille\/wp-content\/uploads\/sites\/1\/2023\/12\/Kuvituskuva-koulutus.jpg","width":1920,"height":1280,"caption":"Ihmisi\u00e4 kokoushuoneen lasin l\u00e4pi kuvattuna, kuvituskuva."},{"@type":"BreadcrumbList","@id":"https:\/\/teknologiateollisuus.fi\/jasenille\/tapahtumat\/tyontekijoiden-palkkarakennekurssi-parake-2\/#breadcrumb","itemListElement":[{"@type":"ListItem","position":1,"name":"Home","item":"https:\/\/teknologiateollisuus.fi\/jasenille\/"},{"@type":"ListItem","position":2,"name":"Ajankohtaista","item":"https:\/\/teknologiateollisuus.fi\/jasenille\/ajankohtaista\/"},{"@type":"ListItem","position":3,"name":"Tapahtumat ja koulutukset","item":"https:\/\/teknologiateollisuus.fi\/jasenille\/palvelut\/tapahtumat-ja-koulutukset\/"},{"@type":"ListItem","position":4,"name":"Ty\u00f6ntekij\u00f6iden palkkarakennekurssi (parake)"}]},{"@type":"WebSite","@id":"https:\/\/teknologiateollisuus.fi\/jasenille\/#website","url":"https:\/\/teknologiateollisuus.fi\/jasenille\/","name":"Teknologiateollisuus - J\u00e4senille","description":"","publisher":{"@id":"https:\/\/teknologiateollisuus.fi\/jasenille\/#organization"},"potentialAction":[{"@type":"SearchAction","target":{"@type":"EntryPoint","urlTemplate":"https:\/\/teknologiateollisuus.fi\/jasenille\/?s={search_term_string}"},"query-input":{"@type":"PropertyValueSpecification","valueRequired":true,"valueName":"search_term_string"}}],"inLanguage":"fi"},{"@type":"Organization","@id":"https:\/\/teknologiateollisuus.fi\/jasenille\/#organization","name":"Teknologiateollisuus - J\u00e4senille","url":"https:\/\/teknologiateollisuus.fi\/jasenille\/","logo":{"@type":"ImageObject","inLanguage":"fi","@id":"https:\/\/teknologiateollisuus.fi\/jasenille\/#\/schema\/logo\/image\/","url":"https:\/\/teknologiateollisuus.fi\/jasenille\/wp-content\/uploads\/sites\/1\/2023\/10\/placeholder.png","contentUrl":"https:\/\/teknologiateollisuus.fi\/jasenille\/wp-content\/uploads\/sites\/1\/2023\/10\/placeholder.png","width":2560,"height":1920,"caption":"Teknologiateollisuus - J\u00e4senille"},"image":{"@id":"https:\/\/teknologiateollisuus.fi\/jasenille\/#\/schema\/logo\/image\/"}}]}},"lang":"fi","translations":{"fi":3501},"pll_sync_post":{},"_links":{"self":[{"href":"https:\/\/teknologiateollisuus.fi\/jasenille\/wp-json\/wp\/v2\/events\/3501","targetHints":{"allow":["GET"]}}],"collection":[{"href":"https:\/\/teknologiateollisuus.fi\/jasenille\/wp-json\/wp\/v2\/events"}],"about":[{"href":"https:\/\/teknologiateollisuus.fi\/jasenille\/wp-json\/wp\/v2\/types\/em_event"}],"version-history":[{"count":9,"href":"https:\/\/teknologiateollisuus.fi\/jasenille\/wp-json\/wp\/v2\/events\/3501\/revisions"}],"predecessor-version":[{"id":3537,"href":"https:\/\/teknologiateollisuus.fi\/jasenille\/wp-json\/wp\/v2\/events\/3501\/revisions\/3537"}],"wp:featuredmedia":[{"embeddable":true,"href":"https:\/\/teknologiateollisuus.fi\/jasenille\/wp-json\/wp\/v2\/media\/2030"}],"wp:attachment":[{"href":"https:\/\/teknologiateollisuus.fi\/jasenille\/wp-json\/wp\/v2\/media?parent=3501"}],"wp:term":[{"taxonomy":"post_tag","embeddable":true,"href":"https:\/\/teknologiateollisuus.fi\/jasenille\/wp-json\/wp\/v2\/post_tag?post=3501"},{"taxonomy":"em_region","embeddable":true,"href":"https:\/\/teknologiateollisuus.fi\/jasenille\/wp-json\/wp\/v2\/em_region?post=3501"},{"taxonomy":"em_target_group","embeddable":true,"href":"https:\/\/teknologiateollisuus.fi\/jasenille\/wp-json\/wp\/v2\/em_target_group?post=3501"},{"taxonomy":"em_event_type","embeddable":true,"href":"https:\/\/teknologiateollisuus.fi\/jasenille\/wp-json\/wp\/v2\/em_event_type?post=3501"}],"curies":[{"name":"wp","href":"https:\/\/api.w.org\/{rel}","templated":true}]}}