{"id":5671,"date":"2024-02-28T12:47:04","date_gmt":"2024-02-28T10:47:04","guid":{"rendered":"https:\/\/teknologiateollisuus.fi\/jasenille\/?post_type=em_event&#038;p=5671"},"modified":"2024-12-05T12:34:22","modified_gmt":"2024-12-05T10:34:22","slug":"kyselytunti-eun-data-asetus","status":"publish","type":"em_event","link":"https:\/\/teknologiateollisuus.fi\/jasenille\/tapahtumat\/kyselytunti-eun-data-asetus\/","title":{"rendered":"Kyselytunti: EU:n data-asetus"},"content":{"rendered":"\n<p class=\" mt-xs\">Teknologiateollisuus ry j\u00e4rjesti datas\u00e4\u00e4d\u00f6ksest\u00e4 tietoiskun tammikuussa. T\u00e4m\u00e4n jatkoksi toteutamme kyselytunnin, jossa Teknologiateollisuus ry:n EU-regulaation johtaja&nbsp;<strong>Jussi M\u00e4kinen<\/strong>&nbsp;ja johtava asiantuntija&nbsp;<strong>Joonas Mikkil\u00e4<\/strong>&nbsp;sek\u00e4 liikenne- ja viestint\u00e4ministeri\u00f6n erityisasiantuntija&nbsp;<strong>Anna Wenn\u00e4koski<\/strong>&nbsp;vastaavat asetukseen liittyviin kysymyksiin.&nbsp;<\/p>\n\n\n\n<p>Toivomme, ett\u00e4 osallistujat tutustuvat etuk\u00e4teen seuraaviin aineistoihin:<\/p>\n\n\n\n<ul class=\"wp-block-list  mt-xs\">\n<li>Tammikuun tietoiskun\u00a0<a href=\"https:\/\/vimeo.com\/901297054\/101112da7e?share=copy\" target=\"_blank\" rel=\"noreferrer noopener\">tallenne<\/a>\u00a0<\/li>\n\n\n\n<li>S\u00e4\u00e4d\u00f6ksen teksti&nbsp;<a href=\"https:\/\/eur-lex.europa.eu\/legal-content\/FI\/TXT\/PDF\/?uri=OJ:L_202302854&amp;qid=1705046108145\" target=\"_blank\" rel=\"noreferrer noopener\">suomeksi<\/a>,&nbsp;<a href=\"https:\/\/eur-lex.europa.eu\/legal-content\/SV\/TXT\/PDF\/?uri=OJ:L_202302854&amp;qid=1705046108145\" target=\"_blank\" rel=\"noreferrer noopener\">ruotsiksi<\/a>&nbsp;tai&nbsp;<a href=\"https:\/\/eur-lex.europa.eu\/legal-content\/EN\/TXT\/PDF\/?uri=OJ:L_202302854&amp;qid=1705046108145\" target=\"_blank\" rel=\"noreferrer noopener\">englanniksi<\/a><\/li>\n<\/ul>\n\n\n\n<p class=\" mt-xs\">Liity mukaan linjoille, jos haluat kysy\u00e4, millaisia vaikutuksia s\u00e4\u00e4d\u00f6ksell\u00e4 on:<\/p>\n\n\n\n<ul class=\"wp-block-list  mt-xs\">\n<li>laitevalmistajiin&nbsp;<\/li>\n\n\n\n<li>ICT-palveluiden tarjoajiin\u202f(esim. toiminnanohjaus- ja integraatiopalvelut)&nbsp;<\/li>\n\n\n\n<li>verkottuneita koneita ja niiden liit\u00e4nn\u00e4ispalveluita tuotannossaan k\u00e4ytt\u00e4viin yrityksiin.\u202f<\/li>\n<\/ul>\n\n\n\n<p class=\" mt-xs\">Kyselytunti toteutetaan Teamsin v\u00e4lityksell\u00e4 ja se on kaikille avoin ja maksuton.<\/p>\n\n\n\n<p>Ilmoittaudu mukaan viimeist\u00e4\u00e4n 20.3. klo 16.00.\u202f&nbsp;<\/p>\n\n\n\n<div class=\"wp-block-buttons  mt-xs is-layout-flex wp-block-buttons-is-layout-flex\">\n<div class=\"wp-block-button  icon-right size-lg\"><a class=\"wp-block-button__link wp-element-button\" href=\"https:\/\/www.lyyti.fi\/reg\/kyselytunti_EUn_dataasetus\" target=\"_blank\" rel=\"noreferrer noopener\">Ilmoittaudu tapahtumaan<\/a><\/div>\n<\/div>\n\n\n\n<p>Lis\u00e4tiedot: Joonas Mikkil\u00e4<br>Tapahtuman j\u00e4rjestelyihin ja ilmoittautumiseen liittyv\u00e4t kysymykset: Noora Paarto<\/p>\n\n\n\n<div class=\"wp-block-scb-columns scb-columns  has-mobile-behavior--stacked em-pattern-event-contacts\">\n<div class=\"wp-block-scb-column scb-column\">\n<h2 class=\"wp-block-heading\" id=\"lisatietoja\">Lis\u00e4tietoja<\/h2>\n\n\n\n<article class=\"em-block-contact-card is-style-list\">\n\n\t<div class=\"em-block-contact-card__image\">\n\t\t\t\t\t<img loading=\"lazy\" decoding=\"async\" width=\"300\" height=\"400\" src=\"https:\/\/teknologiateollisuus.fi\/jasenille\/wp-content\/uploads\/2024\/05\/phpoqukup.jpg\" class=\"attachment-portrait size-portrait\" alt=\"\" \/>\t\t\t<\/div>\n\t<div class=\"em-block-contact-card__content-wrapper\">\n\t\t<div class=\"em-block-contact-card__content\">\n\t\t\t\t\t\t\t<div class=\"em-block-contact-card__business-units\">\n\t\t\t\t\t\t\t\t\t\t\t<span class=\"em-block-contact-card__business-unit\">Uudet teknologiat ja osaaminen<\/span>\n\t\t\t\t\t\t\t\t\t<\/div>\n\t\t\t\t\t\t<h3 class=\"em-block-contact-card__title\"><a target=\"_self\" href=\"https:\/\/teknologiateollisuus.fi\/?p=1265\">Mikkil\u00e4 Joonas<\/a><\/h3>\n\t\t\t\t\t\t\t<span class=\"em-block-contact-card__job_title\">Johtava asiantuntija, digitalisaatio &#8211; Teknologiat, tieto ja innovaatiot <\/span>\n\t\t\t\t\t\t\t\t\t\t<span class=\"em-block-contact-card__organisation\">Teknologiateollisuus ry<\/span>\n\t\t\t\t\t<\/div>\n\t\t<div class=\"em-block-contact-card__content\">\n\t\t\t\t\t\t<address class=\"em-block-contact-card__contact-details\">\n\t\t\t\t\t\t\t\t\t<span class=\"em-block-contact-card__phone\">\n\t\t\t\t\t\t<a href=\"tel:+358 451296791\">+358 451296791<\/a><\/a>\n\t\t\t\t\t<\/span>\n\t\t\t\t\t\t\t\t\t\t\t\t\t<span class=\"em-block-contact-card__email\">\n\t\t\t\t\t\t<a href=\"mailto:joonas.mikkila@teknologiateollisuus.fi\">joonas.mikkila@teknologiateollisuus.fi<\/a><\/a>\n\t\t\t\t\t<\/span>\n\t\t\t\t\t\t\t<\/address>\n\t\t\t\t\t<\/div>\n\t<\/div>\n\n<\/article>\n<\/div>\n<\/div>\n\n\n","protected":false},"excerpt":{"rendered":"<p>EU:n data-asetus eli Data Act astui voimaan tammikuussa 2024. S\u00e4\u00e4d\u00f6s koskee verkkoon liitettyj\u00e4 tuotteita ja niihin liittyvi\u00e4 palveluita ja pyrkii edist\u00e4m\u00e4\u00e4n n\u00e4iden k\u00e4yt\u00f6st\u00e4 syntyneen datan saatavuutta ja k\u00e4ytt\u00f6\u00e4. Soveltamisala on laaja \u2013 aina urheilukelloista teollisuusrobotteihin. Asetuksen soveltaminen alkaa asteittain syyskuusta 2025 l\u00e4htien.\u202f<\/p>\n","protected":false},"featured_media":2000,"template":"","meta":{"_acf_changed":false,"_relevanssi_hide_post":"","_relevanssi_hide_content":"","_relevanssi_pin_for_all":"","_relevanssi_pin_keywords":"","_relevanssi_unpin_keywords":"","_relevanssi_related_keywords":"","_relevanssi_related_include_ids":"","_relevanssi_related_exclude_ids":"","_relevanssi_related_no_append":"","_relevanssi_related_not_related":"","_relevanssi_related_posts":"5727,5771,5774,5248,5242,5380","_relevanssi_noindex_reason":"","inline_featured_image":false,"growthstack-ab-test":[],"growthstack-ab-test-views":[],"footnotes":""},"post_tag":[53],"em_region":[],"em_target_group":[],"em_event_type":[95],"class_list":["post-5671","em_event","type-em_event","status-publish","has-post-thumbnail","hentry","tag-innovaatiot","em_event_type-webinaarit"],"acf":{"event_start_date":"20240321","event_end_date":"20240321","event_start_time":"09:00:00","event_end_time":"10:00:00","location":"Teams","address":"","registration":"https:\/\/www.lyyti.fi\/reg\/kyselytunti_EUn_dataasetus","files":[{"file":6046}],"links":[{"link":{"title":"Tilaisuuden tallenne","url":"https:\/\/vimeo.com\/927033703?share=copy","target":"_blank"}}],"locked":false},"yoast_head":"<!-- This site is optimized with the Yoast SEO Premium plugin v27.1 (Yoast SEO v27.5) - https:\/\/yoast.com\/product\/yoast-seo-premium-wordpress\/ -->\n<title>Kyselytunti: EU:n data-asetus - Teknologiateollisuus - J\u00e4senille<\/title>\n<meta name=\"description\" content=\"Teknologiateollisuus ry j\u00e4rjesti datas\u00e4\u00e4d\u00f6ksest\u00e4 tietoiskun tammikuussa. Nyt toteutamme kyselytunnin, jossa vastataan asetukseen liittyviin kysymyksiin.\" \/>\n<meta name=\"robots\" content=\"index, follow, max-snippet:-1, max-image-preview:large, max-video-preview:-1\" \/>\n<link rel=\"canonical\" href=\"https:\/\/teknologiateollisuus.fi\/jasenille\/tapahtumat\/kyselytunti-eun-data-asetus\/\" \/>\n<meta property=\"og:locale\" content=\"fi_FI\" \/>\n<meta property=\"og:type\" content=\"article\" \/>\n<meta property=\"og:title\" content=\"Kyselytunti: EU:n data-asetus\" \/>\n<meta property=\"og:description\" content=\"Teknologiateollisuus ry j\u00e4rjesti datas\u00e4\u00e4d\u00f6ksest\u00e4 tietoiskun tammikuussa. Nyt toteutamme kyselytunnin, jossa vastataan asetukseen liittyviin kysymyksiin.\" \/>\n<meta property=\"og:url\" content=\"https:\/\/teknologiateollisuus.fi\/jasenille\/tapahtumat\/kyselytunti-eun-data-asetus\/\" \/>\n<meta property=\"og:site_name\" content=\"Teknologiateollisuus - J\u00e4senille\" \/>\n<meta property=\"article:modified_time\" content=\"2024-12-05T10:34:22+00:00\" \/>\n<meta property=\"og:image\" content=\"https:\/\/teknologiateollisuus.fi\/jasenille\/wp-content\/uploads\/sites\/1\/2023\/12\/Tulevaisuus.jpg\" \/>\n\t<meta property=\"og:image:width\" content=\"1920\" \/>\n\t<meta property=\"og:image:height\" content=\"1080\" \/>\n\t<meta property=\"og:image:type\" content=\"image\/jpeg\" \/>\n<meta name=\"twitter:card\" content=\"summary_large_image\" \/>\n<meta name=\"twitter:label1\" content=\"Arvioitu lukuaika\" \/>\n\t<meta name=\"twitter:data1\" content=\"1 minuutti\" \/>\n<script type=\"application\/ld+json\" class=\"yoast-schema-graph\">{\"@context\":\"https:\\\/\\\/schema.org\",\"@graph\":[{\"@type\":\"WebPage\",\"@id\":\"https:\\\/\\\/teknologiateollisuus.fi\\\/jasenille\\\/tapahtumat\\\/kyselytunti-eun-data-asetus\\\/\",\"url\":\"https:\\\/\\\/teknologiateollisuus.fi\\\/jasenille\\\/tapahtumat\\\/kyselytunti-eun-data-asetus\\\/\",\"name\":\"Kyselytunti: EU:n data-asetus - Teknologiateollisuus - J\u00e4senille\",\"isPartOf\":{\"@id\":\"https:\\\/\\\/teknologiateollisuus.fi\\\/jasenille\\\/#website\"},\"primaryImageOfPage\":{\"@id\":\"https:\\\/\\\/teknologiateollisuus.fi\\\/jasenille\\\/tapahtumat\\\/kyselytunti-eun-data-asetus\\\/#primaryimage\"},\"image\":{\"@id\":\"https:\\\/\\\/teknologiateollisuus.fi\\\/jasenille\\\/tapahtumat\\\/kyselytunti-eun-data-asetus\\\/#primaryimage\"},\"thumbnailUrl\":\"https:\\\/\\\/teknologiateollisuus.fi\\\/jasenille\\\/wp-content\\\/uploads\\\/sites\\\/1\\\/2023\\\/12\\\/Tulevaisuus.jpg\",\"datePublished\":\"2024-02-28T10:47:04+00:00\",\"dateModified\":\"2024-12-05T10:34:22+00:00\",\"description\":\"Teknologiateollisuus ry j\u00e4rjesti datas\u00e4\u00e4d\u00f6ksest\u00e4 tietoiskun tammikuussa. Nyt toteutamme kyselytunnin, jossa vastataan asetukseen liittyviin kysymyksiin.\",\"breadcrumb\":{\"@id\":\"https:\\\/\\\/teknologiateollisuus.fi\\\/jasenille\\\/tapahtumat\\\/kyselytunti-eun-data-asetus\\\/#breadcrumb\"},\"inLanguage\":\"fi\",\"potentialAction\":[{\"@type\":\"ReadAction\",\"target\":[\"https:\\\/\\\/teknologiateollisuus.fi\\\/jasenille\\\/tapahtumat\\\/kyselytunti-eun-data-asetus\\\/\"]}]},{\"@type\":\"ImageObject\",\"inLanguage\":\"fi\",\"@id\":\"https:\\\/\\\/teknologiateollisuus.fi\\\/jasenille\\\/tapahtumat\\\/kyselytunti-eun-data-asetus\\\/#primaryimage\",\"url\":\"https:\\\/\\\/teknologiateollisuus.fi\\\/jasenille\\\/wp-content\\\/uploads\\\/sites\\\/1\\\/2023\\\/12\\\/Tulevaisuus.jpg\",\"contentUrl\":\"https:\\\/\\\/teknologiateollisuus.fi\\\/jasenille\\\/wp-content\\\/uploads\\\/sites\\\/1\\\/2023\\\/12\\\/Tulevaisuus.jpg\",\"width\":1920,\"height\":1080},{\"@type\":\"BreadcrumbList\",\"@id\":\"https:\\\/\\\/teknologiateollisuus.fi\\\/jasenille\\\/tapahtumat\\\/kyselytunti-eun-data-asetus\\\/#breadcrumb\",\"itemListElement\":[{\"@type\":\"ListItem\",\"position\":1,\"name\":\"Home\",\"item\":\"https:\\\/\\\/teknologiateollisuus.fi\\\/jasenille\\\/\"},{\"@type\":\"ListItem\",\"position\":2,\"name\":\"Ajankohtaista\",\"item\":\"https:\\\/\\\/teknologiateollisuus.fi\\\/jasenille\\\/ajankohtaista\\\/\"},{\"@type\":\"ListItem\",\"position\":3,\"name\":\"Tapahtumat ja koulutukset\",\"item\":\"https:\\\/\\\/teknologiateollisuus.fi\\\/jasenille\\\/palvelut\\\/tapahtumat-ja-koulutukset\\\/\"},{\"@type\":\"ListItem\",\"position\":4,\"name\":\"Kyselytunti: EU:n data-asetus\"}]},{\"@type\":\"WebSite\",\"@id\":\"https:\\\/\\\/teknologiateollisuus.fi\\\/jasenille\\\/#website\",\"url\":\"https:\\\/\\\/teknologiateollisuus.fi\\\/jasenille\\\/\",\"name\":\"Teknologiateollisuus - J\u00e4senille\",\"description\":\"\",\"publisher\":{\"@id\":\"https:\\\/\\\/teknologiateollisuus.fi\\\/jasenille\\\/#organization\"},\"potentialAction\":[{\"@type\":\"SearchAction\",\"target\":{\"@type\":\"EntryPoint\",\"urlTemplate\":\"https:\\\/\\\/teknologiateollisuus.fi\\\/jasenille\\\/?s={search_term_string}\"},\"query-input\":{\"@type\":\"PropertyValueSpecification\",\"valueRequired\":true,\"valueName\":\"search_term_string\"}}],\"inLanguage\":\"fi\"},{\"@type\":\"Organization\",\"@id\":\"https:\\\/\\\/teknologiateollisuus.fi\\\/jasenille\\\/#organization\",\"name\":\"Teknologiateollisuus - J\u00e4senille\",\"url\":\"https:\\\/\\\/teknologiateollisuus.fi\\\/jasenille\\\/\",\"logo\":{\"@type\":\"ImageObject\",\"inLanguage\":\"fi\",\"@id\":\"https:\\\/\\\/teknologiateollisuus.fi\\\/jasenille\\\/#\\\/schema\\\/logo\\\/image\\\/\",\"url\":\"https:\\\/\\\/teknologiateollisuus.fi\\\/jasenille\\\/wp-content\\\/uploads\\\/sites\\\/1\\\/2023\\\/10\\\/placeholder.png\",\"contentUrl\":\"https:\\\/\\\/teknologiateollisuus.fi\\\/jasenille\\\/wp-content\\\/uploads\\\/sites\\\/1\\\/2023\\\/10\\\/placeholder.png\",\"width\":2560,\"height\":1920,\"caption\":\"Teknologiateollisuus - J\u00e4senille\"},\"image\":{\"@id\":\"https:\\\/\\\/teknologiateollisuus.fi\\\/jasenille\\\/#\\\/schema\\\/logo\\\/image\\\/\"}}]}<\/script>\n<!-- \/ Yoast SEO Premium plugin. -->","yoast_head_json":{"title":"Kyselytunti: EU:n data-asetus - Teknologiateollisuus - J\u00e4senille","description":"Teknologiateollisuus ry j\u00e4rjesti datas\u00e4\u00e4d\u00f6ksest\u00e4 tietoiskun tammikuussa. Nyt toteutamme kyselytunnin, jossa vastataan asetukseen liittyviin kysymyksiin.","robots":{"index":"index","follow":"follow","max-snippet":"max-snippet:-1","max-image-preview":"max-image-preview:large","max-video-preview":"max-video-preview:-1"},"canonical":"https:\/\/teknologiateollisuus.fi\/jasenille\/tapahtumat\/kyselytunti-eun-data-asetus\/","og_locale":"fi_FI","og_type":"article","og_title":"Kyselytunti: EU:n data-asetus","og_description":"Teknologiateollisuus ry j\u00e4rjesti datas\u00e4\u00e4d\u00f6ksest\u00e4 tietoiskun tammikuussa. Nyt toteutamme kyselytunnin, jossa vastataan asetukseen liittyviin kysymyksiin.","og_url":"https:\/\/teknologiateollisuus.fi\/jasenille\/tapahtumat\/kyselytunti-eun-data-asetus\/","og_site_name":"Teknologiateollisuus - J\u00e4senille","article_modified_time":"2024-12-05T10:34:22+00:00","og_image":[{"width":1920,"height":1080,"url":"https:\/\/teknologiateollisuus.fi\/jasenille\/wp-content\/uploads\/sites\/1\/2023\/12\/Tulevaisuus.jpg","type":"image\/jpeg"}],"twitter_card":"summary_large_image","twitter_misc":{"Arvioitu lukuaika":"1 minuutti"},"schema":{"@context":"https:\/\/schema.org","@graph":[{"@type":"WebPage","@id":"https:\/\/teknologiateollisuus.fi\/jasenille\/tapahtumat\/kyselytunti-eun-data-asetus\/","url":"https:\/\/teknologiateollisuus.fi\/jasenille\/tapahtumat\/kyselytunti-eun-data-asetus\/","name":"Kyselytunti: EU:n data-asetus - Teknologiateollisuus - J\u00e4senille","isPartOf":{"@id":"https:\/\/teknologiateollisuus.fi\/jasenille\/#website"},"primaryImageOfPage":{"@id":"https:\/\/teknologiateollisuus.fi\/jasenille\/tapahtumat\/kyselytunti-eun-data-asetus\/#primaryimage"},"image":{"@id":"https:\/\/teknologiateollisuus.fi\/jasenille\/tapahtumat\/kyselytunti-eun-data-asetus\/#primaryimage"},"thumbnailUrl":"https:\/\/teknologiateollisuus.fi\/jasenille\/wp-content\/uploads\/sites\/1\/2023\/12\/Tulevaisuus.jpg","datePublished":"2024-02-28T10:47:04+00:00","dateModified":"2024-12-05T10:34:22+00:00","description":"Teknologiateollisuus ry j\u00e4rjesti datas\u00e4\u00e4d\u00f6ksest\u00e4 tietoiskun tammikuussa. Nyt toteutamme kyselytunnin, jossa vastataan asetukseen liittyviin kysymyksiin.","breadcrumb":{"@id":"https:\/\/teknologiateollisuus.fi\/jasenille\/tapahtumat\/kyselytunti-eun-data-asetus\/#breadcrumb"},"inLanguage":"fi","potentialAction":[{"@type":"ReadAction","target":["https:\/\/teknologiateollisuus.fi\/jasenille\/tapahtumat\/kyselytunti-eun-data-asetus\/"]}]},{"@type":"ImageObject","inLanguage":"fi","@id":"https:\/\/teknologiateollisuus.fi\/jasenille\/tapahtumat\/kyselytunti-eun-data-asetus\/#primaryimage","url":"https:\/\/teknologiateollisuus.fi\/jasenille\/wp-content\/uploads\/sites\/1\/2023\/12\/Tulevaisuus.jpg","contentUrl":"https:\/\/teknologiateollisuus.fi\/jasenille\/wp-content\/uploads\/sites\/1\/2023\/12\/Tulevaisuus.jpg","width":1920,"height":1080},{"@type":"BreadcrumbList","@id":"https:\/\/teknologiateollisuus.fi\/jasenille\/tapahtumat\/kyselytunti-eun-data-asetus\/#breadcrumb","itemListElement":[{"@type":"ListItem","position":1,"name":"Home","item":"https:\/\/teknologiateollisuus.fi\/jasenille\/"},{"@type":"ListItem","position":2,"name":"Ajankohtaista","item":"https:\/\/teknologiateollisuus.fi\/jasenille\/ajankohtaista\/"},{"@type":"ListItem","position":3,"name":"Tapahtumat ja koulutukset","item":"https:\/\/teknologiateollisuus.fi\/jasenille\/palvelut\/tapahtumat-ja-koulutukset\/"},{"@type":"ListItem","position":4,"name":"Kyselytunti: EU:n data-asetus"}]},{"@type":"WebSite","@id":"https:\/\/teknologiateollisuus.fi\/jasenille\/#website","url":"https:\/\/teknologiateollisuus.fi\/jasenille\/","name":"Teknologiateollisuus - J\u00e4senille","description":"","publisher":{"@id":"https:\/\/teknologiateollisuus.fi\/jasenille\/#organization"},"potentialAction":[{"@type":"SearchAction","target":{"@type":"EntryPoint","urlTemplate":"https:\/\/teknologiateollisuus.fi\/jasenille\/?s={search_term_string}"},"query-input":{"@type":"PropertyValueSpecification","valueRequired":true,"valueName":"search_term_string"}}],"inLanguage":"fi"},{"@type":"Organization","@id":"https:\/\/teknologiateollisuus.fi\/jasenille\/#organization","name":"Teknologiateollisuus - J\u00e4senille","url":"https:\/\/teknologiateollisuus.fi\/jasenille\/","logo":{"@type":"ImageObject","inLanguage":"fi","@id":"https:\/\/teknologiateollisuus.fi\/jasenille\/#\/schema\/logo\/image\/","url":"https:\/\/teknologiateollisuus.fi\/jasenille\/wp-content\/uploads\/sites\/1\/2023\/10\/placeholder.png","contentUrl":"https:\/\/teknologiateollisuus.fi\/jasenille\/wp-content\/uploads\/sites\/1\/2023\/10\/placeholder.png","width":2560,"height":1920,"caption":"Teknologiateollisuus - J\u00e4senille"},"image":{"@id":"https:\/\/teknologiateollisuus.fi\/jasenille\/#\/schema\/logo\/image\/"}}]}},"lang":"fi","translations":{"fi":5671},"pll_sync_post":{},"_links":{"self":[{"href":"https:\/\/teknologiateollisuus.fi\/jasenille\/wp-json\/wp\/v2\/events\/5671","targetHints":{"allow":["GET"]}}],"collection":[{"href":"https:\/\/teknologiateollisuus.fi\/jasenille\/wp-json\/wp\/v2\/events"}],"about":[{"href":"https:\/\/teknologiateollisuus.fi\/jasenille\/wp-json\/wp\/v2\/types\/em_event"}],"version-history":[{"count":4,"href":"https:\/\/teknologiateollisuus.fi\/jasenille\/wp-json\/wp\/v2\/events\/5671\/revisions"}],"predecessor-version":[{"id":16869,"href":"https:\/\/teknologiateollisuus.fi\/jasenille\/wp-json\/wp\/v2\/events\/5671\/revisions\/16869"}],"wp:featuredmedia":[{"embeddable":true,"href":"https:\/\/teknologiateollisuus.fi\/jasenille\/wp-json\/wp\/v2\/media\/2000"}],"wp:attachment":[{"href":"https:\/\/teknologiateollisuus.fi\/jasenille\/wp-json\/wp\/v2\/media?parent=5671"}],"wp:term":[{"taxonomy":"post_tag","embeddable":true,"href":"https:\/\/teknologiateollisuus.fi\/jasenille\/wp-json\/wp\/v2\/post_tag?post=5671"},{"taxonomy":"em_region","embeddable":true,"href":"https:\/\/teknologiateollisuus.fi\/jasenille\/wp-json\/wp\/v2\/em_region?post=5671"},{"taxonomy":"em_target_group","embeddable":true,"href":"https:\/\/teknologiateollisuus.fi\/jasenille\/wp-json\/wp\/v2\/em_target_group?post=5671"},{"taxonomy":"em_event_type","embeddable":true,"href":"https:\/\/teknologiateollisuus.fi\/jasenille\/wp-json\/wp\/v2\/em_event_type?post=5671"}],"curies":[{"name":"wp","href":"https:\/\/api.w.org\/{rel}","templated":true}]}}