{"id":6049,"date":"2024-03-25T13:06:32","date_gmt":"2024-03-25T11:06:32","guid":{"rendered":"https:\/\/teknologiateollisuus.fi\/jasenille\/?post_type=em_event&#038;p=6049"},"modified":"2024-09-10T13:24:52","modified_gmt":"2024-09-10T10:24:52","slug":"valmistavan-teollisuuden-yritysten-opinto-ja-yritysvierailumatka-tallinnaan-22-23-5-24","status":"publish","type":"em_event","link":"https:\/\/teknologiateollisuus.fi\/jasenille\/tapahtumat\/valmistavan-teollisuuden-yritysten-opinto-ja-yritysvierailumatka-tallinnaan-22-23-5-24\/","title":{"rendered":"Valmistavan teollisuuden yritysten opinto- ja yritysvierailumatka Tallinnaan 22-23.5.24"},"content":{"rendered":"\n<p>J\u00e4rjest\u00e4mme toukokuussa valmistavan teollisuuden opinto- ja yritysvierailumatkan Tallinnaan 22-23.5.24, tarkempi ohjelma l\u00f6ytyy liitteen\u00e4. Matkan aikana p\u00e4\u00e4semme mm. tutustumaan eritt\u00e4in mielenkiintoisiin valmistavan teollisuuden yrityksiin alueella, vierailemaan Suomen Tallinnan suurl\u00e4hetyst\u00f6ss\u00e4, jossa kuulemme sek\u00e4 Viron ett\u00e4 Suomen suhdannetilanteesta sek\u00e4 tietysti verkostoitumaan muiden suomalaisten ja virolaisten yritysedustajien kanssa.<\/p>\n\n\n\n<p>Matka laskutetaan j\u00e4lkik\u00e4teen toteutuneiden kulujen mukaan. Hinta tulee olemaan korkeintaan 500 euroa per henkil\u00f6 sis\u00e4lt\u00e4en laivamatkat, hotelliy\u00f6pymisen , bussikuljetukset Tallinnassa sek\u00e4 kaikki ohjelmassa mainitut ruokailut ja muut aktiviteetit. Sitovat ilmoittautumiset on teht\u00e4v\u00e4 viimeist\u00e4\u00e4n 18.4. Varaamme oikeuden muutoksiin ohjelmassa tarpeen vaatiessa.<br><\/p>\n\n\n\n<div class=\"wp-block-buttons mt-md is-layout-flex wp-block-buttons-is-layout-flex\">\n<div class=\"wp-block-button icon-right size-lg\"><a class=\"wp-block-button__link wp-element-button\" href=\"https:\/\/www.lyyti.in\/TARTallinna2024\" target=\"_blank\" rel=\"noreferrer noopener\">Ilmoittaudu tapahtumaan<\/a><\/div>\n<\/div>\n\n\n\n<div class=\"wp-block-scb-columns scb-columns  has-mobile-behavior--stacked em-pattern-event-contacts\">\n<div class=\"wp-block-scb-column scb-column\">\n<h2 class=\"wp-block-heading\" id=\"lisatietoja\">Lis\u00e4tietoja<\/h2>\n\n\n\n<article class=\"em-block-contact-card is-style-list\">\n\n\t<div class=\"em-block-contact-card__image\">\n\t\t\t\t\t<img loading=\"lazy\" decoding=\"async\" width=\"300\" height=\"400\" src=\"https:\/\/teknologiateollisuus.fi\/jasenille\/wp-content\/uploads\/2024\/05\/phpktdqqo.jpg\" class=\"attachment-portrait size-portrait\" alt=\"\" \/>\t\t\t<\/div>\n\t<div class=\"em-block-contact-card__content-wrapper\">\n\t\t<div class=\"em-block-contact-card__content\">\n\t\t\t\t\t\t\t<div class=\"em-block-contact-card__business-units\">\n\t\t\t\t\t\t\t\t\t\t\t<span class=\"em-block-contact-card__business-unit\">Toimialat ja liiketoiminnan jatkuvuus<\/span>\n\t\t\t\t\t\t\t\t\t<\/div>\n\t\t\t\t\t\t<h3 class=\"em-block-contact-card__title\"><a target=\"_self\" href=\"https:\/\/teknologiateollisuus.fi\/?p=1187\">Luomanp\u00e4\u00e4 Reeta<\/a><\/h3>\n\t\t\t\t\t\t\t<span class=\"em-block-contact-card__job_title\">Asiantuntija &#8211; Toimialaryhm\u00e4t<\/span>\n\t\t\t\t\t\t\t\t\t\t<span class=\"em-block-contact-card__organisation\">Teknologiateollisuus ry<\/span>\n\t\t\t\t\t<\/div>\n\t\t<div class=\"em-block-contact-card__content\">\n\t\t\t\t\t\t<address class=\"em-block-contact-card__contact-details\">\n\t\t\t\t\t\t\t\t\t<span class=\"em-block-contact-card__phone\">\n\t\t\t\t\t\t<a href=\"tel:+358 406452019\">+358 406452019<\/a><\/a>\n\t\t\t\t\t<\/span>\n\t\t\t\t\t\t\t\t\t\t\t\t\t<span class=\"em-block-contact-card__email\">\n\t\t\t\t\t\t<a href=\"mailto:reeta.luomanpaa@teknologiateollisuus.fi\">reeta.luomanpaa@teknologiateollisuus.fi<\/a><\/a>\n\t\t\t\t\t<\/span>\n\t\t\t\t\t\t\t<\/address>\n\t\t\t\t\t<\/div>\n\t<\/div>\n\n<\/article>\n<\/div>\n<\/div>\n","protected":false},"excerpt":{"rendered":"<p>J\u00e4rjest\u00e4mme toukokuussa valmistavan teollisuuden opinto- ja yritysvierailumatkan Tallinnaan 22-23.5.24, tarkempi ohjelma l\u00f6ytyy liitteen\u00e4. Matkan aikana p\u00e4\u00e4semme mm. tutustumaan eritt\u00e4in mielenkiintoisiin valmistavan teollisuuden yrityksiin alueella, vierailemaan Suomen Tallinnan suurl\u00e4hetyst\u00f6ss\u00e4, jossa kuulemme sek\u00e4 Viron ett\u00e4 Suomen suhdannetilanteesta sek\u00e4 tietysti verkostoitumaan muiden suomalaisten ja virolaisten yritysedustajien kanssa. Matka laskutetaan j\u00e4lkik\u00e4teen toteutuneiden kulujen mukaan. Hinta tulee olemaan korkeintaan 500 [&hellip;]<\/p>\n","protected":false},"featured_media":6051,"template":"","meta":{"_acf_changed":false,"_relevanssi_hide_post":"","_relevanssi_hide_content":"","_relevanssi_pin_for_all":"","_relevanssi_pin_keywords":"","_relevanssi_unpin_keywords":"","_relevanssi_related_keywords":"","_relevanssi_related_include_ids":"","_relevanssi_related_exclude_ids":"","_relevanssi_related_no_append":"","_relevanssi_related_not_related":"","_relevanssi_related_posts":"5826,5727,5774,5242,5780,6021","_relevanssi_noindex_reason":"","inline_featured_image":false,"growthstack-ab-test":[],"growthstack-ab-test-views":[],"footnotes":""},"post_tag":[],"em_region":[],"em_target_group":[],"em_event_type":[],"class_list":["post-6049","em_event","type-em_event","status-publish","has-post-thumbnail","hentry"],"acf":{"event_start_date":"20240522","event_end_date":null,"event_start_time":"07:30:00","event_end_time":"21:30:00","location":"","address":"","registration":"","files":[{"file":6057}],"links":null,"locked":false},"yoast_head":"<!-- This site is optimized with the Yoast SEO Premium plugin v27.1 (Yoast SEO v27.5) - https:\/\/yoast.com\/product\/yoast-seo-premium-wordpress\/ -->\n<title>Valmistavan teollisuuden yritysten opinto- ja yritysvierailumatka Tallinnaan 22-23.5.24 - Teknologiateollisuus - J\u00e4senille<\/title>\n<meta name=\"robots\" content=\"index, follow, max-snippet:-1, max-image-preview:large, max-video-preview:-1\" \/>\n<link rel=\"canonical\" href=\"https:\/\/teknologiateollisuus.fi\/jasenille\/tapahtumat\/valmistavan-teollisuuden-yritysten-opinto-ja-yritysvierailumatka-tallinnaan-22-23-5-24\/\" \/>\n<meta property=\"og:locale\" content=\"fi_FI\" \/>\n<meta property=\"og:type\" content=\"article\" \/>\n<meta property=\"og:title\" content=\"Valmistavan teollisuuden yritysten opinto- ja yritysvierailumatka Tallinnaan 22-23.5.24\" \/>\n<meta property=\"og:description\" content=\"J\u00e4rjest\u00e4mme toukokuussa valmistavan teollisuuden opinto- ja yritysvierailumatkan Tallinnaan 22-23.5.24, tarkempi ohjelma l\u00f6ytyy liitteen\u00e4. Matkan aikana p\u00e4\u00e4semme mm. tutustumaan eritt\u00e4in mielenkiintoisiin valmistavan teollisuuden yrityksiin alueella, vierailemaan Suomen Tallinnan suurl\u00e4hetyst\u00f6ss\u00e4, jossa kuulemme sek\u00e4 Viron ett\u00e4 Suomen suhdannetilanteesta sek\u00e4 tietysti verkostoitumaan muiden suomalaisten ja virolaisten yritysedustajien kanssa. Matka laskutetaan j\u00e4lkik\u00e4teen toteutuneiden kulujen mukaan. Hinta tulee olemaan korkeintaan 500 [&hellip;]\" \/>\n<meta property=\"og:url\" content=\"https:\/\/teknologiateollisuus.fi\/jasenille\/tapahtumat\/valmistavan-teollisuuden-yritysten-opinto-ja-yritysvierailumatka-tallinnaan-22-23-5-24\/\" \/>\n<meta property=\"og:site_name\" content=\"Teknologiateollisuus - J\u00e4senille\" \/>\n<meta property=\"article:modified_time\" content=\"2024-09-10T10:24:52+00:00\" \/>\n<meta property=\"og:image\" content=\"https:\/\/teknologiateollisuus.fi\/jasenille\/wp-content\/uploads\/sites\/1\/2024\/03\/Tallinna.jpg\" \/>\n\t<meta property=\"og:image:width\" content=\"1600\" \/>\n\t<meta property=\"og:image:height\" content=\"800\" \/>\n\t<meta property=\"og:image:type\" content=\"image\/jpeg\" \/>\n<meta name=\"twitter:card\" content=\"summary_large_image\" \/>\n<meta name=\"twitter:label1\" content=\"Arvioitu lukuaika\" \/>\n\t<meta name=\"twitter:data1\" content=\"1 minuutti\" \/>\n<script type=\"application\/ld+json\" class=\"yoast-schema-graph\">{\"@context\":\"https:\\\/\\\/schema.org\",\"@graph\":[{\"@type\":\"WebPage\",\"@id\":\"https:\\\/\\\/teknologiateollisuus.fi\\\/jasenille\\\/tapahtumat\\\/valmistavan-teollisuuden-yritysten-opinto-ja-yritysvierailumatka-tallinnaan-22-23-5-24\\\/\",\"url\":\"https:\\\/\\\/teknologiateollisuus.fi\\\/jasenille\\\/tapahtumat\\\/valmistavan-teollisuuden-yritysten-opinto-ja-yritysvierailumatka-tallinnaan-22-23-5-24\\\/\",\"name\":\"Valmistavan teollisuuden yritysten opinto- ja yritysvierailumatka Tallinnaan 22-23.5.24 - Teknologiateollisuus - J\u00e4senille\",\"isPartOf\":{\"@id\":\"https:\\\/\\\/teknologiateollisuus.fi\\\/jasenille\\\/#website\"},\"primaryImageOfPage\":{\"@id\":\"https:\\\/\\\/teknologiateollisuus.fi\\\/jasenille\\\/tapahtumat\\\/valmistavan-teollisuuden-yritysten-opinto-ja-yritysvierailumatka-tallinnaan-22-23-5-24\\\/#primaryimage\"},\"image\":{\"@id\":\"https:\\\/\\\/teknologiateollisuus.fi\\\/jasenille\\\/tapahtumat\\\/valmistavan-teollisuuden-yritysten-opinto-ja-yritysvierailumatka-tallinnaan-22-23-5-24\\\/#primaryimage\"},\"thumbnailUrl\":\"https:\\\/\\\/teknologiateollisuus.fi\\\/jasenille\\\/wp-content\\\/uploads\\\/sites\\\/1\\\/2024\\\/03\\\/Tallinna.jpg\",\"datePublished\":\"2024-03-25T11:06:32+00:00\",\"dateModified\":\"2024-09-10T10:24:52+00:00\",\"breadcrumb\":{\"@id\":\"https:\\\/\\\/teknologiateollisuus.fi\\\/jasenille\\\/tapahtumat\\\/valmistavan-teollisuuden-yritysten-opinto-ja-yritysvierailumatka-tallinnaan-22-23-5-24\\\/#breadcrumb\"},\"inLanguage\":\"fi\",\"potentialAction\":[{\"@type\":\"ReadAction\",\"target\":[\"https:\\\/\\\/teknologiateollisuus.fi\\\/jasenille\\\/tapahtumat\\\/valmistavan-teollisuuden-yritysten-opinto-ja-yritysvierailumatka-tallinnaan-22-23-5-24\\\/\"]}]},{\"@type\":\"ImageObject\",\"inLanguage\":\"fi\",\"@id\":\"https:\\\/\\\/teknologiateollisuus.fi\\\/jasenille\\\/tapahtumat\\\/valmistavan-teollisuuden-yritysten-opinto-ja-yritysvierailumatka-tallinnaan-22-23-5-24\\\/#primaryimage\",\"url\":\"https:\\\/\\\/teknologiateollisuus.fi\\\/jasenille\\\/wp-content\\\/uploads\\\/sites\\\/1\\\/2024\\\/03\\\/Tallinna.jpg\",\"contentUrl\":\"https:\\\/\\\/teknologiateollisuus.fi\\\/jasenille\\\/wp-content\\\/uploads\\\/sites\\\/1\\\/2024\\\/03\\\/Tallinna.jpg\",\"width\":1600,\"height\":800,\"caption\":\"Visit Tallinn\"},{\"@type\":\"BreadcrumbList\",\"@id\":\"https:\\\/\\\/teknologiateollisuus.fi\\\/jasenille\\\/tapahtumat\\\/valmistavan-teollisuuden-yritysten-opinto-ja-yritysvierailumatka-tallinnaan-22-23-5-24\\\/#breadcrumb\",\"itemListElement\":[{\"@type\":\"ListItem\",\"position\":1,\"name\":\"Home\",\"item\":\"https:\\\/\\\/teknologiateollisuus.fi\\\/jasenille\\\/\"},{\"@type\":\"ListItem\",\"position\":2,\"name\":\"Ajankohtaista\",\"item\":\"https:\\\/\\\/teknologiateollisuus.fi\\\/jasenille\\\/ajankohtaista\\\/\"},{\"@type\":\"ListItem\",\"position\":3,\"name\":\"Tapahtumat ja koulutukset\",\"item\":\"https:\\\/\\\/teknologiateollisuus.fi\\\/jasenille\\\/palvelut\\\/tapahtumat-ja-koulutukset\\\/\"},{\"@type\":\"ListItem\",\"position\":4,\"name\":\"Valmistavan teollisuuden yritysten opinto- ja yritysvierailumatka Tallinnaan 22-23.5.24\"}]},{\"@type\":\"WebSite\",\"@id\":\"https:\\\/\\\/teknologiateollisuus.fi\\\/jasenille\\\/#website\",\"url\":\"https:\\\/\\\/teknologiateollisuus.fi\\\/jasenille\\\/\",\"name\":\"Teknologiateollisuus - J\u00e4senille\",\"description\":\"\",\"publisher\":{\"@id\":\"https:\\\/\\\/teknologiateollisuus.fi\\\/jasenille\\\/#organization\"},\"potentialAction\":[{\"@type\":\"SearchAction\",\"target\":{\"@type\":\"EntryPoint\",\"urlTemplate\":\"https:\\\/\\\/teknologiateollisuus.fi\\\/jasenille\\\/?s={search_term_string}\"},\"query-input\":{\"@type\":\"PropertyValueSpecification\",\"valueRequired\":true,\"valueName\":\"search_term_string\"}}],\"inLanguage\":\"fi\"},{\"@type\":\"Organization\",\"@id\":\"https:\\\/\\\/teknologiateollisuus.fi\\\/jasenille\\\/#organization\",\"name\":\"Teknologiateollisuus - J\u00e4senille\",\"url\":\"https:\\\/\\\/teknologiateollisuus.fi\\\/jasenille\\\/\",\"logo\":{\"@type\":\"ImageObject\",\"inLanguage\":\"fi\",\"@id\":\"https:\\\/\\\/teknologiateollisuus.fi\\\/jasenille\\\/#\\\/schema\\\/logo\\\/image\\\/\",\"url\":\"https:\\\/\\\/teknologiateollisuus.fi\\\/jasenille\\\/wp-content\\\/uploads\\\/sites\\\/1\\\/2023\\\/10\\\/placeholder.png\",\"contentUrl\":\"https:\\\/\\\/teknologiateollisuus.fi\\\/jasenille\\\/wp-content\\\/uploads\\\/sites\\\/1\\\/2023\\\/10\\\/placeholder.png\",\"width\":2560,\"height\":1920,\"caption\":\"Teknologiateollisuus - J\u00e4senille\"},\"image\":{\"@id\":\"https:\\\/\\\/teknologiateollisuus.fi\\\/jasenille\\\/#\\\/schema\\\/logo\\\/image\\\/\"}}]}<\/script>\n<!-- \/ Yoast SEO Premium plugin. -->","yoast_head_json":{"title":"Valmistavan teollisuuden yritysten opinto- ja yritysvierailumatka Tallinnaan 22-23.5.24 - Teknologiateollisuus - J\u00e4senille","robots":{"index":"index","follow":"follow","max-snippet":"max-snippet:-1","max-image-preview":"max-image-preview:large","max-video-preview":"max-video-preview:-1"},"canonical":"https:\/\/teknologiateollisuus.fi\/jasenille\/tapahtumat\/valmistavan-teollisuuden-yritysten-opinto-ja-yritysvierailumatka-tallinnaan-22-23-5-24\/","og_locale":"fi_FI","og_type":"article","og_title":"Valmistavan teollisuuden yritysten opinto- ja yritysvierailumatka Tallinnaan 22-23.5.24","og_description":"J\u00e4rjest\u00e4mme toukokuussa valmistavan teollisuuden opinto- ja yritysvierailumatkan Tallinnaan 22-23.5.24, tarkempi ohjelma l\u00f6ytyy liitteen\u00e4. Matkan aikana p\u00e4\u00e4semme mm. tutustumaan eritt\u00e4in mielenkiintoisiin valmistavan teollisuuden yrityksiin alueella, vierailemaan Suomen Tallinnan suurl\u00e4hetyst\u00f6ss\u00e4, jossa kuulemme sek\u00e4 Viron ett\u00e4 Suomen suhdannetilanteesta sek\u00e4 tietysti verkostoitumaan muiden suomalaisten ja virolaisten yritysedustajien kanssa. Matka laskutetaan j\u00e4lkik\u00e4teen toteutuneiden kulujen mukaan. Hinta tulee olemaan korkeintaan 500 [&hellip;]","og_url":"https:\/\/teknologiateollisuus.fi\/jasenille\/tapahtumat\/valmistavan-teollisuuden-yritysten-opinto-ja-yritysvierailumatka-tallinnaan-22-23-5-24\/","og_site_name":"Teknologiateollisuus - J\u00e4senille","article_modified_time":"2024-09-10T10:24:52+00:00","og_image":[{"width":1600,"height":800,"url":"https:\/\/teknologiateollisuus.fi\/jasenille\/wp-content\/uploads\/sites\/1\/2024\/03\/Tallinna.jpg","type":"image\/jpeg"}],"twitter_card":"summary_large_image","twitter_misc":{"Arvioitu lukuaika":"1 minuutti"},"schema":{"@context":"https:\/\/schema.org","@graph":[{"@type":"WebPage","@id":"https:\/\/teknologiateollisuus.fi\/jasenille\/tapahtumat\/valmistavan-teollisuuden-yritysten-opinto-ja-yritysvierailumatka-tallinnaan-22-23-5-24\/","url":"https:\/\/teknologiateollisuus.fi\/jasenille\/tapahtumat\/valmistavan-teollisuuden-yritysten-opinto-ja-yritysvierailumatka-tallinnaan-22-23-5-24\/","name":"Valmistavan teollisuuden yritysten opinto- ja yritysvierailumatka Tallinnaan 22-23.5.24 - Teknologiateollisuus - J\u00e4senille","isPartOf":{"@id":"https:\/\/teknologiateollisuus.fi\/jasenille\/#website"},"primaryImageOfPage":{"@id":"https:\/\/teknologiateollisuus.fi\/jasenille\/tapahtumat\/valmistavan-teollisuuden-yritysten-opinto-ja-yritysvierailumatka-tallinnaan-22-23-5-24\/#primaryimage"},"image":{"@id":"https:\/\/teknologiateollisuus.fi\/jasenille\/tapahtumat\/valmistavan-teollisuuden-yritysten-opinto-ja-yritysvierailumatka-tallinnaan-22-23-5-24\/#primaryimage"},"thumbnailUrl":"https:\/\/teknologiateollisuus.fi\/jasenille\/wp-content\/uploads\/sites\/1\/2024\/03\/Tallinna.jpg","datePublished":"2024-03-25T11:06:32+00:00","dateModified":"2024-09-10T10:24:52+00:00","breadcrumb":{"@id":"https:\/\/teknologiateollisuus.fi\/jasenille\/tapahtumat\/valmistavan-teollisuuden-yritysten-opinto-ja-yritysvierailumatka-tallinnaan-22-23-5-24\/#breadcrumb"},"inLanguage":"fi","potentialAction":[{"@type":"ReadAction","target":["https:\/\/teknologiateollisuus.fi\/jasenille\/tapahtumat\/valmistavan-teollisuuden-yritysten-opinto-ja-yritysvierailumatka-tallinnaan-22-23-5-24\/"]}]},{"@type":"ImageObject","inLanguage":"fi","@id":"https:\/\/teknologiateollisuus.fi\/jasenille\/tapahtumat\/valmistavan-teollisuuden-yritysten-opinto-ja-yritysvierailumatka-tallinnaan-22-23-5-24\/#primaryimage","url":"https:\/\/teknologiateollisuus.fi\/jasenille\/wp-content\/uploads\/sites\/1\/2024\/03\/Tallinna.jpg","contentUrl":"https:\/\/teknologiateollisuus.fi\/jasenille\/wp-content\/uploads\/sites\/1\/2024\/03\/Tallinna.jpg","width":1600,"height":800,"caption":"Visit Tallinn"},{"@type":"BreadcrumbList","@id":"https:\/\/teknologiateollisuus.fi\/jasenille\/tapahtumat\/valmistavan-teollisuuden-yritysten-opinto-ja-yritysvierailumatka-tallinnaan-22-23-5-24\/#breadcrumb","itemListElement":[{"@type":"ListItem","position":1,"name":"Home","item":"https:\/\/teknologiateollisuus.fi\/jasenille\/"},{"@type":"ListItem","position":2,"name":"Ajankohtaista","item":"https:\/\/teknologiateollisuus.fi\/jasenille\/ajankohtaista\/"},{"@type":"ListItem","position":3,"name":"Tapahtumat ja koulutukset","item":"https:\/\/teknologiateollisuus.fi\/jasenille\/palvelut\/tapahtumat-ja-koulutukset\/"},{"@type":"ListItem","position":4,"name":"Valmistavan teollisuuden yritysten opinto- ja yritysvierailumatka Tallinnaan 22-23.5.24"}]},{"@type":"WebSite","@id":"https:\/\/teknologiateollisuus.fi\/jasenille\/#website","url":"https:\/\/teknologiateollisuus.fi\/jasenille\/","name":"Teknologiateollisuus - J\u00e4senille","description":"","publisher":{"@id":"https:\/\/teknologiateollisuus.fi\/jasenille\/#organization"},"potentialAction":[{"@type":"SearchAction","target":{"@type":"EntryPoint","urlTemplate":"https:\/\/teknologiateollisuus.fi\/jasenille\/?s={search_term_string}"},"query-input":{"@type":"PropertyValueSpecification","valueRequired":true,"valueName":"search_term_string"}}],"inLanguage":"fi"},{"@type":"Organization","@id":"https:\/\/teknologiateollisuus.fi\/jasenille\/#organization","name":"Teknologiateollisuus - J\u00e4senille","url":"https:\/\/teknologiateollisuus.fi\/jasenille\/","logo":{"@type":"ImageObject","inLanguage":"fi","@id":"https:\/\/teknologiateollisuus.fi\/jasenille\/#\/schema\/logo\/image\/","url":"https:\/\/teknologiateollisuus.fi\/jasenille\/wp-content\/uploads\/sites\/1\/2023\/10\/placeholder.png","contentUrl":"https:\/\/teknologiateollisuus.fi\/jasenille\/wp-content\/uploads\/sites\/1\/2023\/10\/placeholder.png","width":2560,"height":1920,"caption":"Teknologiateollisuus - J\u00e4senille"},"image":{"@id":"https:\/\/teknologiateollisuus.fi\/jasenille\/#\/schema\/logo\/image\/"}}]}},"lang":"fi","translations":{"fi":6049},"pll_sync_post":{},"_links":{"self":[{"href":"https:\/\/teknologiateollisuus.fi\/jasenille\/wp-json\/wp\/v2\/events\/6049","targetHints":{"allow":["GET"]}}],"collection":[{"href":"https:\/\/teknologiateollisuus.fi\/jasenille\/wp-json\/wp\/v2\/events"}],"about":[{"href":"https:\/\/teknologiateollisuus.fi\/jasenille\/wp-json\/wp\/v2\/types\/em_event"}],"version-history":[{"count":4,"href":"https:\/\/teknologiateollisuus.fi\/jasenille\/wp-json\/wp\/v2\/events\/6049\/revisions"}],"predecessor-version":[{"id":6061,"href":"https:\/\/teknologiateollisuus.fi\/jasenille\/wp-json\/wp\/v2\/events\/6049\/revisions\/6061"}],"wp:featuredmedia":[{"embeddable":true,"href":"https:\/\/teknologiateollisuus.fi\/jasenille\/wp-json\/wp\/v2\/media\/6051"}],"wp:attachment":[{"href":"https:\/\/teknologiateollisuus.fi\/jasenille\/wp-json\/wp\/v2\/media?parent=6049"}],"wp:term":[{"taxonomy":"post_tag","embeddable":true,"href":"https:\/\/teknologiateollisuus.fi\/jasenille\/wp-json\/wp\/v2\/post_tag?post=6049"},{"taxonomy":"em_region","embeddable":true,"href":"https:\/\/teknologiateollisuus.fi\/jasenille\/wp-json\/wp\/v2\/em_region?post=6049"},{"taxonomy":"em_target_group","embeddable":true,"href":"https:\/\/teknologiateollisuus.fi\/jasenille\/wp-json\/wp\/v2\/em_target_group?post=6049"},{"taxonomy":"em_event_type","embeddable":true,"href":"https:\/\/teknologiateollisuus.fi\/jasenille\/wp-json\/wp\/v2\/em_event_type?post=6049"}],"curies":[{"name":"wp","href":"https:\/\/api.w.org\/{rel}","templated":true}]}}