{"id":7019,"date":"2024-05-14T10:17:33","date_gmt":"2024-05-14T07:17:33","guid":{"rendered":"https:\/\/teknologiateollisuus.fi\/jasenille\/?post_type=em_event&#038;p=7019"},"modified":"2024-09-10T13:24:51","modified_gmt":"2024-09-10T10:24:51","slug":"kansainvaliset-osaajat-kanta-hameessa-webinaari-22-5","status":"publish","type":"em_event","link":"https:\/\/teknologiateollisuus.fi\/jasenille\/tapahtumat\/kansainvaliset-osaajat-kanta-hameessa-webinaari-22-5\/","title":{"rendered":"Kansainv\u00e4liset osaajat Kanta-H\u00e4meess\u00e4, webinaari 22.5."},"content":{"rendered":"\n<p>Teknologiateollisuudessa ty\u00f6yhteis\u00f6t kansainv\u00e4listyv\u00e4t ja monimuotoistuvat. Riitt\u00e4v\u00e4 osaavan ty\u00f6voiman saanti on ratkaisevaa teknologia-alan ja koko Suomen menestykselle. Yrityksiss\u00e4 tarvitaan monimuotoisuusosaamista, jotta ulkomaisen ty\u00f6voiman osaaminen saadaan kanavoitua kasvun ja kansainv\u00e4listymisen tueksi.<\/p>\n\n\n\n<p><strong>Kanta-H\u00e4meen<\/strong> <strong>j\u00e4senyrityksille suunnattu Kansainv\u00e4liset osaajat -webinaarissa 22.5.2024 klo 8.30-10.00 <\/strong>(Teams)\u00a0<\/p>\n\n\n\n<ul class=\"wp-block-list\">\n<li>Kanta-H\u00e4meen v\u00e4est\u00f6nkehityksen murros ja muuttoliikkeen kasvava merkitys<br><em>Jukka Lidman, maakunta-analyytikko, H\u00e4meen liitto<\/em><\/li>\n\n\n\n<li>Teknologiateollisuuden tuki ja ty\u00f6kalut ty\u00f6yhteis\u00f6n monimuotoisuuden kehitt\u00e4miseen<br><em>Jenni Pitk\u00e4nen, johtava asiantuntija, Teknologiateollisuus ry<\/em><\/li>\n\n\n\n<li>Oppilaitosyhteisty\u00f6ll\u00e4 kiinni kansainv\u00e4liseen tekij\u00e4p\u00e4\u00e4omaan<br><em>Tiina Bj\u00f6rkskog, Talent Boost -asiantuntija, H\u00e4meen ammattikorkeakoulu HAMK&nbsp;<\/em><\/li>\n\n\n\n<li>Kokemuksia ja konkreettisia hy\u00f6tyj\u00e4 kv-opiskelijayhteisty\u00f6st\u00e4<br><em>Kaj Palmroth, Area Manager, Etteplan Oyj<\/em><\/li>\n<\/ul>\n\n\n\n<p><\/p>\n\n\n\n<p>Tilaisuus on maksuton ja osa Teknologiateollisuuden alueellista j\u00e4senpalvelua.<\/p>\n\n\n\n<div class=\"wp-block-buttons  mt-md is-layout-flex wp-block-buttons-is-layout-flex\">\n<div class=\"wp-block-button  icon-right size-lg\"><a class=\"wp-block-button__link wp-element-button\" href=\"https:\/\/www.lyyti.in\/KantaHameen_kvosaajawebinaari_4675\" target=\"_blank\" rel=\"noreferrer noopener\">Ilmoittaudu 22.5. webinaariin t\u00e4st\u00e4<\/a><\/div>\n<\/div>\n\n\n\n<div class=\"wp-block-scb-columns scb-columns  has-mobile-behavior--stacked em-pattern-event-contacts\">\n<div class=\"wp-block-scb-column scb-column\">\n<h2 class=\"wp-block-heading\" id=\"lisatietoja\">Lis\u00e4tietoja<\/h2>\n\n\n\n<article class=\"em-block-contact-card is-style-list\">\n\n\t<div class=\"em-block-contact-card__image\">\n\t\t\t\t\t<img loading=\"lazy\" decoding=\"async\" width=\"300\" height=\"400\" src=\"https:\/\/teknologiateollisuus.fi\/jasenille\/wp-content\/uploads\/2024\/05\/phpejetwo.png\" class=\"attachment-portrait size-portrait\" alt=\"\" \/>\t\t\t<\/div>\n\t<div class=\"em-block-contact-card__content-wrapper\">\n\t\t<div class=\"em-block-contact-card__content\">\n\t\t\t\t\t\t\t<div class=\"em-block-contact-card__business-units\">\n\t\t\t\t\t\t\t\t\t\t\t<span class=\"em-block-contact-card__business-unit\">Yritt\u00e4jyys ja aluetoiminta<\/span>\n\t\t\t\t\t\t\t\t\t<\/div>\n\t\t\t\t\t\t<h3 class=\"em-block-contact-card__title\"><a target=\"_self\" href=\"https:\/\/teknologiateollisuus.fi\/?p=1253\">Wartiainen Leena<\/a><\/h3>\n\t\t\t\t\t\t\t<span class=\"em-block-contact-card__job_title\">Aluep\u00e4\u00e4llikk\u00f6, Kanta-H\u00e4me ja Satakunta &#8211; Aluetoiminta<\/span>\n\t\t\t\t\t\t\t\t\t\t<span class=\"em-block-contact-card__organisation\">Teknologiateollisuus ry<\/span>\n\t\t\t\t\t<\/div>\n\t\t<div class=\"em-block-contact-card__content\">\n\t\t\t\t\t\t<address class=\"em-block-contact-card__contact-details\">\n\t\t\t\t\t\t\t\t\t<span class=\"em-block-contact-card__phone\">\n\t\t\t\t\t\t<a href=\"tel:+358 503804024\">+358 503804024<\/a><\/a>\n\t\t\t\t\t<\/span>\n\t\t\t\t\t\t\t\t\t\t\t\t\t<span class=\"em-block-contact-card__email\">\n\t\t\t\t\t\t<a href=\"mailto:leena.wartiainen@teknologiateollisuus.fi\">leena.wartiainen@teknologiateollisuus.fi<\/a><\/a>\n\t\t\t\t\t<\/span>\n\t\t\t\t\t\t\t<\/address>\n\t\t\t\t\t<\/div>\n\t<\/div>\n\n<\/article>\n<\/div>\n<\/div>\n","protected":false},"excerpt":{"rendered":"<p>Teknologiateollisuudessa ty\u00f6yhteis\u00f6t kansainv\u00e4listyv\u00e4t ja monimuotoistuvat. Riitt\u00e4v\u00e4 osaavan ty\u00f6voiman saanti on ratkaisevaa teknologia-alan ja koko Suomen menestykselle. Yrityksiss\u00e4 tarvitaan monimuotoisuusosaamista, jotta ulkomaisen ty\u00f6voiman osaaminen saadaan kanavoitua kasvun ja kansainv\u00e4listymisen tueksi. Kanta-H\u00e4meen j\u00e4senyrityksille suunnattu Kansainv\u00e4liset osaajat -webinaarissa 22.5.2024 klo 8.30-10.00 (Teams)\u00a0 Tilaisuus on maksuton ja osa Teknologiateollisuuden alueellista j\u00e4senpalvelua.<\/p>\n","protected":false},"featured_media":0,"template":"","meta":{"_acf_changed":false,"_relevanssi_hide_post":"","_relevanssi_hide_content":"","_relevanssi_pin_for_all":"","_relevanssi_pin_keywords":"","_relevanssi_unpin_keywords":"","_relevanssi_related_keywords":"","_relevanssi_related_include_ids":"","_relevanssi_related_exclude_ids":"","_relevanssi_related_no_append":"","_relevanssi_related_not_related":"","_relevanssi_related_posts":"5774,5826,5748,6445,5248,5981","_relevanssi_noindex_reason":"","inline_featured_image":false,"growthstack-ab-test":[],"growthstack-ab-test-views":[],"footnotes":""},"post_tag":[],"em_region":[42],"em_target_group":[],"em_event_type":[],"class_list":["post-7019","em_event","type-em_event","status-publish","hentry","em_region-kanta-hame"],"acf":{"event_start_date":"20240522","event_end_date":"20240522","event_start_time":"08:30:00","event_end_time":"10:00:00","location":"","address":"","registration":"","files":null,"links":null,"locked":false},"yoast_head":"<!-- This site is optimized with the Yoast SEO Premium plugin v27.1 (Yoast SEO v27.5) - https:\/\/yoast.com\/product\/yoast-seo-premium-wordpress\/ -->\n<title>Kansainv\u00e4liset osaajat Kanta-H\u00e4meess\u00e4, webinaari 22.5. - Teknologiateollisuus - J\u00e4senille<\/title>\n<meta name=\"robots\" content=\"index, follow, max-snippet:-1, max-image-preview:large, max-video-preview:-1\" \/>\n<link rel=\"canonical\" href=\"https:\/\/teknologiateollisuus.fi\/jasenille\/tapahtumat\/kansainvaliset-osaajat-kanta-hameessa-webinaari-22-5\/\" \/>\n<meta property=\"og:locale\" content=\"fi_FI\" \/>\n<meta property=\"og:type\" content=\"article\" \/>\n<meta property=\"og:title\" content=\"Kansainv\u00e4liset osaajat Kanta-H\u00e4meess\u00e4, webinaari 22.5.\" \/>\n<meta property=\"og:description\" content=\"Teknologiateollisuudessa ty\u00f6yhteis\u00f6t kansainv\u00e4listyv\u00e4t ja monimuotoistuvat. Riitt\u00e4v\u00e4 osaavan ty\u00f6voiman saanti on ratkaisevaa teknologia-alan ja koko Suomen menestykselle. Yrityksiss\u00e4 tarvitaan monimuotoisuusosaamista, jotta ulkomaisen ty\u00f6voiman osaaminen saadaan kanavoitua kasvun ja kansainv\u00e4listymisen tueksi. Kanta-H\u00e4meen j\u00e4senyrityksille suunnattu Kansainv\u00e4liset osaajat -webinaarissa 22.5.2024 klo 8.30-10.00 (Teams)\u00a0 Tilaisuus on maksuton ja osa Teknologiateollisuuden alueellista j\u00e4senpalvelua.\" \/>\n<meta property=\"og:url\" content=\"https:\/\/teknologiateollisuus.fi\/jasenille\/tapahtumat\/kansainvaliset-osaajat-kanta-hameessa-webinaari-22-5\/\" \/>\n<meta property=\"og:site_name\" content=\"Teknologiateollisuus - J\u00e4senille\" \/>\n<meta property=\"article:modified_time\" content=\"2024-09-10T10:24:51+00:00\" \/>\n<meta name=\"twitter:card\" content=\"summary_large_image\" \/>\n<meta name=\"twitter:label1\" content=\"Arvioitu lukuaika\" \/>\n\t<meta name=\"twitter:data1\" content=\"1 minuutti\" \/>\n<script type=\"application\/ld+json\" class=\"yoast-schema-graph\">{\"@context\":\"https:\\\/\\\/schema.org\",\"@graph\":[{\"@type\":\"WebPage\",\"@id\":\"https:\\\/\\\/teknologiateollisuus.fi\\\/jasenille\\\/tapahtumat\\\/kansainvaliset-osaajat-kanta-hameessa-webinaari-22-5\\\/\",\"url\":\"https:\\\/\\\/teknologiateollisuus.fi\\\/jasenille\\\/tapahtumat\\\/kansainvaliset-osaajat-kanta-hameessa-webinaari-22-5\\\/\",\"name\":\"Kansainv\u00e4liset osaajat Kanta-H\u00e4meess\u00e4, webinaari 22.5. - Teknologiateollisuus - J\u00e4senille\",\"isPartOf\":{\"@id\":\"https:\\\/\\\/teknologiateollisuus.fi\\\/jasenille\\\/#website\"},\"datePublished\":\"2024-05-14T07:17:33+00:00\",\"dateModified\":\"2024-09-10T10:24:51+00:00\",\"breadcrumb\":{\"@id\":\"https:\\\/\\\/teknologiateollisuus.fi\\\/jasenille\\\/tapahtumat\\\/kansainvaliset-osaajat-kanta-hameessa-webinaari-22-5\\\/#breadcrumb\"},\"inLanguage\":\"fi\",\"potentialAction\":[{\"@type\":\"ReadAction\",\"target\":[\"https:\\\/\\\/teknologiateollisuus.fi\\\/jasenille\\\/tapahtumat\\\/kansainvaliset-osaajat-kanta-hameessa-webinaari-22-5\\\/\"]}]},{\"@type\":\"BreadcrumbList\",\"@id\":\"https:\\\/\\\/teknologiateollisuus.fi\\\/jasenille\\\/tapahtumat\\\/kansainvaliset-osaajat-kanta-hameessa-webinaari-22-5\\\/#breadcrumb\",\"itemListElement\":[{\"@type\":\"ListItem\",\"position\":1,\"name\":\"Home\",\"item\":\"https:\\\/\\\/teknologiateollisuus.fi\\\/jasenille\\\/\"},{\"@type\":\"ListItem\",\"position\":2,\"name\":\"Ajankohtaista\",\"item\":\"https:\\\/\\\/teknologiateollisuus.fi\\\/jasenille\\\/ajankohtaista\\\/\"},{\"@type\":\"ListItem\",\"position\":3,\"name\":\"Tapahtumat ja koulutukset\",\"item\":\"https:\\\/\\\/teknologiateollisuus.fi\\\/jasenille\\\/palvelut\\\/tapahtumat-ja-koulutukset\\\/\"},{\"@type\":\"ListItem\",\"position\":4,\"name\":\"Kansainv\u00e4liset osaajat Kanta-H\u00e4meess\u00e4, webinaari 22.5.\"}]},{\"@type\":\"WebSite\",\"@id\":\"https:\\\/\\\/teknologiateollisuus.fi\\\/jasenille\\\/#website\",\"url\":\"https:\\\/\\\/teknologiateollisuus.fi\\\/jasenille\\\/\",\"name\":\"Teknologiateollisuus - J\u00e4senille\",\"description\":\"\",\"publisher\":{\"@id\":\"https:\\\/\\\/teknologiateollisuus.fi\\\/jasenille\\\/#organization\"},\"potentialAction\":[{\"@type\":\"SearchAction\",\"target\":{\"@type\":\"EntryPoint\",\"urlTemplate\":\"https:\\\/\\\/teknologiateollisuus.fi\\\/jasenille\\\/?s={search_term_string}\"},\"query-input\":{\"@type\":\"PropertyValueSpecification\",\"valueRequired\":true,\"valueName\":\"search_term_string\"}}],\"inLanguage\":\"fi\"},{\"@type\":\"Organization\",\"@id\":\"https:\\\/\\\/teknologiateollisuus.fi\\\/jasenille\\\/#organization\",\"name\":\"Teknologiateollisuus - J\u00e4senille\",\"url\":\"https:\\\/\\\/teknologiateollisuus.fi\\\/jasenille\\\/\",\"logo\":{\"@type\":\"ImageObject\",\"inLanguage\":\"fi\",\"@id\":\"https:\\\/\\\/teknologiateollisuus.fi\\\/jasenille\\\/#\\\/schema\\\/logo\\\/image\\\/\",\"url\":\"https:\\\/\\\/teknologiateollisuus.fi\\\/jasenille\\\/wp-content\\\/uploads\\\/sites\\\/1\\\/2023\\\/10\\\/placeholder.png\",\"contentUrl\":\"https:\\\/\\\/teknologiateollisuus.fi\\\/jasenille\\\/wp-content\\\/uploads\\\/sites\\\/1\\\/2023\\\/10\\\/placeholder.png\",\"width\":2560,\"height\":1920,\"caption\":\"Teknologiateollisuus - J\u00e4senille\"},\"image\":{\"@id\":\"https:\\\/\\\/teknologiateollisuus.fi\\\/jasenille\\\/#\\\/schema\\\/logo\\\/image\\\/\"}}]}<\/script>\n<!-- \/ Yoast SEO Premium plugin. -->","yoast_head_json":{"title":"Kansainv\u00e4liset osaajat Kanta-H\u00e4meess\u00e4, webinaari 22.5. - Teknologiateollisuus - J\u00e4senille","robots":{"index":"index","follow":"follow","max-snippet":"max-snippet:-1","max-image-preview":"max-image-preview:large","max-video-preview":"max-video-preview:-1"},"canonical":"https:\/\/teknologiateollisuus.fi\/jasenille\/tapahtumat\/kansainvaliset-osaajat-kanta-hameessa-webinaari-22-5\/","og_locale":"fi_FI","og_type":"article","og_title":"Kansainv\u00e4liset osaajat Kanta-H\u00e4meess\u00e4, webinaari 22.5.","og_description":"Teknologiateollisuudessa ty\u00f6yhteis\u00f6t kansainv\u00e4listyv\u00e4t ja monimuotoistuvat. Riitt\u00e4v\u00e4 osaavan ty\u00f6voiman saanti on ratkaisevaa teknologia-alan ja koko Suomen menestykselle. Yrityksiss\u00e4 tarvitaan monimuotoisuusosaamista, jotta ulkomaisen ty\u00f6voiman osaaminen saadaan kanavoitua kasvun ja kansainv\u00e4listymisen tueksi. Kanta-H\u00e4meen j\u00e4senyrityksille suunnattu Kansainv\u00e4liset osaajat -webinaarissa 22.5.2024 klo 8.30-10.00 (Teams)\u00a0 Tilaisuus on maksuton ja osa Teknologiateollisuuden alueellista j\u00e4senpalvelua.","og_url":"https:\/\/teknologiateollisuus.fi\/jasenille\/tapahtumat\/kansainvaliset-osaajat-kanta-hameessa-webinaari-22-5\/","og_site_name":"Teknologiateollisuus - J\u00e4senille","article_modified_time":"2024-09-10T10:24:51+00:00","twitter_card":"summary_large_image","twitter_misc":{"Arvioitu lukuaika":"1 minuutti"},"schema":{"@context":"https:\/\/schema.org","@graph":[{"@type":"WebPage","@id":"https:\/\/teknologiateollisuus.fi\/jasenille\/tapahtumat\/kansainvaliset-osaajat-kanta-hameessa-webinaari-22-5\/","url":"https:\/\/teknologiateollisuus.fi\/jasenille\/tapahtumat\/kansainvaliset-osaajat-kanta-hameessa-webinaari-22-5\/","name":"Kansainv\u00e4liset osaajat Kanta-H\u00e4meess\u00e4, webinaari 22.5. - Teknologiateollisuus - J\u00e4senille","isPartOf":{"@id":"https:\/\/teknologiateollisuus.fi\/jasenille\/#website"},"datePublished":"2024-05-14T07:17:33+00:00","dateModified":"2024-09-10T10:24:51+00:00","breadcrumb":{"@id":"https:\/\/teknologiateollisuus.fi\/jasenille\/tapahtumat\/kansainvaliset-osaajat-kanta-hameessa-webinaari-22-5\/#breadcrumb"},"inLanguage":"fi","potentialAction":[{"@type":"ReadAction","target":["https:\/\/teknologiateollisuus.fi\/jasenille\/tapahtumat\/kansainvaliset-osaajat-kanta-hameessa-webinaari-22-5\/"]}]},{"@type":"BreadcrumbList","@id":"https:\/\/teknologiateollisuus.fi\/jasenille\/tapahtumat\/kansainvaliset-osaajat-kanta-hameessa-webinaari-22-5\/#breadcrumb","itemListElement":[{"@type":"ListItem","position":1,"name":"Home","item":"https:\/\/teknologiateollisuus.fi\/jasenille\/"},{"@type":"ListItem","position":2,"name":"Ajankohtaista","item":"https:\/\/teknologiateollisuus.fi\/jasenille\/ajankohtaista\/"},{"@type":"ListItem","position":3,"name":"Tapahtumat ja koulutukset","item":"https:\/\/teknologiateollisuus.fi\/jasenille\/palvelut\/tapahtumat-ja-koulutukset\/"},{"@type":"ListItem","position":4,"name":"Kansainv\u00e4liset osaajat Kanta-H\u00e4meess\u00e4, webinaari 22.5."}]},{"@type":"WebSite","@id":"https:\/\/teknologiateollisuus.fi\/jasenille\/#website","url":"https:\/\/teknologiateollisuus.fi\/jasenille\/","name":"Teknologiateollisuus - J\u00e4senille","description":"","publisher":{"@id":"https:\/\/teknologiateollisuus.fi\/jasenille\/#organization"},"potentialAction":[{"@type":"SearchAction","target":{"@type":"EntryPoint","urlTemplate":"https:\/\/teknologiateollisuus.fi\/jasenille\/?s={search_term_string}"},"query-input":{"@type":"PropertyValueSpecification","valueRequired":true,"valueName":"search_term_string"}}],"inLanguage":"fi"},{"@type":"Organization","@id":"https:\/\/teknologiateollisuus.fi\/jasenille\/#organization","name":"Teknologiateollisuus - J\u00e4senille","url":"https:\/\/teknologiateollisuus.fi\/jasenille\/","logo":{"@type":"ImageObject","inLanguage":"fi","@id":"https:\/\/teknologiateollisuus.fi\/jasenille\/#\/schema\/logo\/image\/","url":"https:\/\/teknologiateollisuus.fi\/jasenille\/wp-content\/uploads\/sites\/1\/2023\/10\/placeholder.png","contentUrl":"https:\/\/teknologiateollisuus.fi\/jasenille\/wp-content\/uploads\/sites\/1\/2023\/10\/placeholder.png","width":2560,"height":1920,"caption":"Teknologiateollisuus - J\u00e4senille"},"image":{"@id":"https:\/\/teknologiateollisuus.fi\/jasenille\/#\/schema\/logo\/image\/"}}]}},"lang":"fi","translations":{"fi":7019},"pll_sync_post":{},"_links":{"self":[{"href":"https:\/\/teknologiateollisuus.fi\/jasenille\/wp-json\/wp\/v2\/events\/7019","targetHints":{"allow":["GET"]}}],"collection":[{"href":"https:\/\/teknologiateollisuus.fi\/jasenille\/wp-json\/wp\/v2\/events"}],"about":[{"href":"https:\/\/teknologiateollisuus.fi\/jasenille\/wp-json\/wp\/v2\/types\/em_event"}],"version-history":[{"count":9,"href":"https:\/\/teknologiateollisuus.fi\/jasenille\/wp-json\/wp\/v2\/events\/7019\/revisions"}],"predecessor-version":[{"id":7028,"href":"https:\/\/teknologiateollisuus.fi\/jasenille\/wp-json\/wp\/v2\/events\/7019\/revisions\/7028"}],"wp:attachment":[{"href":"https:\/\/teknologiateollisuus.fi\/jasenille\/wp-json\/wp\/v2\/media?parent=7019"}],"wp:term":[{"taxonomy":"post_tag","embeddable":true,"href":"https:\/\/teknologiateollisuus.fi\/jasenille\/wp-json\/wp\/v2\/post_tag?post=7019"},{"taxonomy":"em_region","embeddable":true,"href":"https:\/\/teknologiateollisuus.fi\/jasenille\/wp-json\/wp\/v2\/em_region?post=7019"},{"taxonomy":"em_target_group","embeddable":true,"href":"https:\/\/teknologiateollisuus.fi\/jasenille\/wp-json\/wp\/v2\/em_target_group?post=7019"},{"taxonomy":"em_event_type","embeddable":true,"href":"https:\/\/teknologiateollisuus.fi\/jasenille\/wp-json\/wp\/v2\/em_event_type?post=7019"}],"curies":[{"name":"wp","href":"https:\/\/api.w.org\/{rel}","templated":true}]}}