{"id":7159,"date":"2024-05-31T14:00:00","date_gmt":"2024-05-31T11:00:00","guid":{"rendered":"https:\/\/teknologiateollisuus.fi\/jasenille\/?post_type=em_event&#038;p=7159"},"modified":"2024-09-10T13:24:51","modified_gmt":"2024-09-10T10:24:51","slug":"teknologiateollisuuden-luonnon-monimuotoisuus-kasikirja-jasenyrityksille","status":"publish","type":"em_event","link":"https:\/\/teknologiateollisuus.fi\/jasenille\/tapahtumat\/teknologiateollisuuden-luonnon-monimuotoisuus-kasikirja-jasenyrityksille\/","title":{"rendered":"Teknologiateollisuuden Luonnon monimuotoisuus-k\u00e4sikirja j\u00e4senyrityksille"},"content":{"rendered":"\n<p>Teknologiateollisuus valmisteli vuonna 2020 biodiversiteettiohjelman kokonaisuuden vuosille 2021\u20132050 yhdess\u00e4 j\u00e4senyritystens\u00e4 kanssa. Ohjelman valmistumisen j\u00e4lkeen niin globaalissa, EU:n kuin Suomenkin toimintaymp\u00e4rist\u00f6ss\u00e4 on tapahtunut muutoksia luonnon monimuotoisuuteen liittyviss\u00e4 sopimuksissa, s\u00e4\u00e4ntelyss\u00e4 sek\u00e4 biodiversiteetin ja talouden kohtalonyhteyden ymm\u00e4rryksess\u00e4.<br><br>Muutosten kannustamana Teknologiateollisuus ry on p\u00e4\u00e4tt\u00e4nyt p\u00e4ivitt\u00e4\u00e4 nykyisen biodiversiteettiohjelmansa luonnon monimuotoisuus -ohjelmaksi ja laatia j\u00e4senyritysten k\u00e4ytt\u00f6\u00f6n Luonnon monimuotoisuus -k\u00e4sikirjan. Tiiviiss\u00e4, selke\u00e4ss\u00e4 ja konkreettisessa k\u00e4sikirjassa kuvataan, miten yritykset voivat vauhdittaa toimiaan luonnon monimuotoisuuden turvaamiseksi, lis\u00e4\u00e4miseksi ja miten saavuttaa liiketoimintahy\u00f6tyj\u00e4. Valmistelussa hy\u00f6dynnet\u00e4\u00e4n laajasti j\u00e4senyritysten osaamista ja n\u00e4kemyksi\u00e4 siit\u00e4, millainen k\u00e4sikirja palvelisi mahdollisimman hyvin erilaisten yritysten tarpeita.<br><br>Tervetuloa k\u00e4sikirjaa valmistelevaan ty\u00f6pajaan\u00a0<strong>18. kes\u00e4kuuta klo 10\u201312<\/strong>\u00a0Etel\u00e4ranta 10, Helsinki. <br>My\u00f6s et\u00e4osallistuminen on mahdollinen. Pohjamateriaalia ty\u00f6pajaan toimitetaan viikko ennen tilaisuutta. Ty\u00f6pajan j\u00e4rjest\u00e4\u00e4 k\u00e4sikirjan valmistelusta vastaava Kari &amp; Pantsar Oy.<\/p>\n\n\n\n<h3 class=\"wp-block-heading  mt-xs\" id=\"ilmoittaudu-mukaan-10-6-klo-1600-mennessa\"><br><strong>Ilmoittaudu mukaan 10.6. klo 16:00 menness\u00e4.<\/strong><\/h3>\n\n\n\n<div class=\"wp-block-buttons  mt-md is-layout-flex wp-block-buttons-is-layout-flex\">\n<div class=\"wp-block-button  icon-right size-lg\"><a class=\"wp-block-button__link wp-element-button\" href=\"https:\/\/www.lyyti.in\/Teknologiateollisuuden_Luonnon_monimuotoisuus_kasikirja_jasenyrityksille_0495\" target=\"_blank\" rel=\"noreferrer noopener\">Ilmoittaudu tapahtumaan<\/a><\/div>\n<\/div>\n\n\n\n<div class=\"wp-block-scb-columns scb-columns  has-mobile-behavior--stacked em-pattern-event-contacts\">\n<div class=\"wp-block-scb-column scb-column\">\n<h2 class=\"wp-block-heading\" id=\"lisatietoja\">Lis\u00e4tietoja<\/h2>\n\n\n<\/div>\n<\/div>\n","protected":false},"excerpt":{"rendered":"<p>Muutosten kannustamana Teknologiateollisuus ry on p\u00e4\u00e4tt\u00e4nyt p\u00e4ivitt\u00e4\u00e4 nykyisen biodiversiteettiohjelmansa luonnon monimuotoisuus -ohjelmaksi ja laatia j\u00e4senyritysten k\u00e4ytt\u00f6\u00f6n Luonnon monimuotoisuus -k\u00e4sikirjan. Valmistelussa hy\u00f6dynnet\u00e4\u00e4n laajasti j\u00e4senyritysten osaamista ja n\u00e4kemyksi\u00e4 siit\u00e4, millainen k\u00e4sikirja palvelisi mahdollisimman hyvin erilaisten yritysten tarpeita.<\/p>\n","protected":false},"featured_media":563,"template":"","meta":{"_acf_changed":false,"_relevanssi_hide_post":"","_relevanssi_hide_content":"","_relevanssi_pin_for_all":"","_relevanssi_pin_keywords":"","_relevanssi_unpin_keywords":"","_relevanssi_related_keywords":"","_relevanssi_related_include_ids":"","_relevanssi_related_exclude_ids":"","_relevanssi_related_no_append":"","_relevanssi_related_not_related":"","_relevanssi_related_posts":"5981,5767,7044,6001,6099,5248","_relevanssi_noindex_reason":"","inline_featured_image":false,"growthstack-ab-test":[],"growthstack-ab-test-views":[],"footnotes":""},"post_tag":[19],"em_region":[],"em_target_group":[],"em_event_type":[31,95],"class_list":["post-7159","em_event","type-em_event","status-publish","has-post-thumbnail","hentry","tag-vastuullisuus","em_event_type-koulutukset","em_event_type-webinaarit"],"acf":{"event_start_date":"20240618","event_end_date":"20240618","event_start_time":"10:00:00","event_end_time":"12:00:00","location":"Teknologiateollisuus ry \/ Et\u00e4osallistuminen","address":"Etel\u00e4ranta 10 \/ Et\u00e4osallistuminen","registration":"https:\/\/www.lyyti.in\/Teknologiateollisuuden_Luonnon_monimuotoisuus_kasikirja_jasenyrityksille_0495","files":null,"links":null,"locked":false},"yoast_head":"<!-- This site is optimized with the Yoast SEO Premium plugin v27.1 (Yoast SEO v27.5) - https:\/\/yoast.com\/product\/yoast-seo-premium-wordpress\/ -->\n<title>Teknologiateollisuuden Luonnon monimuotoisuus-k\u00e4sikirja j\u00e4senyrityksille - Teknologiateollisuus - J\u00e4senille<\/title>\n<meta name=\"description\" content=\"Tervetuloa Teknologiateollisuuden j\u00e4senyrityksille suunnattuun Luonnon monimuotoisuus -k\u00e4sikirjan valmisteluty\u00f6pajaan 18.6.2024. Lue lis\u00e4\u00e4!\" \/>\n<meta name=\"robots\" content=\"index, follow, max-snippet:-1, max-image-preview:large, max-video-preview:-1\" \/>\n<link rel=\"canonical\" href=\"https:\/\/teknologiateollisuus.fi\/jasenille\/tapahtumat\/teknologiateollisuuden-luonnon-monimuotoisuus-kasikirja-jasenyrityksille\/\" \/>\n<meta property=\"og:locale\" content=\"fi_FI\" \/>\n<meta property=\"og:type\" content=\"article\" \/>\n<meta property=\"og:title\" content=\"Teknologiateollisuuden Luonnon monimuotoisuus-k\u00e4sikirja j\u00e4senyrityksille\" \/>\n<meta property=\"og:description\" content=\"Tervetuloa Teknologiateollisuuden j\u00e4senyrityksille suunnattuun Luonnon monimuotoisuus -k\u00e4sikirjan valmisteluty\u00f6pajaan 18.6.2024. Lue lis\u00e4\u00e4!\" \/>\n<meta property=\"og:url\" content=\"https:\/\/teknologiateollisuus.fi\/jasenille\/tapahtumat\/teknologiateollisuuden-luonnon-monimuotoisuus-kasikirja-jasenyrityksille\/\" \/>\n<meta property=\"og:site_name\" content=\"Teknologiateollisuus - J\u00e4senille\" \/>\n<meta property=\"article:modified_time\" content=\"2024-09-10T10:24:51+00:00\" \/>\n<meta property=\"og:image\" content=\"https:\/\/teknologiateollisuus.fi\/jasenille\/wp-content\/uploads\/sites\/1\/2023\/11\/benjamin-davies-JrZ1yE1PjQ0-unsplash.jpg\" \/>\n\t<meta property=\"og:image:width\" content=\"1920\" \/>\n\t<meta property=\"og:image:height\" content=\"1280\" \/>\n\t<meta property=\"og:image:type\" content=\"image\/jpeg\" \/>\n<meta name=\"twitter:card\" content=\"summary_large_image\" \/>\n<meta name=\"twitter:label1\" content=\"Arvioitu lukuaika\" \/>\n\t<meta name=\"twitter:data1\" content=\"1 minuutti\" \/>\n<script type=\"application\/ld+json\" class=\"yoast-schema-graph\">{\"@context\":\"https:\\\/\\\/schema.org\",\"@graph\":[{\"@type\":\"WebPage\",\"@id\":\"https:\\\/\\\/teknologiateollisuus.fi\\\/jasenille\\\/tapahtumat\\\/teknologiateollisuuden-luonnon-monimuotoisuus-kasikirja-jasenyrityksille\\\/\",\"url\":\"https:\\\/\\\/teknologiateollisuus.fi\\\/jasenille\\\/tapahtumat\\\/teknologiateollisuuden-luonnon-monimuotoisuus-kasikirja-jasenyrityksille\\\/\",\"name\":\"Teknologiateollisuuden Luonnon monimuotoisuus-k\u00e4sikirja j\u00e4senyrityksille - Teknologiateollisuus - J\u00e4senille\",\"isPartOf\":{\"@id\":\"https:\\\/\\\/teknologiateollisuus.fi\\\/jasenille\\\/#website\"},\"primaryImageOfPage\":{\"@id\":\"https:\\\/\\\/teknologiateollisuus.fi\\\/jasenille\\\/tapahtumat\\\/teknologiateollisuuden-luonnon-monimuotoisuus-kasikirja-jasenyrityksille\\\/#primaryimage\"},\"image\":{\"@id\":\"https:\\\/\\\/teknologiateollisuus.fi\\\/jasenille\\\/tapahtumat\\\/teknologiateollisuuden-luonnon-monimuotoisuus-kasikirja-jasenyrityksille\\\/#primaryimage\"},\"thumbnailUrl\":\"https:\\\/\\\/teknologiateollisuus.fi\\\/jasenille\\\/wp-content\\\/uploads\\\/sites\\\/1\\\/2023\\\/11\\\/benjamin-davies-JrZ1yE1PjQ0-unsplash.jpg\",\"datePublished\":\"2024-05-31T11:00:00+00:00\",\"dateModified\":\"2024-09-10T10:24:51+00:00\",\"description\":\"Tervetuloa Teknologiateollisuuden j\u00e4senyrityksille suunnattuun Luonnon monimuotoisuus -k\u00e4sikirjan valmisteluty\u00f6pajaan 18.6.2024. Lue lis\u00e4\u00e4!\",\"breadcrumb\":{\"@id\":\"https:\\\/\\\/teknologiateollisuus.fi\\\/jasenille\\\/tapahtumat\\\/teknologiateollisuuden-luonnon-monimuotoisuus-kasikirja-jasenyrityksille\\\/#breadcrumb\"},\"inLanguage\":\"fi\",\"potentialAction\":[{\"@type\":\"ReadAction\",\"target\":[\"https:\\\/\\\/teknologiateollisuus.fi\\\/jasenille\\\/tapahtumat\\\/teknologiateollisuuden-luonnon-monimuotoisuus-kasikirja-jasenyrityksille\\\/\"]}]},{\"@type\":\"ImageObject\",\"inLanguage\":\"fi\",\"@id\":\"https:\\\/\\\/teknologiateollisuus.fi\\\/jasenille\\\/tapahtumat\\\/teknologiateollisuuden-luonnon-monimuotoisuus-kasikirja-jasenyrityksille\\\/#primaryimage\",\"url\":\"https:\\\/\\\/teknologiateollisuus.fi\\\/jasenille\\\/wp-content\\\/uploads\\\/sites\\\/1\\\/2023\\\/11\\\/benjamin-davies-JrZ1yE1PjQ0-unsplash.jpg\",\"contentUrl\":\"https:\\\/\\\/teknologiateollisuus.fi\\\/jasenille\\\/wp-content\\\/uploads\\\/sites\\\/1\\\/2023\\\/11\\\/benjamin-davies-JrZ1yE1PjQ0-unsplash.jpg\",\"width\":1920,\"height\":1280},{\"@type\":\"BreadcrumbList\",\"@id\":\"https:\\\/\\\/teknologiateollisuus.fi\\\/jasenille\\\/tapahtumat\\\/teknologiateollisuuden-luonnon-monimuotoisuus-kasikirja-jasenyrityksille\\\/#breadcrumb\",\"itemListElement\":[{\"@type\":\"ListItem\",\"position\":1,\"name\":\"Home\",\"item\":\"https:\\\/\\\/teknologiateollisuus.fi\\\/jasenille\\\/\"},{\"@type\":\"ListItem\",\"position\":2,\"name\":\"Ajankohtaista\",\"item\":\"https:\\\/\\\/teknologiateollisuus.fi\\\/jasenille\\\/ajankohtaista\\\/\"},{\"@type\":\"ListItem\",\"position\":3,\"name\":\"Tapahtumat ja koulutukset\",\"item\":\"https:\\\/\\\/teknologiateollisuus.fi\\\/jasenille\\\/palvelut\\\/tapahtumat-ja-koulutukset\\\/\"},{\"@type\":\"ListItem\",\"position\":4,\"name\":\"Teknologiateollisuuden Luonnon monimuotoisuus-k\u00e4sikirja j\u00e4senyrityksille\"}]},{\"@type\":\"WebSite\",\"@id\":\"https:\\\/\\\/teknologiateollisuus.fi\\\/jasenille\\\/#website\",\"url\":\"https:\\\/\\\/teknologiateollisuus.fi\\\/jasenille\\\/\",\"name\":\"Teknologiateollisuus - J\u00e4senille\",\"description\":\"\",\"publisher\":{\"@id\":\"https:\\\/\\\/teknologiateollisuus.fi\\\/jasenille\\\/#organization\"},\"potentialAction\":[{\"@type\":\"SearchAction\",\"target\":{\"@type\":\"EntryPoint\",\"urlTemplate\":\"https:\\\/\\\/teknologiateollisuus.fi\\\/jasenille\\\/?s={search_term_string}\"},\"query-input\":{\"@type\":\"PropertyValueSpecification\",\"valueRequired\":true,\"valueName\":\"search_term_string\"}}],\"inLanguage\":\"fi\"},{\"@type\":\"Organization\",\"@id\":\"https:\\\/\\\/teknologiateollisuus.fi\\\/jasenille\\\/#organization\",\"name\":\"Teknologiateollisuus - J\u00e4senille\",\"url\":\"https:\\\/\\\/teknologiateollisuus.fi\\\/jasenille\\\/\",\"logo\":{\"@type\":\"ImageObject\",\"inLanguage\":\"fi\",\"@id\":\"https:\\\/\\\/teknologiateollisuus.fi\\\/jasenille\\\/#\\\/schema\\\/logo\\\/image\\\/\",\"url\":\"https:\\\/\\\/teknologiateollisuus.fi\\\/jasenille\\\/wp-content\\\/uploads\\\/sites\\\/1\\\/2023\\\/10\\\/placeholder.png\",\"contentUrl\":\"https:\\\/\\\/teknologiateollisuus.fi\\\/jasenille\\\/wp-content\\\/uploads\\\/sites\\\/1\\\/2023\\\/10\\\/placeholder.png\",\"width\":2560,\"height\":1920,\"caption\":\"Teknologiateollisuus - J\u00e4senille\"},\"image\":{\"@id\":\"https:\\\/\\\/teknologiateollisuus.fi\\\/jasenille\\\/#\\\/schema\\\/logo\\\/image\\\/\"}}]}<\/script>\n<!-- \/ Yoast SEO Premium plugin. -->","yoast_head_json":{"title":"Teknologiateollisuuden Luonnon monimuotoisuus-k\u00e4sikirja j\u00e4senyrityksille - Teknologiateollisuus - J\u00e4senille","description":"Tervetuloa Teknologiateollisuuden j\u00e4senyrityksille suunnattuun Luonnon monimuotoisuus -k\u00e4sikirjan valmisteluty\u00f6pajaan 18.6.2024. Lue lis\u00e4\u00e4!","robots":{"index":"index","follow":"follow","max-snippet":"max-snippet:-1","max-image-preview":"max-image-preview:large","max-video-preview":"max-video-preview:-1"},"canonical":"https:\/\/teknologiateollisuus.fi\/jasenille\/tapahtumat\/teknologiateollisuuden-luonnon-monimuotoisuus-kasikirja-jasenyrityksille\/","og_locale":"fi_FI","og_type":"article","og_title":"Teknologiateollisuuden Luonnon monimuotoisuus-k\u00e4sikirja j\u00e4senyrityksille","og_description":"Tervetuloa Teknologiateollisuuden j\u00e4senyrityksille suunnattuun Luonnon monimuotoisuus -k\u00e4sikirjan valmisteluty\u00f6pajaan 18.6.2024. Lue lis\u00e4\u00e4!","og_url":"https:\/\/teknologiateollisuus.fi\/jasenille\/tapahtumat\/teknologiateollisuuden-luonnon-monimuotoisuus-kasikirja-jasenyrityksille\/","og_site_name":"Teknologiateollisuus - J\u00e4senille","article_modified_time":"2024-09-10T10:24:51+00:00","og_image":[{"width":1920,"height":1280,"url":"https:\/\/teknologiateollisuus.fi\/jasenille\/wp-content\/uploads\/sites\/1\/2023\/11\/benjamin-davies-JrZ1yE1PjQ0-unsplash.jpg","type":"image\/jpeg"}],"twitter_card":"summary_large_image","twitter_misc":{"Arvioitu lukuaika":"1 minuutti"},"schema":{"@context":"https:\/\/schema.org","@graph":[{"@type":"WebPage","@id":"https:\/\/teknologiateollisuus.fi\/jasenille\/tapahtumat\/teknologiateollisuuden-luonnon-monimuotoisuus-kasikirja-jasenyrityksille\/","url":"https:\/\/teknologiateollisuus.fi\/jasenille\/tapahtumat\/teknologiateollisuuden-luonnon-monimuotoisuus-kasikirja-jasenyrityksille\/","name":"Teknologiateollisuuden Luonnon monimuotoisuus-k\u00e4sikirja j\u00e4senyrityksille - Teknologiateollisuus - J\u00e4senille","isPartOf":{"@id":"https:\/\/teknologiateollisuus.fi\/jasenille\/#website"},"primaryImageOfPage":{"@id":"https:\/\/teknologiateollisuus.fi\/jasenille\/tapahtumat\/teknologiateollisuuden-luonnon-monimuotoisuus-kasikirja-jasenyrityksille\/#primaryimage"},"image":{"@id":"https:\/\/teknologiateollisuus.fi\/jasenille\/tapahtumat\/teknologiateollisuuden-luonnon-monimuotoisuus-kasikirja-jasenyrityksille\/#primaryimage"},"thumbnailUrl":"https:\/\/teknologiateollisuus.fi\/jasenille\/wp-content\/uploads\/sites\/1\/2023\/11\/benjamin-davies-JrZ1yE1PjQ0-unsplash.jpg","datePublished":"2024-05-31T11:00:00+00:00","dateModified":"2024-09-10T10:24:51+00:00","description":"Tervetuloa Teknologiateollisuuden j\u00e4senyrityksille suunnattuun Luonnon monimuotoisuus -k\u00e4sikirjan valmisteluty\u00f6pajaan 18.6.2024. Lue lis\u00e4\u00e4!","breadcrumb":{"@id":"https:\/\/teknologiateollisuus.fi\/jasenille\/tapahtumat\/teknologiateollisuuden-luonnon-monimuotoisuus-kasikirja-jasenyrityksille\/#breadcrumb"},"inLanguage":"fi","potentialAction":[{"@type":"ReadAction","target":["https:\/\/teknologiateollisuus.fi\/jasenille\/tapahtumat\/teknologiateollisuuden-luonnon-monimuotoisuus-kasikirja-jasenyrityksille\/"]}]},{"@type":"ImageObject","inLanguage":"fi","@id":"https:\/\/teknologiateollisuus.fi\/jasenille\/tapahtumat\/teknologiateollisuuden-luonnon-monimuotoisuus-kasikirja-jasenyrityksille\/#primaryimage","url":"https:\/\/teknologiateollisuus.fi\/jasenille\/wp-content\/uploads\/sites\/1\/2023\/11\/benjamin-davies-JrZ1yE1PjQ0-unsplash.jpg","contentUrl":"https:\/\/teknologiateollisuus.fi\/jasenille\/wp-content\/uploads\/sites\/1\/2023\/11\/benjamin-davies-JrZ1yE1PjQ0-unsplash.jpg","width":1920,"height":1280},{"@type":"BreadcrumbList","@id":"https:\/\/teknologiateollisuus.fi\/jasenille\/tapahtumat\/teknologiateollisuuden-luonnon-monimuotoisuus-kasikirja-jasenyrityksille\/#breadcrumb","itemListElement":[{"@type":"ListItem","position":1,"name":"Home","item":"https:\/\/teknologiateollisuus.fi\/jasenille\/"},{"@type":"ListItem","position":2,"name":"Ajankohtaista","item":"https:\/\/teknologiateollisuus.fi\/jasenille\/ajankohtaista\/"},{"@type":"ListItem","position":3,"name":"Tapahtumat ja koulutukset","item":"https:\/\/teknologiateollisuus.fi\/jasenille\/palvelut\/tapahtumat-ja-koulutukset\/"},{"@type":"ListItem","position":4,"name":"Teknologiateollisuuden Luonnon monimuotoisuus-k\u00e4sikirja j\u00e4senyrityksille"}]},{"@type":"WebSite","@id":"https:\/\/teknologiateollisuus.fi\/jasenille\/#website","url":"https:\/\/teknologiateollisuus.fi\/jasenille\/","name":"Teknologiateollisuus - J\u00e4senille","description":"","publisher":{"@id":"https:\/\/teknologiateollisuus.fi\/jasenille\/#organization"},"potentialAction":[{"@type":"SearchAction","target":{"@type":"EntryPoint","urlTemplate":"https:\/\/teknologiateollisuus.fi\/jasenille\/?s={search_term_string}"},"query-input":{"@type":"PropertyValueSpecification","valueRequired":true,"valueName":"search_term_string"}}],"inLanguage":"fi"},{"@type":"Organization","@id":"https:\/\/teknologiateollisuus.fi\/jasenille\/#organization","name":"Teknologiateollisuus - J\u00e4senille","url":"https:\/\/teknologiateollisuus.fi\/jasenille\/","logo":{"@type":"ImageObject","inLanguage":"fi","@id":"https:\/\/teknologiateollisuus.fi\/jasenille\/#\/schema\/logo\/image\/","url":"https:\/\/teknologiateollisuus.fi\/jasenille\/wp-content\/uploads\/sites\/1\/2023\/10\/placeholder.png","contentUrl":"https:\/\/teknologiateollisuus.fi\/jasenille\/wp-content\/uploads\/sites\/1\/2023\/10\/placeholder.png","width":2560,"height":1920,"caption":"Teknologiateollisuus - J\u00e4senille"},"image":{"@id":"https:\/\/teknologiateollisuus.fi\/jasenille\/#\/schema\/logo\/image\/"}}]}},"lang":"fi","translations":{"fi":7159},"pll_sync_post":{},"_links":{"self":[{"href":"https:\/\/teknologiateollisuus.fi\/jasenille\/wp-json\/wp\/v2\/events\/7159","targetHints":{"allow":["GET"]}}],"collection":[{"href":"https:\/\/teknologiateollisuus.fi\/jasenille\/wp-json\/wp\/v2\/events"}],"about":[{"href":"https:\/\/teknologiateollisuus.fi\/jasenille\/wp-json\/wp\/v2\/types\/em_event"}],"version-history":[{"count":4,"href":"https:\/\/teknologiateollisuus.fi\/jasenille\/wp-json\/wp\/v2\/events\/7159\/revisions"}],"predecessor-version":[{"id":7166,"href":"https:\/\/teknologiateollisuus.fi\/jasenille\/wp-json\/wp\/v2\/events\/7159\/revisions\/7166"}],"wp:featuredmedia":[{"embeddable":true,"href":"https:\/\/teknologiateollisuus.fi\/jasenille\/wp-json\/wp\/v2\/media\/563"}],"wp:attachment":[{"href":"https:\/\/teknologiateollisuus.fi\/jasenille\/wp-json\/wp\/v2\/media?parent=7159"}],"wp:term":[{"taxonomy":"post_tag","embeddable":true,"href":"https:\/\/teknologiateollisuus.fi\/jasenille\/wp-json\/wp\/v2\/post_tag?post=7159"},{"taxonomy":"em_region","embeddable":true,"href":"https:\/\/teknologiateollisuus.fi\/jasenille\/wp-json\/wp\/v2\/em_region?post=7159"},{"taxonomy":"em_target_group","embeddable":true,"href":"https:\/\/teknologiateollisuus.fi\/jasenille\/wp-json\/wp\/v2\/em_target_group?post=7159"},{"taxonomy":"em_event_type","embeddable":true,"href":"https:\/\/teknologiateollisuus.fi\/jasenille\/wp-json\/wp\/v2\/em_event_type?post=7159"}],"curies":[{"name":"wp","href":"https:\/\/api.w.org\/{rel}","templated":true}]}}