{"id":7315,"date":"2024-06-26T10:15:00","date_gmt":"2024-06-26T07:15:00","guid":{"rendered":"https:\/\/teknologiateollisuus.fi\/jasenille\/?post_type=em_event&#038;p=7315"},"modified":"2024-09-10T13:24:51","modified_gmt":"2024-09-10T10:24:51","slug":"tyopaja-teknologiateollisuuden-luonnon-monimuotoisuustavoitteet-ja-linjaukset","status":"publish","type":"em_event","link":"https:\/\/teknologiateollisuus.fi\/jasenille\/tapahtumat\/tyopaja-teknologiateollisuuden-luonnon-monimuotoisuustavoitteet-ja-linjaukset\/","title":{"rendered":"Ty\u00f6paja: Teknologiateollisuuden luonnon monimuotoisuustavoitteet ja -linjaukset\u00a0"},"content":{"rendered":"\n<p>Vuonna 2020 hyv\u00e4ksyttyjen luonnon monimuotoisuustavoitteiden ja -linjausten p\u00e4ivitys on tarpeen, sill\u00e4 toimintaymp\u00e4rist\u00f6ss\u00e4 on tapahtunut suuria muutoksia vuoden 2020 j\u00e4lkeen ja ymm\u00e4rrys luonnon monimuotoisuuden strategisesta merkityksest\u00e4 yrityksille on kasvanut.<br><br>Ty\u00f6pajassa on tarkoitus kuulla j\u00e4senyritysten n\u00e4kemyksi\u00e4 p\u00e4ivitettyjen tavoitteiden ja linjausten sis\u00e4ll\u00f6ksi ennen niiden valmistumista. Materiaali ty\u00f6pajaan l\u00e4hetet\u00e4\u00e4n noin viikko ennen tilaisuutta. Paikan p\u00e4\u00e4lle saapuville on tarjolla lounas ty\u00f6pajan j\u00e4lkeen.&nbsp;<br><br>Teknologiateollisuus ry p\u00e4ivitt\u00e4\u00e4 Luonnon monimuotoisuus -ohjelmansa vuoden 2024 aikana. P\u00e4ivitys tehd\u00e4\u00e4n yhteisty\u00f6ss\u00e4 j\u00e4senyritysten ja Kari &amp; Pantsar Oy:n kanssa.<\/p>\n\n\n\n<p class=\" mt-xs mb-xs\"><strong>Ilmoittaudu mukaan 12.8. klo 15:30 menness\u00e4<\/strong>.<\/p>\n\n\n\n<p class=\" mb-xs mt-xs\"><strong>Teknologiateollisuuden luonnon monimuotoisuus &#8211; ty\u00f6pajat:<\/strong><br>Luonnon monimuotoisuus -k\u00e4sikirjan valmistelun yhteydess\u00e4 j\u00e4rjestettiin ty\u00f6paja j\u00e4senyrityksille 18.6.2024.<br>Aiemman ty\u00f6pajan mahdollinen v\u00e4liin j\u00e4\u00e4minen ei est\u00e4 osallistumista 20.8.2024 pidett\u00e4v\u00e4\u00e4n ty\u00f6pajaan.<\/p>\n\n\n\n<div class=\"wp-block-buttons  mt-sm is-layout-flex wp-block-buttons-is-layout-flex\">\n<div class=\"wp-block-button  icon-right size-lg\"><a class=\"wp-block-button__link wp-element-button\" href=\"https:\/\/www.lyyti.in\/Teknologiateollisuuden_luonnon_monimuotoisuustavoitteet_ja_linjaukset_tyopaja_7191\" target=\"_blank\" rel=\"noreferrer noopener\">Ilmoittaudu tapahtumaan<\/a><\/div>\n<\/div>\n\n\n\n<div class=\"wp-block-scb-columns scb-columns  has-mobile-behavior--stacked em-pattern-event-contacts\">\n<div class=\"wp-block-scb-column scb-column\">\n<h2 class=\"wp-block-heading\" id=\"lisatietoja\">Lis\u00e4tietoja<\/h2>\n\n\n<\/div>\n<\/div>\n","protected":false},"excerpt":{"rendered":"<p>Tervetuloa ty\u00f6pajaan, jossa ker\u00e4t\u00e4\u00e4n j\u00e4senyritysten n\u00e4kemyksi\u00e4 Teknologiateollisuuden vuonna 2020 hyv\u00e4ksyttyjen luonnon monimuotoisuustavoitteiden ja -linjausten p\u00e4ivitt\u00e4miseen. <\/p>\n","protected":false},"featured_media":563,"template":"","meta":{"_acf_changed":false,"_relevanssi_hide_post":"","_relevanssi_hide_content":"","_relevanssi_pin_for_all":"","_relevanssi_pin_keywords":"","_relevanssi_unpin_keywords":"","_relevanssi_related_keywords":"","_relevanssi_related_include_ids":"","_relevanssi_related_exclude_ids":"","_relevanssi_related_no_append":"","_relevanssi_related_not_related":"","_relevanssi_related_posts":"5380,6445,6001,6692,5826,5780","_relevanssi_noindex_reason":"","inline_featured_image":false,"growthstack-ab-test":[],"growthstack-ab-test-views":[],"footnotes":""},"post_tag":[19],"em_region":[],"em_target_group":[],"em_event_type":[31,95],"class_list":["post-7315","em_event","type-em_event","status-publish","has-post-thumbnail","hentry","tag-vastuullisuus","em_event_type-koulutukset","em_event_type-webinaarit"],"acf":{"event_start_date":"20240820","event_end_date":"20240820","event_start_time":"10:00:00","event_end_time":"12:00:00","location":"","address":"Etel\u00e4ranta 10 \/ Et\u00e4osallistuminen","registration":"https:\/\/www.lyyti.in\/Teknologiateollisuuden_luonnon_monimuotoisuustavoitteet_ja_linjaukset_tyopaja_7191","files":null,"links":null,"locked":false},"yoast_head":"<!-- This site is optimized with the Yoast SEO Premium plugin v27.1 (Yoast SEO v27.5) - https:\/\/yoast.com\/product\/yoast-seo-premium-wordpress\/ -->\n<title>Ty\u00f6paja: Teknologiateollisuuden luonnon monimuotoisuustavoitteet ja -linjaukset\u00a0 - Teknologiateollisuus - J\u00e4senille<\/title>\n<meta name=\"description\" content=\"Tervetuloa Teknologiateollisuuden luonnon monimuotoisuustavoitteiden ja -linjausten p\u00e4ivitt\u00e4misen ty\u00f6pajaan 20.8.2024. Lue lis\u00e4\u00e4!\" \/>\n<meta name=\"robots\" content=\"index, follow, max-snippet:-1, max-image-preview:large, max-video-preview:-1\" \/>\n<link rel=\"canonical\" href=\"https:\/\/teknologiateollisuus.fi\/jasenille\/tapahtumat\/tyopaja-teknologiateollisuuden-luonnon-monimuotoisuustavoitteet-ja-linjaukset\/\" \/>\n<meta property=\"og:locale\" content=\"fi_FI\" \/>\n<meta property=\"og:type\" content=\"article\" \/>\n<meta property=\"og:title\" content=\"Ty\u00f6paja: Teknologiateollisuuden luonnon monimuotoisuustavoitteet ja -linjaukset\u00a0\" \/>\n<meta property=\"og:description\" content=\"Tervetuloa Teknologiateollisuuden luonnon monimuotoisuustavoitteiden ja -linjausten p\u00e4ivitt\u00e4misen ty\u00f6pajaan 20.8.2024. Lue lis\u00e4\u00e4!\" \/>\n<meta property=\"og:url\" content=\"https:\/\/teknologiateollisuus.fi\/jasenille\/tapahtumat\/tyopaja-teknologiateollisuuden-luonnon-monimuotoisuustavoitteet-ja-linjaukset\/\" \/>\n<meta property=\"og:site_name\" content=\"Teknologiateollisuus - J\u00e4senille\" \/>\n<meta property=\"article:modified_time\" content=\"2024-09-10T10:24:51+00:00\" \/>\n<meta property=\"og:image\" content=\"https:\/\/teknologiateollisuus.fi\/jasenille\/wp-content\/uploads\/sites\/1\/2023\/11\/benjamin-davies-JrZ1yE1PjQ0-unsplash.jpg\" \/>\n\t<meta property=\"og:image:width\" content=\"1920\" \/>\n\t<meta property=\"og:image:height\" content=\"1280\" \/>\n\t<meta property=\"og:image:type\" content=\"image\/jpeg\" \/>\n<meta name=\"twitter:card\" content=\"summary_large_image\" \/>\n<meta name=\"twitter:label1\" content=\"Arvioitu lukuaika\" \/>\n\t<meta name=\"twitter:data1\" content=\"1 minuutti\" \/>\n<script type=\"application\/ld+json\" class=\"yoast-schema-graph\">{\"@context\":\"https:\\\/\\\/schema.org\",\"@graph\":[{\"@type\":\"WebPage\",\"@id\":\"https:\\\/\\\/teknologiateollisuus.fi\\\/jasenille\\\/tapahtumat\\\/tyopaja-teknologiateollisuuden-luonnon-monimuotoisuustavoitteet-ja-linjaukset\\\/\",\"url\":\"https:\\\/\\\/teknologiateollisuus.fi\\\/jasenille\\\/tapahtumat\\\/tyopaja-teknologiateollisuuden-luonnon-monimuotoisuustavoitteet-ja-linjaukset\\\/\",\"name\":\"Ty\u00f6paja: Teknologiateollisuuden luonnon monimuotoisuustavoitteet ja -linjaukset\u00a0 - Teknologiateollisuus - J\u00e4senille\",\"isPartOf\":{\"@id\":\"https:\\\/\\\/teknologiateollisuus.fi\\\/jasenille\\\/#website\"},\"primaryImageOfPage\":{\"@id\":\"https:\\\/\\\/teknologiateollisuus.fi\\\/jasenille\\\/tapahtumat\\\/tyopaja-teknologiateollisuuden-luonnon-monimuotoisuustavoitteet-ja-linjaukset\\\/#primaryimage\"},\"image\":{\"@id\":\"https:\\\/\\\/teknologiateollisuus.fi\\\/jasenille\\\/tapahtumat\\\/tyopaja-teknologiateollisuuden-luonnon-monimuotoisuustavoitteet-ja-linjaukset\\\/#primaryimage\"},\"thumbnailUrl\":\"https:\\\/\\\/teknologiateollisuus.fi\\\/jasenille\\\/wp-content\\\/uploads\\\/sites\\\/1\\\/2023\\\/11\\\/benjamin-davies-JrZ1yE1PjQ0-unsplash.jpg\",\"datePublished\":\"2024-06-26T07:15:00+00:00\",\"dateModified\":\"2024-09-10T10:24:51+00:00\",\"description\":\"Tervetuloa Teknologiateollisuuden luonnon monimuotoisuustavoitteiden ja -linjausten p\u00e4ivitt\u00e4misen ty\u00f6pajaan 20.8.2024. Lue lis\u00e4\u00e4!\",\"breadcrumb\":{\"@id\":\"https:\\\/\\\/teknologiateollisuus.fi\\\/jasenille\\\/tapahtumat\\\/tyopaja-teknologiateollisuuden-luonnon-monimuotoisuustavoitteet-ja-linjaukset\\\/#breadcrumb\"},\"inLanguage\":\"fi\",\"potentialAction\":[{\"@type\":\"ReadAction\",\"target\":[\"https:\\\/\\\/teknologiateollisuus.fi\\\/jasenille\\\/tapahtumat\\\/tyopaja-teknologiateollisuuden-luonnon-monimuotoisuustavoitteet-ja-linjaukset\\\/\"]}]},{\"@type\":\"ImageObject\",\"inLanguage\":\"fi\",\"@id\":\"https:\\\/\\\/teknologiateollisuus.fi\\\/jasenille\\\/tapahtumat\\\/tyopaja-teknologiateollisuuden-luonnon-monimuotoisuustavoitteet-ja-linjaukset\\\/#primaryimage\",\"url\":\"https:\\\/\\\/teknologiateollisuus.fi\\\/jasenille\\\/wp-content\\\/uploads\\\/sites\\\/1\\\/2023\\\/11\\\/benjamin-davies-JrZ1yE1PjQ0-unsplash.jpg\",\"contentUrl\":\"https:\\\/\\\/teknologiateollisuus.fi\\\/jasenille\\\/wp-content\\\/uploads\\\/sites\\\/1\\\/2023\\\/11\\\/benjamin-davies-JrZ1yE1PjQ0-unsplash.jpg\",\"width\":1920,\"height\":1280},{\"@type\":\"BreadcrumbList\",\"@id\":\"https:\\\/\\\/teknologiateollisuus.fi\\\/jasenille\\\/tapahtumat\\\/tyopaja-teknologiateollisuuden-luonnon-monimuotoisuustavoitteet-ja-linjaukset\\\/#breadcrumb\",\"itemListElement\":[{\"@type\":\"ListItem\",\"position\":1,\"name\":\"Home\",\"item\":\"https:\\\/\\\/teknologiateollisuus.fi\\\/jasenille\\\/\"},{\"@type\":\"ListItem\",\"position\":2,\"name\":\"Ajankohtaista\",\"item\":\"https:\\\/\\\/teknologiateollisuus.fi\\\/jasenille\\\/ajankohtaista\\\/\"},{\"@type\":\"ListItem\",\"position\":3,\"name\":\"Tapahtumat ja koulutukset\",\"item\":\"https:\\\/\\\/teknologiateollisuus.fi\\\/jasenille\\\/palvelut\\\/tapahtumat-ja-koulutukset\\\/\"},{\"@type\":\"ListItem\",\"position\":4,\"name\":\"Ty\u00f6paja: Teknologiateollisuuden luonnon monimuotoisuustavoitteet ja -linjaukset\u00a0\"}]},{\"@type\":\"WebSite\",\"@id\":\"https:\\\/\\\/teknologiateollisuus.fi\\\/jasenille\\\/#website\",\"url\":\"https:\\\/\\\/teknologiateollisuus.fi\\\/jasenille\\\/\",\"name\":\"Teknologiateollisuus - J\u00e4senille\",\"description\":\"\",\"publisher\":{\"@id\":\"https:\\\/\\\/teknologiateollisuus.fi\\\/jasenille\\\/#organization\"},\"potentialAction\":[{\"@type\":\"SearchAction\",\"target\":{\"@type\":\"EntryPoint\",\"urlTemplate\":\"https:\\\/\\\/teknologiateollisuus.fi\\\/jasenille\\\/?s={search_term_string}\"},\"query-input\":{\"@type\":\"PropertyValueSpecification\",\"valueRequired\":true,\"valueName\":\"search_term_string\"}}],\"inLanguage\":\"fi\"},{\"@type\":\"Organization\",\"@id\":\"https:\\\/\\\/teknologiateollisuus.fi\\\/jasenille\\\/#organization\",\"name\":\"Teknologiateollisuus - J\u00e4senille\",\"url\":\"https:\\\/\\\/teknologiateollisuus.fi\\\/jasenille\\\/\",\"logo\":{\"@type\":\"ImageObject\",\"inLanguage\":\"fi\",\"@id\":\"https:\\\/\\\/teknologiateollisuus.fi\\\/jasenille\\\/#\\\/schema\\\/logo\\\/image\\\/\",\"url\":\"https:\\\/\\\/teknologiateollisuus.fi\\\/jasenille\\\/wp-content\\\/uploads\\\/sites\\\/1\\\/2023\\\/10\\\/placeholder.png\",\"contentUrl\":\"https:\\\/\\\/teknologiateollisuus.fi\\\/jasenille\\\/wp-content\\\/uploads\\\/sites\\\/1\\\/2023\\\/10\\\/placeholder.png\",\"width\":2560,\"height\":1920,\"caption\":\"Teknologiateollisuus - J\u00e4senille\"},\"image\":{\"@id\":\"https:\\\/\\\/teknologiateollisuus.fi\\\/jasenille\\\/#\\\/schema\\\/logo\\\/image\\\/\"}}]}<\/script>\n<!-- \/ Yoast SEO Premium plugin. -->","yoast_head_json":{"title":"Ty\u00f6paja: Teknologiateollisuuden luonnon monimuotoisuustavoitteet ja -linjaukset\u00a0 - Teknologiateollisuus - J\u00e4senille","description":"Tervetuloa Teknologiateollisuuden luonnon monimuotoisuustavoitteiden ja -linjausten p\u00e4ivitt\u00e4misen ty\u00f6pajaan 20.8.2024. Lue lis\u00e4\u00e4!","robots":{"index":"index","follow":"follow","max-snippet":"max-snippet:-1","max-image-preview":"max-image-preview:large","max-video-preview":"max-video-preview:-1"},"canonical":"https:\/\/teknologiateollisuus.fi\/jasenille\/tapahtumat\/tyopaja-teknologiateollisuuden-luonnon-monimuotoisuustavoitteet-ja-linjaukset\/","og_locale":"fi_FI","og_type":"article","og_title":"Ty\u00f6paja: Teknologiateollisuuden luonnon monimuotoisuustavoitteet ja -linjaukset\u00a0","og_description":"Tervetuloa Teknologiateollisuuden luonnon monimuotoisuustavoitteiden ja -linjausten p\u00e4ivitt\u00e4misen ty\u00f6pajaan 20.8.2024. Lue lis\u00e4\u00e4!","og_url":"https:\/\/teknologiateollisuus.fi\/jasenille\/tapahtumat\/tyopaja-teknologiateollisuuden-luonnon-monimuotoisuustavoitteet-ja-linjaukset\/","og_site_name":"Teknologiateollisuus - J\u00e4senille","article_modified_time":"2024-09-10T10:24:51+00:00","og_image":[{"width":1920,"height":1280,"url":"https:\/\/teknologiateollisuus.fi\/jasenille\/wp-content\/uploads\/sites\/1\/2023\/11\/benjamin-davies-JrZ1yE1PjQ0-unsplash.jpg","type":"image\/jpeg"}],"twitter_card":"summary_large_image","twitter_misc":{"Arvioitu lukuaika":"1 minuutti"},"schema":{"@context":"https:\/\/schema.org","@graph":[{"@type":"WebPage","@id":"https:\/\/teknologiateollisuus.fi\/jasenille\/tapahtumat\/tyopaja-teknologiateollisuuden-luonnon-monimuotoisuustavoitteet-ja-linjaukset\/","url":"https:\/\/teknologiateollisuus.fi\/jasenille\/tapahtumat\/tyopaja-teknologiateollisuuden-luonnon-monimuotoisuustavoitteet-ja-linjaukset\/","name":"Ty\u00f6paja: Teknologiateollisuuden luonnon monimuotoisuustavoitteet ja -linjaukset\u00a0 - Teknologiateollisuus - J\u00e4senille","isPartOf":{"@id":"https:\/\/teknologiateollisuus.fi\/jasenille\/#website"},"primaryImageOfPage":{"@id":"https:\/\/teknologiateollisuus.fi\/jasenille\/tapahtumat\/tyopaja-teknologiateollisuuden-luonnon-monimuotoisuustavoitteet-ja-linjaukset\/#primaryimage"},"image":{"@id":"https:\/\/teknologiateollisuus.fi\/jasenille\/tapahtumat\/tyopaja-teknologiateollisuuden-luonnon-monimuotoisuustavoitteet-ja-linjaukset\/#primaryimage"},"thumbnailUrl":"https:\/\/teknologiateollisuus.fi\/jasenille\/wp-content\/uploads\/sites\/1\/2023\/11\/benjamin-davies-JrZ1yE1PjQ0-unsplash.jpg","datePublished":"2024-06-26T07:15:00+00:00","dateModified":"2024-09-10T10:24:51+00:00","description":"Tervetuloa Teknologiateollisuuden luonnon monimuotoisuustavoitteiden ja -linjausten p\u00e4ivitt\u00e4misen ty\u00f6pajaan 20.8.2024. Lue lis\u00e4\u00e4!","breadcrumb":{"@id":"https:\/\/teknologiateollisuus.fi\/jasenille\/tapahtumat\/tyopaja-teknologiateollisuuden-luonnon-monimuotoisuustavoitteet-ja-linjaukset\/#breadcrumb"},"inLanguage":"fi","potentialAction":[{"@type":"ReadAction","target":["https:\/\/teknologiateollisuus.fi\/jasenille\/tapahtumat\/tyopaja-teknologiateollisuuden-luonnon-monimuotoisuustavoitteet-ja-linjaukset\/"]}]},{"@type":"ImageObject","inLanguage":"fi","@id":"https:\/\/teknologiateollisuus.fi\/jasenille\/tapahtumat\/tyopaja-teknologiateollisuuden-luonnon-monimuotoisuustavoitteet-ja-linjaukset\/#primaryimage","url":"https:\/\/teknologiateollisuus.fi\/jasenille\/wp-content\/uploads\/sites\/1\/2023\/11\/benjamin-davies-JrZ1yE1PjQ0-unsplash.jpg","contentUrl":"https:\/\/teknologiateollisuus.fi\/jasenille\/wp-content\/uploads\/sites\/1\/2023\/11\/benjamin-davies-JrZ1yE1PjQ0-unsplash.jpg","width":1920,"height":1280},{"@type":"BreadcrumbList","@id":"https:\/\/teknologiateollisuus.fi\/jasenille\/tapahtumat\/tyopaja-teknologiateollisuuden-luonnon-monimuotoisuustavoitteet-ja-linjaukset\/#breadcrumb","itemListElement":[{"@type":"ListItem","position":1,"name":"Home","item":"https:\/\/teknologiateollisuus.fi\/jasenille\/"},{"@type":"ListItem","position":2,"name":"Ajankohtaista","item":"https:\/\/teknologiateollisuus.fi\/jasenille\/ajankohtaista\/"},{"@type":"ListItem","position":3,"name":"Tapahtumat ja koulutukset","item":"https:\/\/teknologiateollisuus.fi\/jasenille\/palvelut\/tapahtumat-ja-koulutukset\/"},{"@type":"ListItem","position":4,"name":"Ty\u00f6paja: Teknologiateollisuuden luonnon monimuotoisuustavoitteet ja -linjaukset\u00a0"}]},{"@type":"WebSite","@id":"https:\/\/teknologiateollisuus.fi\/jasenille\/#website","url":"https:\/\/teknologiateollisuus.fi\/jasenille\/","name":"Teknologiateollisuus - J\u00e4senille","description":"","publisher":{"@id":"https:\/\/teknologiateollisuus.fi\/jasenille\/#organization"},"potentialAction":[{"@type":"SearchAction","target":{"@type":"EntryPoint","urlTemplate":"https:\/\/teknologiateollisuus.fi\/jasenille\/?s={search_term_string}"},"query-input":{"@type":"PropertyValueSpecification","valueRequired":true,"valueName":"search_term_string"}}],"inLanguage":"fi"},{"@type":"Organization","@id":"https:\/\/teknologiateollisuus.fi\/jasenille\/#organization","name":"Teknologiateollisuus - J\u00e4senille","url":"https:\/\/teknologiateollisuus.fi\/jasenille\/","logo":{"@type":"ImageObject","inLanguage":"fi","@id":"https:\/\/teknologiateollisuus.fi\/jasenille\/#\/schema\/logo\/image\/","url":"https:\/\/teknologiateollisuus.fi\/jasenille\/wp-content\/uploads\/sites\/1\/2023\/10\/placeholder.png","contentUrl":"https:\/\/teknologiateollisuus.fi\/jasenille\/wp-content\/uploads\/sites\/1\/2023\/10\/placeholder.png","width":2560,"height":1920,"caption":"Teknologiateollisuus - J\u00e4senille"},"image":{"@id":"https:\/\/teknologiateollisuus.fi\/jasenille\/#\/schema\/logo\/image\/"}}]}},"lang":"fi","translations":{"fi":7315},"pll_sync_post":{},"_links":{"self":[{"href":"https:\/\/teknologiateollisuus.fi\/jasenille\/wp-json\/wp\/v2\/events\/7315","targetHints":{"allow":["GET"]}}],"collection":[{"href":"https:\/\/teknologiateollisuus.fi\/jasenille\/wp-json\/wp\/v2\/events"}],"about":[{"href":"https:\/\/teknologiateollisuus.fi\/jasenille\/wp-json\/wp\/v2\/types\/em_event"}],"version-history":[{"count":7,"href":"https:\/\/teknologiateollisuus.fi\/jasenille\/wp-json\/wp\/v2\/events\/7315\/revisions"}],"predecessor-version":[{"id":7335,"href":"https:\/\/teknologiateollisuus.fi\/jasenille\/wp-json\/wp\/v2\/events\/7315\/revisions\/7335"}],"wp:featuredmedia":[{"embeddable":true,"href":"https:\/\/teknologiateollisuus.fi\/jasenille\/wp-json\/wp\/v2\/media\/563"}],"wp:attachment":[{"href":"https:\/\/teknologiateollisuus.fi\/jasenille\/wp-json\/wp\/v2\/media?parent=7315"}],"wp:term":[{"taxonomy":"post_tag","embeddable":true,"href":"https:\/\/teknologiateollisuus.fi\/jasenille\/wp-json\/wp\/v2\/post_tag?post=7315"},{"taxonomy":"em_region","embeddable":true,"href":"https:\/\/teknologiateollisuus.fi\/jasenille\/wp-json\/wp\/v2\/em_region?post=7315"},{"taxonomy":"em_target_group","embeddable":true,"href":"https:\/\/teknologiateollisuus.fi\/jasenille\/wp-json\/wp\/v2\/em_target_group?post=7315"},{"taxonomy":"em_event_type","embeddable":true,"href":"https:\/\/teknologiateollisuus.fi\/jasenille\/wp-json\/wp\/v2\/em_event_type?post=7315"}],"curies":[{"name":"wp","href":"https:\/\/api.w.org\/{rel}","templated":true}]}}