{"id":4299,"date":"2024-01-26T11:19:58","date_gmt":"2024-01-26T09:19:58","guid":{"rendered":"https:\/\/teknologiateollisuus.fi\/jasenille\/?page_id=4299"},"modified":"2025-08-07T11:24:25","modified_gmt":"2025-08-07T08:24:25","slug":"tyoehtosopimus-teknologiateollisuuden-tyontekijat","status":"publish","type":"page","link":"https:\/\/teknologiateollisuus.fi\/jasenille\/palvelut\/teknologia-alan-tyoehtosopimukset\/tyoehtosopimus-teknologiateollisuuden-tyontekijat\/","title":{"rendered":"Ty\u00f6ehtosopimus, teknologiateollisuuden ty\u00f6ntekij\u00e4t"},"content":{"rendered":"\n<div class=\"em-block-hero hero-has-background-color has-background has-black-background-color collapse  \">\n\t<div class=\"em-block-hero__container\">\n\t\t<div class=\"em-block-hero__content\">\n\t\t\t<div class=\"yoast-breadcrumbs\"><span><span><a href=\"https:\/\/teknologiateollisuus.fi\/jasenille\/\">Home<\/a><\/span> <span class=\"separator\"><\/span> <span><a href=\"https:\/\/teknologiateollisuus.fi\/jasenille\/palvelut\/\">Palvelut<\/a><\/span> <span class=\"separator\"><\/span> <span><a href=\"https:\/\/teknologiateollisuus.fi\/jasenille\/palvelut\/teknologia-alan-tyoehtosopimukset\/\">Ty\u00f6ehtosopimukset<\/a><\/span> <span class=\"separator\"><\/span> <span class=\"breadcrumb_last\" aria-current=\"page\">Ty\u00f6ehtosopimus, teknologiateollisuuden ty\u00f6ntekij\u00e4t<\/span><\/span><\/div>\t\t\t\n<h1 class=\"wp-block-heading\" id=\"h-tyoehtosopimus-teknologiateollisuuden-tyontekijat\">Ty\u00f6ehtosopimus, teknologiateollisuuden ty\u00f6ntekij\u00e4t<\/h1>\n\t\t\t<div class=\"em-block-hero__modified-date\"> P\u00e4ivitetty 07.08.2025 klo 11:24<\/div>\t\t<\/div>\n\t\t\t\t\t<figure class=\"em-block-hero__image\">\n\t\t\t\t\t\t\t<\/figure>\n\t\t\t<\/div>\n<\/div>\n\n\n\n<h2 class=\"wp-block-heading\" id=\"h-voimassaoleva-tyoehtosopimus\" id=\"voimassaoleva-tyoehtosopimus\">Voimassaoleva ty\u00f6ehtosopimus<\/h2>\n\n\n\n<div class=\"wp-block-evermade-links em-block-links has-columns-1\">\n<div data-wp-interactive=\"core\/file\" class=\"wp-block-file\"><a id=\"wp-block-file--media-aa745b5d-f23d-4caf-beef-caf7ef3df50c\" href=\"https:\/\/teknologiateollisuus.fi\/jasenille\/wp-content\/uploads\/sites\/1\/2025\/04\/TES-2025-2027-teknologiateollisuuden-tyontekijat-painoversio.pdf\">Ty\u00f6ehtosopimus: Teknologiateollisuuden ty\u00f6ntekij\u00e4t 2025\u20132027<\/a><a href=\"https:\/\/teknologiateollisuus.fi\/jasenille\/wp-content\/uploads\/sites\/1\/2025\/04\/TES-2025-2027-teknologiateollisuuden-tyontekijat-painoversio.pdf\" class=\"wp-block-file__button wp-element-button\" download aria-describedby=\"wp-block-file--media-aa745b5d-f23d-4caf-beef-caf7ef3df50c\">Lataa<\/a><\/div>\n\n\n\n<div data-wp-interactive=\"core\/file\" class=\"wp-block-file\"><a id=\"wp-block-file--media-e03f2fd6-4b59-4d22-93d3-2d8b9fa099d9\" href=\"https:\/\/teknologiateollisuus.fi\/jasenille\/wp-content\/uploads\/sites\/1\/2025\/03\/Esitysdiat-TES-infotilaisuus-Teknologiateollisuuden-tyontekijoiden-tyoehtosopimuksesta.pdf\">Ty\u00f6ehtosopimusratkaisun 2025-2027 infodiat<\/a><a href=\"https:\/\/teknologiateollisuus.fi\/jasenille\/wp-content\/uploads\/sites\/1\/2025\/03\/Esitysdiat-TES-infotilaisuus-Teknologiateollisuuden-tyontekijoiden-tyoehtosopimuksesta.pdf\" class=\"wp-block-file__button wp-element-button\" download aria-describedby=\"wp-block-file--media-e03f2fd6-4b59-4d22-93d3-2d8b9fa099d9\">Lataa<\/a><\/div>\n\n\n\n<a\n\tclass=\"wp-block-evermade-external-link em-block-link is-external   \"\n\thref=\"https:\/\/vimeo.com\/1062444614\/2cee19cf86?share=copy\"\n\taria-label=\"Avaa uudessa v\u00e4lilehdess\u00e4\"\n\ttarget=\"_blank\"\n\trel=\"noopener noreferrer\"\n>\n\t<div class=\"em-block-link__content\">\n\t\t<span class=\"em-block-link__title\">\n\t\t\tTES-infotilaisuuden tallenne\t\t<\/span>\n\t\t\t<\/div>\n\t<div class=\"em-block-link__arrow\"><\/div>\n\t<div class=\"em-block-link__pressable\"><\/div>\n<\/a>\n<\/div>\n\n\n\n<p>Huom! Ty\u00f6ehtosopimuksen ty\u00f6versioon on merkitty edelliseen ty\u00f6ehtosopimukseen n\u00e4hden muutetut kohdat punaisella. Ty\u00f6version sivunumerointi ja taitto ei vastaa lopullista ty\u00f6ehtosopimusta.<\/p>\n\n\n\n<h3 class=\"wp-block-heading has-text-align-left  mb-xs\" id=\"h-tyoehtosopimuksen-kaannosversiot\" id=\"tyoehtosopimuksen-kaannosversiot\">Ty\u00f6ehtosopimuksen k\u00e4\u00e4nn\u00f6sversiot<\/h3>\n\n\n\n<div class=\"wp-block-evermade-links em-block-links has-columns-1\">\n<div data-wp-interactive=\"core\/file\" class=\"wp-block-file\"><a id=\"wp-block-file--media-8e6e243c-beed-41ee-ad08-d3b267442180\" href=\"https:\/\/teknologiateollisuus.fi\/jasenille\/wp-content\/uploads\/sites\/1\/2025\/06\/tes-teknologiateollisuuden-tyontekijat-2025-2027-sv-painoversio.pdf\">Kollektivavtal, arbetare 2025\u20132027<\/a><a href=\"https:\/\/teknologiateollisuus.fi\/jasenille\/wp-content\/uploads\/sites\/1\/2025\/06\/tes-teknologiateollisuuden-tyontekijat-2025-2027-sv-painoversio.pdf\" class=\"wp-block-file__button wp-element-button\" download aria-describedby=\"wp-block-file--media-8e6e243c-beed-41ee-ad08-d3b267442180\">Lataa<\/a><\/div>\n\n\n\n<div data-wp-interactive=\"core\/file\" class=\"wp-block-file\"><a id=\"wp-block-file--media-c73259b0-8737-4507-a611-76524b6e5821\" href=\"https:\/\/teknologiateollisuus.fi\/jasenille\/wp-content\/uploads\/sites\/1\/2025\/06\/TES-teknologiateollisuuden-tyontekijat-2025-2027-en.pdf\">Collective agreement, employees 2025\u20132027<\/a><a href=\"https:\/\/teknologiateollisuus.fi\/jasenille\/wp-content\/uploads\/sites\/1\/2025\/06\/TES-teknologiateollisuuden-tyontekijat-2025-2027-en.pdf\" class=\"wp-block-file__button wp-element-button\" download aria-describedby=\"wp-block-file--media-c73259b0-8737-4507-a611-76524b6e5821\">Lataa<\/a><\/div>\n<\/div>\n\n\n\n<div class=\"wp-block-evermade-accordion em-block-accordion js-accordion-group\">\n<div class=\"wp-block-evermade-accordion-item em-block-accordion-item js-accordion-item\"><h3 class=\"em-block-accordion-item__title-wrapper\"><button class=\"em-block-accordion-item__title js-accordion-controller\">Ty\u00f6ehtosopimukseen liittyv\u00e4t oppaat<\/button><\/h3><div id=\"accordion-item-content-0\" class=\"em-block-accordion-item__content js-accordion-content\">\n<ul class=\"wp-block-list\">\n<li><a href=\"https:\/\/teknologiateollisuus.fi\/jasenille\/wp-content\/uploads\/sites\/1\/2024\/09\/tulkintaohje_tyo-_ja_koulutusaika_kotisivulle_3.pdf\">Tulkintaohje ty\u00f6ajan ja koulutusajan rajanvedosta<\/a><\/li>\n\n\n\n<li><a href=\"https:\/\/teknologiateollisuus.fi\/jasenille\/wp-content\/uploads\/sites\/1\/2025\/01\/Palkkarakenneopas-2023-Teknologiateollisuuden-tyoehtosopimus.pdf\">PARAKE-opas<\/a><\/li>\n\n\n\n<li><a href=\"https:\/\/teknologiateollisuus.fi\/jasenille\/wp-content\/uploads\/sites\/1\/2024\/09\/Tyonkuvauslomake-malli-PARAKE-1.pdf\">Ty\u00f6nkuvauslomakkeen malli (PARAKE)<\/a><\/li>\n\n\n\n<li><a href=\"https:\/\/teknologiateollisuus.fi\/jasenille\/wp-content\/uploads\/sites\/1\/2024\/09\/Tulosta-ja-palkkaa-julkaisu-2023.pdf\">Tulosta ja palkkaa (2023)<\/a><\/li>\n<\/ul>\n\n\n\n<ul class=\"wp-block-list\">\n<li><a href=\"https:\/\/teknologiateollisuus.fi\/jasenille\/wp-content\/uploads\/sites\/1\/2024\/10\/Toimivat-tyoaikajarjestelyt_09_2024_net.pdf\">Toimivat ty\u00f6aikaj\u00e4rjestelyt -opas<\/a><br>&nbsp;<\/li>\n\n\n\n<li><a href=\"https:\/\/teknologiateollisuus.fi\/jasenille\/wp-content\/uploads\/sites\/1\/2024\/09\/Tyoehdot-ulkomaantyossa_Teknologiateollisuuden-tyontekijat_web.pdf\">Ty\u00f6ehdot ulkomaanty\u00f6ss\u00e4 2020<\/a><\/li>\n\n\n\n<li><a href=\"https:\/\/teknologiateollisuus.fi\/jasenille\/wp-content\/uploads\/sites\/1\/2024\/09\/ulkomainen_tyovoima_teknologiateollisuudessa.pdf\">Opas ulkomaisesta ty\u00f6voimasta<\/a><br>&nbsp;<\/li>\n\n\n\n<li><a href=\"https:\/\/teknologiateollisuus.fi\/jasenille\/wp-content\/uploads\/sites\/1\/2024\/09\/vuokratyo_teknologiateollisuudessa_052015.pdf\">Vuokraty\u00f6opas<\/a><\/li>\n\n\n\n<li><a href=\"https:\/\/teknologiateollisuus.fi\/jasenille\/wp-content\/uploads\/sites\/1\/2024\/09\/vuokratyovoiman_hyvan_kayton_periaatteet_teknologiateollisuudessa.pdf\">Vuokraty\u00f6n k\u00e4yt\u00f6n periaatteet teknologiateollisuudessa<\/a><\/li>\n\n\n\n<li><a href=\"https:\/\/teknologiateollisuus.fi\/jasenille\/wp-content\/uploads\/sites\/1\/2024\/09\/principer_for_vettig_anvandning_av_hyrd_arbetskraft_i_teknologiindustrin.pdf\">Vuokraty\u00f6opas ruotsiksi<\/a><\/li>\n\n\n\n<li><a href=\"https:\/\/teknologiateollisuus.fi\/jasenille\/wp-content\/uploads\/sites\/1\/2024\/09\/16828_korvaavatyo_ohjeistus_07-11-191.pdf\">Ohjeita korvaavasta ty\u00f6st\u00e4 (2007)<\/a><\/li>\n\n\n\n<li><a href=\"https:\/\/teknologiateollisuus.fi\/jasenille\/wp-content\/uploads\/sites\/1\/2024\/09\/Paivitetty-Tyokaarimalli-12102017.pdf\">Teknologiateollisuuden ty\u00f6kaarimalli&nbsp;(ty\u00f6ntekij\u00e4t ja toimihenkil\u00f6t)<\/a><\/li>\n<\/ul>\n<\/div><\/div>\n\n\n\n<div class=\"wp-block-evermade-accordion-item em-block-accordion-item js-accordion-item\"><h6 class=\"em-block-accordion-item__title-wrapper\"><button class=\"em-block-accordion-item__title js-accordion-controller\">Edellinen ty\u00f6ehtosopimus<\/button><\/h6><div id=\"accordion-item-content-1\" class=\"em-block-accordion-item__content js-accordion-content\">\n<div class=\"wp-block-evermade-links em-block-links has-columns-1\">\n<a\n\tclass=\"wp-block-evermade-external-link em-block-link is-external   \"\n\thref=\"https:\/\/teknologiateollisuus.fi\/teknologiatyonantajat\/wp-content\/uploads\/sites\/4\/2024\/07\/Teknologiateollisuuden-tyontekijat-tyoehtosopimus-suomeksi.pdf\"\n\taria-label=\"Avaa uudessa v\u00e4lilehdess\u00e4\"\n\ttarget=\"_blank\"\n\trel=\"noopener noreferrer\"\n>\n\t<div class=\"em-block-link__content\">\n\t\t<span class=\"em-block-link__title\">\n\t\t\tTy\u00f6ehtosopimus: Teknologiateollisuuden ty\u00f6ntekij\u00e4t 2023\u20132024\t\t<\/span>\n\t\t\t<\/div>\n\t<div class=\"em-block-link__arrow\"><\/div>\n\t<div class=\"em-block-link__pressable\"><\/div>\n<\/a>\n\n\n\n<div data-wp-interactive=\"core\/file\" class=\"wp-block-file\"><a id=\"wp-block-file--media-71604055-a172-4c4b-acd2-7b38043bcaa4\" href=\"https:\/\/teknologiateollisuus.fi\/jasenille\/wp-content\/uploads\/sites\/1\/2024\/10\/TES-tyontekijat-infodiat.pdf\">Ty\u00f6ehtosopimusratkaisun 2023\u20132024\u00a0infodiat suomeksi<\/a><a href=\"https:\/\/teknologiateollisuus.fi\/jasenille\/wp-content\/uploads\/sites\/1\/2024\/10\/TES-tyontekijat-infodiat.pdf\" class=\"wp-block-file__button wp-element-button\" download aria-describedby=\"wp-block-file--media-71604055-a172-4c4b-acd2-7b38043bcaa4\">Lataa<\/a><\/div>\n\n\n\n<div data-wp-interactive=\"core\/file\" class=\"wp-block-file\"><a id=\"wp-block-file--media-83d42129-8698-444a-a12d-2e7719c7805f\" href=\"https:\/\/teknologiateollisuus.fi\/jasenille\/wp-content\/uploads\/sites\/1\/2024\/10\/TES-tyontekijat-infodiat-swe.pdf\">Infodior p\u00e5 svenska<\/a><a href=\"https:\/\/teknologiateollisuus.fi\/jasenille\/wp-content\/uploads\/sites\/1\/2024\/10\/TES-tyontekijat-infodiat-swe.pdf\" class=\"wp-block-file__button wp-element-button\" download aria-describedby=\"wp-block-file--media-83d42129-8698-444a-a12d-2e7719c7805f\">Lataa<\/a><\/div>\n<\/div>\n\n\n\n<h3 class=\"wp-block-heading\" id=\"h-tyoehtosopimuksen-kaannosversiot-0\" id=\"tyoehtosopimuksen-kaannosversiot\">Ty\u00f6ehtosopimuksen k\u00e4\u00e4nn\u00f6sversiot<\/h3>\n\n\n\n<div class=\"wp-block-evermade-links em-block-links has-columns-1\">\n<a\n\tclass=\"wp-block-evermade-external-link em-block-link is-external   \"\n\thref=\"https:\/\/teknologiateollisuus.fi\/teknologiatyonantajat\/wp-content\/uploads\/sites\/4\/2024\/07\/Collective-Agreement-Employees-in-English.pdf\"\n\taria-label=\"Avaa uudessa v\u00e4lilehdess\u00e4\"\n\ttarget=\"_blank\"\n\trel=\"noopener noreferrer\"\n>\n\t<div class=\"em-block-link__content\">\n\t\t<span class=\"em-block-link__title\">\n\t\t\tCollective agreement, employees 2023\u20132024\t\t<\/span>\n\t\t\t<\/div>\n\t<div class=\"em-block-link__arrow\"><\/div>\n\t<div class=\"em-block-link__pressable\"><\/div>\n<\/a>\n\n\n\n<a\n\tclass=\"wp-block-evermade-external-link em-block-link is-external   \"\n\thref=\"https:\/\/teknologiateollisuus.fi\/teknologiatyonantajat\/wp-content\/uploads\/sites\/4\/2024\/07\/Kollektivavtal-arbetare-pa-svenska.pdf\"\n\taria-label=\"Avaa uudessa v\u00e4lilehdess\u00e4\"\n\ttarget=\"_blank\"\n\trel=\"noopener noreferrer\"\n>\n\t<div class=\"em-block-link__content\">\n\t\t<span class=\"em-block-link__title\">\n\t\t\tKollektivavtal, arbetare 2023\u20132024\t\t<\/span>\n\t\t\t<\/div>\n\t<div class=\"em-block-link__arrow\"><\/div>\n\t<div class=\"em-block-link__pressable\"><\/div>\n<\/a>\n<\/div>\n<\/div><\/div>\n<\/div>\n","protected":false},"excerpt":{"rendered":"<p>Voimassaoleva ty\u00f6ehtosopimus Huom! Ty\u00f6ehtosopimuksen ty\u00f6versioon on merkitty edelliseen ty\u00f6ehtosopimukseen n\u00e4hden muutetut kohdat punaisella. Ty\u00f6version sivunumerointi ja taitto ei vastaa lopullista ty\u00f6ehtosopimusta. Ty\u00f6ehtosopimuksen k\u00e4\u00e4nn\u00f6sversiot<\/p>\n","protected":false},"author":11,"featured_media":0,"parent":1124,"menu_order":1,"comment_status":"closed","ping_status":"closed","template":"","meta":{"_acf_changed":false,"_relevanssi_hide_post":"","_relevanssi_hide_content":"","_relevanssi_pin_for_all":"","_relevanssi_pin_keywords":"","_relevanssi_unpin_keywords":"","_relevanssi_related_keywords":"","_relevanssi_related_include_ids":"","_relevanssi_related_exclude_ids":"","_relevanssi_related_no_append":"","_relevanssi_related_not_related":"","_relevanssi_related_posts":"4164,166,169,168,165,167","_relevanssi_noindex_reason":"","inline_featured_image":false,"growthstack-ab-test":[],"growthstack-ab-test-views":[],"footnotes":""},"class_list":["post-4299","page","type-page","status-publish","hentry"],"acf":{"is_store_related":false,"locked":false},"yoast_head":"<!-- This site is optimized with the Yoast SEO Premium plugin v27.1 (Yoast SEO v27.4) - https:\/\/yoast.com\/product\/yoast-seo-premium-wordpress\/ -->\n<title>Ty\u00f6ehtosopimus, teknologiateollisuuden ty\u00f6ntekij\u00e4t - Teknologiateollisuus - J\u00e4senille<\/title>\n<meta name=\"robots\" content=\"index, follow, max-snippet:-1, max-image-preview:large, max-video-preview:-1\" \/>\n<link rel=\"canonical\" href=\"https:\/\/teknologiateollisuus.fi\/jasenille\/palvelut\/teknologia-alan-tyoehtosopimukset\/tyoehtosopimus-teknologiateollisuuden-tyontekijat\/\" \/>\n<meta property=\"og:locale\" content=\"fi_FI\" \/>\n<meta property=\"og:type\" content=\"article\" \/>\n<meta property=\"og:title\" content=\"Ty\u00f6ehtosopimus, teknologiateollisuuden ty\u00f6ntekij\u00e4t\" \/>\n<meta property=\"og:description\" content=\"Voimassaoleva ty\u00f6ehtosopimus Huom! Ty\u00f6ehtosopimuksen ty\u00f6versioon on merkitty edelliseen ty\u00f6ehtosopimukseen n\u00e4hden muutetut kohdat punaisella. Ty\u00f6version sivunumerointi ja taitto ei vastaa lopullista ty\u00f6ehtosopimusta. Ty\u00f6ehtosopimuksen k\u00e4\u00e4nn\u00f6sversiot\" \/>\n<meta property=\"og:url\" content=\"https:\/\/teknologiateollisuus.fi\/jasenille\/palvelut\/teknologia-alan-tyoehtosopimukset\/tyoehtosopimus-teknologiateollisuuden-tyontekijat\/\" \/>\n<meta property=\"og:site_name\" content=\"Teknologiateollisuus - J\u00e4senille\" \/>\n<meta property=\"article:modified_time\" content=\"2025-08-07T08:24:25+00:00\" \/>\n<meta name=\"twitter:card\" content=\"summary_large_image\" \/>\n<meta name=\"twitter:label1\" content=\"Arvioitu lukuaika\" \/>\n\t<meta name=\"twitter:data1\" content=\"1 minuutti\" \/>\n<script type=\"application\/ld+json\" class=\"yoast-schema-graph\">{\"@context\":\"https:\\\/\\\/schema.org\",\"@graph\":[{\"@type\":\"WebPage\",\"@id\":\"https:\\\/\\\/teknologiateollisuus.fi\\\/jasenille\\\/palvelut\\\/teknologia-alan-tyoehtosopimukset\\\/tyoehtosopimus-teknologiateollisuuden-tyontekijat\\\/\",\"url\":\"https:\\\/\\\/teknologiateollisuus.fi\\\/jasenille\\\/palvelut\\\/teknologia-alan-tyoehtosopimukset\\\/tyoehtosopimus-teknologiateollisuuden-tyontekijat\\\/\",\"name\":\"Ty\u00f6ehtosopimus, teknologiateollisuuden ty\u00f6ntekij\u00e4t - Teknologiateollisuus - J\u00e4senille\",\"isPartOf\":{\"@id\":\"https:\\\/\\\/teknologiateollisuus.fi\\\/jasenille\\\/#website\"},\"datePublished\":\"2024-01-26T09:19:58+00:00\",\"dateModified\":\"2025-08-07T08:24:25+00:00\",\"breadcrumb\":{\"@id\":\"https:\\\/\\\/teknologiateollisuus.fi\\\/jasenille\\\/palvelut\\\/teknologia-alan-tyoehtosopimukset\\\/tyoehtosopimus-teknologiateollisuuden-tyontekijat\\\/#breadcrumb\"},\"inLanguage\":\"fi\",\"potentialAction\":[{\"@type\":\"ReadAction\",\"target\":[\"https:\\\/\\\/teknologiateollisuus.fi\\\/jasenille\\\/palvelut\\\/teknologia-alan-tyoehtosopimukset\\\/tyoehtosopimus-teknologiateollisuuden-tyontekijat\\\/\"]}]},{\"@type\":\"BreadcrumbList\",\"@id\":\"https:\\\/\\\/teknologiateollisuus.fi\\\/jasenille\\\/palvelut\\\/teknologia-alan-tyoehtosopimukset\\\/tyoehtosopimus-teknologiateollisuuden-tyontekijat\\\/#breadcrumb\",\"itemListElement\":[{\"@type\":\"ListItem\",\"position\":1,\"name\":\"Home\",\"item\":\"https:\\\/\\\/teknologiateollisuus.fi\\\/jasenille\\\/\"},{\"@type\":\"ListItem\",\"position\":2,\"name\":\"Palvelut\",\"item\":\"https:\\\/\\\/teknologiateollisuus.fi\\\/jasenille\\\/palvelut\\\/\"},{\"@type\":\"ListItem\",\"position\":3,\"name\":\"Ty\u00f6ehtosopimukset\",\"item\":\"https:\\\/\\\/teknologiateollisuus.fi\\\/jasenille\\\/palvelut\\\/teknologia-alan-tyoehtosopimukset\\\/\"},{\"@type\":\"ListItem\",\"position\":4,\"name\":\"Ty\u00f6ehtosopimus, teknologiateollisuuden ty\u00f6ntekij\u00e4t\"}]},{\"@type\":\"WebSite\",\"@id\":\"https:\\\/\\\/teknologiateollisuus.fi\\\/jasenille\\\/#website\",\"url\":\"https:\\\/\\\/teknologiateollisuus.fi\\\/jasenille\\\/\",\"name\":\"Teknologiateollisuus - J\u00e4senille\",\"description\":\"\",\"publisher\":{\"@id\":\"https:\\\/\\\/teknologiateollisuus.fi\\\/jasenille\\\/#organization\"},\"potentialAction\":[{\"@type\":\"SearchAction\",\"target\":{\"@type\":\"EntryPoint\",\"urlTemplate\":\"https:\\\/\\\/teknologiateollisuus.fi\\\/jasenille\\\/?s={search_term_string}\"},\"query-input\":{\"@type\":\"PropertyValueSpecification\",\"valueRequired\":true,\"valueName\":\"search_term_string\"}}],\"inLanguage\":\"fi\"},{\"@type\":\"Organization\",\"@id\":\"https:\\\/\\\/teknologiateollisuus.fi\\\/jasenille\\\/#organization\",\"name\":\"Teknologiateollisuus - J\u00e4senille\",\"url\":\"https:\\\/\\\/teknologiateollisuus.fi\\\/jasenille\\\/\",\"logo\":{\"@type\":\"ImageObject\",\"inLanguage\":\"fi\",\"@id\":\"https:\\\/\\\/teknologiateollisuus.fi\\\/jasenille\\\/#\\\/schema\\\/logo\\\/image\\\/\",\"url\":\"https:\\\/\\\/teknologiateollisuus.fi\\\/jasenille\\\/wp-content\\\/uploads\\\/sites\\\/1\\\/2023\\\/10\\\/placeholder.png\",\"contentUrl\":\"https:\\\/\\\/teknologiateollisuus.fi\\\/jasenille\\\/wp-content\\\/uploads\\\/sites\\\/1\\\/2023\\\/10\\\/placeholder.png\",\"width\":2560,\"height\":1920,\"caption\":\"Teknologiateollisuus - J\u00e4senille\"},\"image\":{\"@id\":\"https:\\\/\\\/teknologiateollisuus.fi\\\/jasenille\\\/#\\\/schema\\\/logo\\\/image\\\/\"}}]}<\/script>\n<!-- \/ Yoast SEO Premium plugin. -->","yoast_head_json":{"title":"Ty\u00f6ehtosopimus, teknologiateollisuuden ty\u00f6ntekij\u00e4t - Teknologiateollisuus - J\u00e4senille","robots":{"index":"index","follow":"follow","max-snippet":"max-snippet:-1","max-image-preview":"max-image-preview:large","max-video-preview":"max-video-preview:-1"},"canonical":"https:\/\/teknologiateollisuus.fi\/jasenille\/palvelut\/teknologia-alan-tyoehtosopimukset\/tyoehtosopimus-teknologiateollisuuden-tyontekijat\/","og_locale":"fi_FI","og_type":"article","og_title":"Ty\u00f6ehtosopimus, teknologiateollisuuden ty\u00f6ntekij\u00e4t","og_description":"Voimassaoleva ty\u00f6ehtosopimus Huom! Ty\u00f6ehtosopimuksen ty\u00f6versioon on merkitty edelliseen ty\u00f6ehtosopimukseen n\u00e4hden muutetut kohdat punaisella. Ty\u00f6version sivunumerointi ja taitto ei vastaa lopullista ty\u00f6ehtosopimusta. Ty\u00f6ehtosopimuksen k\u00e4\u00e4nn\u00f6sversiot","og_url":"https:\/\/teknologiateollisuus.fi\/jasenille\/palvelut\/teknologia-alan-tyoehtosopimukset\/tyoehtosopimus-teknologiateollisuuden-tyontekijat\/","og_site_name":"Teknologiateollisuus - J\u00e4senille","article_modified_time":"2025-08-07T08:24:25+00:00","twitter_card":"summary_large_image","twitter_misc":{"Arvioitu lukuaika":"1 minuutti"},"schema":{"@context":"https:\/\/schema.org","@graph":[{"@type":"WebPage","@id":"https:\/\/teknologiateollisuus.fi\/jasenille\/palvelut\/teknologia-alan-tyoehtosopimukset\/tyoehtosopimus-teknologiateollisuuden-tyontekijat\/","url":"https:\/\/teknologiateollisuus.fi\/jasenille\/palvelut\/teknologia-alan-tyoehtosopimukset\/tyoehtosopimus-teknologiateollisuuden-tyontekijat\/","name":"Ty\u00f6ehtosopimus, teknologiateollisuuden ty\u00f6ntekij\u00e4t - Teknologiateollisuus - J\u00e4senille","isPartOf":{"@id":"https:\/\/teknologiateollisuus.fi\/jasenille\/#website"},"datePublished":"2024-01-26T09:19:58+00:00","dateModified":"2025-08-07T08:24:25+00:00","breadcrumb":{"@id":"https:\/\/teknologiateollisuus.fi\/jasenille\/palvelut\/teknologia-alan-tyoehtosopimukset\/tyoehtosopimus-teknologiateollisuuden-tyontekijat\/#breadcrumb"},"inLanguage":"fi","potentialAction":[{"@type":"ReadAction","target":["https:\/\/teknologiateollisuus.fi\/jasenille\/palvelut\/teknologia-alan-tyoehtosopimukset\/tyoehtosopimus-teknologiateollisuuden-tyontekijat\/"]}]},{"@type":"BreadcrumbList","@id":"https:\/\/teknologiateollisuus.fi\/jasenille\/palvelut\/teknologia-alan-tyoehtosopimukset\/tyoehtosopimus-teknologiateollisuuden-tyontekijat\/#breadcrumb","itemListElement":[{"@type":"ListItem","position":1,"name":"Home","item":"https:\/\/teknologiateollisuus.fi\/jasenille\/"},{"@type":"ListItem","position":2,"name":"Palvelut","item":"https:\/\/teknologiateollisuus.fi\/jasenille\/palvelut\/"},{"@type":"ListItem","position":3,"name":"Ty\u00f6ehtosopimukset","item":"https:\/\/teknologiateollisuus.fi\/jasenille\/palvelut\/teknologia-alan-tyoehtosopimukset\/"},{"@type":"ListItem","position":4,"name":"Ty\u00f6ehtosopimus, teknologiateollisuuden ty\u00f6ntekij\u00e4t"}]},{"@type":"WebSite","@id":"https:\/\/teknologiateollisuus.fi\/jasenille\/#website","url":"https:\/\/teknologiateollisuus.fi\/jasenille\/","name":"Teknologiateollisuus - J\u00e4senille","description":"","publisher":{"@id":"https:\/\/teknologiateollisuus.fi\/jasenille\/#organization"},"potentialAction":[{"@type":"SearchAction","target":{"@type":"EntryPoint","urlTemplate":"https:\/\/teknologiateollisuus.fi\/jasenille\/?s={search_term_string}"},"query-input":{"@type":"PropertyValueSpecification","valueRequired":true,"valueName":"search_term_string"}}],"inLanguage":"fi"},{"@type":"Organization","@id":"https:\/\/teknologiateollisuus.fi\/jasenille\/#organization","name":"Teknologiateollisuus - J\u00e4senille","url":"https:\/\/teknologiateollisuus.fi\/jasenille\/","logo":{"@type":"ImageObject","inLanguage":"fi","@id":"https:\/\/teknologiateollisuus.fi\/jasenille\/#\/schema\/logo\/image\/","url":"https:\/\/teknologiateollisuus.fi\/jasenille\/wp-content\/uploads\/sites\/1\/2023\/10\/placeholder.png","contentUrl":"https:\/\/teknologiateollisuus.fi\/jasenille\/wp-content\/uploads\/sites\/1\/2023\/10\/placeholder.png","width":2560,"height":1920,"caption":"Teknologiateollisuus - J\u00e4senille"},"image":{"@id":"https:\/\/teknologiateollisuus.fi\/jasenille\/#\/schema\/logo\/image\/"}}]}},"lang":"fi","translations":{"fi":4299},"pll_sync_post":[],"_links":{"self":[{"href":"https:\/\/teknologiateollisuus.fi\/jasenille\/wp-json\/wp\/v2\/pages\/4299","targetHints":{"allow":["GET"]}}],"collection":[{"href":"https:\/\/teknologiateollisuus.fi\/jasenille\/wp-json\/wp\/v2\/pages"}],"about":[{"href":"https:\/\/teknologiateollisuus.fi\/jasenille\/wp-json\/wp\/v2\/types\/page"}],"author":[{"embeddable":true,"href":"https:\/\/teknologiateollisuus.fi\/jasenille\/wp-json\/wp\/v2\/users\/11"}],"replies":[{"embeddable":true,"href":"https:\/\/teknologiateollisuus.fi\/jasenille\/wp-json\/wp\/v2\/comments?post=4299"}],"version-history":[{"count":30,"href":"https:\/\/teknologiateollisuus.fi\/jasenille\/wp-json\/wp\/v2\/pages\/4299\/revisions"}],"predecessor-version":[{"id":27414,"href":"https:\/\/teknologiateollisuus.fi\/jasenille\/wp-json\/wp\/v2\/pages\/4299\/revisions\/27414"}],"up":[{"embeddable":true,"href":"https:\/\/teknologiateollisuus.fi\/jasenille\/wp-json\/wp\/v2\/pages\/1124"}],"wp:attachment":[{"href":"https:\/\/teknologiateollisuus.fi\/jasenille\/wp-json\/wp\/v2\/media?parent=4299"}],"curies":[{"name":"wp","href":"https:\/\/api.w.org\/{rel}","templated":true}]}}