{"id":2962,"date":"2025-08-20T16:11:31","date_gmt":"2025-08-20T13:11:31","guid":{"rendered":"https:\/\/teknologiateollisuus.fi\/meriteollisuus\/?post_type=em_event&#038;p=2962"},"modified":"2025-08-20T16:11:32","modified_gmt":"2025-08-20T13:11:32","slug":"rauman-meriverkostopaiva-2025","status":"publish","type":"em_event","link":"https:\/\/teknologiateollisuus.fi\/meriteollisuus\/events\/rauman-meriverkostopaiva-2025\/","title":{"rendered":"Rauman Meriverkostop\u00e4iv\u00e4 2025"},"content":{"rendered":"\n<p>Tervetuloa Rauman Meriverkostop\u00e4iv\u00e4\u00e4n torstaina 6.11.2025. Tapahtuma kokoaa yhteen alan yritykset, viranomaistahot sek\u00e4 oppilaitokset teemalla <strong>Arktinen osaaminen.<\/strong><\/p>\n\n\n\n<p>P\u00e4iv\u00e4 on suunnattu erityisesti yrityksille ja organisaatioille, jotka toimivat meriteollisuuden ja merenkulun parissa sek\u00e4 alan opiskelijoille.<\/p>\n\n\n\n<p>Tapahtumassa:<\/p>\n\n\n\n<ul class=\"wp-block-list\">\n<li>verkostoitumismahdollisuuksia monipuolisesti alueen meriklusterin kanssa<br><\/li>\n\n\n\n<li>korkeatasoinen seminaariohjelma arktisen osaamisen teemalla<br><\/li>\n\n\n\n<li>Merilogistiikan tutkimusfoorumi arktisella n\u00e4k\u00f6kulmalla<br><\/li>\n\n\n\n<li>seminaarin aulatiloissa Rauman meriklusterin veturiyrityksi\u00e4<br><\/li>\n\n\n\n<li>merimessuilla n\u00e4ytteilleasettajat esittelev\u00e4t toimintaansa, alan uusimpia tuotteita ja palveluita<br><\/li>\n\n\n\n<li>mahdollisuus tutustua 360-komentosilta- ja konehuonesimulaattoreihin<\/li>\n<\/ul>\n\n\n\n<p>Neuvottelu- ja ty\u00f6tilaa on mahdollista varata tapahtuman ilmoittautumis- ja infopisteelt\u00e4. Lounas tarjolla omakustanteisesti klo 11\u201313.30 Ravintola Kiikartornissa.<\/p>\n\n\n\n<h2 class=\"wp-block-heading\" id=\"h-ilmoittautuminen\" id=\"ilmoittautuminen\">Ilmoittautuminen<\/h2>\n\n\n\n<p>Seminaari on maksuton, mutta vaatii etuk\u00e4teisilmoittautumisen (Liikuntasalissa sijaitseville Merimessuille ja tutkimusfoorumiin on avoin p\u00e4\u00e4sy). Ilmoittaudu tapahtumaan viimeist\u00e4\u00e4n 31.10.2025.<\/p>\n\n\n\n<p>Tervetuloa mukaan!<\/p>\n\n\n\n<div class=\"wp-block-buttons  mt-md is-layout-flex wp-block-buttons-is-layout-flex\">\n<div class=\"wp-block-button  icon-right size-lg\"><a class=\"wp-block-button__link wp-element-button\" href=\"https:\/\/raumankauppakamari.fi\/fi-fi\/article\/tapahtumat\/rauman-meriverkostopaiva-6112025\/3342\/\" target=\"_blank\" rel=\"noreferrer noopener\">Tapahtuman nettisivut<\/a><\/div>\n<\/div>\n\n\n\n<p><\/p>\n","protected":false},"excerpt":{"rendered":"<p>Tervetuloa Rauman Meriverkostop\u00e4iv\u00e4\u00e4n torstaina 6.11.2025. Tapahtuma kokoaa yhteen alan yritykset, viranomaistahot sek\u00e4 oppilaitokset teemalla Arktinen osaaminen. P\u00e4iv\u00e4 on suunnattu erityisesti yrityksille ja organisaatioille, jotka toimivat meriteollisuuden ja merenkulun parissa sek\u00e4 alan opiskelijoille. Tapahtumassa: Neuvottelu- ja ty\u00f6tilaa on mahdollista varata tapahtuman ilmoittautumis- ja infopisteelt\u00e4. Lounas tarjolla omakustanteisesti klo 11\u201313.30 Ravintola Kiikartornissa. Ilmoittautuminen Seminaari on maksuton, mutta [&hellip;]<\/p>\n","protected":false},"featured_media":2869,"template":"","meta":{"_acf_changed":false,"_relevanssi_hide_post":"","_relevanssi_hide_content":"","_relevanssi_pin_for_all":"","_relevanssi_pin_keywords":"","_relevanssi_unpin_keywords":"","_relevanssi_related_keywords":"","_relevanssi_related_include_ids":"","_relevanssi_related_exclude_ids":"","_relevanssi_related_no_append":"","_relevanssi_related_not_related":"","_relevanssi_related_posts":"1296,1344,1522,2014,2672,2810","_relevanssi_noindex_reason":"","inline_featured_image":false,"footnotes":""},"tags":[],"em_event_type":[],"em_region":[],"em_target_group":[],"class_list":["post-2962","em_event","type-em_event","status-publish","has-post-thumbnail","hentry"],"acf":{"event_start_date":"20251106","event_end_date":null,"event_start_time":"08:30:00","event_end_time":"15:00:00","location":"SAMKin ja WinNovan tilat, Merim\u00e4ki","address":"Suojantie 2, Rauma","registration":"","files":null,"links":null},"yoast_head":"<!-- This site is optimized with the Yoast SEO Premium plugin v27.1 (Yoast SEO v27.5) - https:\/\/yoast.com\/product\/yoast-seo-premium-wordpress\/ -->\n<title>Rauman Meriverkostop\u00e4iv\u00e4 2025 - Meriteollisuus ry<\/title>\n<meta name=\"robots\" content=\"index, follow, max-snippet:-1, max-image-preview:large, max-video-preview:-1\" \/>\n<link rel=\"canonical\" href=\"https:\/\/teknologiateollisuus.fi\/meriteollisuus\/events\/rauman-meriverkostopaiva-2025\/\" \/>\n<meta property=\"og:locale\" content=\"fi_FI\" \/>\n<meta property=\"og:type\" content=\"article\" \/>\n<meta property=\"og:title\" content=\"Rauman Meriverkostop\u00e4iv\u00e4 2025\" \/>\n<meta property=\"og:description\" content=\"Tervetuloa Rauman Meriverkostop\u00e4iv\u00e4\u00e4n torstaina 6.11.2025. Tapahtuma kokoaa yhteen alan yritykset, viranomaistahot sek\u00e4 oppilaitokset teemalla Arktinen osaaminen. P\u00e4iv\u00e4 on suunnattu erityisesti yrityksille ja organisaatioille, jotka toimivat meriteollisuuden ja merenkulun parissa sek\u00e4 alan opiskelijoille. Tapahtumassa: Neuvottelu- ja ty\u00f6tilaa on mahdollista varata tapahtuman ilmoittautumis- ja infopisteelt\u00e4. Lounas tarjolla omakustanteisesti klo 11\u201313.30 Ravintola Kiikartornissa. Ilmoittautuminen Seminaari on maksuton, mutta [&hellip;]\" \/>\n<meta property=\"og:url\" content=\"https:\/\/teknologiateollisuus.fi\/meriteollisuus\/events\/rauman-meriverkostopaiva-2025\/\" \/>\n<meta property=\"og:site_name\" content=\"Meriteollisuus ry\" \/>\n<meta property=\"article:modified_time\" content=\"2025-08-20T13:11:32+00:00\" \/>\n<meta property=\"og:image\" content=\"https:\/\/teknologiateollisuus.fi\/meriteollisuus\/wp-content\/uploads\/sites\/5\/2025\/06\/MV25_tapahtumakuva_1640x924_FI.jpg\" \/>\n\t<meta property=\"og:image:width\" content=\"1640\" \/>\n\t<meta property=\"og:image:height\" content=\"924\" \/>\n\t<meta property=\"og:image:type\" content=\"image\/jpeg\" \/>\n<meta name=\"twitter:card\" content=\"summary_large_image\" \/>\n<meta name=\"twitter:label1\" content=\"Arvioitu lukuaika\" \/>\n\t<meta name=\"twitter:data1\" content=\"1 minuutti\" \/>\n<script type=\"application\/ld+json\" class=\"yoast-schema-graph\">{\"@context\":\"https:\\\/\\\/schema.org\",\"@graph\":[{\"@type\":\"WebPage\",\"@id\":\"https:\\\/\\\/teknologiateollisuus.fi\\\/meriteollisuus\\\/events\\\/rauman-meriverkostopaiva-2025\\\/\",\"url\":\"https:\\\/\\\/teknologiateollisuus.fi\\\/meriteollisuus\\\/events\\\/rauman-meriverkostopaiva-2025\\\/\",\"name\":\"Rauman Meriverkostop\u00e4iv\u00e4 2025 - Meriteollisuus ry\",\"isPartOf\":{\"@id\":\"https:\\\/\\\/teknologiateollisuus.fi\\\/meriteollisuus\\\/#website\"},\"primaryImageOfPage\":{\"@id\":\"https:\\\/\\\/teknologiateollisuus.fi\\\/meriteollisuus\\\/events\\\/rauman-meriverkostopaiva-2025\\\/#primaryimage\"},\"image\":{\"@id\":\"https:\\\/\\\/teknologiateollisuus.fi\\\/meriteollisuus\\\/events\\\/rauman-meriverkostopaiva-2025\\\/#primaryimage\"},\"thumbnailUrl\":\"https:\\\/\\\/teknologiateollisuus.fi\\\/meriteollisuus\\\/wp-content\\\/uploads\\\/sites\\\/5\\\/2025\\\/06\\\/MV25_tapahtumakuva_1640x924_FI.jpg\",\"datePublished\":\"2025-08-20T13:11:31+00:00\",\"dateModified\":\"2025-08-20T13:11:32+00:00\",\"breadcrumb\":{\"@id\":\"https:\\\/\\\/teknologiateollisuus.fi\\\/meriteollisuus\\\/events\\\/rauman-meriverkostopaiva-2025\\\/#breadcrumb\"},\"inLanguage\":\"fi\",\"potentialAction\":[{\"@type\":\"ReadAction\",\"target\":[\"https:\\\/\\\/teknologiateollisuus.fi\\\/meriteollisuus\\\/events\\\/rauman-meriverkostopaiva-2025\\\/\"]}]},{\"@type\":\"ImageObject\",\"inLanguage\":\"fi\",\"@id\":\"https:\\\/\\\/teknologiateollisuus.fi\\\/meriteollisuus\\\/events\\\/rauman-meriverkostopaiva-2025\\\/#primaryimage\",\"url\":\"https:\\\/\\\/teknologiateollisuus.fi\\\/meriteollisuus\\\/wp-content\\\/uploads\\\/sites\\\/5\\\/2025\\\/06\\\/MV25_tapahtumakuva_1640x924_FI.jpg\",\"contentUrl\":\"https:\\\/\\\/teknologiateollisuus.fi\\\/meriteollisuus\\\/wp-content\\\/uploads\\\/sites\\\/5\\\/2025\\\/06\\\/MV25_tapahtumakuva_1640x924_FI.jpg\",\"width\":1640,\"height\":924},{\"@type\":\"BreadcrumbList\",\"@id\":\"https:\\\/\\\/teknologiateollisuus.fi\\\/meriteollisuus\\\/events\\\/rauman-meriverkostopaiva-2025\\\/#breadcrumb\",\"itemListElement\":[{\"@type\":\"ListItem\",\"position\":1,\"name\":\"Etusivu\",\"item\":\"https:\\\/\\\/teknologiateollisuus.fi\\\/meriteollisuus\\\/\"},{\"@type\":\"ListItem\",\"position\":2,\"name\":\"Ajankohtaista\",\"item\":\"https:\\\/\\\/teknologiateollisuus.fi\\\/meriteollisuus\\\/ajankohtaista\\\/\"},{\"@type\":\"ListItem\",\"position\":3,\"name\":\"Rauman Meriverkostop\u00e4iv\u00e4 2025\"}]},{\"@type\":\"WebSite\",\"@id\":\"https:\\\/\\\/teknologiateollisuus.fi\\\/meriteollisuus\\\/#website\",\"url\":\"https:\\\/\\\/teknologiateollisuus.fi\\\/meriteollisuus\\\/\",\"name\":\"Meriteollisuus ry\",\"description\":\"\",\"potentialAction\":[{\"@type\":\"SearchAction\",\"target\":{\"@type\":\"EntryPoint\",\"urlTemplate\":\"https:\\\/\\\/teknologiateollisuus.fi\\\/meriteollisuus\\\/?s={search_term_string}\"},\"query-input\":{\"@type\":\"PropertyValueSpecification\",\"valueRequired\":true,\"valueName\":\"search_term_string\"}}],\"inLanguage\":\"fi\"}]}<\/script>\n<!-- \/ Yoast SEO Premium plugin. -->","yoast_head_json":{"title":"Rauman Meriverkostop\u00e4iv\u00e4 2025 - Meriteollisuus ry","robots":{"index":"index","follow":"follow","max-snippet":"max-snippet:-1","max-image-preview":"max-image-preview:large","max-video-preview":"max-video-preview:-1"},"canonical":"https:\/\/teknologiateollisuus.fi\/meriteollisuus\/events\/rauman-meriverkostopaiva-2025\/","og_locale":"fi_FI","og_type":"article","og_title":"Rauman Meriverkostop\u00e4iv\u00e4 2025","og_description":"Tervetuloa Rauman Meriverkostop\u00e4iv\u00e4\u00e4n torstaina 6.11.2025. Tapahtuma kokoaa yhteen alan yritykset, viranomaistahot sek\u00e4 oppilaitokset teemalla Arktinen osaaminen. P\u00e4iv\u00e4 on suunnattu erityisesti yrityksille ja organisaatioille, jotka toimivat meriteollisuuden ja merenkulun parissa sek\u00e4 alan opiskelijoille. Tapahtumassa: Neuvottelu- ja ty\u00f6tilaa on mahdollista varata tapahtuman ilmoittautumis- ja infopisteelt\u00e4. Lounas tarjolla omakustanteisesti klo 11\u201313.30 Ravintola Kiikartornissa. Ilmoittautuminen Seminaari on maksuton, mutta [&hellip;]","og_url":"https:\/\/teknologiateollisuus.fi\/meriteollisuus\/events\/rauman-meriverkostopaiva-2025\/","og_site_name":"Meriteollisuus ry","article_modified_time":"2025-08-20T13:11:32+00:00","og_image":[{"width":1640,"height":924,"url":"https:\/\/teknologiateollisuus.fi\/meriteollisuus\/wp-content\/uploads\/sites\/5\/2025\/06\/MV25_tapahtumakuva_1640x924_FI.jpg","type":"image\/jpeg"}],"twitter_card":"summary_large_image","twitter_misc":{"Arvioitu lukuaika":"1 minuutti"},"schema":{"@context":"https:\/\/schema.org","@graph":[{"@type":"WebPage","@id":"https:\/\/teknologiateollisuus.fi\/meriteollisuus\/events\/rauman-meriverkostopaiva-2025\/","url":"https:\/\/teknologiateollisuus.fi\/meriteollisuus\/events\/rauman-meriverkostopaiva-2025\/","name":"Rauman Meriverkostop\u00e4iv\u00e4 2025 - Meriteollisuus ry","isPartOf":{"@id":"https:\/\/teknologiateollisuus.fi\/meriteollisuus\/#website"},"primaryImageOfPage":{"@id":"https:\/\/teknologiateollisuus.fi\/meriteollisuus\/events\/rauman-meriverkostopaiva-2025\/#primaryimage"},"image":{"@id":"https:\/\/teknologiateollisuus.fi\/meriteollisuus\/events\/rauman-meriverkostopaiva-2025\/#primaryimage"},"thumbnailUrl":"https:\/\/teknologiateollisuus.fi\/meriteollisuus\/wp-content\/uploads\/sites\/5\/2025\/06\/MV25_tapahtumakuva_1640x924_FI.jpg","datePublished":"2025-08-20T13:11:31+00:00","dateModified":"2025-08-20T13:11:32+00:00","breadcrumb":{"@id":"https:\/\/teknologiateollisuus.fi\/meriteollisuus\/events\/rauman-meriverkostopaiva-2025\/#breadcrumb"},"inLanguage":"fi","potentialAction":[{"@type":"ReadAction","target":["https:\/\/teknologiateollisuus.fi\/meriteollisuus\/events\/rauman-meriverkostopaiva-2025\/"]}]},{"@type":"ImageObject","inLanguage":"fi","@id":"https:\/\/teknologiateollisuus.fi\/meriteollisuus\/events\/rauman-meriverkostopaiva-2025\/#primaryimage","url":"https:\/\/teknologiateollisuus.fi\/meriteollisuus\/wp-content\/uploads\/sites\/5\/2025\/06\/MV25_tapahtumakuva_1640x924_FI.jpg","contentUrl":"https:\/\/teknologiateollisuus.fi\/meriteollisuus\/wp-content\/uploads\/sites\/5\/2025\/06\/MV25_tapahtumakuva_1640x924_FI.jpg","width":1640,"height":924},{"@type":"BreadcrumbList","@id":"https:\/\/teknologiateollisuus.fi\/meriteollisuus\/events\/rauman-meriverkostopaiva-2025\/#breadcrumb","itemListElement":[{"@type":"ListItem","position":1,"name":"Etusivu","item":"https:\/\/teknologiateollisuus.fi\/meriteollisuus\/"},{"@type":"ListItem","position":2,"name":"Ajankohtaista","item":"https:\/\/teknologiateollisuus.fi\/meriteollisuus\/ajankohtaista\/"},{"@type":"ListItem","position":3,"name":"Rauman Meriverkostop\u00e4iv\u00e4 2025"}]},{"@type":"WebSite","@id":"https:\/\/teknologiateollisuus.fi\/meriteollisuus\/#website","url":"https:\/\/teknologiateollisuus.fi\/meriteollisuus\/","name":"Meriteollisuus ry","description":"","potentialAction":[{"@type":"SearchAction","target":{"@type":"EntryPoint","urlTemplate":"https:\/\/teknologiateollisuus.fi\/meriteollisuus\/?s={search_term_string}"},"query-input":{"@type":"PropertyValueSpecification","valueRequired":true,"valueName":"search_term_string"}}],"inLanguage":"fi"}]}},"_links":{"self":[{"href":"https:\/\/teknologiateollisuus.fi\/meriteollisuus\/wp-json\/wp\/v2\/events\/2962","targetHints":{"allow":["GET"]}}],"collection":[{"href":"https:\/\/teknologiateollisuus.fi\/meriteollisuus\/wp-json\/wp\/v2\/events"}],"about":[{"href":"https:\/\/teknologiateollisuus.fi\/meriteollisuus\/wp-json\/wp\/v2\/types\/em_event"}],"version-history":[{"count":3,"href":"https:\/\/teknologiateollisuus.fi\/meriteollisuus\/wp-json\/wp\/v2\/events\/2962\/revisions"}],"predecessor-version":[{"id":2965,"href":"https:\/\/teknologiateollisuus.fi\/meriteollisuus\/wp-json\/wp\/v2\/events\/2962\/revisions\/2965"}],"wp:featuredmedia":[{"embeddable":true,"href":"https:\/\/teknologiateollisuus.fi\/meriteollisuus\/wp-json\/wp\/v2\/media\/2869"}],"wp:attachment":[{"href":"https:\/\/teknologiateollisuus.fi\/meriteollisuus\/wp-json\/wp\/v2\/media?parent=2962"}],"wp:term":[{"taxonomy":"post_tag","embeddable":true,"href":"https:\/\/teknologiateollisuus.fi\/meriteollisuus\/wp-json\/wp\/v2\/tags?post=2962"},{"taxonomy":"em_event_type","embeddable":true,"href":"https:\/\/teknologiateollisuus.fi\/meriteollisuus\/wp-json\/wp\/v2\/em_event_type?post=2962"},{"taxonomy":"em_region","embeddable":true,"href":"https:\/\/teknologiateollisuus.fi\/meriteollisuus\/wp-json\/wp\/v2\/em_region?post=2962"},{"taxonomy":"em_target_group","embeddable":true,"href":"https:\/\/teknologiateollisuus.fi\/meriteollisuus\/wp-json\/wp\/v2\/em_target_group?post=2962"}],"curies":[{"name":"wp","href":"https:\/\/api.w.org\/{rel}","templated":true}]}}